{"id":4983,"date":"2023-09-11T13:30:21","date_gmt":"2023-09-11T11:30:21","guid":{"rendered":"https:\/\/www.camping-les-genets.fr\/kano-en-aveyron\/"},"modified":"2023-11-30T09:47:18","modified_gmt":"2023-11-30T08:47:18","slug":"kano-en-aveyron","status":"publish","type":"page","link":"https:\/\/www.camping-les-genets.fr\/nl\/kano-en-aveyron\/","title":{"rendered":"Kano\u00ebn in Aveyron"},"content":{"rendered":"<section id=\"ls-section-block_4552fb944a0535ca12d032beb6a0010f\" class=\"ls-section  page-chapeau has-p-b p-b-0\" >\r\n        <div class=\"container \">\r\n        \n\n<h1 class=\"ls__heading wp-block-heading has-text-align-center animated fadeInLeft delay-100ms slow\"><strong>Kano\u00ebn<\/strong> in Aveyron<\/h1>\n\n\n\n<p class=\"ls-paragraph has-text-align-center\">Zowel de Aveyron als de Tarn bieden <strong>wildwaterkano\u00ebn <\/strong> op zijn best: begeleide afdalingen geven je de kans om stroomversnellingen in alle veiligheid te passeren. Ontdek ze in de buurt van <a href=\"https:\/\/www.camping-les-genets.fr\/nl\/\">camping Aveyron<\/a> Les Gen\u00eats!<\/p>\n\n\r\n    <\/div>\r\n<\/section>\n\n<section id=\"ls-section-block_ba58885e2066ac135ab14847b176c0ba\" class=\"ls-section  page-one has-p-b p-b-14\" >\r\n        <div class=\"container container--full\">\r\n        \n\n<div class=\"wp-block-columns is-layout-flex wp-container-core-columns-is-layout-9d6595d7 wp-block-columns-is-layout-flex\">\n<div class=\"wp-block-column first is-layout-flow wp-block-column-is-layout-flow\" style=\"flex-basis:66.66%\">\n<figure class=\"wp-block-image size-full\"><img decoding=\"async\" width=\"1155\" height=\"656\" src=\"https:\/\/www.camping-les-genets.fr\/wp-content\/uploads\/2023\/09\/Activite-au-camping-Les-Genets.jpg\" alt=\"Activiteiten op camping Les Gen\u00eats\" class=\"wp-image-1716\" srcset=\"https:\/\/www.camping-les-genets.fr\/wp-content\/uploads\/2023\/09\/Activite-au-camping-Les-Genets.jpg 1155w, https:\/\/www.camping-les-genets.fr\/wp-content\/uploads\/2023\/09\/Activite-au-camping-Les-Genets-300x170.jpg 300w, https:\/\/www.camping-les-genets.fr\/wp-content\/uploads\/2023\/09\/Activite-au-camping-Les-Genets-1024x582.jpg 1024w, https:\/\/www.camping-les-genets.fr\/wp-content\/uploads\/2023\/09\/Activite-au-camping-Les-Genets-768x436.jpg 768w\" sizes=\"(max-width: 1155px) 100vw, 1155px\" \/><\/figure>\n<\/div>\n\n\n\n<div class=\"wp-block-column is-vertically-aligned-center second has-color-white-background-color has-background is-layout-flow wp-block-column-is-layout-flow\" style=\"flex-basis:33.33%\">\n<h2 class=\"ls__heading wp-block-heading\">Kano\u00ebn op de <strong>meren van L\u00e9v\u00e9zou en Pareloup<\/strong><\/h2>\n\n\n\n<p class=\"ls-paragraph\">De meren van L\u00e9v\u00e9zou zijn rustige stukken land die ideaal zijn om<strong>kennis te maken met kano\u00ebn<\/strong> of voor <strong>uitstapjes met het gezin<\/strong>.<\/p>\n\n\n\n<p class=\"ls-paragraph\"><a href=\"https:\/\/www.camping-les-genets.fr\/nl\/pareloup-meer\/\">Het Lac de Pareloup<\/a> is een bijzonder aangenaam meer om te verkennen: de vele meanders, eilanden en grillige oevers bieden een uitgestrekt en gevarieerd vaargebied. Je kunt vrij lange tochten maken of de sport gewoon uitproberen. Het meer is ook de thuisbasis van het ongewone tijdverdrijf van <strong>kanozeilen<\/strong>.<\/p>\n<\/div>\n<\/div>\n\n\r\n    <\/div>\r\n<\/section>\n\n<section id=\"ls-section-block_5e0e8a836aba6a10793e0028ffece34f\" class=\"ls-section  page-two background-blu-right has-p-t p-t-14\" >\r\n        <div class=\"container container--wide\">\r\n        \n\n<div class=\"wp-block-columns is-layout-flex wp-container-core-columns-is-layout-9d6595d7 wp-block-columns-is-layout-flex\">\n<div class=\"wp-block-column is-vertically-aligned-top first is-layout-flow wp-block-column-is-layout-flow\" style=\"flex-basis:33.33%\">\n<h2 class=\"ls__heading wp-block-heading\">Kano\u00ebn in de <strong>kloven van de Aveyron<\/strong><\/h2>\n\n\n\n<p class=\"ls-paragraph\">Er zijn verschillende <strong>routes<\/strong> <strong>voor<\/strong> <strong>alle <\/strong>leeftijden (volwassenen, kinderen) en <strong>alle<\/strong> <strong>niveaus<\/strong> (beginners of recreatieve sporters), vanuit Saint-Antonin, waar je met je gezin of vrienden kunt genieten van het <a href=\"https:\/\/www.tourisme-aveyron.com\/fr\/voir-faire\/sport-nature\/eaux-vive-et-canoe-en-aveyron\" target=\"_blank\" rel=\"noreferrer noopener\">kanovaren in de kloven van de Aveyron<\/a>.<\/p>\n\n\n\n<p class=\"ls-paragraph addReadMore showlesscontent\">Als je de route van 10 km kiest, ontdek je de brug van de B\u00f4ne, de klif van Capucins, de Rocher de Manjocarn, de Saut du Loup en de molen van Cazals.<br><br>Zin in wat meer peddelen? Kies voor de 17 km lange afdaling en rijd door naar Penne-sur-Tarn. Je kunt ook een 7 km lange <strong>kanotocht op de Aveyron <\/strong>maken vanuit Cazals (uitstappen in Penne-sur-Tarn).<\/p>\n<\/div>\n\n\n\n<div class=\"wp-block-column second is-layout-flow wp-block-column-is-layout-flow\" style=\"flex-basis:66.66%\">\n<figure class=\"wp-block-image size-full image\"><img decoding=\"async\" width=\"2560\" height=\"1706\" src=\"https:\/\/www.camping-les-genets.fr\/wp-content\/uploads\/2023\/09\/Canoe-dans-les-gorges-de-lAveyron-scaled.webp\" alt=\"Kano\u00ebn in de kloven van de Aveyron\" class=\"wp-image-1701\" srcset=\"https:\/\/www.camping-les-genets.fr\/wp-content\/uploads\/2023\/09\/Canoe-dans-les-gorges-de-lAveyron-scaled.webp 2560w, https:\/\/www.camping-les-genets.fr\/wp-content\/uploads\/2023\/09\/Canoe-dans-les-gorges-de-lAveyron-300x200.webp 300w, https:\/\/www.camping-les-genets.fr\/wp-content\/uploads\/2023\/09\/Canoe-dans-les-gorges-de-lAveyron-1024x683.webp 1024w, https:\/\/www.camping-les-genets.fr\/wp-content\/uploads\/2023\/09\/Canoe-dans-les-gorges-de-lAveyron-768x512.webp 768w, https:\/\/www.camping-les-genets.fr\/wp-content\/uploads\/2023\/09\/Canoe-dans-les-gorges-de-lAveyron-1536x1024.webp 1536w, https:\/\/www.camping-les-genets.fr\/wp-content\/uploads\/2023\/09\/Canoe-dans-les-gorges-de-lAveyron-2048x1365.webp 2048w\" sizes=\"(max-width: 2560px) 100vw, 2560px\" \/><\/figure>\n<\/div>\n<\/div>\n\n\r\n    <\/div>\r\n<\/section>\n\n<section id=\"ls-section-block_1c698487f802d0ecafb07c0fbb01f2e9\" class=\"ls-section  home-piscine has-background-image has-p-t p-t-20 has-p-b p-b-20\" >\r\n    <div class=\"ls-section__background-image opacity-100\"><img decoding=\"async\" src=\"https:\/\/www.camping-les-genets.fr\/wp-content\/uploads\/2023\/09\/Canoe-dans-les-gorges-du-Tarn.webp\" alt=\"Kano\u00ebn in de kloven van de Tarn\"><\/div>    <div class=\"container container--full\">\r\n        \n\n<div class=\"wp-block-columns is-layout-flex wp-container-core-columns-is-layout-9d6595d7 wp-block-columns-is-layout-flex\">\n<div class=\"wp-block-column is-vertically-aligned-center first is-layout-flow wp-block-column-is-layout-flow\" style=\"flex-basis:60%\"><\/div>\n\n\n\n<div class=\"wp-block-column second has-color-white-background-color has-background is-layout-flow wp-block-column-is-layout-flow\" style=\"flex-basis:40%\">\n<h2 class=\"ls__heading wp-block-heading\">Kano\u00ebn in de <strong>kloven van de Tarn<\/strong><\/h2>\n\n\n\n<p class=\"ls-paragraph\">De kloven van de Tarn zijn een <strong>paradijs voor wildwatersporten<\/strong> zoals <strong>kanovaren in Aveyron<\/strong>, een buitenactiviteit die sport en de ontdekking van prachtige landschappen combineert met het hele gezin tijdens een vakantie in Aveyron.<\/p>\n\n\n\n<p class=\"ls-paragraph\">Een aantal bedrijven biedt kano- en kajaktochten voor <strong>beginners en gevorderden<\/strong> van 8, 11, 13, 17 en tot 32 km (halve of tweedaagse tochten). Afhankelijk van de route die je kiest, kun je starten vanaf de brug van Mal\u00e8ne, Saint-Ch\u00e9ly-du-Tarn, Sainte-Enimie of in de buurt van Montbrun.<br><br>Je vaart langs de kliffen en geologische formaties die door erosie zijn gevormd. Aan het einde van je tocht kom je door de canyon van D\u00e9troits en het keteldal van Baumes, die je ademloos zullen achterlaten.<\/p>\n<\/div>\n<\/div>\n\n\r\n    <\/div>\r\n<\/section>\n\n<section id=\"ls-section-block_120a4fcecdd520c37d435e71943fd050\" class=\"ls-section  page-maillage has-p-t p-t-14 has-p-b p-b-14\" >\r\n        <div class=\"container container--wide\">\r\n        \n\n<div id=\"ls-heading ls-titre-div-block_5a037fe0823a59c38a009182935fbcd8\" class=\"ls-titre-div aligncenter h2-like has-m-b m-b-8\" >\n    Ontdek de koeien van Aubrac, het dorp Peyre en vissen in Aveyron!<\/div>\n\n\n<div id=\"ls-maillage-block_394cc6e3dd1cf45a884675cbf6fd548c\" class=\"ls-maillage slow animated fadeInUp delay-100ms cta-style-normal\" data-rows=\"3\">\r\n    <div class=\"wp-block-columns\"><div class=\"wp-block-column\">\n\n<a href=\"https:\/\/www.camping-les-genets.fr\/nl\/vissen-in-aveyron\/\" target=\"\" rel=\"noopener\" class=\"ls-cta__link\">\n\n\t<div class=\"ls-cta__image\"><img decoding=\"async\" src=\"https:\/\/www.camping-les-genets.fr\/wp-content\/uploads\/2023\/09\/Activite-peche-au-camping-Les-Genets-768x535.webp\" alt=\"Vissen op camping Les Genets\"><\/div>\n\t<div class=\"ls-cta__title\">\n\t\tVissen in Aveyron\t<\/div>\n\n\t\t\n<\/a><\/div><div class=\"wp-block-column\">\n\n<a href=\"https:\/\/www.camping-les-genets.fr\/nl\/peyre\/\" target=\"\" rel=\"noopener\" class=\"ls-cta__link\">\n\n\t<div class=\"ls-cta__image\"><img decoding=\"async\" src=\"https:\/\/www.camping-les-genets.fr\/wp-content\/uploads\/2023\/09\/Vacances-a-Peyre-768x510.webp\" alt=\"Vakantie in Peyre\"><\/div>\n\t<div class=\"ls-cta__title\">\n\t\tPeyre\t<\/div>\n\n\t\t\n<\/a><\/div><div class=\"wp-block-column\">\n\n<a href=\"https:\/\/www.camping-les-genets.fr\/nl\/tourisme-aubrac\/\" target=\"\" rel=\"noopener\" class=\"ls-cta__link\">\n\n\t<div class=\"ls-cta__image\"><img decoding=\"async\" src=\"https:\/\/www.camping-les-genets.fr\/wp-content\/uploads\/2023\/09\/Vaches-a-Aubrac-768x1036.webp\" alt=\"Koeien in Aubrac\"><\/div>\n\t<div class=\"ls-cta__title\">\n\t\tAubrac koeien\t<\/div>\n\n\t\t\n<\/a><\/div><\/div><\/div>\n\r\n    <\/div>\r\n<\/section>","protected":false},"excerpt":{"rendered":"","protected":false},"author":1,"featured_media":1706,"parent":0,"menu_order":0,"comment_status":"closed","ping_status":"closed","template":"","meta":{"_acf_changed":false,"inline_featured_image":false,"footnotes":""},"sujet":[],"class_list":["post-4983","page","type-page","status-publish","has-post-thumbnail","hentry"],"acf":[],"yoast_head":"<!-- This site is optimized with the Yoast SEO plugin v27.3 - https:\/\/yoast.com\/product\/yoast-seo-wordpress\/ -->\n<title>Cano\u00eb Aveyron : Kanovaren in de Gorges de l&#039;Aveyron en de Tarn<\/title>\n<meta name=\"description\" content=\"Wil je kano\u00ebn in Aveyron? Ontdek de beste plekken om te kano\u00ebn in de gorges de l&#039;Aveyron en de Tarn!\" \/>\n<meta name=\"robots\" content=\"index, follow, max-snippet:-1, max-image-preview:large, max-video-preview:-1\" \/>\n<link rel=\"canonical\" href=\"https:\/\/www.camping-les-genets.fr\/nl\/kano-en-aveyron\/\" \/>\n<meta property=\"og:locale\" content=\"nl_NL\" \/>\n<meta property=\"og:type\" content=\"article\" \/>\n<meta property=\"og:title\" content=\"Cano\u00eb Aveyron : Kanovaren in de Gorges de l&#039;Aveyron en de Tarn\" \/>\n<meta property=\"og:description\" content=\"Wil je kano\u00ebn in Aveyron? Ontdek de beste plekken om te kano\u00ebn in de gorges de l&#039;Aveyron en de Tarn!\" \/>\n<meta property=\"og:url\" content=\"https:\/\/www.camping-les-genets.fr\/nl\/kano-en-aveyron\/\" \/>\n<meta property=\"og:site_name\" content=\"Camping les Genets\" \/>\n<meta property=\"article:modified_time\" content=\"2023-11-30T08:47:18+00:00\" \/>\n<meta property=\"og:image\" content=\"https:\/\/www.camping-les-genets.fr\/wp-content\/uploads\/2023\/09\/Canoe-sur-les-lacs-du-Levezou-et-de-Pareloup-scaled.webp\" \/>\n\t<meta property=\"og:image:width\" content=\"2560\" \/>\n\t<meta property=\"og:image:height\" content=\"1638\" \/>\n\t<meta property=\"og:image:type\" content=\"image\/webp\" \/>\n<meta name=\"twitter:card\" content=\"summary_large_image\" \/>\n<meta name=\"twitter:label1\" content=\"Geschatte leestijd\" \/>\n\t<meta name=\"twitter:data1\" content=\"3 minuten\" \/>\n<script type=\"application\/ld+json\" class=\"yoast-schema-graph\">{\"@context\":\"https:\\\/\\\/schema.org\",\"@graph\":[{\"@type\":\"WebPage\",\"@id\":\"https:\\\/\\\/www.camping-les-genets.fr\\\/nl\\\/kano-en-aveyron\\\/\",\"url\":\"https:\\\/\\\/www.camping-les-genets.fr\\\/nl\\\/kano-en-aveyron\\\/\",\"name\":\"Cano\u00eb Aveyron : Kanovaren in de Gorges de l'Aveyron en de Tarn\",\"isPartOf\":{\"@id\":\"https:\\\/\\\/www.camping-les-genets.fr\\\/nl\\\/#website\"},\"primaryImageOfPage\":{\"@id\":\"https:\\\/\\\/www.camping-les-genets.fr\\\/nl\\\/kano-en-aveyron\\\/#primaryimage\"},\"image\":{\"@id\":\"https:\\\/\\\/www.camping-les-genets.fr\\\/nl\\\/kano-en-aveyron\\\/#primaryimage\"},\"thumbnailUrl\":\"https:\\\/\\\/www.camping-les-genets.fr\\\/wp-content\\\/uploads\\\/2023\\\/09\\\/Canoe-sur-les-lacs-du-Levezou-et-de-Pareloup-scaled.webp\",\"datePublished\":\"2023-09-11T11:30:21+00:00\",\"dateModified\":\"2023-11-30T08:47:18+00:00\",\"description\":\"Wil je kano\u00ebn in Aveyron? Ontdek de beste plekken om te kano\u00ebn in de gorges de l'Aveyron en de Tarn!\",\"breadcrumb\":{\"@id\":\"https:\\\/\\\/www.camping-les-genets.fr\\\/nl\\\/kano-en-aveyron\\\/#breadcrumb\"},\"inLanguage\":\"nl-NL\",\"potentialAction\":[{\"@type\":\"ReadAction\",\"target\":[\"https:\\\/\\\/www.camping-les-genets.fr\\\/nl\\\/kano-en-aveyron\\\/\"]}]},{\"@type\":\"ImageObject\",\"inLanguage\":\"nl-NL\",\"@id\":\"https:\\\/\\\/www.camping-les-genets.fr\\\/nl\\\/kano-en-aveyron\\\/#primaryimage\",\"url\":\"https:\\\/\\\/www.camping-les-genets.fr\\\/wp-content\\\/uploads\\\/2023\\\/09\\\/Canoe-sur-les-lacs-du-Levezou-et-de-Pareloup-scaled.webp\",\"contentUrl\":\"https:\\\/\\\/www.camping-les-genets.fr\\\/wp-content\\\/uploads\\\/2023\\\/09\\\/Canoe-sur-les-lacs-du-Levezou-et-de-Pareloup-scaled.webp\",\"width\":2560,\"height\":1638,\"caption\":\"Kano\u00ebn op de meren van L\u00e9v\u00e9zou en Pareloup\"},{\"@type\":\"BreadcrumbList\",\"@id\":\"https:\\\/\\\/www.camping-les-genets.fr\\\/nl\\\/kano-en-aveyron\\\/#breadcrumb\",\"itemListElement\":[{\"@type\":\"ListItem\",\"position\":1,\"name\":\"Camping Aveyron\",\"item\":\"https:\\\/\\\/www.camping-les-genets.fr\\\/nl\\\/\"},{\"@type\":\"ListItem\",\"position\":2,\"name\":\"Kano\u00ebn in Aveyron\"}]},{\"@type\":\"WebSite\",\"@id\":\"https:\\\/\\\/www.camping-les-genets.fr\\\/nl\\\/#website\",\"url\":\"https:\\\/\\\/www.camping-les-genets.fr\\\/nl\\\/\",\"name\":\"Camping les Genets\",\"description\":\"\",\"publisher\":{\"@id\":\"https:\\\/\\\/www.camping-les-genets.fr\\\/nl\\\/#organization\"},\"potentialAction\":[{\"@type\":\"SearchAction\",\"target\":{\"@type\":\"EntryPoint\",\"urlTemplate\":\"https:\\\/\\\/www.camping-les-genets.fr\\\/nl\\\/?s={search_term_string}\"},\"query-input\":{\"@type\":\"PropertyValueSpecification\",\"valueRequired\":true,\"valueName\":\"search_term_string\"}}],\"inLanguage\":\"nl-NL\"},{\"@type\":\"Organization\",\"@id\":\"https:\\\/\\\/www.camping-les-genets.fr\\\/nl\\\/#organization\",\"name\":\"Camping les Genets\",\"url\":\"https:\\\/\\\/www.camping-les-genets.fr\\\/nl\\\/\",\"logo\":{\"@type\":\"ImageObject\",\"inLanguage\":\"nl-NL\",\"@id\":\"https:\\\/\\\/www.camping-les-genets.fr\\\/nl\\\/#\\\/schema\\\/logo\\\/image\\\/\",\"url\":\"https:\\\/\\\/www.camping-les-genets.fr\\\/wp-content\\\/uploads\\\/2023\\\/07\\\/cropped-logo-camping-genets-footer.png\",\"contentUrl\":\"https:\\\/\\\/www.camping-les-genets.fr\\\/wp-content\\\/uploads\\\/2023\\\/07\\\/cropped-logo-camping-genets-footer.png\",\"width\":500,\"height\":295,\"caption\":\"Camping les Genets\"},\"image\":{\"@id\":\"https:\\\/\\\/www.camping-les-genets.fr\\\/nl\\\/#\\\/schema\\\/logo\\\/image\\\/\"}}]}<\/script>\n<!-- \/ Yoast SEO plugin. -->","yoast_head_json":{"title":"Cano\u00eb Aveyron : Kanovaren in de Gorges de l'Aveyron en de Tarn","description":"Wil je kano\u00ebn in Aveyron? Ontdek de beste plekken om te kano\u00ebn in de gorges de l'Aveyron en de Tarn!","robots":{"index":"index","follow":"follow","max-snippet":"max-snippet:-1","max-image-preview":"max-image-preview:large","max-video-preview":"max-video-preview:-1"},"canonical":"https:\/\/www.camping-les-genets.fr\/nl\/kano-en-aveyron\/","og_locale":"nl_NL","og_type":"article","og_title":"Cano\u00eb Aveyron : Kanovaren in de Gorges de l'Aveyron en de Tarn","og_description":"Wil je kano\u00ebn in Aveyron? Ontdek de beste plekken om te kano\u00ebn in de gorges de l'Aveyron en de Tarn!","og_url":"https:\/\/www.camping-les-genets.fr\/nl\/kano-en-aveyron\/","og_site_name":"Camping les Genets","article_modified_time":"2023-11-30T08:47:18+00:00","og_image":[{"width":2560,"height":1638,"url":"https:\/\/www.camping-les-genets.fr\/wp-content\/uploads\/2023\/09\/Canoe-sur-les-lacs-du-Levezou-et-de-Pareloup-scaled.webp","type":"image\/webp"}],"twitter_card":"summary_large_image","twitter_misc":{"Geschatte leestijd":"3 minuten"},"schema":{"@context":"https:\/\/schema.org","@graph":[{"@type":"WebPage","@id":"https:\/\/www.camping-les-genets.fr\/nl\/kano-en-aveyron\/","url":"https:\/\/www.camping-les-genets.fr\/nl\/kano-en-aveyron\/","name":"Cano\u00eb Aveyron : Kanovaren in de Gorges de l'Aveyron en de Tarn","isPartOf":{"@id":"https:\/\/www.camping-les-genets.fr\/nl\/#website"},"primaryImageOfPage":{"@id":"https:\/\/www.camping-les-genets.fr\/nl\/kano-en-aveyron\/#primaryimage"},"image":{"@id":"https:\/\/www.camping-les-genets.fr\/nl\/kano-en-aveyron\/#primaryimage"},"thumbnailUrl":"https:\/\/www.camping-les-genets.fr\/wp-content\/uploads\/2023\/09\/Canoe-sur-les-lacs-du-Levezou-et-de-Pareloup-scaled.webp","datePublished":"2023-09-11T11:30:21+00:00","dateModified":"2023-11-30T08:47:18+00:00","description":"Wil je kano\u00ebn in Aveyron? Ontdek de beste plekken om te kano\u00ebn in de gorges de l'Aveyron en de Tarn!","breadcrumb":{"@id":"https:\/\/www.camping-les-genets.fr\/nl\/kano-en-aveyron\/#breadcrumb"},"inLanguage":"nl-NL","potentialAction":[{"@type":"ReadAction","target":["https:\/\/www.camping-les-genets.fr\/nl\/kano-en-aveyron\/"]}]},{"@type":"ImageObject","inLanguage":"nl-NL","@id":"https:\/\/www.camping-les-genets.fr\/nl\/kano-en-aveyron\/#primaryimage","url":"https:\/\/www.camping-les-genets.fr\/wp-content\/uploads\/2023\/09\/Canoe-sur-les-lacs-du-Levezou-et-de-Pareloup-scaled.webp","contentUrl":"https:\/\/www.camping-les-genets.fr\/wp-content\/uploads\/2023\/09\/Canoe-sur-les-lacs-du-Levezou-et-de-Pareloup-scaled.webp","width":2560,"height":1638,"caption":"Kano\u00ebn op de meren van L\u00e9v\u00e9zou en Pareloup"},{"@type":"BreadcrumbList","@id":"https:\/\/www.camping-les-genets.fr\/nl\/kano-en-aveyron\/#breadcrumb","itemListElement":[{"@type":"ListItem","position":1,"name":"Camping Aveyron","item":"https:\/\/www.camping-les-genets.fr\/nl\/"},{"@type":"ListItem","position":2,"name":"Kano\u00ebn in Aveyron"}]},{"@type":"WebSite","@id":"https:\/\/www.camping-les-genets.fr\/nl\/#website","url":"https:\/\/www.camping-les-genets.fr\/nl\/","name":"Camping les Genets","description":"","publisher":{"@id":"https:\/\/www.camping-les-genets.fr\/nl\/#organization"},"potentialAction":[{"@type":"SearchAction","target":{"@type":"EntryPoint","urlTemplate":"https:\/\/www.camping-les-genets.fr\/nl\/?s={search_term_string}"},"query-input":{"@type":"PropertyValueSpecification","valueRequired":true,"valueName":"search_term_string"}}],"inLanguage":"nl-NL"},{"@type":"Organization","@id":"https:\/\/www.camping-les-genets.fr\/nl\/#organization","name":"Camping les Genets","url":"https:\/\/www.camping-les-genets.fr\/nl\/","logo":{"@type":"ImageObject","inLanguage":"nl-NL","@id":"https:\/\/www.camping-les-genets.fr\/nl\/#\/schema\/logo\/image\/","url":"https:\/\/www.camping-les-genets.fr\/wp-content\/uploads\/2023\/07\/cropped-logo-camping-genets-footer.png","contentUrl":"https:\/\/www.camping-les-genets.fr\/wp-content\/uploads\/2023\/07\/cropped-logo-camping-genets-footer.png","width":500,"height":295,"caption":"Camping les Genets"},"image":{"@id":"https:\/\/www.camping-les-genets.fr\/nl\/#\/schema\/logo\/image\/"}}]}},"_links":{"self":[{"href":"https:\/\/www.camping-les-genets.fr\/nl\/wp-json\/wp\/v2\/pages\/4983","targetHints":{"allow":["GET"]}}],"collection":[{"href":"https:\/\/www.camping-les-genets.fr\/nl\/wp-json\/wp\/v2\/pages"}],"about":[{"href":"https:\/\/www.camping-les-genets.fr\/nl\/wp-json\/wp\/v2\/types\/page"}],"author":[{"embeddable":true,"href":"https:\/\/www.camping-les-genets.fr\/nl\/wp-json\/wp\/v2\/users\/1"}],"replies":[{"embeddable":true,"href":"https:\/\/www.camping-les-genets.fr\/nl\/wp-json\/wp\/v2\/comments?post=4983"}],"version-history":[{"count":5,"href":"https:\/\/www.camping-les-genets.fr\/nl\/wp-json\/wp\/v2\/pages\/4983\/revisions"}],"predecessor-version":[{"id":5533,"href":"https:\/\/www.camping-les-genets.fr\/nl\/wp-json\/wp\/v2\/pages\/4983\/revisions\/5533"}],"wp:featuredmedia":[{"embeddable":true,"href":"https:\/\/www.camping-les-genets.fr\/nl\/wp-json\/wp\/v2\/media\/1706"}],"wp:attachment":[{"href":"https:\/\/www.camping-les-genets.fr\/nl\/wp-json\/wp\/v2\/media?parent=4983"}],"wp:term":[{"taxonomy":"sujet","embeddable":true,"href":"https:\/\/www.camping-les-genets.fr\/nl\/wp-json\/wp\/v2\/sujet?post=4983"}],"curies":[{"name":"wp","href":"https:\/\/api.w.org\/{rel}","templated":true}]}}