{"id":7870,"date":"2025-08-20T08:50:33","date_gmt":"2025-08-20T06:50:33","guid":{"rendered":"https:\/\/www.camping-les-genets.fr\/?page_id=7870"},"modified":"2025-09-04T12:02:53","modified_gmt":"2025-09-04T10:02:53","slug":"visiter-severac-le-chateau","status":"publish","type":"page","link":"https:\/\/www.camping-les-genets.fr\/fr\/visiter-severac-le-chateau\/","title":{"rendered":"Visiter S\u00e9v\u00e9rac-le-Ch\u00e2teau"},"content":{"rendered":"<section id=\"ls-section-block_59160e18dad40ed90556de9bb0904cae\" class=\"ls-section  page-chapeau has-p-b p-b-0\" >\r\n        <div class=\"container \">\r\n        \n\n<h1 class=\"ls__heading wp-block-heading has-text-align-center\">Visiter S\u00e9v\u00e9rac-le-Ch\u00e2teau : une \u201cpetite cit\u00e9 de caract\u00e8re\u201d qui impressionne<\/h1>\n\n\n\n<p class=\"ls-paragraph has-text-align-center\">S\u00e9journer dans notre <a href=\"https:\/\/www.camping-les-genets.fr\/fr\/\">camping 5 \u00e9toiles en Aveyron<\/a> vous place \u00e0 seulement quelques kilom\u00e8tres d\u2019une cit\u00e9 m\u00e9di\u00e9vale qui vaut le d\u00e9tour. Situ\u00e9e \u00e0 un carrefour strat\u00e9gique du d\u00e9partement de l&rsquo;Aveyron, <strong>S\u00e9v\u00e9rac-le-Ch\u00e2teau, labellis\u00e9e \u00ab\u00a0petite cit\u00e9 de caract\u00e8re\u00a0\u00bb<\/strong>, est une destination incontournable pour vous, amateurs d&rsquo;histoire et de patrimoine ! L&rsquo;<a href=\"https:\/\/www.tourisme-paysdecazevillois.fr\/sinformer\/\" target=\"_blank\" rel=\"noreferrer noopener\">activit\u00e9 touristique<\/a> de l\u2019Aveyron est florissante, comme en t\u00e9moignent les <strong>plus de 11,3 millions de nuit\u00e9es enregistr\u00e9es dans le d\u00e9partement en 2022<\/strong>. S\u00e9v\u00e9rac-le-Ch\u00e2teau s\u2019inscrit pleinement dans cette dynamique. Pour vos prochaines vacances, laissez-vous guider par nos conseils et pr\u00e9parez-vous \u00e0 de belles surprises dans cette commune !<\/p>\n\n\r\n    <\/div>\r\n<\/section>\n\n<section id=\"ls-section-block_898d3c08487dfb5088fe3f9670cb9dfc\" class=\"ls-section  page-one has-p-b p-b-14\" >\r\n        <div class=\"container container--full\">\r\n        \n\n<div class=\"wp-block-columns is-layout-flex wp-container-core-columns-is-layout-9d6595d7 wp-block-columns-is-layout-flex\">\n<div class=\"wp-block-column first is-layout-flow wp-block-column-is-layout-flow\" style=\"flex-basis:64%\">\n<figure class=\"wp-block-image size-full\"><img decoding=\"async\" width=\"800\" height=\"1120\" src=\"https:\/\/www.camping-les-genets.fr\/wp-content\/uploads\/2025\/08\/pexels-vali.webp\" alt=\"Visiter S\u00e9v\u00e9rac-le-Ch\u00e2teau\" class=\"wp-image-7885\" srcset=\"https:\/\/www.camping-les-genets.fr\/wp-content\/uploads\/2025\/08\/pexels-vali.webp 800w, https:\/\/www.camping-les-genets.fr\/wp-content\/uploads\/2025\/08\/pexels-vali-214x300.webp 214w, https:\/\/www.camping-les-genets.fr\/wp-content\/uploads\/2025\/08\/pexels-vali-731x1024.webp 731w, https:\/\/www.camping-les-genets.fr\/wp-content\/uploads\/2025\/08\/pexels-vali-768x1075.webp 768w\" sizes=\"(max-width: 800px) 100vw, 800px\" \/><\/figure>\n<\/div>\n\n\n\n<div class=\"wp-block-column is-vertically-aligned-center second has-color-white-background-color has-background is-layout-flow wp-block-column-is-layout-flow\" style=\"flex-basis:36%\">\n<h2 class=\"ls__heading wp-block-heading\"><strong><strong><strong>S\u00e9v\u00e9rac-le-Ch\u00e2teau : une histoire ancr\u00e9e dans les Grands Causses<\/strong><\/strong><\/strong><\/h2>\n\n\n\n<p class=\"ls-paragraph\"><strong>Perch\u00e9e \u00e0 plus de 800 m\u00e8tres d&rsquo;altitude<\/strong>, la ville de S\u00e9v\u00e9rac-le-Ch\u00e2teau est une ancienne commune fran\u00e7aise de l&rsquo;Occitanie. Elle fait partie depuis 2016 de la commune nouvelle de S\u00e9v\u00e9rac-d&rsquo;Aveyron, n\u00e9e de la fusion avec Lavernhe, Buzeins, Recoules-Pr\u00e9vinqui\u00e8res et Lapanouse. La cit\u00e9 se trouve dans l&rsquo;est du d\u00e9partement, \u00e0 la limite de la Loz\u00e8re, \u00e0 33 km de Millau et 48 km de Rodez.<\/p>\n\n\n\n<p class=\"ls-paragraph\">Cette position g\u00e9ographique privil\u00e9gi\u00e9e fait de S\u00e9v\u00e9rac-le-Ch\u00e2teau un point de d\u00e9part id\u00e9al pour d\u00e9couvrir les paysages du <strong>Parc naturel r\u00e9gional des Grands Causses et de la vall\u00e9e de l&rsquo;Aveyron<\/strong>. Pour les campeurs \u00e0 la recherche de culture, d&rsquo;aventure et de d\u00e9tente, <strong>visiter S\u00e9v\u00e9rac-le-Ch\u00e2teau<\/strong> repr\u00e9sente un choix judicieux, facile d&rsquo;acc\u00e8s et riche en d\u00e9couvertes.<\/p>\n<\/div>\n<\/div>\n\n\r\n    <\/div>\r\n<\/section>\n\n<section id=\"ls-section-block_c67aa0d6326f6e5ef702504cab742271\" class=\"ls-section \" >\r\n        <div class=\"container \">\r\n        \n\n<h2 class=\"ls__heading wp-block-heading has-text-align-center\"><strong><strong>Les incontournables \u00e0 visiter \u00e0 S\u00e9v\u00e9rac-le-Ch\u00e2teau<\/strong><\/strong><\/h2>\n\n\n\n<table border=\"1\" cellspacing=\"0\" cellpadding=\"6\" style=\"width:1000px; border-collapse:collapse;\">\n  <thead>\n    <tr style=\"background-color:#f2f2f2; text-align:center;\">\n      <th>Lieu<\/th>\n      <th>Description<\/th>\n      <th>Informations Pratiques<\/th>\n    <\/tr>\n  <\/thead>\n  <tbody>\n    <tr>\n      <td>Le Ch\u00e2teau de S\u00e9v\u00e9rac<\/td>\n      <td>Forteresse m\u00e9di\u00e9vale transform\u00e9e en palais Renaissance au XVIIe si\u00e8cle<\/td>\n      <td>\n        Adresse : 5 rue des Douves, S\u00e9v\u00e9rac d&rsquo;Aveyron.<br>\n        Tarifs : 8 \u20ac (adultes), 5 \u20ac (enfants de 6-11 ans), gratuit pour les moins de 5 ans.\n      <\/td>\n    <\/tr>\n    <tr>\n      <td>La Cit\u00e9 M\u00e9di\u00e9vale<\/td>\n      <td>Labyrinthe de rues pav\u00e9es avec des maisons \u00e0 colombages<\/td>\n      <td>Endroit id\u00e9al pour une balade \u00e0 pied<\/td>\n    <\/tr>\n    <tr>\n      <td>La Maison de Jeanne<\/td>\n      <td>Une des plus anciennes maisons de l&rsquo;Aveyron, datant de la fin du XIVe si\u00e8cle<\/td>\n      <td>Adresse : 10 rue de Belvezet, S\u00e9v\u00e9rac d&rsquo;Aveyron.<\/td>\n    <\/tr>\n    <tr>\n      <td>La Maison des Consuls<\/td>\n      <td>Ancien si\u00e8ge du consulat du XVe si\u00e8cle<\/td>\n      <td>\n        Horaires : ouverte tous les jours de 15h \u00e0 19h en juillet et ao\u00fbt.<br>\n        Adresse : 11 bis rue Amaury de S\u00e9v\u00e9rac, S\u00e9v\u00e9rac d&rsquo;Aveyron.\n      <\/td>\n    <\/tr>\n    <tr>\n      <td>L&rsquo;\u00e9glise Saint-Sauveur<\/td>\n      <td>Monument historique et bel exemple de l&rsquo;architecture romane aveyronnaise<\/td>\n      <td>Adresse : 8 rue Jordan Cathala, S\u00e9v\u00e9rac d&rsquo;Aveyron.<\/td>\n    <\/tr>\n    <tr>\n      <td>Activit\u00e9s en Famille<\/td>\n      <td>\n        Randonn\u00e9es Randoland : six parcours ludiques pour tous les niveaux.<br>\n        P\u00eache au lac de la Cisba.<br>\n        Ferme Seguin : visite d&rsquo;\u00e9levage ovin et d\u00e9gustation de fromages.\n      <\/td>\n      <td>Adresse : Blayac, S\u00e9v\u00e9rac-le-Ch\u00e2teau.<\/td>\n    <\/tr>\n  <\/tbody>\n<\/table>\n\n\r\n    <\/div>\r\n<\/section>\n\n<section id=\"ls-section-block_e5f2fbc6c84ec155fe23fcfd045e201b\" class=\"ls-section  page-two background-blu-right has-p-t p-t-14\" >\r\n        <div class=\"container container--wide\">\r\n        \n\n<div class=\"wp-block-columns is-layout-flex wp-container-core-columns-is-layout-9d6595d7 wp-block-columns-is-layout-flex\">\n<div class=\"wp-block-column is-vertically-aligned-top first is-layout-flow wp-block-column-is-layout-flow\" style=\"flex-basis:40%\">\n<h2 class=\"ls__heading wp-block-heading\"><strong><strong>Le ch\u00e2teau de S\u00e9v\u00e9rac, gardien de la vall\u00e9e<\/strong><\/strong><\/h2>\n\n\n\n<p class=\"ls-paragraph\">Dominant la cit\u00e9 depuis sa butte rocheuse, <strong>le ch\u00e2teau de S\u00e9v\u00e9rac<\/strong> est un site d&rsquo;une importance capitale. Forteresse imprenable d\u00e8s l&rsquo;Antiquit\u00e9, il a \u00e9t\u00e9 profond\u00e9ment remani\u00e9 par l<strong>a famille d&rsquo;Arpajon<\/strong> qui l\u2019a transform\u00e9 en <strong>un palais r\u00e9sidentiel de style Renaissance au XVIIe si\u00e8cle<\/strong>. De ses remparts, la vue est tout simplement \u00e0 couper le souffle : profitez d\u2019un panorama unique sur les plateaux du Causse de Sauveterre et la vall\u00e9e de l&rsquo;Aveyron.<\/p>\n\n\n\n<p class=\"ls-paragraph\">Vous souhaitez d\u00e9ambuler en autonomie dans ce ch\u00e2teau ? Optez pour <strong>la balade num\u00e9rique \u00ab des Grands Causses \u00bb,<\/strong> disponible sur App Store ou Google Play.<\/p>\n\n\n\n<p class=\"ls-paragraph\"><em>Adresse : 5 rue des Douves, S\u00e9v\u00e9rac-le-Ch\u00e2teau, 12150 S\u00e9v\u00e9rac d&rsquo;Aveyron, \u00e0 56 km de notre camping.<\/em><\/p>\n\n\n\n<p class=\"ls-paragraph\"><em>Horaires d\u2019ouverture : il convient de se renseigner aupr\u00e8s de l&rsquo;office du tourisme de l\u2019Aveyron sur les horaires car ils varient selon la saison.<\/em><\/p>\n\n\n\n<p class=\"ls-paragraph\"><em>Tarifs (indicatifs): le tarif est de 8 \u20ac pour les adultes, de 5 \u20ac pour un enfant (6-11 ans). L\u2019acc\u00e8s est gratuit pour les enfants de moins de 5 ans.<\/em><\/p>\n\n\n\n<p class=\"ls-paragraph\"><em>Stationnement : un parking est disponible \u00e0 proximit\u00e9 du ch\u00e2teau.<\/em><\/p>\n<\/div>\n\n\n\n<div class=\"wp-block-column second is-layout-flow wp-block-column-is-layout-flow\" style=\"flex-basis:60%\">\n<figure class=\"wp-block-image size-full image\"><img decoding=\"async\" width=\"1200\" height=\"800\" src=\"https:\/\/www.camping-les-genets.fr\/wp-content\/uploads\/2025\/08\/pexels.webp\" alt=\"\" class=\"wp-image-7889\" srcset=\"https:\/\/www.camping-les-genets.fr\/wp-content\/uploads\/2025\/08\/pexels.webp 1200w, https:\/\/www.camping-les-genets.fr\/wp-content\/uploads\/2025\/08\/pexels-300x200.webp 300w, https:\/\/www.camping-les-genets.fr\/wp-content\/uploads\/2025\/08\/pexels-1024x683.webp 1024w, https:\/\/www.camping-les-genets.fr\/wp-content\/uploads\/2025\/08\/pexels-768x512.webp 768w\" sizes=\"(max-width: 1200px) 100vw, 1200px\" \/><\/figure>\n<\/div>\n<\/div>\n\n\r\n    <\/div>\r\n<\/section>\n\n<section id=\"ls-section-block_28c4077337e06f4a4aab9ff380d2d0e5\" class=\"ls-section  home-piscine has-background-image has-p-t p-t-20 has-p-b p-b-20\" >\r\n    <div class=\"ls-section__background-image opacity-100\"><img decoding=\"async\" src=\"https:\/\/www.camping-les-genets.fr\/wp-content\/uploads\/2025\/08\/pexels-thomas.webp\" alt=\"D\u00e9couvrir S\u00e9verac-le-Ch\u00e2teau\"><\/div>    <div class=\"container container--full\">\r\n        \n\n<div class=\"wp-block-columns is-layout-flex wp-container-core-columns-is-layout-9d6595d7 wp-block-columns-is-layout-flex\">\n<div class=\"wp-block-column is-vertically-aligned-center first is-layout-flow wp-block-column-is-layout-flow\" style=\"flex-basis:60%\"><\/div>\n\n\n\n<div class=\"wp-block-column second has-color-white-background-color has-background is-layout-flow wp-block-column-is-layout-flow\" style=\"flex-basis:40%\">\n<h2 class=\"ls__heading wp-block-heading\"><strong><strong>La cit\u00e9 m\u00e9di\u00e9vale : un d\u00e9dale de ruelles<\/strong><\/strong><\/h2>\n\n\n\n<p class=\"ls-paragraph\">Au pied de la forteresse, d\u00e9couvrez <strong>la cit\u00e9 m\u00e9di\u00e9vale<\/strong>, un v\u00e9ritable labyrinthe de ruelles pav\u00e9es. Prot\u00e9g\u00e9e autrefois par des remparts dont des vestiges sont encore visibles, la cit\u00e9 conserve deux de ses portes fortifi\u00e9es d&rsquo;origine : <strong>la porte du Peyrou et la porte du Latazou<\/strong>. En d\u00e9ambulant dans cette cit\u00e9, vous admirez <strong>les maisons \u00e0 colombages et \u00e0 encorbellement<\/strong>. Il faut <strong>visiter S\u00e9v\u00e9rac-le-Ch\u00e2teau<\/strong> pour s\u2019impr\u00e9gner de l\u2019histoire de cette petite cit\u00e9 pleine de caract\u00e8re.<\/p>\n<\/div>\n<\/div>\n\n\r\n    <\/div>\r\n<\/section>\n\n<section id=\"ls-section-block_c67aa0d6326f6e5ef702504cab742271\" class=\"ls-section \" >\r\n        <div class=\"container \">\r\n        \n\n<h3 class=\"ls__heading wp-block-heading has-text-align-left\"><strong>La Maison de Jeanne<\/strong><\/h3>\n\n\n\n<p class=\"ls-paragraph\">Au fil de votre promenade, vous d\u00e9couvrirez des lieux remarquables comme <strong>la Maison de Jeanne<\/strong>, dat\u00e9e de la fin du XIVe si\u00e8cle et consid\u00e9r\u00e9e comme <strong>l&rsquo;une des plus anciennes de l&rsquo;Aveyron<\/strong>. En \u00e9t\u00e9, elle accueille des animations qui vous font vivre le quotidien du Moyen \u00c2ge.<\/p>\n\n\n\n<p class=\"ls-paragraph\"><em>Adresse : n\u00b010 de la rue de Belvezet, S\u00e9v\u00e9rac-le-Ch\u00e2teau, 12150 S\u00e9v\u00e9rac d&rsquo;Aveyron, \u00e0 56 km de notre camping via la D911.<\/em><\/p>\n\n\n\n<h3 class=\"ls__heading wp-block-heading\"><strong>La Maison des Consuls<\/strong><\/h3>\n\n\n\n<p class=\"ls-paragraph\">C\u2019est une autre \u00e9tape essentielle si vous comptez <strong>visiter S\u00e9v\u00e9rac-le-Ch\u00e2teau<\/strong>. Elle fut le si\u00e8ge du consulat \u00e9tabli par Jean IV d\u2019Armagnac au XVe si\u00e8cle et abrite aujourd&rsquo;hui <strong>une maquette du ch\u00e2teau ainsi que des plafonds peints du XVIIe si\u00e8cle<\/strong>. La Maison des Consuls est ouverte tous les jours de 15h \u00e0 19h en juillet et ao\u00fbt, et son entr\u00e9e est libre.<\/p>\n\n\n\n<p class=\"ls-paragraph\"><em>Adresse : 11 bis rue Amaury de S\u00e9v\u00e9rac, S\u00e9v\u00e9rac-le-Ch\u00e2teau, 12150 S\u00e9v\u00e9rac d&rsquo;Aveyron. Comptez un trajet moyen de 50 minutes depuis notre camping via la D911.<\/em><\/p>\n\n\r\n    <\/div>\r\n<\/section>\n\n<section id=\"ls-section-block_e5f2fbc6c84ec155fe23fcfd045e201b\" class=\"ls-section  page-two background-blu-right has-p-t p-t-14\" >\r\n        <div class=\"container container--wide\">\r\n        \n\n<div class=\"wp-block-columns is-layout-flex wp-container-core-columns-is-layout-9d6595d7 wp-block-columns-is-layout-flex\">\n<div class=\"wp-block-column is-vertically-aligned-top first is-layout-flow wp-block-column-is-layout-flow\" style=\"flex-basis:40%\">\n<h2 class=\"ls__heading wp-block-heading\"><strong>L&rsquo;\u00e9glise Saint-Sauveur<\/strong><\/h2>\n\n\n\n<p class=\"ls-paragraph\">Dans le centre-bourg de S\u00e9v\u00e9rac-le-Ch\u00e2teau se dresse <strong>l&rsquo;\u00e9glise Saint-Sauveur<\/strong>, un monument historique et un exemple remarquable de l&rsquo;architecture romane aveyronnaise. D\u00e8s votre arriv\u00e9e, vous pouvez admirer <strong>la fa\u00e7ade ouest qui arbore un portail sculpt\u00e9 du XII\u1d49 si\u00e8cle<\/strong> avec des nefs vo\u00fbt\u00e9es en berceau bris\u00e9. L&rsquo;int\u00e9rieur, tout aussi remarquable, pr\u00e9sente <strong>des vitraux des XIV\u1d49, XV\u1d49 et XIX\u1d49 si\u00e8cles<\/strong>. C\u2019est une autre bonne raison de <strong>visiter S\u00e9v\u00e9rac-le-Ch\u00e2teau<\/strong>.<\/p>\n\n\n\n<p class=\"ls-paragraph\"><em>Adresse : 8 rue Jordan Cathala, 12150 S\u00e9v\u00e9rac d&rsquo;Aveyron, France, \u00e0 58 km de notre camping via la D911 et la A75.<\/em><\/p>\n<\/div>\n\n\n\n<div class=\"wp-block-column second is-layout-flow wp-block-column-is-layout-flow\" style=\"flex-basis:60%\">\n<figure class=\"wp-block-image size-full image\"><img decoding=\"async\" width=\"1253\" height=\"834\" src=\"https:\/\/www.camping-les-genets.fr\/wp-content\/uploads\/2025\/06\/town-3507379_1920-1.jpg\" alt=\"\" class=\"wp-image-7700\" srcset=\"https:\/\/www.camping-les-genets.fr\/wp-content\/uploads\/2025\/06\/town-3507379_1920-1.jpg 1253w, https:\/\/www.camping-les-genets.fr\/wp-content\/uploads\/2025\/06\/town-3507379_1920-1-300x200.jpg 300w, https:\/\/www.camping-les-genets.fr\/wp-content\/uploads\/2025\/06\/town-3507379_1920-1-1024x682.jpg 1024w, https:\/\/www.camping-les-genets.fr\/wp-content\/uploads\/2025\/06\/town-3507379_1920-1-768x511.jpg 768w\" sizes=\"(max-width: 1253px) 100vw, 1253px\" \/><\/figure>\n<\/div>\n<\/div>\n\n\r\n    <\/div>\r\n<\/section>\n\n<section id=\"ls-section-block_898d3c08487dfb5088fe3f9670cb9dfc\" class=\"ls-section  page-one has-p-b p-b-14\" >\r\n        <div class=\"container container--full\">\r\n        \n\n<div class=\"wp-block-columns is-layout-flex wp-container-core-columns-is-layout-9d6595d7 wp-block-columns-is-layout-flex\">\n<div class=\"wp-block-column first is-layout-flow wp-block-column-is-layout-flow\" style=\"flex-basis:55%\">\n<figure class=\"wp-block-image size-full\"><img decoding=\"async\" width=\"900\" height=\"1200\" src=\"https:\/\/www.camping-les-genets.fr\/wp-content\/uploads\/2025\/08\/pexels-a.webp\" alt=\"D\u00e9couvrir S\u00e9verac-le-Ch\u00e2teau\" class=\"wp-image-7897\" srcset=\"https:\/\/www.camping-les-genets.fr\/wp-content\/uploads\/2025\/08\/pexels-a.webp 900w, https:\/\/www.camping-les-genets.fr\/wp-content\/uploads\/2025\/08\/pexels-a-225x300.webp 225w, https:\/\/www.camping-les-genets.fr\/wp-content\/uploads\/2025\/08\/pexels-a-768x1024.webp 768w\" sizes=\"(max-width: 900px) 100vw, 900px\" \/><\/figure>\n<\/div>\n\n\n\n<div class=\"wp-block-column is-vertically-aligned-center second has-color-white-background-color has-background is-layout-flow wp-block-column-is-layout-flow\" style=\"flex-basis:50%\">\n<h2 class=\"ls__heading wp-block-heading\"><strong><strong><strong><strong>D&rsquo;autres activit\u00e9s pour une journ\u00e9e r\u00e9ussie en famille<\/strong><\/strong><\/strong><\/strong><\/h2>\n\n\n\n<p class=\"ls-paragraph\">S\u00e9v\u00e9rac-le-Ch\u00e2teau ne se contente pas de proposer un voyage dans le temps, la ville est aussi pens\u00e9e pour le plaisir des familles.<\/p>\n\n\n\n<ul class=\"ls-list ls-list-undefined wp-block-list\">\n<li><strong>Des balades ludiques<\/strong> telles que les six parcours de randonn\u00e9e propos\u00e9s par Randoland pour tous les niveaux \u00e0 S\u00e9v\u00e9rac-le-Ch\u00e2teau. Ces activit\u00e9s sont parfaites pour une visite en famille.<\/li>\n\n\n\n<li><strong>La p\u00eache au lac de la Cisba :<\/strong> situ\u00e9 \u00e0 proximit\u00e9 de la cit\u00e9, ce plan d&rsquo;eau est un lieu id\u00e9al pour la p\u00eache en toute tranquillit\u00e9.<\/li>\n\n\n\n<li><strong>La visite de la Ferme Seguin<\/strong> : en \u00e9t\u00e9, vous pouvez d\u00e9couvrir l&rsquo;\u00e9levage ovin et d\u00e9guster de d\u00e9licieux fromages fermiers. C&rsquo;est une balade parfaite d\u2019une heure et demi pour d\u00e9couvrir le terroir d\u2019Aveyron.<br><em>Adresse : Blayac, 12 150 S\u00e9v\u00e9rac-le-Ch\u00e2teau, \u00e0 60 km de notre camping via la A75.<\/em><br><\/li>\n<\/ul>\n\n\n\n<p class=\"ls-paragraph\">S\u00e9v\u00e9rac-le-Ch\u00e2teau est bien plus qu&rsquo;un site historique, c\u2019est la promesse d\u2019une journ\u00e9e riche en \u00e9motions et en d\u00e9couvertes pour tous les \u00e2ges.&nbsp;<\/p>\n<\/div>\n<\/div>\n\n\r\n    <\/div>\r\n<\/section>\n\n<section id=\"ls-section-block_bd52b1b6a6b2442b4b1b82770688f5b2\" class=\"ls-section  page-maillage has-p-t p-t-14 has-p-b p-b-14\" >\r\n        <div class=\"container container--wide\">\r\n        \n\n<div id=\"ls-heading ls-titre-div-block_b1842ed396f78c7f85dfcaae01b6a139\" class=\"ls-titre-div aligncenter h2-like has-m-b m-b-8\" >\n    D\u00e9couvrez les alentours<\/div>\n\n\n<div id=\"ls-maillage-block_8965a217e160235083f61d2868ab12b2\" class=\"ls-maillage slow animated fadeInUp delay-100ms cta-style-normal\" data-rows=\"3\">\r\n    <div class=\"wp-block-columns\"><div class=\"wp-block-column\">\n\n<a href=\"https:\/\/www.camping-les-genets.fr\/fr\/activites-famille-aveyron\/\" target=\"\" rel=\"noopener\" class=\"ls-cta__link\">\n\n\t<div class=\"ls-cta__image\"><img decoding=\"async\" src=\"https:\/\/www.camping-les-genets.fr\/wp-content\/uploads\/2023\/09\/Activite-velo-en-Aveyron-768x1152.webp\" alt=\"Activit\u00e9 v\u00e9lo en Aveyron\"><\/div>\n\t<div class=\"ls-cta__title\">\n\t\tActivit\u00e9s famille aveyron\t<\/div>\n\n\t\t\n<\/a><\/div><div class=\"wp-block-column\">\n\n<a href=\"https:\/\/www.camping-les-genets.fr\/fr\/musee-soulages\/\" target=\"\" rel=\"noopener\" class=\"ls-cta__link\">\n\n\t<div class=\"ls-cta__image\"><img decoding=\"async\" src=\"https:\/\/www.camping-les-genets.fr\/wp-content\/uploads\/2023\/09\/Musee-dart-contemporain-en-Aveyron-768x1150.webp\" alt=\"Mus\u00e9e d'art contemporain en Aveyron\"><\/div>\n\t<div class=\"ls-cta__title\">\n\t\tMus\u00e9e Soulages\t<\/div>\n\n\t\t\n<\/a><\/div><div class=\"wp-block-column\">\n\n<a href=\"https:\/\/www.camping-les-genets.fr\/fr\/lac-cisba\/\" target=\"\" rel=\"noopener\" class=\"ls-cta__link\">\n\n\t<div class=\"ls-cta__image\"><img decoding=\"async\" src=\"https:\/\/www.camping-les-genets.fr\/wp-content\/uploads\/2025\/03\/musee-denys-puech-a-rodez.jpg\" alt=\"Mus\u00e9e Denys Puech \u00e0 Rodez\"><\/div>\n\t<div class=\"ls-cta__title\">\n\t\tLe lac de la Cisba\t<\/div>\n\n\t\t\n<\/a><\/div><\/div><\/div>\n\r\n    <\/div>\r\n<\/section>","protected":false},"excerpt":{"rendered":"","protected":false},"author":2,"featured_media":7885,"parent":0,"menu_order":0,"comment_status":"closed","ping_status":"closed","template":"","meta":{"_acf_changed":false,"inline_featured_image":false,"footnotes":""},"sujet":[],"class_list":["post-7870","page","type-page","status-publish","has-post-thumbnail","hentry"],"acf":[],"yoast_head":"<!-- This site is optimized with the Yoast SEO plugin v27.3 - https:\/\/yoast.com\/product\/yoast-seo-wordpress\/ -->\n<title>Visiter S\u00e9v\u00e9rac-le-Ch\u00e2teau : cit\u00e9 m\u00e9di\u00e9vale dans l\u2019Aveyron<\/title>\n<meta name=\"description\" content=\"Explorez S\u00e9v\u00e9rac-le-Ch\u00e2teau : ch\u00e2teau, cit\u00e9 m\u00e9di\u00e9vale, activit\u00e9s en famille. Une visite incontournable en Aveyron.\" \/>\n<meta name=\"robots\" content=\"index, follow, max-snippet:-1, max-image-preview:large, max-video-preview:-1\" \/>\n<link rel=\"canonical\" href=\"https:\/\/www.camping-les-genets.fr\/fr\/visiter-severac-le-chateau\/\" \/>\n<meta property=\"og:locale\" content=\"fr_FR\" \/>\n<meta property=\"og:type\" content=\"article\" \/>\n<meta property=\"og:title\" content=\"Visiter S\u00e9v\u00e9rac-le-Ch\u00e2teau : cit\u00e9 m\u00e9di\u00e9vale dans l\u2019Aveyron\" \/>\n<meta property=\"og:description\" content=\"Explorez S\u00e9v\u00e9rac-le-Ch\u00e2teau : ch\u00e2teau, cit\u00e9 m\u00e9di\u00e9vale, activit\u00e9s en famille. Une visite incontournable en Aveyron.\" \/>\n<meta property=\"og:url\" content=\"https:\/\/www.camping-les-genets.fr\/fr\/visiter-severac-le-chateau\/\" \/>\n<meta property=\"og:site_name\" content=\"Camping les Genets\" \/>\n<meta property=\"article:modified_time\" content=\"2025-09-04T10:02:53+00:00\" \/>\n<meta property=\"og:image\" content=\"https:\/\/www.camping-les-genets.fr\/wp-content\/uploads\/2025\/08\/pexels-vali.webp\" \/>\n\t<meta property=\"og:image:width\" content=\"800\" \/>\n\t<meta property=\"og:image:height\" content=\"1120\" \/>\n\t<meta property=\"og:image:type\" content=\"image\/webp\" \/>\n<meta name=\"twitter:card\" content=\"summary_large_image\" \/>\n<meta name=\"twitter:label1\" content=\"Dur\u00e9e de lecture estim\u00e9e\" \/>\n\t<meta name=\"twitter:data1\" content=\"7 minutes\" \/>\n<script type=\"application\/ld+json\" class=\"yoast-schema-graph\">{\"@context\":\"https:\\\/\\\/schema.org\",\"@graph\":[{\"@type\":\"WebPage\",\"@id\":\"https:\\\/\\\/www.camping-les-genets.fr\\\/fr\\\/visiter-severac-le-chateau\\\/\",\"url\":\"https:\\\/\\\/www.camping-les-genets.fr\\\/fr\\\/visiter-severac-le-chateau\\\/\",\"name\":\"Visiter S\u00e9v\u00e9rac-le-Ch\u00e2teau : cit\u00e9 m\u00e9di\u00e9vale dans l\u2019Aveyron\",\"isPartOf\":{\"@id\":\"https:\\\/\\\/www.camping-les-genets.fr\\\/fr\\\/#website\"},\"primaryImageOfPage\":{\"@id\":\"https:\\\/\\\/www.camping-les-genets.fr\\\/fr\\\/visiter-severac-le-chateau\\\/#primaryimage\"},\"image\":{\"@id\":\"https:\\\/\\\/www.camping-les-genets.fr\\\/fr\\\/visiter-severac-le-chateau\\\/#primaryimage\"},\"thumbnailUrl\":\"https:\\\/\\\/www.camping-les-genets.fr\\\/wp-content\\\/uploads\\\/2025\\\/08\\\/pexels-vali.webp\",\"datePublished\":\"2025-08-20T06:50:33+00:00\",\"dateModified\":\"2025-09-04T10:02:53+00:00\",\"description\":\"Explorez S\u00e9v\u00e9rac-le-Ch\u00e2teau : ch\u00e2teau, cit\u00e9 m\u00e9di\u00e9vale, activit\u00e9s en famille. Une visite incontournable en Aveyron.\",\"breadcrumb\":{\"@id\":\"https:\\\/\\\/www.camping-les-genets.fr\\\/fr\\\/visiter-severac-le-chateau\\\/#breadcrumb\"},\"inLanguage\":\"fr-FR\",\"potentialAction\":[{\"@type\":\"ReadAction\",\"target\":[\"https:\\\/\\\/www.camping-les-genets.fr\\\/fr\\\/visiter-severac-le-chateau\\\/\"]}]},{\"@type\":\"ImageObject\",\"inLanguage\":\"fr-FR\",\"@id\":\"https:\\\/\\\/www.camping-les-genets.fr\\\/fr\\\/visiter-severac-le-chateau\\\/#primaryimage\",\"url\":\"https:\\\/\\\/www.camping-les-genets.fr\\\/wp-content\\\/uploads\\\/2025\\\/08\\\/pexels-vali.webp\",\"contentUrl\":\"https:\\\/\\\/www.camping-les-genets.fr\\\/wp-content\\\/uploads\\\/2025\\\/08\\\/pexels-vali.webp\",\"width\":800,\"height\":1120,\"caption\":\"Visiter S\u00e9v\u00e9rac-le-Ch\u00e2teau\"},{\"@type\":\"BreadcrumbList\",\"@id\":\"https:\\\/\\\/www.camping-les-genets.fr\\\/fr\\\/visiter-severac-le-chateau\\\/#breadcrumb\",\"itemListElement\":[{\"@type\":\"ListItem\",\"position\":1,\"name\":\"Camping Aveyron\",\"item\":\"https:\\\/\\\/www.camping-les-genets.fr\\\/fr\\\/\"},{\"@type\":\"ListItem\",\"position\":2,\"name\":\"D\u00e9couvrir S\u00e9verac-le-Ch\u00e2teau\"}]},{\"@type\":\"WebSite\",\"@id\":\"https:\\\/\\\/www.camping-les-genets.fr\\\/fr\\\/#website\",\"url\":\"https:\\\/\\\/www.camping-les-genets.fr\\\/fr\\\/\",\"name\":\"Camping les Genets\",\"description\":\"\",\"publisher\":{\"@id\":\"https:\\\/\\\/www.camping-les-genets.fr\\\/fr\\\/#organization\"},\"potentialAction\":[{\"@type\":\"SearchAction\",\"target\":{\"@type\":\"EntryPoint\",\"urlTemplate\":\"https:\\\/\\\/www.camping-les-genets.fr\\\/fr\\\/?s={search_term_string}\"},\"query-input\":{\"@type\":\"PropertyValueSpecification\",\"valueRequired\":true,\"valueName\":\"search_term_string\"}}],\"inLanguage\":\"fr-FR\"},{\"@type\":\"Organization\",\"@id\":\"https:\\\/\\\/www.camping-les-genets.fr\\\/fr\\\/#organization\",\"name\":\"Camping les Genets\",\"url\":\"https:\\\/\\\/www.camping-les-genets.fr\\\/fr\\\/\",\"logo\":{\"@type\":\"ImageObject\",\"inLanguage\":\"fr-FR\",\"@id\":\"https:\\\/\\\/www.camping-les-genets.fr\\\/fr\\\/#\\\/schema\\\/logo\\\/image\\\/\",\"url\":\"https:\\\/\\\/www.camping-les-genets.fr\\\/wp-content\\\/uploads\\\/2023\\\/07\\\/cropped-logo-camping-genets-footer.png\",\"contentUrl\":\"https:\\\/\\\/www.camping-les-genets.fr\\\/wp-content\\\/uploads\\\/2023\\\/07\\\/cropped-logo-camping-genets-footer.png\",\"width\":500,\"height\":295,\"caption\":\"Camping les Genets\"},\"image\":{\"@id\":\"https:\\\/\\\/www.camping-les-genets.fr\\\/fr\\\/#\\\/schema\\\/logo\\\/image\\\/\"}}]}<\/script>\n<!-- \/ Yoast SEO plugin. -->","yoast_head_json":{"title":"Visiter S\u00e9v\u00e9rac-le-Ch\u00e2teau : cit\u00e9 m\u00e9di\u00e9vale dans l\u2019Aveyron","description":"Explorez S\u00e9v\u00e9rac-le-Ch\u00e2teau : ch\u00e2teau, cit\u00e9 m\u00e9di\u00e9vale, activit\u00e9s en famille. Une visite incontournable en Aveyron.","robots":{"index":"index","follow":"follow","max-snippet":"max-snippet:-1","max-image-preview":"max-image-preview:large","max-video-preview":"max-video-preview:-1"},"canonical":"https:\/\/www.camping-les-genets.fr\/fr\/visiter-severac-le-chateau\/","og_locale":"fr_FR","og_type":"article","og_title":"Visiter S\u00e9v\u00e9rac-le-Ch\u00e2teau : cit\u00e9 m\u00e9di\u00e9vale dans l\u2019Aveyron","og_description":"Explorez S\u00e9v\u00e9rac-le-Ch\u00e2teau : ch\u00e2teau, cit\u00e9 m\u00e9di\u00e9vale, activit\u00e9s en famille. Une visite incontournable en Aveyron.","og_url":"https:\/\/www.camping-les-genets.fr\/fr\/visiter-severac-le-chateau\/","og_site_name":"Camping les Genets","article_modified_time":"2025-09-04T10:02:53+00:00","og_image":[{"width":800,"height":1120,"url":"https:\/\/www.camping-les-genets.fr\/wp-content\/uploads\/2025\/08\/pexels-vali.webp","type":"image\/webp"}],"twitter_card":"summary_large_image","twitter_misc":{"Dur\u00e9e de lecture estim\u00e9e":"7 minutes"},"schema":{"@context":"https:\/\/schema.org","@graph":[{"@type":"WebPage","@id":"https:\/\/www.camping-les-genets.fr\/fr\/visiter-severac-le-chateau\/","url":"https:\/\/www.camping-les-genets.fr\/fr\/visiter-severac-le-chateau\/","name":"Visiter S\u00e9v\u00e9rac-le-Ch\u00e2teau : cit\u00e9 m\u00e9di\u00e9vale dans l\u2019Aveyron","isPartOf":{"@id":"https:\/\/www.camping-les-genets.fr\/fr\/#website"},"primaryImageOfPage":{"@id":"https:\/\/www.camping-les-genets.fr\/fr\/visiter-severac-le-chateau\/#primaryimage"},"image":{"@id":"https:\/\/www.camping-les-genets.fr\/fr\/visiter-severac-le-chateau\/#primaryimage"},"thumbnailUrl":"https:\/\/www.camping-les-genets.fr\/wp-content\/uploads\/2025\/08\/pexels-vali.webp","datePublished":"2025-08-20T06:50:33+00:00","dateModified":"2025-09-04T10:02:53+00:00","description":"Explorez S\u00e9v\u00e9rac-le-Ch\u00e2teau : ch\u00e2teau, cit\u00e9 m\u00e9di\u00e9vale, activit\u00e9s en famille. Une visite incontournable en Aveyron.","breadcrumb":{"@id":"https:\/\/www.camping-les-genets.fr\/fr\/visiter-severac-le-chateau\/#breadcrumb"},"inLanguage":"fr-FR","potentialAction":[{"@type":"ReadAction","target":["https:\/\/www.camping-les-genets.fr\/fr\/visiter-severac-le-chateau\/"]}]},{"@type":"ImageObject","inLanguage":"fr-FR","@id":"https:\/\/www.camping-les-genets.fr\/fr\/visiter-severac-le-chateau\/#primaryimage","url":"https:\/\/www.camping-les-genets.fr\/wp-content\/uploads\/2025\/08\/pexels-vali.webp","contentUrl":"https:\/\/www.camping-les-genets.fr\/wp-content\/uploads\/2025\/08\/pexels-vali.webp","width":800,"height":1120,"caption":"Visiter S\u00e9v\u00e9rac-le-Ch\u00e2teau"},{"@type":"BreadcrumbList","@id":"https:\/\/www.camping-les-genets.fr\/fr\/visiter-severac-le-chateau\/#breadcrumb","itemListElement":[{"@type":"ListItem","position":1,"name":"Camping Aveyron","item":"https:\/\/www.camping-les-genets.fr\/fr\/"},{"@type":"ListItem","position":2,"name":"D\u00e9couvrir S\u00e9verac-le-Ch\u00e2teau"}]},{"@type":"WebSite","@id":"https:\/\/www.camping-les-genets.fr\/fr\/#website","url":"https:\/\/www.camping-les-genets.fr\/fr\/","name":"Camping les Genets","description":"","publisher":{"@id":"https:\/\/www.camping-les-genets.fr\/fr\/#organization"},"potentialAction":[{"@type":"SearchAction","target":{"@type":"EntryPoint","urlTemplate":"https:\/\/www.camping-les-genets.fr\/fr\/?s={search_term_string}"},"query-input":{"@type":"PropertyValueSpecification","valueRequired":true,"valueName":"search_term_string"}}],"inLanguage":"fr-FR"},{"@type":"Organization","@id":"https:\/\/www.camping-les-genets.fr\/fr\/#organization","name":"Camping les Genets","url":"https:\/\/www.camping-les-genets.fr\/fr\/","logo":{"@type":"ImageObject","inLanguage":"fr-FR","@id":"https:\/\/www.camping-les-genets.fr\/fr\/#\/schema\/logo\/image\/","url":"https:\/\/www.camping-les-genets.fr\/wp-content\/uploads\/2023\/07\/cropped-logo-camping-genets-footer.png","contentUrl":"https:\/\/www.camping-les-genets.fr\/wp-content\/uploads\/2023\/07\/cropped-logo-camping-genets-footer.png","width":500,"height":295,"caption":"Camping les Genets"},"image":{"@id":"https:\/\/www.camping-les-genets.fr\/fr\/#\/schema\/logo\/image\/"}}]}},"_links":{"self":[{"href":"https:\/\/www.camping-les-genets.fr\/fr\/wp-json\/wp\/v2\/pages\/7870","targetHints":{"allow":["GET"]}}],"collection":[{"href":"https:\/\/www.camping-les-genets.fr\/fr\/wp-json\/wp\/v2\/pages"}],"about":[{"href":"https:\/\/www.camping-les-genets.fr\/fr\/wp-json\/wp\/v2\/types\/page"}],"author":[{"embeddable":true,"href":"https:\/\/www.camping-les-genets.fr\/fr\/wp-json\/wp\/v2\/users\/2"}],"replies":[{"embeddable":true,"href":"https:\/\/www.camping-les-genets.fr\/fr\/wp-json\/wp\/v2\/comments?post=7870"}],"version-history":[{"count":23,"href":"https:\/\/www.camping-les-genets.fr\/fr\/wp-json\/wp\/v2\/pages\/7870\/revisions"}],"predecessor-version":[{"id":8067,"href":"https:\/\/www.camping-les-genets.fr\/fr\/wp-json\/wp\/v2\/pages\/7870\/revisions\/8067"}],"wp:featuredmedia":[{"embeddable":true,"href":"https:\/\/www.camping-les-genets.fr\/fr\/wp-json\/wp\/v2\/media\/7885"}],"wp:attachment":[{"href":"https:\/\/www.camping-les-genets.fr\/fr\/wp-json\/wp\/v2\/media?parent=7870"}],"wp:term":[{"taxonomy":"sujet","embeddable":true,"href":"https:\/\/www.camping-les-genets.fr\/fr\/wp-json\/wp\/v2\/sujet?post=7870"}],"curies":[{"name":"wp","href":"https:\/\/api.w.org\/{rel}","templated":true}]}}