{"id":5666,"date":"2023-12-01T09:26:29","date_gmt":"2023-12-01T08:26:29","guid":{"rendered":"https:\/\/www.camping-les-genets.fr\/?page_id=5666"},"modified":"2025-07-08T11:47:51","modified_gmt":"2025-07-08T09:47:51","slug":"camping-rodez","status":"publish","type":"page","link":"https:\/\/www.camping-les-genets.fr\/fr\/camping-rodez\/","title":{"rendered":"Votre camping pr\u00e8s de Rodez"},"content":{"rendered":"<section id=\"ls-section-block_62c8a4a2b8463ab4ea42378dedc92f11\" class=\"ls-section  page-chapeau has-p-b p-b-0\" >\r\n        <div class=\"container \">\r\n        \n\n<h1 class=\"ls__heading wp-block-heading has-text-align-center animated fadeInLeft delay-100ms slow\">Votre camping pr\u00e8s de Rodez<\/h1>\n\n\n\n<p class=\"ls-paragraph has-text-align-center\">Dot\u00e9 d\u2019un riche patrimoine culturel, <strong>Rodez<\/strong> est une charmante ville de l<strong>\u2019Aveyron<\/strong> qui ne demande qu\u2019\u00e0 \u00eatre d\u00e9couverte !<\/p>\n\n\n\n<p class=\"ls-paragraph has-text-align-center\">Rien de mieux que de profiter de votre s\u00e9jour en <strong>camping pr\u00e8s de Rodez<\/strong> pour d\u00e9couvrir cette ville et ses environs. Vous appr\u00e9cierez de vous d\u00e9tendre et pratiquer des activit\u00e9s de plein air autour du c\u00e9l\u00e8bre <strong>viaduc de Millau<\/strong> ou encore du charmant <strong>lac de Pareloup<\/strong> tout proche.<\/p>\n\n\n\n<p class=\"ls-paragraph has-text-align-center\">Il ne vous reste plus qu\u2019\u00e0 d\u00e9poser vos valises dans notre <strong>camping 5 \u00e9toiles pr\u00e8s de Rodez<\/strong> au c\u0153ur d\u2019un <strong>mobil-home<\/strong> ou profiter de l\u2019agr\u00e9able sensation de libert\u00e9 procur\u00e9e par un <strong>emplacement en pleine nature<\/strong>.<\/p>\n\n\n\n<p class=\"ls-paragraph has-text-align-center\">Ici, dans notre <strong>tr\u00e8s beau<\/strong><a href=\"https:\/\/www.camping-les-genets.fr\/\"> camping en Aveyron 5 \u00e9toiles<\/a>, nature, culture, activit\u00e9s indoor et outdoor et <strong>prestations haut de gamme<\/strong> vous ouvrent les bras pour vivre des vacances v\u00e9ritablement ressour\u00e7antes et \u00e9panouissantes !<\/p>\n\n\r\n    <\/div>\r\n<\/section>\n\n<section id=\"ls-section-block_0ccdd7e8fce715c3e295da8fdf6245cd\" class=\"ls-section  page-one has-p-b p-b-14\" >\r\n        <div class=\"container container--full\">\r\n        \n\n<div class=\"wp-block-columns is-layout-flex wp-container-core-columns-is-layout-9d6595d7 wp-block-columns-is-layout-flex\">\n<div class=\"wp-block-column first is-layout-flow wp-block-column-is-layout-flow\" style=\"flex-basis:66.66%\">\n<figure class=\"wp-block-image size-full\"><img decoding=\"async\" width=\"2560\" height=\"1920\" src=\"https:\/\/www.camping-les-genets.fr\/wp-content\/uploads\/2023\/09\/Mobile-home-confort-au-camping-Les-Genets.webp\" alt=\"Mobile home confort au camping Les Gen\u00eats\" class=\"wp-image-1496\" style=\"aspect-ratio:4\/3;object-fit:cover\" srcset=\"https:\/\/www.camping-les-genets.fr\/wp-content\/uploads\/2023\/09\/Mobile-home-confort-au-camping-Les-Genets.webp 2560w, https:\/\/www.camping-les-genets.fr\/wp-content\/uploads\/2023\/09\/Mobile-home-confort-au-camping-Les-Genets-300x225.webp 300w, https:\/\/www.camping-les-genets.fr\/wp-content\/uploads\/2023\/09\/Mobile-home-confort-au-camping-Les-Genets-1024x768.webp 1024w, https:\/\/www.camping-les-genets.fr\/wp-content\/uploads\/2023\/09\/Mobile-home-confort-au-camping-Les-Genets-768x576.webp 768w, https:\/\/www.camping-les-genets.fr\/wp-content\/uploads\/2023\/09\/Mobile-home-confort-au-camping-Les-Genets-1536x1152.webp 1536w, https:\/\/www.camping-les-genets.fr\/wp-content\/uploads\/2023\/09\/Mobile-home-confort-au-camping-Les-Genets-2048x1536.webp 2048w\" sizes=\"(max-width: 2560px) 100vw, 2560px\" \/><\/figure>\n<\/div>\n\n\n\n<div class=\"wp-block-column is-vertically-aligned-center second has-color-white-background-color has-background is-layout-flow wp-block-column-is-layout-flow\" style=\"flex-basis:33.33%\">\n<h2 class=\"ls__heading wp-block-heading\">La location qu\u2019il vous faut pour visiter Rodez<\/h2>\n\n\n\n<p class=\"ls-paragraph\"><br>Afin de profiter pleinement de ces vacances en Aveyron dans notre <strong>camping aux portes de <\/strong><a href=\"https:\/\/www.camping-les-genets.fr\/fr\/tourisme-rodez\/\"><strong>Rodez<\/strong><\/a>, il vous appartient de choisir la <a href=\"https:\/\/www.camping-les-genets.fr\/fr\/location\/\">location<\/a> de vos r\u00eaves.<\/p>\n\n\n\n<p class=\"ls-paragraph\">Le <strong>mobil-home<\/strong> est particuli\u00e8rement appr\u00e9ci\u00e9 pour son confort et ses commodit\u00e9s, d\u00e9clin\u00e9 en mod\u00e8le Grand Large Premium, et est pens\u00e9 pour accueillir les <strong>grandes familles<\/strong>. Un mod\u00e8le O\u2019Hara est \u00e9galement disponible dans la gamme Grand Large. A moins que vous pr\u00e9f\u00e9riez opter pour le <strong>chalet R\u00eave<\/strong> du camping, une charmante habitation de loisirs accessible aux plus <a href=\"https:\/\/www.camping-les-genets.fr\/fr\/tarifs\/\">petits budgets<\/a>. La tente lodge, quant \u00e0 elle, n\u2019est pas en reste pour passer un agr\u00e9able <strong>s\u00e9jour insolite en Aveyron<\/strong> dans une charmante tente meubl\u00e9e avec vos enfants.<\/p>\n\n\n\n<p class=\"ls-paragraph addReadMore showlesscontent\"><br>Puis, notre <strong>camping pr\u00e8s de Rodez<\/strong> propose \u00e9galement des <strong>emplacements<\/strong> qui sont destin\u00e9s \u00e0 l\u2019accueil des <strong>tentes<\/strong>, <strong>caravanes<\/strong> et <strong>camping-cars<\/strong>. La <strong>gamme Confort<\/strong> contient l\u2019essentiel pour vous accueillir dont un <strong>branchement \u00e9lectrique<\/strong> de 6 Amp\u00e8res, tandis que la gamme Bord de lac regroupe des <strong>emplacements avec eau et \u00e9lectricit\u00e9<\/strong> inclus. Ces parcelles de camping ont une surface comprise entre 80 et 100 m2 et proposent une <a href=\"https:\/\/www.camping-les-genets.fr\/fr\/groupe\/\">capacit\u00e9 d\u2019accueil maximale de 6 personnes<\/a> par emplacement.<br><br>Bien install\u00e9 dans votre camping en Aveyron, il ne vous restera plus qu\u2019\u00e0 partir \u00e0 la d\u00e9couverte des tr\u00e9sors de <strong>l\u2019agglom\u00e9ration de Rodez<\/strong> : vous promener dans son centre historique, admirer la cath\u00e9drale et son clocher, profiter pleinement des activit\u00e9s propos\u00e9es au abords du <strong>lac de Pareloup<\/strong>, et vous laisser s\u00e9duire par l\u2019authenticit\u00e9 du patrimoine ruth\u00e9nois.<\/p>\n\n\n\n<a href=\"\/fr\/services\/\" id=\"ls-button-block_bbe398c5068c754e763a19d2206cc50d\" target=\"\" rel=\"\" class=\"ls-button alignleft\" ><span>Plus d&rsquo;infos<\/span> <i class='icon-arrow-right'><\/i><\/a>\n\n<\/div>\n<\/div>\n\n\r\n    <\/div>\r\n<\/section>\n\n<section id=\"ls-section-block_b94720a9e100b977f0b74659b101aa8e\" class=\"ls-section  page-two background-blu-right has-p-t p-t-14\" >\r\n        <div class=\"container container--wide\">\r\n        \n\n<div class=\"wp-block-columns is-layout-flex wp-container-core-columns-is-layout-9d6595d7 wp-block-columns-is-layout-flex\">\n<div class=\"wp-block-column is-vertically-aligned-top first is-layout-flow wp-block-column-is-layout-flow\" style=\"flex-basis:33.33%\">\n<h2 class=\"ls__heading wp-block-heading\">Les prestations haut de gamme propos\u00e9es par notre camping avec piscine<\/h2>\n\n\n\n<p class=\"ls-paragraph\"><br>D\u00e8s votre arriv\u00e9e, l\u2019\u00e9quipe de notre <strong>camping \u00e0 deux pas de Rodez<\/strong> vous accueille avec chaleur et convivialit\u00e9 dans un environnement arbor\u00e9 de 3 hectares. Pour rester connect\u00e9 \u00e0 vos proches ou \u00e0 vos obligations professionnelles, le wifi est accessible gratuitement sur l\u2019ensemble de notre <strong>agr\u00e9able camping dans l\u2019Aveyron<\/strong>, un service particuli\u00e8rement appr\u00e9ci\u00e9 par les vacanciers d\u2019aujourd\u2019hui.<\/p>\n\n\n\n<p class=\"ls-paragraph addReadMore showlesscontent\">Sur place, vous trouverez tout ce qu\u2019il faut pour simplifier votre quotidien \u00e0 commencer par la pr\u00e9sence d\u2019une <strong>\u00e9picerie<\/strong>, ouverte toute la saison, qui propose des produits frais et des sp\u00e9cialit\u00e9s locales. Vous n\u2019aurez m\u00eame pas besoin de quitter votre camping pour faire vos courses ou m\u00eame pour acheter du pain frais chaque matin. Petit plus, une <strong>laverie<\/strong> est \u00e9galement \u00e0 votre disposition pour les s\u00e9jours prolong\u00e9s.<br><br>Et si vous souhaitez savourer pleinement vos vacances sans avoir \u00e0 cuisiner, laissez-vous tenter par les plaisirs gourmands propos\u00e9s dans notre <strong>camping situ\u00e9 pr\u00e8s du Lac d\u2019Esparron<\/strong>. Dans une ambiance conviviale, le bar, le grill et la pizzeria vous accueillent pour vivre des moments de d\u00e9tente en toute simplicit\u00e9. D\u00e8s le matin, vous prendrez le temps de prendre votre caf\u00e9 au soleil en terrasse du restaurant situ\u00e9 au bord de la <a href=\"https:\/\/www.camping-les-genets.fr\/fr\/plaisirs-de-l-eau\/\">piscine<\/a>, et pourrez \u00e9galement partager un d\u00e9licieux repas en famille ou entre amis.Et pour parfaire vos vacances dans notre <strong>camping pr\u00e8s de Rodez<\/strong>, notre <strong>chalet bien-\u00eatre<\/strong> vous ouvre ses portes. Situ\u00e9 \u00e0 quelques pas de votre h\u00e9bergement, cet espace d\u00e9di\u00e9 \u00e0 la d\u00e9tente et \u00e0 la relaxation vous invite \u00e0 profiter d\u2019un <strong>sauna<\/strong>, d\u2019un <strong>hammam<\/strong> et d\u2019un <strong>spa privatisable<\/strong> sur r\u00e9servation. Il ne vous reste plus qu\u2019\u00e0 ouvrir une v\u00e9ritable parenth\u00e8se de douceur en r\u00e9servant votre s\u00e9jour en Aveyron !<\/p>\n\n\n\n<p class=\"ls-paragraph\"><br><a href=\"\/fr\/activites\/\">Plus d\u2019infos<\/a><\/p>\n<\/div>\n\n\n\n<div class=\"wp-block-column second is-layout-flow wp-block-column-is-layout-flow\" style=\"flex-basis:66.66%\">\n<figure class=\"wp-block-image size-full image\"><img decoding=\"async\" width=\"1920\" height=\"1440\" src=\"https:\/\/www.camping-les-genets.fr\/wp-content\/uploads\/2024\/02\/bord_piscine_large.webp\" alt=\"\" class=\"wp-image-6825\" style=\"aspect-ratio:4\/3;object-fit:cover\" srcset=\"https:\/\/www.camping-les-genets.fr\/wp-content\/uploads\/2024\/02\/bord_piscine_large.webp 1920w, https:\/\/www.camping-les-genets.fr\/wp-content\/uploads\/2024\/02\/bord_piscine_large-300x225.webp 300w, https:\/\/www.camping-les-genets.fr\/wp-content\/uploads\/2024\/02\/bord_piscine_large-1024x768.webp 1024w, https:\/\/www.camping-les-genets.fr\/wp-content\/uploads\/2024\/02\/bord_piscine_large-768x576.webp 768w, https:\/\/www.camping-les-genets.fr\/wp-content\/uploads\/2024\/02\/bord_piscine_large-1536x1152.webp 1536w\" sizes=\"(max-width: 1920px) 100vw, 1920px\" \/><\/figure>\n<\/div>\n<\/div>\n\n\r\n    <\/div>\r\n<\/section>\n\n<section id=\"ls-section-block_c26df65a7d5942fdd86adeb4cfc531cb\" class=\"ls-section  page-one has-p-t p-t-14 has-p-b p-b-14\" >\r\n        <div class=\"container container--full\">\r\n        \n\n<div class=\"wp-block-columns is-layout-flex wp-container-core-columns-is-layout-9d6595d7 wp-block-columns-is-layout-flex\">\n<div class=\"wp-block-column first is-layout-flow wp-block-column-is-layout-flow\" style=\"flex-basis:66.66%\">\n<figure class=\"wp-block-image size-full\"><img decoding=\"async\" width=\"1920\" height=\"1440\" src=\"https:\/\/www.camping-les-genets.fr\/wp-content\/uploads\/2024\/02\/activites_nautiques_large.webp\" alt=\"\" class=\"wp-image-6761\" style=\"aspect-ratio:4\/3;object-fit:cover\" srcset=\"https:\/\/www.camping-les-genets.fr\/wp-content\/uploads\/2024\/02\/activites_nautiques_large.webp 1920w, https:\/\/www.camping-les-genets.fr\/wp-content\/uploads\/2024\/02\/activites_nautiques_large-300x225.webp 300w, https:\/\/www.camping-les-genets.fr\/wp-content\/uploads\/2024\/02\/activites_nautiques_large-1024x768.webp 1024w, https:\/\/www.camping-les-genets.fr\/wp-content\/uploads\/2024\/02\/activites_nautiques_large-768x576.webp 768w, https:\/\/www.camping-les-genets.fr\/wp-content\/uploads\/2024\/02\/activites_nautiques_large-1536x1152.webp 1536w\" sizes=\"(max-width: 1920px) 100vw, 1920px\" \/><\/figure>\n<\/div>\n\n\n\n<div class=\"wp-block-column is-vertically-aligned-center second has-color-white-background-color has-background is-layout-flow wp-block-column-is-layout-flow\" style=\"flex-basis:33.33%\">\n<h2 class=\"ls__heading wp-block-heading\">Les nombreuses activit\u00e9s \u00e0 partager en famille<\/h2>\n\n\n\n<p class=\"ls-paragraph\">Vous serez ravis d\u2019apprendre que lors de vos <strong>vacances proche de Rodez<\/strong> et du <strong>lac de Pareloup<\/strong>, un vaste choix d\u2019activit\u00e9s familiales s\u2019offre \u00e0 vous.<\/p>\n\n\n\n<p class=\"ls-paragraph\">Au camping, les plaisirs de l\u2019eau sont de mise gr\u00e2ce \u00e0 la pr\u00e9sence d\u2019une <strong>piscine chauff\u00e9e<\/strong> et du <a href=\"https:\/\/www.camping-les-genets.fr\/fr\/lac-de-pareloup\/\">lac de Pareloup<\/a>, en contrebas de l\u2019espace aquatique de votre <strong>camping pr\u00e8s de Rodez<\/strong>. Par ailleurs, la <strong>plage du lac<\/strong>, dont la proximit\u00e9 fait partie des points forts de notre domaine, est accessible \u00e0 tous, y compris pour vos compagnons \u00e0 quatre pattes ! Ici, les <strong>campeurs sous tente<\/strong> b\u00e9n\u00e9ficient quant \u00e0 eux d\u2019un avantage de choix : ils disposent d\u2019un <strong>acc\u00e8s direct au lac<\/strong> depuis leur <a href=\"https:\/\/www.camping-les-genets.fr\/fr\/emplacements\/\">emplacement<\/a>, pour profiter pleinement de ce cadre exceptionnel.<\/p>\n\n\n\n<p class=\"ls-paragraph addReadMore showlesscontent\"><br><strong>Et pour ceux qui pr\u00e9f\u00e8rent une baignade plus encadr\u00e9e ou une alternative au lac<\/strong>, la piscine artificielle am\u00e9nag\u00e9e dans notre <strong>camping en Aveyron<\/strong> vous ravira. Chauff\u00e9e \u00e0 28 \u00b0C, elle propose un confort optimal gr\u00e2ce \u00e0 un <strong>escalier<\/strong> facilitant l\u2019entr\u00e9e dans le bassin. Petits et grands raffolent de cet espace aquatique, d\u2019autant plus qu\u2019il est <strong>\u00e9quip\u00e9 de toboggans<\/strong> pour vivre encore plus de fun dans l\u2019eau ! En haute saison, des activit\u00e9s telles que l\u2019aquagym ou le r\u00e9veil musculaire viennent compl\u00e9ter les plaisirs de la baignade.<br><br>S\u2019il en est ainsi des attractions autour de la piscine, le <strong>lac<\/strong>, quant \u00e0 lui, accueille des <strong>jeux flottants<\/strong>, \u00e0 l\u2019\u00e9cart de la zone de baignade. Ces <strong>structures gonflables<\/strong> et <strong>trampolines flottants<\/strong> o\u00f9 l\u2019on peut sauter, escalader et plonger, sans risque, promettent des moments de rires et d\u2019aventure.<br><br>Et quand le soleil d\u00e9cline, l\u2019ambiance de votre <strong>camping non loin de Rodez<\/strong> ne retombe pas pour autant. En \u00e9t\u00e9, les <strong>soir\u00e9es<\/strong> prennent le relais et font vibrer le camping dans une <strong>atmosph\u00e8re chaleureuse et festive<\/strong> : animations au bar, grands karaok\u00e9s, jeux collectifs\u2026 Il y en a pour tous les go\u00fbts. Une chose est s\u00fbre : vos journ\u00e9es seront bien remplies et vos soir\u00e9es, tout aussi m\u00e9morables.<\/p>\n<\/div>\n<\/div>\n\n\r\n    <\/div>\r\n<\/section>\n\n<section id=\"ls-section-block_62c8a4a2b8463ab4ea42378dedc92f11\" class=\"ls-section  page-chapeau has-p-b p-b-0\" >\r\n        <div class=\"container \">\r\n        \n\n<h2 class=\"ls__heading wp-block-heading has-text-align-center animated fadeInLeft delay-100ms slow\">De multiples d\u00e9couvertes touristiques vous attendent dans votre camping pr\u00e8s de Rodez<\/h2>\n\n\n\n<p class=\"ls-paragraph has-text-align-center\">Situ\u00e9 entre nature pr\u00e9serv\u00e9e, patrimoine historique et loisirs en plein air, notre <strong>camping pr\u00e8s de Rodez<\/strong> est le point de d\u00e9part id\u00e9al pour explorer les richesses de l\u2019Aveyron, \u00e0 moins d\u2019une heure de route. Amateur de balades, passionn\u00e9 de culture ou \u00e0 la recherche d\u2019activit\u00e9s nautiques, votre s\u00e9jour en Occitanie vous promet de faire de belles d\u00e9couvertes.<\/p>\n\n\n\n<p class=\"ls-paragraph has-text-align-center\">Voici donc quelques id\u00e9es d\u2019excursions incontournables proches de votre <a href=\"\/fr\/peche-en-aveyron\/\">camping p\u00eache en Aveyron<\/a> :<\/p>\n\n\n\n<div style=\"height:30px\" aria-hidden=\"true\" class=\"wp-block-spacer\"><\/div>\n\n\r\n    <\/div>\r\n<\/section>\n\n<section id=\"ls-section-block_b94720a9e100b977f0b74659b101aa8e\" class=\"ls-section  page-two background-blu-right has-p-t p-t-14\" >\r\n        <div class=\"container container--wide\">\r\n        \n\n<div class=\"wp-block-columns is-layout-flex wp-container-core-columns-is-layout-9d6595d7 wp-block-columns-is-layout-flex\">\n<div class=\"wp-block-column is-vertically-aligned-top first is-layout-flow wp-block-column-is-layout-flow\" style=\"flex-basis:33.33%\">\n<ul class=\"ls-list ls-list-undefined wp-block-list\">\n<li><strong>Rodez<\/strong>, sa cath\u00e9drale et le c\u00e9l\u00e8bre <strong>mus\u00e9e Soulages<\/strong>, situ\u00e9 \u00e0 seulement 40 minutes du camping.<\/li>\n\n\n\n<li>Le <strong>lac de Pareloup<\/strong>, paradis des activit\u00e9s nautiques, \u00e0 deux pas de votre <strong>camping avec piscine<\/strong>.<\/li>\n\n\n\n<li>Le viaduc de <strong>Millau<\/strong>, bel ouvrage \u00e0 visiter lors d\u2019une belle journ\u00e9e en pleine <strong>nature<\/strong>.<\/li>\n\n\n\n<li>La <strong>ville<\/strong> de Saint-Beauz\u00e9ly et son mus\u00e9e des M\u00e9tiers de la pierre et de la vie rurale.<\/li>\n\n\n\n<li>Le charmant village de <strong>Brousse-le-Ch\u00e2teau<\/strong>, class\u00e9 parmi les plus beaux de France.<\/li>\n<\/ul>\n\n\n\n<p class=\"ls-paragraph\">Entre visites, baignades et moments de d\u00e9tente, notre <strong>camping 5 \u00e9toiles pr\u00e8s de Rodez<\/strong> vous permet de vivre un <strong>s\u00e9jour en Aveyron<\/strong> qui allie confort, libert\u00e9 et plaisirs simples. Que vous choisissiez de s\u00e9journer dans un mobil-home avec tout le confort moderne ou un emplacement en pleine nature, vous profiterez pleinement de vos <strong>vacances au bord du lac de Pareloup<\/strong>.<\/p>\n\n\n\n<p class=\"ls-paragraph addReadMore showlesscontent\">En s\u00e9journant dans notre camping haut de gamme et id\u00e9alement situ\u00e9 en Occitanie, vous d\u00e9couvrirez un <strong>Aveyron authentique<\/strong>, o\u00f9 chaque sentier, chaque panorama, chaque coin de lac ou recoin de la ville raconte une histoire. Entre nature g\u00e9n\u00e9reuse, activit\u00e9s vari\u00e9es et confort d\u2019un <strong>camping 5 \u00e9toiles<\/strong>, vos vacances prendront une tout autre dimension.&nbsp;Laissez-vous porter par le <strong>charme du lac de Pareloup<\/strong>, <strong>l\u2019\u00e9nergie de Rodez<\/strong>, la beaut\u00e9 des paysages occitans et savourez cette agr\u00e9able sensation de libert\u00e9 retrouv\u00e9e. R\u00e9servez d\u00e8s maintenant votre s\u00e9jour en <strong>camping pr\u00e8s de Rodez<\/strong> et offrez-vous une parenth\u00e8se ressour\u00e7ante et bien m\u00e9rit\u00e9e au <strong>c\u0153ur de l\u2019Aveyron<\/strong> !<\/p>\n<\/div>\n\n\n\n<div class=\"wp-block-column second is-layout-flow wp-block-column-is-layout-flow\" style=\"flex-basis:66.66%\">\n<figure class=\"wp-block-image size-full image\"><img decoding=\"async\" width=\"2064\" height=\"2560\" src=\"https:\/\/www.camping-les-genets.fr\/wp-content\/uploads\/2023\/09\/Sunset-a-Rodez-proche-du-camping-les-genets-copie-scaled.webp\" alt=\"Sunset \u00e0 Rodez proche du camping les genets\" class=\"wp-image-3469\" srcset=\"https:\/\/www.camping-les-genets.fr\/wp-content\/uploads\/2023\/09\/Sunset-a-Rodez-proche-du-camping-les-genets-copie-scaled.webp 2064w, https:\/\/www.camping-les-genets.fr\/wp-content\/uploads\/2023\/09\/Sunset-a-Rodez-proche-du-camping-les-genets-copie-242x300.webp 242w, https:\/\/www.camping-les-genets.fr\/wp-content\/uploads\/2023\/09\/Sunset-a-Rodez-proche-du-camping-les-genets-copie-826x1024.webp 826w, https:\/\/www.camping-les-genets.fr\/wp-content\/uploads\/2023\/09\/Sunset-a-Rodez-proche-du-camping-les-genets-copie-768x953.webp 768w, https:\/\/www.camping-les-genets.fr\/wp-content\/uploads\/2023\/09\/Sunset-a-Rodez-proche-du-camping-les-genets-copie-1238x1536.webp 1238w, https:\/\/www.camping-les-genets.fr\/wp-content\/uploads\/2023\/09\/Sunset-a-Rodez-proche-du-camping-les-genets-copie-1651x2048.webp 1651w\" sizes=\"(max-width: 2064px) 100vw, 2064px\" \/><\/figure>\n<\/div>\n<\/div>\n\n\r\n    <\/div>\r\n<\/section>\n\n<section id=\"ls-section-block_126c85ef443207f7bb4cd38f1355b29a\" class=\"ls-section  page-maillage has-p-t p-t-14 has-p-b p-b-14\" >\r\n        <div class=\"container container--wide\">\r\n        \n\n<div id=\"ls-heading ls-titre-div-block_680a24fc5ecd44eb7aa0c604b870ec33\" class=\"ls-titre-div aligncenter h2-like has-m-b m-b-8\" >\n    D\u00e9couvrez le camping proche de Millau, Aubrac et Roquefort !<\/div>\n\n\n<div id=\"ls-maillage-block_586284cd0144da324e64154d8d2c1ad6\" class=\"ls-maillage slow animated fadeInUp delay-100ms cta-style-normal\" data-rows=\"3\">\r\n    <div class=\"wp-block-columns\"><div class=\"wp-block-column\">\n\n<a href=\"https:\/\/www.camping-les-genets.fr\/fr\/camping-millau\/\" target=\"\" rel=\"noopener\" class=\"ls-cta__link\">\n\n\t<div class=\"ls-cta__image\"><img decoding=\"async\" src=\"https:\/\/www.camping-les-genets.fr\/wp-content\/uploads\/2023\/09\/Viaduc-de-Millau-camping-proche-1-768x918.webp\" alt=\"Viaduc de Millau camping proche\"><\/div>\n\t<div class=\"ls-cta__title\">\n\t\tCamping Millau\t<\/div>\n\n\t\t\n<\/a><\/div><div class=\"wp-block-column\">\n\n<a href=\"https:\/\/www.camping-les-genets.fr\/fr\/camping-roquefort\/\" target=\"\" rel=\"noopener\" class=\"ls-cta__link\">\n\n\t<div class=\"ls-cta__image\"><img decoding=\"async\" src=\"https:\/\/www.camping-les-genets.fr\/wp-content\/uploads\/2023\/09\/Plateau-de-fromage-Roquefort-proche-du-camping-768x576.webp\" alt=\"gazon sur le terrain proche du camping de roquefort\"><\/div>\n\t<div class=\"ls-cta__title\">\n\t\tCamping Roquefort\t<\/div>\n\n\t\t\n<\/a><\/div><div class=\"wp-block-column\">\n\n<a href=\"https:\/\/www.camping-les-genets.fr\/fr\/weekend-romantique-aveyron\/\" target=\"\" rel=\"noopener\" class=\"ls-cta__link\">\n\n\t<div class=\"ls-cta__image\"><img decoding=\"async\" src=\"https:\/\/www.camping-les-genets.fr\/wp-content\/uploads\/2025\/07\/week-end-en-amoureux-en-Aveyron-768x510.webp\" alt=\"week-end en amoureux en Aveyron\"><\/div>\n\t<div class=\"ls-cta__title\">\n\t\tWeek-end romantique en Aveyron\t<\/div>\n\n\t\t\n<\/a><\/div><\/div><\/div>\n\r\n    <\/div>\r\n<\/section>","protected":false},"excerpt":{"rendered":"","protected":false},"author":2,"featured_media":5680,"parent":0,"menu_order":0,"comment_status":"closed","ping_status":"closed","template":"","meta":{"_acf_changed":false,"inline_featured_image":false,"footnotes":""},"sujet":[],"class_list":["post-5666","page","type-page","status-publish","has-post-thumbnail","hentry"],"acf":[],"yoast_head":"<!-- This site is optimized with the Yoast SEO plugin v27.3 - https:\/\/yoast.com\/product\/yoast-seo-wordpress\/ -->\n<title>Camping Rodez : S\u00e9jour en camping 5 \u00e9toiles pr\u00e8s de Rodez<\/title>\n<meta name=\"description\" content=\"A la recherche d&#039;un camping \u00e0 Rodez en Aveyron ? D\u00e9couvrez notre camping 5 \u00e9toiles tout pr\u00e8s de Rodez pour un s\u00e9jour de r\u00eave\" \/>\n<meta name=\"robots\" content=\"index, follow, max-snippet:-1, max-image-preview:large, max-video-preview:-1\" \/>\n<link rel=\"canonical\" href=\"https:\/\/www.camping-les-genets.fr\/fr\/camping-rodez\/\" \/>\n<meta property=\"og:locale\" content=\"fr_FR\" \/>\n<meta property=\"og:type\" content=\"article\" \/>\n<meta property=\"og:title\" content=\"Camping Rodez : S\u00e9jour en camping 5 \u00e9toiles pr\u00e8s de Rodez\" \/>\n<meta property=\"og:description\" content=\"A la recherche d&#039;un camping \u00e0 Rodez en Aveyron ? D\u00e9couvrez notre camping 5 \u00e9toiles tout pr\u00e8s de Rodez pour un s\u00e9jour de r\u00eave\" \/>\n<meta property=\"og:url\" content=\"https:\/\/www.camping-les-genets.fr\/fr\/camping-rodez\/\" \/>\n<meta property=\"og:site_name\" content=\"Camping les Genets\" \/>\n<meta property=\"article:modified_time\" content=\"2025-07-08T09:47:51+00:00\" \/>\n<meta property=\"og:image\" content=\"https:\/\/www.camping-les-genets.fr\/wp-content\/uploads\/2023\/12\/camping-rodez.jpg\" \/>\n\t<meta property=\"og:image:width\" content=\"1903\" \/>\n\t<meta property=\"og:image:height\" content=\"670\" \/>\n\t<meta property=\"og:image:type\" content=\"image\/jpeg\" \/>\n<meta name=\"twitter:card\" content=\"summary_large_image\" \/>\n<meta name=\"twitter:label1\" content=\"Dur\u00e9e de lecture estim\u00e9e\" \/>\n\t<meta name=\"twitter:data1\" content=\"8 minutes\" \/>\n<script type=\"application\/ld+json\" class=\"yoast-schema-graph\">{\"@context\":\"https:\\\/\\\/schema.org\",\"@graph\":[{\"@type\":\"WebPage\",\"@id\":\"https:\\\/\\\/www.camping-les-genets.fr\\\/fr\\\/camping-rodez\\\/\",\"url\":\"https:\\\/\\\/www.camping-les-genets.fr\\\/fr\\\/camping-rodez\\\/\",\"name\":\"Camping Rodez : S\u00e9jour en camping 5 \u00e9toiles pr\u00e8s de Rodez\",\"isPartOf\":{\"@id\":\"https:\\\/\\\/www.camping-les-genets.fr\\\/fr\\\/#website\"},\"primaryImageOfPage\":{\"@id\":\"https:\\\/\\\/www.camping-les-genets.fr\\\/fr\\\/camping-rodez\\\/#primaryimage\"},\"image\":{\"@id\":\"https:\\\/\\\/www.camping-les-genets.fr\\\/fr\\\/camping-rodez\\\/#primaryimage\"},\"thumbnailUrl\":\"https:\\\/\\\/www.camping-les-genets.fr\\\/wp-content\\\/uploads\\\/2023\\\/12\\\/camping-rodez.jpg\",\"datePublished\":\"2023-12-01T08:26:29+00:00\",\"dateModified\":\"2025-07-08T09:47:51+00:00\",\"description\":\"A la recherche d'un camping \u00e0 Rodez en Aveyron ? D\u00e9couvrez notre camping 5 \u00e9toiles tout pr\u00e8s de Rodez pour un s\u00e9jour de r\u00eave\",\"breadcrumb\":{\"@id\":\"https:\\\/\\\/www.camping-les-genets.fr\\\/fr\\\/camping-rodez\\\/#breadcrumb\"},\"inLanguage\":\"fr-FR\",\"potentialAction\":[{\"@type\":\"ReadAction\",\"target\":[\"https:\\\/\\\/www.camping-les-genets.fr\\\/fr\\\/camping-rodez\\\/\"]}]},{\"@type\":\"ImageObject\",\"inLanguage\":\"fr-FR\",\"@id\":\"https:\\\/\\\/www.camping-les-genets.fr\\\/fr\\\/camping-rodez\\\/#primaryimage\",\"url\":\"https:\\\/\\\/www.camping-les-genets.fr\\\/wp-content\\\/uploads\\\/2023\\\/12\\\/camping-rodez.jpg\",\"contentUrl\":\"https:\\\/\\\/www.camping-les-genets.fr\\\/wp-content\\\/uploads\\\/2023\\\/12\\\/camping-rodez.jpg\",\"width\":1903,\"height\":670,\"caption\":\"camping rodez\"},{\"@type\":\"BreadcrumbList\",\"@id\":\"https:\\\/\\\/www.camping-les-genets.fr\\\/fr\\\/camping-rodez\\\/#breadcrumb\",\"itemListElement\":[{\"@type\":\"ListItem\",\"position\":1,\"name\":\"Camping Aveyron\",\"item\":\"https:\\\/\\\/www.camping-les-genets.fr\\\/fr\\\/\"},{\"@type\":\"ListItem\",\"position\":2,\"name\":\"Camping pr\u00e8s de Rodez\"}]},{\"@type\":\"WebSite\",\"@id\":\"https:\\\/\\\/www.camping-les-genets.fr\\\/fr\\\/#website\",\"url\":\"https:\\\/\\\/www.camping-les-genets.fr\\\/fr\\\/\",\"name\":\"Camping les Genets\",\"description\":\"\",\"publisher\":{\"@id\":\"https:\\\/\\\/www.camping-les-genets.fr\\\/fr\\\/#organization\"},\"potentialAction\":[{\"@type\":\"SearchAction\",\"target\":{\"@type\":\"EntryPoint\",\"urlTemplate\":\"https:\\\/\\\/www.camping-les-genets.fr\\\/fr\\\/?s={search_term_string}\"},\"query-input\":{\"@type\":\"PropertyValueSpecification\",\"valueRequired\":true,\"valueName\":\"search_term_string\"}}],\"inLanguage\":\"fr-FR\"},{\"@type\":\"Organization\",\"@id\":\"https:\\\/\\\/www.camping-les-genets.fr\\\/fr\\\/#organization\",\"name\":\"Camping les Genets\",\"url\":\"https:\\\/\\\/www.camping-les-genets.fr\\\/fr\\\/\",\"logo\":{\"@type\":\"ImageObject\",\"inLanguage\":\"fr-FR\",\"@id\":\"https:\\\/\\\/www.camping-les-genets.fr\\\/fr\\\/#\\\/schema\\\/logo\\\/image\\\/\",\"url\":\"https:\\\/\\\/www.camping-les-genets.fr\\\/wp-content\\\/uploads\\\/2023\\\/07\\\/cropped-logo-camping-genets-footer.png\",\"contentUrl\":\"https:\\\/\\\/www.camping-les-genets.fr\\\/wp-content\\\/uploads\\\/2023\\\/07\\\/cropped-logo-camping-genets-footer.png\",\"width\":500,\"height\":295,\"caption\":\"Camping les Genets\"},\"image\":{\"@id\":\"https:\\\/\\\/www.camping-les-genets.fr\\\/fr\\\/#\\\/schema\\\/logo\\\/image\\\/\"}}]}<\/script>\n<!-- \/ Yoast SEO plugin. -->","yoast_head_json":{"title":"Camping Rodez : S\u00e9jour en camping 5 \u00e9toiles pr\u00e8s de Rodez","description":"A la recherche d'un camping \u00e0 Rodez en Aveyron ? D\u00e9couvrez notre camping 5 \u00e9toiles tout pr\u00e8s de Rodez pour un s\u00e9jour de r\u00eave","robots":{"index":"index","follow":"follow","max-snippet":"max-snippet:-1","max-image-preview":"max-image-preview:large","max-video-preview":"max-video-preview:-1"},"canonical":"https:\/\/www.camping-les-genets.fr\/fr\/camping-rodez\/","og_locale":"fr_FR","og_type":"article","og_title":"Camping Rodez : S\u00e9jour en camping 5 \u00e9toiles pr\u00e8s de Rodez","og_description":"A la recherche d'un camping \u00e0 Rodez en Aveyron ? D\u00e9couvrez notre camping 5 \u00e9toiles tout pr\u00e8s de Rodez pour un s\u00e9jour de r\u00eave","og_url":"https:\/\/www.camping-les-genets.fr\/fr\/camping-rodez\/","og_site_name":"Camping les Genets","article_modified_time":"2025-07-08T09:47:51+00:00","og_image":[{"width":1903,"height":670,"url":"https:\/\/www.camping-les-genets.fr\/wp-content\/uploads\/2023\/12\/camping-rodez.jpg","type":"image\/jpeg"}],"twitter_card":"summary_large_image","twitter_misc":{"Dur\u00e9e de lecture estim\u00e9e":"8 minutes"},"schema":{"@context":"https:\/\/schema.org","@graph":[{"@type":"WebPage","@id":"https:\/\/www.camping-les-genets.fr\/fr\/camping-rodez\/","url":"https:\/\/www.camping-les-genets.fr\/fr\/camping-rodez\/","name":"Camping Rodez : S\u00e9jour en camping 5 \u00e9toiles pr\u00e8s de Rodez","isPartOf":{"@id":"https:\/\/www.camping-les-genets.fr\/fr\/#website"},"primaryImageOfPage":{"@id":"https:\/\/www.camping-les-genets.fr\/fr\/camping-rodez\/#primaryimage"},"image":{"@id":"https:\/\/www.camping-les-genets.fr\/fr\/camping-rodez\/#primaryimage"},"thumbnailUrl":"https:\/\/www.camping-les-genets.fr\/wp-content\/uploads\/2023\/12\/camping-rodez.jpg","datePublished":"2023-12-01T08:26:29+00:00","dateModified":"2025-07-08T09:47:51+00:00","description":"A la recherche d'un camping \u00e0 Rodez en Aveyron ? D\u00e9couvrez notre camping 5 \u00e9toiles tout pr\u00e8s de Rodez pour un s\u00e9jour de r\u00eave","breadcrumb":{"@id":"https:\/\/www.camping-les-genets.fr\/fr\/camping-rodez\/#breadcrumb"},"inLanguage":"fr-FR","potentialAction":[{"@type":"ReadAction","target":["https:\/\/www.camping-les-genets.fr\/fr\/camping-rodez\/"]}]},{"@type":"ImageObject","inLanguage":"fr-FR","@id":"https:\/\/www.camping-les-genets.fr\/fr\/camping-rodez\/#primaryimage","url":"https:\/\/www.camping-les-genets.fr\/wp-content\/uploads\/2023\/12\/camping-rodez.jpg","contentUrl":"https:\/\/www.camping-les-genets.fr\/wp-content\/uploads\/2023\/12\/camping-rodez.jpg","width":1903,"height":670,"caption":"camping rodez"},{"@type":"BreadcrumbList","@id":"https:\/\/www.camping-les-genets.fr\/fr\/camping-rodez\/#breadcrumb","itemListElement":[{"@type":"ListItem","position":1,"name":"Camping Aveyron","item":"https:\/\/www.camping-les-genets.fr\/fr\/"},{"@type":"ListItem","position":2,"name":"Camping pr\u00e8s de Rodez"}]},{"@type":"WebSite","@id":"https:\/\/www.camping-les-genets.fr\/fr\/#website","url":"https:\/\/www.camping-les-genets.fr\/fr\/","name":"Camping les Genets","description":"","publisher":{"@id":"https:\/\/www.camping-les-genets.fr\/fr\/#organization"},"potentialAction":[{"@type":"SearchAction","target":{"@type":"EntryPoint","urlTemplate":"https:\/\/www.camping-les-genets.fr\/fr\/?s={search_term_string}"},"query-input":{"@type":"PropertyValueSpecification","valueRequired":true,"valueName":"search_term_string"}}],"inLanguage":"fr-FR"},{"@type":"Organization","@id":"https:\/\/www.camping-les-genets.fr\/fr\/#organization","name":"Camping les Genets","url":"https:\/\/www.camping-les-genets.fr\/fr\/","logo":{"@type":"ImageObject","inLanguage":"fr-FR","@id":"https:\/\/www.camping-les-genets.fr\/fr\/#\/schema\/logo\/image\/","url":"https:\/\/www.camping-les-genets.fr\/wp-content\/uploads\/2023\/07\/cropped-logo-camping-genets-footer.png","contentUrl":"https:\/\/www.camping-les-genets.fr\/wp-content\/uploads\/2023\/07\/cropped-logo-camping-genets-footer.png","width":500,"height":295,"caption":"Camping les Genets"},"image":{"@id":"https:\/\/www.camping-les-genets.fr\/fr\/#\/schema\/logo\/image\/"}}]}},"_links":{"self":[{"href":"https:\/\/www.camping-les-genets.fr\/fr\/wp-json\/wp\/v2\/pages\/5666","targetHints":{"allow":["GET"]}}],"collection":[{"href":"https:\/\/www.camping-les-genets.fr\/fr\/wp-json\/wp\/v2\/pages"}],"about":[{"href":"https:\/\/www.camping-les-genets.fr\/fr\/wp-json\/wp\/v2\/types\/page"}],"author":[{"embeddable":true,"href":"https:\/\/www.camping-les-genets.fr\/fr\/wp-json\/wp\/v2\/users\/2"}],"replies":[{"embeddable":true,"href":"https:\/\/www.camping-les-genets.fr\/fr\/wp-json\/wp\/v2\/comments?post=5666"}],"version-history":[{"count":39,"href":"https:\/\/www.camping-les-genets.fr\/fr\/wp-json\/wp\/v2\/pages\/5666\/revisions"}],"predecessor-version":[{"id":7852,"href":"https:\/\/www.camping-les-genets.fr\/fr\/wp-json\/wp\/v2\/pages\/5666\/revisions\/7852"}],"wp:featuredmedia":[{"embeddable":true,"href":"https:\/\/www.camping-les-genets.fr\/fr\/wp-json\/wp\/v2\/media\/5680"}],"wp:attachment":[{"href":"https:\/\/www.camping-les-genets.fr\/fr\/wp-json\/wp\/v2\/media?parent=5666"}],"wp:term":[{"taxonomy":"sujet","embeddable":true,"href":"https:\/\/www.camping-les-genets.fr\/fr\/wp-json\/wp\/v2\/sujet?post=5666"}],"curies":[{"name":"wp","href":"https:\/\/api.w.org\/{rel}","templated":true}]}}