{"id":1581,"date":"2023-09-11T09:29:49","date_gmt":"2023-09-11T07:29:49","guid":{"rendered":"https:\/\/www.camping-les-genets.fr\/?page_id=1581"},"modified":"2024-12-04T11:41:42","modified_gmt":"2024-12-04T10:41:42","slug":"tourisme-aubrac","status":"publish","type":"page","link":"https:\/\/www.camping-les-genets.fr\/fr\/tourisme-aubrac\/","title":{"rendered":"Vaches Aubrac"},"content":{"rendered":"<section id=\"ls-section-block_e68c3a35bf9997ce554af0e5daf72535\" class=\"ls-section  page-chapeau has-p-b p-b-0\" >\r\n        <div class=\"container \">\r\n        \n\n<h1 class=\"ls__heading wp-block-heading has-text-align-center animated fadeInLeft delay-100ms slow\"><strong>Vaches Aubrac<\/strong><\/h1>\n\n\r\n    <\/div>\r\n<\/section>\n\n<section id=\"ls-section-block_2f407582a86bd5d5d0b1ae0457eba3ff\" class=\"ls-section  page-one has-p-b p-b-14\" >\r\n        <div class=\"container container--full\">\r\n        \n\n<div class=\"wp-block-columns is-layout-flex wp-container-core-columns-is-layout-9d6595d7 wp-block-columns-is-layout-flex\">\n<div class=\"wp-block-column first is-layout-flow wp-block-column-is-layout-flow\" style=\"flex-basis:66.66%\">\n<figure class=\"wp-block-image size-full\"><img decoding=\"async\" width=\"2560\" height=\"1707\" src=\"https:\/\/www.camping-les-genets.fr\/wp-content\/uploads\/2023\/09\/Fete-de-la-transhumance-a-Aubrac-scaled.webp\" alt=\"F\u00eate de la transhumance \u00e0 Aubrac\" class=\"wp-image-1675\" style=\"aspect-ratio:4\/3;object-fit:cover\" srcset=\"https:\/\/www.camping-les-genets.fr\/wp-content\/uploads\/2023\/09\/Fete-de-la-transhumance-a-Aubrac-scaled.webp 2560w, https:\/\/www.camping-les-genets.fr\/wp-content\/uploads\/2023\/09\/Fete-de-la-transhumance-a-Aubrac-300x200.webp 300w, https:\/\/www.camping-les-genets.fr\/wp-content\/uploads\/2023\/09\/Fete-de-la-transhumance-a-Aubrac-1024x683.webp 1024w, https:\/\/www.camping-les-genets.fr\/wp-content\/uploads\/2023\/09\/Fete-de-la-transhumance-a-Aubrac-768x512.webp 768w, https:\/\/www.camping-les-genets.fr\/wp-content\/uploads\/2023\/09\/Fete-de-la-transhumance-a-Aubrac-1536x1024.webp 1536w, https:\/\/www.camping-les-genets.fr\/wp-content\/uploads\/2023\/09\/Fete-de-la-transhumance-a-Aubrac-2048x1365.webp 2048w\" sizes=\"(max-width: 2560px) 100vw, 2560px\" \/><\/figure>\n<\/div>\n\n\n\n<div class=\"wp-block-column is-vertically-aligned-center second has-color-white-background-color has-background is-layout-flow wp-block-column-is-layout-flow\" style=\"flex-basis:33.33%\">\n<h2 class=\"ls__heading wp-block-heading\"><strong>Vacances<\/strong> dans l&rsquo;Aubrac<\/h2>\n\n\n\n<p class=\"ls-paragraph\">Si vous s\u00e9journez dans notre <a href=\"\/\">camping lac de Pareloup<\/a> \u00e0 la fin mai, ne manquez pas la <strong>f\u00eate de la transhumance<\/strong> qui se d\u00e9roule sur plusieurs jours. Au hameau m\u00eame d\u2019<strong>Aubrac<\/strong>, ces festivit\u00e9s sont l\u2019occasion d\u2019en apprendre plus sur la<strong> race embl\u00e9matique de la r\u00e9gion<\/strong>.<\/p>\n\n\n\n<p class=\"ls-paragraph\">La transhumance, c&rsquo;est une \u00e9tape incontournable de l&rsquo;<strong>\u00e9levage d&rsquo;animaux de races bovines, l&rsquo;occasion de voir des b\u0153ufs, des veaux, des g\u00e9nisses et toutes les stars du cheptel<\/strong> !&nbsp; C&rsquo;est bien s\u00fbr aussi l\u2019occasion d\u2019effectuer une belle randonn\u00e9e en compagnie des troupeaux. La transhumance la plus courte jusqu&rsquo;\u00e0 1300 m d\u2019altitude du <strong>plateau de l\u2019Aubrac<\/strong> est de 15 km.<\/p>\n\n\n\n<p class=\"ls-paragraph\">Race bovine embl\u00e9matique du plateau \u00e9ponyme, la vache Aubrac est particuli\u00e8rement jolie avec ses yeux comme maquill\u00e9s, sa robe mate, son museau noir ourl\u00e9 de blanc et ses cornes en forme de lyre. Rustique, elle est <strong>adapt\u00e9e au climat rude des hauts plateaux<\/strong>, o\u00f9 le vent peut souffler fort et les temp\u00e9ratures varier rapidement. \u00c0 Laguiole, une statue de taureau repr\u00e9sente fi\u00e8rement la race Aubrac depuis 1947. Mais la vache est pr\u00e9sente sur le plateau depuis le 18^e si\u00e8cle !<br>Les \u00e9leveurs assurent la<strong> production de viande charolaise<\/strong> du secteur que vous retrouverez notamment en boucherie. La<strong> production laiti\u00e8re<\/strong> est \u00e9galement mise en avant avec le lait des monts de l&rsquo;Aubrac.<\/p>\n<\/div>\n<\/div>\n\n\r\n    <\/div>\r\n<\/section>\n\n<section id=\"ls-section-block_56c7c504f93bc1a6cd50173c5e52fdf8\" class=\"ls-section \" >\r\n        <div class=\"container container--wide\">\r\n        \n\n<div class=\"wp-block-columns is-layout-flex wp-container-core-columns-is-layout-9d6595d7 wp-block-columns-is-layout-flex\">\n<div class=\"wp-block-column first is-layout-flow wp-block-column-is-layout-flow\">\n<h2 class=\"ls__heading wp-block-heading\">Se rendre \u00e0 Aubrac<\/h2>\n\n\n\n<p class=\"ls-paragraph\">Plateau volcanique aux magnifiques paysages qui appartient au Massif central, l\u2019<strong>Aubrac<\/strong> se situe \u00e0 moins d\u2019une heure en voiture au nord de notre <a href=\"\/fr\/camping-aubrac\/\">camping pr\u00e8s de l&rsquo;Aubrac<\/a>.<\/p>\n\n\n\n<p class=\"ls-paragraph\">La fa\u00e7on la plus rapide de s\u2019y rendre est de rejoindre Laissac depuis Salles-Curan en passant par Prades-Salars et S\u00e9gur. Prenez ensuite la D28. Vous traverserez Palmas et Gabriac avant d\u2019arriver \u00e0 Espalion, aux portes de l\u2019Aubrac. Espalion renferme de <strong>nombreux monuments<\/strong> bien conserv\u00e9s : \u00e9glise Saint-Michel de Calmont d\u2019Olt, \u00e9glise Saint-Jean-Baptiste, chapelle de Perse, chapelle des P\u00e9nitents, couvent des Ursulines\u2026 La visite de <a href=\"https:\/\/www.camping-les-genets.fr\/fr\/camping-saint-come-d-olt\/\">Saint-C\u00f4me-d\u2019Olt<\/a>, un des <strong>plus beaux villages de France<\/strong>, est \u00e0 inclure absolument dans le programme de votre journ\u00e9e dans l\u2019Aubrac.<\/p>\n\n\n\n<p class=\"ls-paragraph\">L&rsquo;<strong>Aubrac<\/strong> est un endroit id\u00e9al pour passer des vacances en famille au c\u0153ur de la nature ! <\/p>\n<\/div>\n\n\n\n<div class=\"wp-block-column is-vertically-aligned-center second is-layout-flow wp-block-column-is-layout-flow\" style=\"flex-basis:800px\">\n<iframe src=\"https:\/\/www.google.com\/maps\/embed?pb=!1m28!1m12!1m3!1d364763.4086612996!2d2.6053583550505675!3d44.41851153635854!2m3!1f0!2f0!3f0!3m2!1i1024!2i768!4f13.1!4m13!3e0!4m5!1s0x12b2683ba8eaa029%3A0x9e3dc1bbe65d1b4b!2sCamping%20les%20Gen%C3%AAts%20%7C%20Camping%20Aveyron%2C%20Lac%20de%20Pareloup%2C%20Salles-Curan!3m2!1d44.1894481!2d2.7667329!4m5!1s0x12b2e6fcfd3d6af9%3A0xa06f69eba1e0750!2sAubrac%2C%20Saint-Ch%C3%A9ly-d&#39;Aubrac!3m2!1d44.621707!2d2.9861359999999997!5e0!3m2!1sfr!2sfr!4v1694600407979!5m2!1sfr!2sfr\" width=\"800\" height=\"600\" style=\"border:0;\" allowfullscreen=\"\" loading=\"lazy\" referrerpolicy=\"no-referrer-when-downgrade\"><\/iframe>\n<\/div>\n<\/div>\n\n\r\n    <\/div>\r\n<\/section>\n\n<section id=\"ls-section-block_728a663d97ebafd447d68d22f9112e18\" class=\"ls-section  page-maillage has-p-t p-t-14 has-p-b p-b-14\" >\r\n        <div class=\"container container--wide\">\r\n        \n\n<div id=\"ls-heading ls-titre-div-block_957c3c1237cc288db00b810b956e7ef6\" class=\"ls-titre-div aligncenter h2-like has-m-b m-b-8\" >\n    D\u00e9couvrez la ville de Rodez, mais aussi les villages de Peyre et Conques !<\/div>\n\n\n<div id=\"ls-maillage-block_f956767986e4841754f951eb60ecb558\" class=\"ls-maillage slow animated fadeInUp delay-100ms cta-style-normal\" data-rows=\"3\">\r\n    <div class=\"wp-block-columns\"><div class=\"wp-block-column\">\n\n<a href=\"https:\/\/www.camping-les-genets.fr\/fr\/tourisme-rodez\/\" target=\"\" rel=\"noopener\" class=\"ls-cta__link\">\n\n\t<div class=\"ls-cta__image\"><img decoding=\"async\" src=\"https:\/\/www.camping-les-genets.fr\/wp-content\/uploads\/2023\/09\/Sunset-a-Rodez-proche-du-camping-les-genets-copie-768x953.webp\" alt=\"Sunset \u00e0 Rodez proche du camping les genets\"><\/div>\n\t<div class=\"ls-cta__title\">\n\t\tRodez\t<\/div>\n\n\t\t\n<\/a><\/div><div class=\"wp-block-column\">\n\n<a href=\"https:\/\/www.camping-les-genets.fr\/fr\/peyre\/\" target=\"\" rel=\"noopener\" class=\"ls-cta__link\">\n\n\t<div class=\"ls-cta__image\"><img decoding=\"async\" src=\"https:\/\/www.camping-les-genets.fr\/wp-content\/uploads\/2023\/09\/Vacances-a-Peyre-768x510.webp\" alt=\"Vacances \u00e0 Peyre\"><\/div>\n\t<div class=\"ls-cta__title\">\n\t\tPeyre\t<\/div>\n\n\t\t\n<\/a><\/div><div class=\"wp-block-column\">\n\n<a href=\"https:\/\/www.camping-les-genets.fr\/fr\/tourisme-conques\/\" target=\"\" rel=\"noopener\" class=\"ls-cta__link\">\n\n\t<div class=\"ls-cta__image\"><img decoding=\"async\" src=\"https:\/\/www.camping-les-genets.fr\/wp-content\/uploads\/2023\/09\/Beau-paysage-dans-lAveyron-768x512.webp\" alt=\"Beau paysage dans l'Aveyron\"><\/div>\n\t<div class=\"ls-cta__title\">\n\t\tConques\t<\/div>\n\n\t\t\n<\/a><\/div><\/div><\/div>\n\r\n    <\/div>\r\n<\/section>","protected":false},"excerpt":{"rendered":"","protected":false},"author":1,"featured_media":1671,"parent":0,"menu_order":0,"comment_status":"closed","ping_status":"closed","template":"","meta":{"_acf_changed":false,"inline_featured_image":false,"footnotes":""},"sujet":[],"class_list":["post-1581","page","type-page","status-publish","has-post-thumbnail","hentry"],"acf":[],"yoast_head":"<!-- This site is optimized with the Yoast SEO plugin v27.3 - https:\/\/yoast.com\/product\/yoast-seo-wordpress\/ -->\n<title>Vaches Aubrac : d\u00e9couvrez l&#039;Aubrac, connu pour ses vaches en Aveyron<\/title>\n<meta name=\"description\" content=\"Vous souhaitez d\u00e9couvrir l&#039;Aubrac lors de votre s\u00e9jour en Aveyron ? Tout savoir sur ce pays des grands espaces pour des vacances au plus pr\u00e8s de la nature\" \/>\n<meta name=\"robots\" content=\"index, follow, max-snippet:-1, max-image-preview:large, max-video-preview:-1\" \/>\n<link rel=\"canonical\" href=\"https:\/\/www.camping-les-genets.fr\/fr\/tourisme-aubrac\/\" \/>\n<meta property=\"og:locale\" content=\"fr_FR\" \/>\n<meta property=\"og:type\" content=\"article\" \/>\n<meta property=\"og:title\" content=\"Vaches Aubrac : d\u00e9couvrez l&#039;Aubrac, connu pour ses vaches en Aveyron\" \/>\n<meta property=\"og:description\" content=\"Vous souhaitez d\u00e9couvrir l&#039;Aubrac lors de votre s\u00e9jour en Aveyron ? Tout savoir sur ce pays des grands espaces pour des vacances au plus pr\u00e8s de la nature\" \/>\n<meta property=\"og:url\" content=\"https:\/\/www.camping-les-genets.fr\/fr\/tourisme-aubrac\/\" \/>\n<meta property=\"og:site_name\" content=\"Camping les Genets\" \/>\n<meta property=\"article:modified_time\" content=\"2024-12-04T10:41:42+00:00\" \/>\n<meta property=\"og:image\" content=\"https:\/\/www.camping-les-genets.fr\/wp-content\/uploads\/2023\/09\/lieu-a-ne-pas-manquer-a-Aubrac-e1694428217272.webp\" \/>\n\t<meta property=\"og:image:width\" content=\"1920\" \/>\n\t<meta property=\"og:image:height\" content=\"1040\" \/>\n\t<meta property=\"og:image:type\" content=\"image\/webp\" \/>\n<meta name=\"twitter:card\" content=\"summary_large_image\" \/>\n<meta name=\"twitter:label1\" content=\"Dur\u00e9e de lecture estim\u00e9e\" \/>\n\t<meta name=\"twitter:data1\" content=\"3 minutes\" \/>\n<script type=\"application\/ld+json\" class=\"yoast-schema-graph\">{\"@context\":\"https:\\\/\\\/schema.org\",\"@graph\":[{\"@type\":\"WebPage\",\"@id\":\"https:\\\/\\\/www.camping-les-genets.fr\\\/fr\\\/tourisme-aubrac\\\/\",\"url\":\"https:\\\/\\\/www.camping-les-genets.fr\\\/fr\\\/tourisme-aubrac\\\/\",\"name\":\"Vaches Aubrac : d\u00e9couvrez l'Aubrac, connu pour ses vaches en Aveyron\",\"isPartOf\":{\"@id\":\"https:\\\/\\\/www.camping-les-genets.fr\\\/fr\\\/#website\"},\"primaryImageOfPage\":{\"@id\":\"https:\\\/\\\/www.camping-les-genets.fr\\\/fr\\\/tourisme-aubrac\\\/#primaryimage\"},\"image\":{\"@id\":\"https:\\\/\\\/www.camping-les-genets.fr\\\/fr\\\/tourisme-aubrac\\\/#primaryimage\"},\"thumbnailUrl\":\"https:\\\/\\\/www.camping-les-genets.fr\\\/wp-content\\\/uploads\\\/2023\\\/09\\\/lieu-a-ne-pas-manquer-a-Aubrac-e1694428217272.webp\",\"datePublished\":\"2023-09-11T07:29:49+00:00\",\"dateModified\":\"2024-12-04T10:41:42+00:00\",\"description\":\"Vous souhaitez d\u00e9couvrir l'Aubrac lors de votre s\u00e9jour en Aveyron ? Tout savoir sur ce pays des grands espaces pour des vacances au plus pr\u00e8s de la nature\",\"breadcrumb\":{\"@id\":\"https:\\\/\\\/www.camping-les-genets.fr\\\/fr\\\/tourisme-aubrac\\\/#breadcrumb\"},\"inLanguage\":\"fr-FR\",\"potentialAction\":[{\"@type\":\"ReadAction\",\"target\":[\"https:\\\/\\\/www.camping-les-genets.fr\\\/fr\\\/tourisme-aubrac\\\/\"]}]},{\"@type\":\"ImageObject\",\"inLanguage\":\"fr-FR\",\"@id\":\"https:\\\/\\\/www.camping-les-genets.fr\\\/fr\\\/tourisme-aubrac\\\/#primaryimage\",\"url\":\"https:\\\/\\\/www.camping-les-genets.fr\\\/wp-content\\\/uploads\\\/2023\\\/09\\\/lieu-a-ne-pas-manquer-a-Aubrac-e1694428217272.webp\",\"contentUrl\":\"https:\\\/\\\/www.camping-les-genets.fr\\\/wp-content\\\/uploads\\\/2023\\\/09\\\/lieu-a-ne-pas-manquer-a-Aubrac-e1694428217272.webp\",\"width\":1920,\"height\":1040,\"caption\":\"lieu \u00e0 ne pas manquer \u00e0 Aubrac\"},{\"@type\":\"BreadcrumbList\",\"@id\":\"https:\\\/\\\/www.camping-les-genets.fr\\\/fr\\\/tourisme-aubrac\\\/#breadcrumb\",\"itemListElement\":[{\"@type\":\"ListItem\",\"position\":1,\"name\":\"Camping Aveyron\",\"item\":\"https:\\\/\\\/www.camping-les-genets.fr\\\/fr\\\/\"},{\"@type\":\"ListItem\",\"position\":2,\"name\":\"D\u00e9couvrir l'Aubrac\"}]},{\"@type\":\"WebSite\",\"@id\":\"https:\\\/\\\/www.camping-les-genets.fr\\\/fr\\\/#website\",\"url\":\"https:\\\/\\\/www.camping-les-genets.fr\\\/fr\\\/\",\"name\":\"Camping les Genets\",\"description\":\"\",\"publisher\":{\"@id\":\"https:\\\/\\\/www.camping-les-genets.fr\\\/fr\\\/#organization\"},\"potentialAction\":[{\"@type\":\"SearchAction\",\"target\":{\"@type\":\"EntryPoint\",\"urlTemplate\":\"https:\\\/\\\/www.camping-les-genets.fr\\\/fr\\\/?s={search_term_string}\"},\"query-input\":{\"@type\":\"PropertyValueSpecification\",\"valueRequired\":true,\"valueName\":\"search_term_string\"}}],\"inLanguage\":\"fr-FR\"},{\"@type\":\"Organization\",\"@id\":\"https:\\\/\\\/www.camping-les-genets.fr\\\/fr\\\/#organization\",\"name\":\"Camping les Genets\",\"url\":\"https:\\\/\\\/www.camping-les-genets.fr\\\/fr\\\/\",\"logo\":{\"@type\":\"ImageObject\",\"inLanguage\":\"fr-FR\",\"@id\":\"https:\\\/\\\/www.camping-les-genets.fr\\\/fr\\\/#\\\/schema\\\/logo\\\/image\\\/\",\"url\":\"https:\\\/\\\/www.camping-les-genets.fr\\\/wp-content\\\/uploads\\\/2023\\\/07\\\/cropped-logo-camping-genets-footer.png\",\"contentUrl\":\"https:\\\/\\\/www.camping-les-genets.fr\\\/wp-content\\\/uploads\\\/2023\\\/07\\\/cropped-logo-camping-genets-footer.png\",\"width\":500,\"height\":295,\"caption\":\"Camping les Genets\"},\"image\":{\"@id\":\"https:\\\/\\\/www.camping-les-genets.fr\\\/fr\\\/#\\\/schema\\\/logo\\\/image\\\/\"}}]}<\/script>\n<!-- \/ Yoast SEO plugin. -->","yoast_head_json":{"title":"Vaches Aubrac : d\u00e9couvrez l'Aubrac, connu pour ses vaches en Aveyron","description":"Vous souhaitez d\u00e9couvrir l'Aubrac lors de votre s\u00e9jour en Aveyron ? Tout savoir sur ce pays des grands espaces pour des vacances au plus pr\u00e8s de la nature","robots":{"index":"index","follow":"follow","max-snippet":"max-snippet:-1","max-image-preview":"max-image-preview:large","max-video-preview":"max-video-preview:-1"},"canonical":"https:\/\/www.camping-les-genets.fr\/fr\/tourisme-aubrac\/","og_locale":"fr_FR","og_type":"article","og_title":"Vaches Aubrac : d\u00e9couvrez l'Aubrac, connu pour ses vaches en Aveyron","og_description":"Vous souhaitez d\u00e9couvrir l'Aubrac lors de votre s\u00e9jour en Aveyron ? Tout savoir sur ce pays des grands espaces pour des vacances au plus pr\u00e8s de la nature","og_url":"https:\/\/www.camping-les-genets.fr\/fr\/tourisme-aubrac\/","og_site_name":"Camping les Genets","article_modified_time":"2024-12-04T10:41:42+00:00","og_image":[{"width":1920,"height":1040,"url":"https:\/\/www.camping-les-genets.fr\/wp-content\/uploads\/2023\/09\/lieu-a-ne-pas-manquer-a-Aubrac-e1694428217272.webp","type":"image\/webp"}],"twitter_card":"summary_large_image","twitter_misc":{"Dur\u00e9e de lecture estim\u00e9e":"3 minutes"},"schema":{"@context":"https:\/\/schema.org","@graph":[{"@type":"WebPage","@id":"https:\/\/www.camping-les-genets.fr\/fr\/tourisme-aubrac\/","url":"https:\/\/www.camping-les-genets.fr\/fr\/tourisme-aubrac\/","name":"Vaches Aubrac : d\u00e9couvrez l'Aubrac, connu pour ses vaches en Aveyron","isPartOf":{"@id":"https:\/\/www.camping-les-genets.fr\/fr\/#website"},"primaryImageOfPage":{"@id":"https:\/\/www.camping-les-genets.fr\/fr\/tourisme-aubrac\/#primaryimage"},"image":{"@id":"https:\/\/www.camping-les-genets.fr\/fr\/tourisme-aubrac\/#primaryimage"},"thumbnailUrl":"https:\/\/www.camping-les-genets.fr\/wp-content\/uploads\/2023\/09\/lieu-a-ne-pas-manquer-a-Aubrac-e1694428217272.webp","datePublished":"2023-09-11T07:29:49+00:00","dateModified":"2024-12-04T10:41:42+00:00","description":"Vous souhaitez d\u00e9couvrir l'Aubrac lors de votre s\u00e9jour en Aveyron ? Tout savoir sur ce pays des grands espaces pour des vacances au plus pr\u00e8s de la nature","breadcrumb":{"@id":"https:\/\/www.camping-les-genets.fr\/fr\/tourisme-aubrac\/#breadcrumb"},"inLanguage":"fr-FR","potentialAction":[{"@type":"ReadAction","target":["https:\/\/www.camping-les-genets.fr\/fr\/tourisme-aubrac\/"]}]},{"@type":"ImageObject","inLanguage":"fr-FR","@id":"https:\/\/www.camping-les-genets.fr\/fr\/tourisme-aubrac\/#primaryimage","url":"https:\/\/www.camping-les-genets.fr\/wp-content\/uploads\/2023\/09\/lieu-a-ne-pas-manquer-a-Aubrac-e1694428217272.webp","contentUrl":"https:\/\/www.camping-les-genets.fr\/wp-content\/uploads\/2023\/09\/lieu-a-ne-pas-manquer-a-Aubrac-e1694428217272.webp","width":1920,"height":1040,"caption":"lieu \u00e0 ne pas manquer \u00e0 Aubrac"},{"@type":"BreadcrumbList","@id":"https:\/\/www.camping-les-genets.fr\/fr\/tourisme-aubrac\/#breadcrumb","itemListElement":[{"@type":"ListItem","position":1,"name":"Camping Aveyron","item":"https:\/\/www.camping-les-genets.fr\/fr\/"},{"@type":"ListItem","position":2,"name":"D\u00e9couvrir l'Aubrac"}]},{"@type":"WebSite","@id":"https:\/\/www.camping-les-genets.fr\/fr\/#website","url":"https:\/\/www.camping-les-genets.fr\/fr\/","name":"Camping les Genets","description":"","publisher":{"@id":"https:\/\/www.camping-les-genets.fr\/fr\/#organization"},"potentialAction":[{"@type":"SearchAction","target":{"@type":"EntryPoint","urlTemplate":"https:\/\/www.camping-les-genets.fr\/fr\/?s={search_term_string}"},"query-input":{"@type":"PropertyValueSpecification","valueRequired":true,"valueName":"search_term_string"}}],"inLanguage":"fr-FR"},{"@type":"Organization","@id":"https:\/\/www.camping-les-genets.fr\/fr\/#organization","name":"Camping les Genets","url":"https:\/\/www.camping-les-genets.fr\/fr\/","logo":{"@type":"ImageObject","inLanguage":"fr-FR","@id":"https:\/\/www.camping-les-genets.fr\/fr\/#\/schema\/logo\/image\/","url":"https:\/\/www.camping-les-genets.fr\/wp-content\/uploads\/2023\/07\/cropped-logo-camping-genets-footer.png","contentUrl":"https:\/\/www.camping-les-genets.fr\/wp-content\/uploads\/2023\/07\/cropped-logo-camping-genets-footer.png","width":500,"height":295,"caption":"Camping les Genets"},"image":{"@id":"https:\/\/www.camping-les-genets.fr\/fr\/#\/schema\/logo\/image\/"}}]}},"_links":{"self":[{"href":"https:\/\/www.camping-les-genets.fr\/fr\/wp-json\/wp\/v2\/pages\/1581","targetHints":{"allow":["GET"]}}],"collection":[{"href":"https:\/\/www.camping-les-genets.fr\/fr\/wp-json\/wp\/v2\/pages"}],"about":[{"href":"https:\/\/www.camping-les-genets.fr\/fr\/wp-json\/wp\/v2\/types\/page"}],"author":[{"embeddable":true,"href":"https:\/\/www.camping-les-genets.fr\/fr\/wp-json\/wp\/v2\/users\/1"}],"replies":[{"embeddable":true,"href":"https:\/\/www.camping-les-genets.fr\/fr\/wp-json\/wp\/v2\/comments?post=1581"}],"version-history":[{"count":33,"href":"https:\/\/www.camping-les-genets.fr\/fr\/wp-json\/wp\/v2\/pages\/1581\/revisions"}],"predecessor-version":[{"id":7034,"href":"https:\/\/www.camping-les-genets.fr\/fr\/wp-json\/wp\/v2\/pages\/1581\/revisions\/7034"}],"wp:featuredmedia":[{"embeddable":true,"href":"https:\/\/www.camping-les-genets.fr\/fr\/wp-json\/wp\/v2\/media\/1671"}],"wp:attachment":[{"href":"https:\/\/www.camping-les-genets.fr\/fr\/wp-json\/wp\/v2\/media?parent=1581"}],"wp:term":[{"taxonomy":"sujet","embeddable":true,"href":"https:\/\/www.camping-les-genets.fr\/fr\/wp-json\/wp\/v2\/sujet?post=1581"}],"curies":[{"name":"wp","href":"https:\/\/api.w.org\/{rel}","templated":true}]}}