{"id":1443,"date":"2023-09-08T10:03:22","date_gmt":"2023-09-08T08:03:22","guid":{"rendered":"https:\/\/www.camping-les-genets.fr\/?page_id=1443"},"modified":"2025-07-08T11:47:11","modified_gmt":"2025-07-08T09:47:11","slug":"tourisme-conques","status":"publish","type":"page","link":"https:\/\/www.camping-les-genets.fr\/fr\/tourisme-conques\/","title":{"rendered":"Conques"},"content":{"rendered":"<section id=\"ls-section-block_0edda18e2d77e14aef4c6c2d609946f0\" class=\"ls-section  page-chapeau has-p-b p-b-0\" >\r\n        <div class=\"container \">\r\n        \n\n<h1 class=\"ls__heading wp-block-heading has-text-align-center animated fadeInLeft delay-100ms slow\"><strong>Conques<\/strong><\/h1>\n\n\r\n    <\/div>\r\n<\/section>\n\n<section id=\"ls-section-block_c0a623a4e9fa9d493463cf4d635e3184\" class=\"ls-section  page-one has-p-b p-b-14\" >\r\n        <div class=\"container container--full\">\r\n        \n\n<div class=\"wp-block-columns is-layout-flex wp-container-core-columns-is-layout-9d6595d7 wp-block-columns-is-layout-flex\">\n<div class=\"wp-block-column first is-layout-flow wp-block-column-is-layout-flow\" style=\"flex-basis:66.66%\">\n<figure class=\"wp-block-image size-full\"><img decoding=\"async\" width=\"1920\" height=\"1280\" src=\"https:\/\/www.camping-les-genets.fr\/wp-content\/uploads\/2023\/09\/Village-de-Conques-en-Aveyron.webp\" alt=\"Village de Conques en Aveyron\" class=\"wp-image-2327\" srcset=\"https:\/\/www.camping-les-genets.fr\/wp-content\/uploads\/2023\/09\/Village-de-Conques-en-Aveyron.webp 1920w, https:\/\/www.camping-les-genets.fr\/wp-content\/uploads\/2023\/09\/Village-de-Conques-en-Aveyron-300x200.webp 300w, https:\/\/www.camping-les-genets.fr\/wp-content\/uploads\/2023\/09\/Village-de-Conques-en-Aveyron-1024x683.webp 1024w, https:\/\/www.camping-les-genets.fr\/wp-content\/uploads\/2023\/09\/Village-de-Conques-en-Aveyron-768x512.webp 768w, https:\/\/www.camping-les-genets.fr\/wp-content\/uploads\/2023\/09\/Village-de-Conques-en-Aveyron-1536x1024.webp 1536w\" sizes=\"(max-width: 1920px) 100vw, 1920px\" \/><\/figure>\n<\/div>\n\n\n\n<div class=\"wp-block-column is-vertically-aligned-center second has-color-white-background-color has-background is-layout-flow wp-block-column-is-layout-flow\" style=\"flex-basis:33.33%\">\n<h2 class=\"ls__heading wp-block-heading\"><strong>Vacances<\/strong> \u00e0 Conques<\/h2>\n\n\n\n<p class=\"ls-paragraph\">Class\u00e9e parmi les <strong>\u00ab Plus beaux villages de France \u00bb<\/strong>, la cit\u00e9 de <strong>Conques<\/strong> en Midi-Pyr\u00e9n\u00e9es rec\u00e8le de riches tr\u00e9sors architecturaux. Ce village m\u00e9di\u00e9val est une<strong> \u00e9tape importante de p\u00e8lerinage sur les chemins de Saint Jacques de Compostelle<\/strong>, et abrite notamment une extraordinaire abbaye, joyau pr\u00e9serv\u00e9 de l\u2019art roman. Situ\u00e9 \u00e0 moins de 80 km au nord-ouest de notre <a href=\"\/\">camping 5 \u00e9toiles en Aveyron<\/a>, le village de <strong>Conques<\/strong> vaut largement une excursion. Ses merveilles sont accessibles en moins d\u20191h20 en voiture, en passant par Rodez.<\/p>\n\n\n\n<p class=\"ls-paragraph\">Perle de la vall\u00e9e du Lot, <strong>Conques<\/strong> est un<strong> ancien bourg m\u00e9di\u00e9va<\/strong>l qui a conserv\u00e9 intactes ses maisons \u00e0 colombages, ses ruelles pav\u00e9es, ses portes et une partie de ses remparts.&nbsp;<\/p>\n\n\n\n<p class=\"ls-paragraph\">Au c\u0153ur de ce patrimoine pr\u00e9serv\u00e9, l\u2019<strong>abbatiale Sainte-Foy<\/strong> est un chef d\u2019\u0153uvre de l\u2019art roman. L\u2019abbatiale Sainte-Foy est aujourd\u2019hui c\u00e9l\u00e8bre pour plusieurs<strong> tr\u00e9sors artistiques et architecturaux<\/strong> : son tympan du jugement dernier et ses 124 personnages finement sculpt\u00e9s, ses 250 chapiteaux, ou encore ses vitraux con\u00e7us par l\u2019artiste contemporain Pierre Soulages.<\/p>\n\n\n\n<p class=\"ls-paragraph\">L&rsquo;<strong>Abbatiale de Conques<\/strong> est, avec le <strong>c\u00e9l\u00e8bre pont des p\u00e8lerins<\/strong>, class\u00e9e au<strong> patrimoine mondial de l&rsquo;Unesco<\/strong>.<\/p>\n\n\n\n<p class=\"ls-paragraph\">Ils font partie des plus beaux monuments historiques du d\u00e9partement de l&rsquo;Aveyron.<\/p>\n<\/div>\n<\/div>\n\n\r\n    <\/div>\r\n<\/section>\n\n<section id=\"ls-section-block_81c62e7a5bf36bf5db2169e0e2704a93\" class=\"ls-section \" >\r\n        <div class=\"container container--wide\">\r\n        \n\n<div class=\"wp-block-columns is-layout-flex wp-container-core-columns-is-layout-9d6595d7 wp-block-columns-is-layout-flex\">\n<div class=\"wp-block-column first is-layout-flow wp-block-column-is-layout-flow\">\n<h2 class=\"ls__heading wp-block-heading\">Itin\u00e9raire pour se rendre \u00e0 Conques<\/h2>\n\n\n\n<p class=\"ls-paragraph\">Le village de <strong>Conques-en-Rouergue<\/strong> se trouve relativement proche de notre <a href=\"\/fr\/camping-conques\/\">camping pr\u00e8s de Conques<\/a>:  \u00e0 vol d\u2019oiseau (76 km), mais l\u2019emprunt de plusieurs d\u00e9partementales et le passage par <a href=\"\/fr\/tourisme-rodez\/\">Rodez<\/a> expliquent pourquoi vous pouvez mettre 1h30 pour vous y rendre.<\/p>\n\n\n\n<p class=\"ls-paragraph\">Depuis notre camping \u00e0 Salles-Curan, prenez la D933 vers le nord. Vous traverserez d\u2019abord Canet-de-Salars. Prenez le temps de visiter son \u00e9glise Saint-Pierre, \u00ab la cath\u00e9drale du L\u00e9v\u00e9zou \u00bb, et d\u2019admirer en chemin le <strong>lac de Pareloup<\/strong> sur votre gauche. \u00c0 Pont-de-Salars, prenez la D911 jusqu\u2019\u00e0 Rodez. <strong>La cath\u00e9drale Notre-Dame<\/strong>, le palais \u00e9piscopal et l\u2019\u00e9glise Sacr\u00e9-C\u0153ur sont les trois monuments incontournables de la cit\u00e9 ruth\u00e9noise. Depuis Rodez, prenez ensuite la D840 jusqu\u2019\u00e0 Valady. Tournez \u00e0 droite pour rejoindre Marcillac-Vallonet, puis continuez sur la D901 jusqu\u2019\u00e0 Conques.<\/p>\n\n\n\n<p class=\"ls-paragraph\">Si vous souhaitez passer des vacances en famille pr\u00e8s de <strong>Conques<\/strong>, vous serez id\u00e9alement plac\u00e9 pour d\u00e9couvrir ce petit village ainsi que les nombreux tr\u00e9sors de l&rsquo;Aveyron.<\/p>\n<\/div>\n\n\n\n<div class=\"wp-block-column is-vertically-aligned-center second is-layout-flow wp-block-column-is-layout-flow\" style=\"flex-basis:800px\">\n<iframe src=\"https:\/\/www.google.com\/maps\/embed?pb=!1m28!1m12!1m3!1d364959.9758308407!2d2.2618333232392076!3d44.386993430570804!2m3!1f0!2f0!3f0!3m2!1i1024!2i768!4f13.1!4m13!3e0!4m5!1s0x12b2683ba8eaa029%3A0x9e3dc1bbe65d1b4b!2sCamping%20les%20Gen%C3%AAts%20%7C%20Camping%20Aveyron%2C%20Lac%20de%20Pareloup%2C%20Salles-Curan!3m2!1d44.1894481!2d2.7667329!4m5!1s0x12ad615f0b43dd53%3A0x75bc4962d36079b7!2sConques%2C%20Conques-en-Rouergue!3m2!1d44.599402!2d2.3960369999999998!5e0!3m2!1sfr!2sfr!4v1694607843452!5m2!1sfr!2sfr\" width=\"800\" height=\"600\" style=\"border:0;\" allowfullscreen=\"\" loading=\"lazy\" referrerpolicy=\"no-referrer-when-downgrade\"><\/iframe>\n<\/div>\n<\/div>\n\n\r\n    <\/div>\r\n<\/section>\n\n<section id=\"ls-section-block_ab266900457754906c4e58590559154a\" class=\"ls-section  page-maillage has-p-t p-t-14 has-p-b p-b-14\" >\r\n        <div class=\"container container--wide\">\r\n        \n\n<div id=\"ls-heading ls-titre-div-block_a6998e619a2ee18398b170b1cffda3ff\" class=\"ls-titre-div aligncenter h2-like has-m-b m-b-8\" >\n    D\u00e9couvrez le v\u00e9lorail, le mus\u00e9e Soulages et la Couvertoirade !<\/div>\n\n\n<div id=\"ls-maillage-block_42ad293d4391c23e276c868e21af4a05\" class=\"ls-maillage slow animated fadeInUp delay-100ms cta-style-normal\" data-rows=\"3\">\r\n    <div class=\"wp-block-columns\"><div class=\"wp-block-column\">\n\n<a href=\"https:\/\/www.camping-les-genets.fr\/fr\/musee-soulages\/\" target=\"\" rel=\"noopener\" class=\"ls-cta__link\">\n\n\t<div class=\"ls-cta__image\"><img decoding=\"async\" src=\"https:\/\/www.camping-les-genets.fr\/wp-content\/uploads\/2023\/09\/Musee-dart-contemporain-en-Aveyron-768x1150.webp\" alt=\"Mus\u00e9e d'art contemporain en Aveyron\"><\/div>\n\t<div class=\"ls-cta__title\">\n\t\tMus\u00e9e Soulages\t<\/div>\n\n\t\t\n<\/a><\/div><div class=\"wp-block-column\">\n\n<a href=\"https:\/\/www.camping-les-genets.fr\/fr\/la-couvertoirade\/\" target=\"\" rel=\"noopener\" class=\"ls-cta__link\">\n\n\t<div class=\"ls-cta__image\"><img decoding=\"async\" src=\"https:\/\/www.camping-les-genets.fr\/wp-content\/uploads\/2024\/02\/Village-francais-768x960.webp\" alt=\"village la couvertoirade\"><\/div>\n\t<div class=\"ls-cta__title\">\n\t\tLa couvertoirade\t<\/div>\n\n\t\t\n<\/a><\/div><div class=\"wp-block-column\">\n\n<a href=\"https:\/\/www.camping-les-genets.fr\/fr\/weekend-romantique-aveyron\/\" target=\"\" rel=\"noopener\" class=\"ls-cta__link\">\n\n\t<div class=\"ls-cta__image\"><img decoding=\"async\" src=\"https:\/\/www.camping-les-genets.fr\/wp-content\/uploads\/2025\/07\/week-end-en-amoureux-en-Aveyron-768x510.webp\" alt=\"week-end en amoureux en Aveyron\"><\/div>\n\t<div class=\"ls-cta__title\">\n\t\tWeek-end romantique en Aveyron\t<\/div>\n\n\t\t\n<\/a><\/div><\/div><\/div>\n\r\n    <\/div>\r\n<\/section>","protected":false},"excerpt":{"rendered":"","protected":false},"author":1,"featured_media":1679,"parent":0,"menu_order":0,"comment_status":"closed","ping_status":"closed","template":"","meta":{"_acf_changed":false,"inline_featured_image":false,"footnotes":""},"sujet":[],"class_list":["post-1443","page","type-page","status-publish","has-post-thumbnail","hentry"],"acf":[],"yoast_head":"<!-- This site is optimized with the Yoast SEO plugin v27.3 - https:\/\/yoast.com\/product\/yoast-seo-wordpress\/ -->\n<title>Conques : visitez le village de Conques durant vos vacances en Aveyron<\/title>\n<meta name=\"description\" content=\"Partez \u00e0 la d\u00e9couverte du village de Conques, class\u00e9 parmi les \u00ab Plus beaux villages de France \u00bb , c&#039;est une \u00e9tape importante de p\u00e8lerinage sur les chemins de Saint Jacques de Compostelle\" \/>\n<meta name=\"robots\" content=\"index, follow, max-snippet:-1, max-image-preview:large, max-video-preview:-1\" \/>\n<link rel=\"canonical\" href=\"https:\/\/www.camping-les-genets.fr\/fr\/tourisme-conques\/\" \/>\n<meta property=\"og:locale\" content=\"fr_FR\" \/>\n<meta property=\"og:type\" content=\"article\" \/>\n<meta property=\"og:title\" content=\"Conques : visitez le village de Conques durant vos vacances en Aveyron\" \/>\n<meta property=\"og:description\" content=\"Partez \u00e0 la d\u00e9couverte du village de Conques, class\u00e9 parmi les \u00ab Plus beaux villages de France \u00bb , c&#039;est une \u00e9tape importante de p\u00e8lerinage sur les chemins de Saint Jacques de Compostelle\" \/>\n<meta property=\"og:url\" content=\"https:\/\/www.camping-les-genets.fr\/fr\/tourisme-conques\/\" \/>\n<meta property=\"og:site_name\" content=\"Camping les Genets\" \/>\n<meta property=\"article:modified_time\" content=\"2025-07-08T09:47:11+00:00\" \/>\n<meta property=\"og:image\" content=\"https:\/\/www.camping-les-genets.fr\/wp-content\/uploads\/2023\/09\/Domerie-daubrac-situe-a-la-campagne.webp\" \/>\n\t<meta property=\"og:image:width\" content=\"1920\" \/>\n\t<meta property=\"og:image:height\" content=\"1280\" \/>\n\t<meta property=\"og:image:type\" content=\"image\/webp\" \/>\n<meta name=\"twitter:card\" content=\"summary_large_image\" \/>\n<meta name=\"twitter:label1\" content=\"Dur\u00e9e de lecture estim\u00e9e\" \/>\n\t<meta name=\"twitter:data1\" content=\"3 minutes\" \/>\n<script type=\"application\/ld+json\" class=\"yoast-schema-graph\">{\"@context\":\"https:\\\/\\\/schema.org\",\"@graph\":[{\"@type\":\"WebPage\",\"@id\":\"https:\\\/\\\/www.camping-les-genets.fr\\\/fr\\\/tourisme-conques\\\/\",\"url\":\"https:\\\/\\\/www.camping-les-genets.fr\\\/fr\\\/tourisme-conques\\\/\",\"name\":\"Conques : visitez le village de Conques durant vos vacances en Aveyron\",\"isPartOf\":{\"@id\":\"https:\\\/\\\/www.camping-les-genets.fr\\\/fr\\\/#website\"},\"primaryImageOfPage\":{\"@id\":\"https:\\\/\\\/www.camping-les-genets.fr\\\/fr\\\/tourisme-conques\\\/#primaryimage\"},\"image\":{\"@id\":\"https:\\\/\\\/www.camping-les-genets.fr\\\/fr\\\/tourisme-conques\\\/#primaryimage\"},\"thumbnailUrl\":\"https:\\\/\\\/www.camping-les-genets.fr\\\/wp-content\\\/uploads\\\/2023\\\/09\\\/Domerie-daubrac-situe-a-la-campagne.webp\",\"datePublished\":\"2023-09-08T08:03:22+00:00\",\"dateModified\":\"2025-07-08T09:47:11+00:00\",\"description\":\"Partez \u00e0 la d\u00e9couverte du village de Conques, class\u00e9 parmi les \u00ab Plus beaux villages de France \u00bb , c'est une \u00e9tape importante de p\u00e8lerinage sur les chemins de Saint Jacques de Compostelle\",\"breadcrumb\":{\"@id\":\"https:\\\/\\\/www.camping-les-genets.fr\\\/fr\\\/tourisme-conques\\\/#breadcrumb\"},\"inLanguage\":\"fr-FR\",\"potentialAction\":[{\"@type\":\"ReadAction\",\"target\":[\"https:\\\/\\\/www.camping-les-genets.fr\\\/fr\\\/tourisme-conques\\\/\"]}]},{\"@type\":\"ImageObject\",\"inLanguage\":\"fr-FR\",\"@id\":\"https:\\\/\\\/www.camping-les-genets.fr\\\/fr\\\/tourisme-conques\\\/#primaryimage\",\"url\":\"https:\\\/\\\/www.camping-les-genets.fr\\\/wp-content\\\/uploads\\\/2023\\\/09\\\/Domerie-daubrac-situe-a-la-campagne.webp\",\"contentUrl\":\"https:\\\/\\\/www.camping-les-genets.fr\\\/wp-content\\\/uploads\\\/2023\\\/09\\\/Domerie-daubrac-situe-a-la-campagne.webp\",\"width\":1920,\"height\":1280,\"caption\":\"Domerie d'aubrac situ\u00e9 \u00e0 la campagne\"},{\"@type\":\"BreadcrumbList\",\"@id\":\"https:\\\/\\\/www.camping-les-genets.fr\\\/fr\\\/tourisme-conques\\\/#breadcrumb\",\"itemListElement\":[{\"@type\":\"ListItem\",\"position\":1,\"name\":\"Camping Aveyron\",\"item\":\"https:\\\/\\\/www.camping-les-genets.fr\\\/fr\\\/\"},{\"@type\":\"ListItem\",\"position\":2,\"name\":\"Visiter Conques\"}]},{\"@type\":\"WebSite\",\"@id\":\"https:\\\/\\\/www.camping-les-genets.fr\\\/fr\\\/#website\",\"url\":\"https:\\\/\\\/www.camping-les-genets.fr\\\/fr\\\/\",\"name\":\"Camping les Genets\",\"description\":\"\",\"publisher\":{\"@id\":\"https:\\\/\\\/www.camping-les-genets.fr\\\/fr\\\/#organization\"},\"potentialAction\":[{\"@type\":\"SearchAction\",\"target\":{\"@type\":\"EntryPoint\",\"urlTemplate\":\"https:\\\/\\\/www.camping-les-genets.fr\\\/fr\\\/?s={search_term_string}\"},\"query-input\":{\"@type\":\"PropertyValueSpecification\",\"valueRequired\":true,\"valueName\":\"search_term_string\"}}],\"inLanguage\":\"fr-FR\"},{\"@type\":\"Organization\",\"@id\":\"https:\\\/\\\/www.camping-les-genets.fr\\\/fr\\\/#organization\",\"name\":\"Camping les Genets\",\"url\":\"https:\\\/\\\/www.camping-les-genets.fr\\\/fr\\\/\",\"logo\":{\"@type\":\"ImageObject\",\"inLanguage\":\"fr-FR\",\"@id\":\"https:\\\/\\\/www.camping-les-genets.fr\\\/fr\\\/#\\\/schema\\\/logo\\\/image\\\/\",\"url\":\"https:\\\/\\\/www.camping-les-genets.fr\\\/wp-content\\\/uploads\\\/2023\\\/07\\\/cropped-logo-camping-genets-footer.png\",\"contentUrl\":\"https:\\\/\\\/www.camping-les-genets.fr\\\/wp-content\\\/uploads\\\/2023\\\/07\\\/cropped-logo-camping-genets-footer.png\",\"width\":500,\"height\":295,\"caption\":\"Camping les Genets\"},\"image\":{\"@id\":\"https:\\\/\\\/www.camping-les-genets.fr\\\/fr\\\/#\\\/schema\\\/logo\\\/image\\\/\"}}]}<\/script>\n<!-- \/ Yoast SEO plugin. -->","yoast_head_json":{"title":"Conques : visitez le village de Conques durant vos vacances en Aveyron","description":"Partez \u00e0 la d\u00e9couverte du village de Conques, class\u00e9 parmi les \u00ab Plus beaux villages de France \u00bb , c'est une \u00e9tape importante de p\u00e8lerinage sur les chemins de Saint Jacques de Compostelle","robots":{"index":"index","follow":"follow","max-snippet":"max-snippet:-1","max-image-preview":"max-image-preview:large","max-video-preview":"max-video-preview:-1"},"canonical":"https:\/\/www.camping-les-genets.fr\/fr\/tourisme-conques\/","og_locale":"fr_FR","og_type":"article","og_title":"Conques : visitez le village de Conques durant vos vacances en Aveyron","og_description":"Partez \u00e0 la d\u00e9couverte du village de Conques, class\u00e9 parmi les \u00ab Plus beaux villages de France \u00bb , c'est une \u00e9tape importante de p\u00e8lerinage sur les chemins de Saint Jacques de Compostelle","og_url":"https:\/\/www.camping-les-genets.fr\/fr\/tourisme-conques\/","og_site_name":"Camping les Genets","article_modified_time":"2025-07-08T09:47:11+00:00","og_image":[{"width":1920,"height":1280,"url":"https:\/\/www.camping-les-genets.fr\/wp-content\/uploads\/2023\/09\/Domerie-daubrac-situe-a-la-campagne.webp","type":"image\/webp"}],"twitter_card":"summary_large_image","twitter_misc":{"Dur\u00e9e de lecture estim\u00e9e":"3 minutes"},"schema":{"@context":"https:\/\/schema.org","@graph":[{"@type":"WebPage","@id":"https:\/\/www.camping-les-genets.fr\/fr\/tourisme-conques\/","url":"https:\/\/www.camping-les-genets.fr\/fr\/tourisme-conques\/","name":"Conques : visitez le village de Conques durant vos vacances en Aveyron","isPartOf":{"@id":"https:\/\/www.camping-les-genets.fr\/fr\/#website"},"primaryImageOfPage":{"@id":"https:\/\/www.camping-les-genets.fr\/fr\/tourisme-conques\/#primaryimage"},"image":{"@id":"https:\/\/www.camping-les-genets.fr\/fr\/tourisme-conques\/#primaryimage"},"thumbnailUrl":"https:\/\/www.camping-les-genets.fr\/wp-content\/uploads\/2023\/09\/Domerie-daubrac-situe-a-la-campagne.webp","datePublished":"2023-09-08T08:03:22+00:00","dateModified":"2025-07-08T09:47:11+00:00","description":"Partez \u00e0 la d\u00e9couverte du village de Conques, class\u00e9 parmi les \u00ab Plus beaux villages de France \u00bb , c'est une \u00e9tape importante de p\u00e8lerinage sur les chemins de Saint Jacques de Compostelle","breadcrumb":{"@id":"https:\/\/www.camping-les-genets.fr\/fr\/tourisme-conques\/#breadcrumb"},"inLanguage":"fr-FR","potentialAction":[{"@type":"ReadAction","target":["https:\/\/www.camping-les-genets.fr\/fr\/tourisme-conques\/"]}]},{"@type":"ImageObject","inLanguage":"fr-FR","@id":"https:\/\/www.camping-les-genets.fr\/fr\/tourisme-conques\/#primaryimage","url":"https:\/\/www.camping-les-genets.fr\/wp-content\/uploads\/2023\/09\/Domerie-daubrac-situe-a-la-campagne.webp","contentUrl":"https:\/\/www.camping-les-genets.fr\/wp-content\/uploads\/2023\/09\/Domerie-daubrac-situe-a-la-campagne.webp","width":1920,"height":1280,"caption":"Domerie d'aubrac situ\u00e9 \u00e0 la campagne"},{"@type":"BreadcrumbList","@id":"https:\/\/www.camping-les-genets.fr\/fr\/tourisme-conques\/#breadcrumb","itemListElement":[{"@type":"ListItem","position":1,"name":"Camping Aveyron","item":"https:\/\/www.camping-les-genets.fr\/fr\/"},{"@type":"ListItem","position":2,"name":"Visiter Conques"}]},{"@type":"WebSite","@id":"https:\/\/www.camping-les-genets.fr\/fr\/#website","url":"https:\/\/www.camping-les-genets.fr\/fr\/","name":"Camping les Genets","description":"","publisher":{"@id":"https:\/\/www.camping-les-genets.fr\/fr\/#organization"},"potentialAction":[{"@type":"SearchAction","target":{"@type":"EntryPoint","urlTemplate":"https:\/\/www.camping-les-genets.fr\/fr\/?s={search_term_string}"},"query-input":{"@type":"PropertyValueSpecification","valueRequired":true,"valueName":"search_term_string"}}],"inLanguage":"fr-FR"},{"@type":"Organization","@id":"https:\/\/www.camping-les-genets.fr\/fr\/#organization","name":"Camping les Genets","url":"https:\/\/www.camping-les-genets.fr\/fr\/","logo":{"@type":"ImageObject","inLanguage":"fr-FR","@id":"https:\/\/www.camping-les-genets.fr\/fr\/#\/schema\/logo\/image\/","url":"https:\/\/www.camping-les-genets.fr\/wp-content\/uploads\/2023\/07\/cropped-logo-camping-genets-footer.png","contentUrl":"https:\/\/www.camping-les-genets.fr\/wp-content\/uploads\/2023\/07\/cropped-logo-camping-genets-footer.png","width":500,"height":295,"caption":"Camping les Genets"},"image":{"@id":"https:\/\/www.camping-les-genets.fr\/fr\/#\/schema\/logo\/image\/"}}]}},"_links":{"self":[{"href":"https:\/\/www.camping-les-genets.fr\/fr\/wp-json\/wp\/v2\/pages\/1443","targetHints":{"allow":["GET"]}}],"collection":[{"href":"https:\/\/www.camping-les-genets.fr\/fr\/wp-json\/wp\/v2\/pages"}],"about":[{"href":"https:\/\/www.camping-les-genets.fr\/fr\/wp-json\/wp\/v2\/types\/page"}],"author":[{"embeddable":true,"href":"https:\/\/www.camping-les-genets.fr\/fr\/wp-json\/wp\/v2\/users\/1"}],"replies":[{"embeddable":true,"href":"https:\/\/www.camping-les-genets.fr\/fr\/wp-json\/wp\/v2\/comments?post=1443"}],"version-history":[{"count":40,"href":"https:\/\/www.camping-les-genets.fr\/fr\/wp-json\/wp\/v2\/pages\/1443\/revisions"}],"predecessor-version":[{"id":7849,"href":"https:\/\/www.camping-les-genets.fr\/fr\/wp-json\/wp\/v2\/pages\/1443\/revisions\/7849"}],"wp:featuredmedia":[{"embeddable":true,"href":"https:\/\/www.camping-les-genets.fr\/fr\/wp-json\/wp\/v2\/media\/1679"}],"wp:attachment":[{"href":"https:\/\/www.camping-les-genets.fr\/fr\/wp-json\/wp\/v2\/media?parent=1443"}],"wp:term":[{"taxonomy":"sujet","embeddable":true,"href":"https:\/\/www.camping-les-genets.fr\/fr\/wp-json\/wp\/v2\/sujet?post=1443"}],"curies":[{"name":"wp","href":"https:\/\/api.w.org\/{rel}","templated":true}]}}