{"id":1093,"date":"2023-07-27T13:23:40","date_gmt":"2023-07-27T11:23:40","guid":{"rendered":"https:\/\/www.camping-les-genets.fr\/?page_id=1093"},"modified":"2025-08-04T13:31:37","modified_gmt":"2025-08-04T11:31:37","slug":"faq","status":"publish","type":"page","link":"https:\/\/www.camping-les-genets.fr\/fr\/faq\/","title":{"rendered":"FAQ"},"content":{"rendered":"\n<h1 class=\"ls__heading wp-block-heading has-text-align-center\">Foire aux questions<\/h1>\n\n\n<section id=\"ls-section-block_ede65368b50ec6de4c00459c4693d107\" class=\"ls-section  page-maillage section-faq has-p-t p-t-14 has-p-b p-b-14\" >\r\n        <div class=\"container container--wide\">\r\n        \n\n<div class=\"wp-block-columns is-layout-flex wp-container-core-columns-is-layout-9d6595d7 wp-block-columns-is-layout-flex\">\n<div class=\"wp-block-column is-layout-flow wp-block-column-is-layout-flow\">\n<h2 class=\"ls__heading wp-block-heading has-color-3-color has-text-color\">Animation<\/h2>\n\n\n\n<div id=\"faq\">\n\n  <div class=\"faq__box\">\n    <div class=\"faq__container\">\n      <div class=\"faq__block\" itemscope=\"\" itemprop=\"mainEntity\" itemtype=\"https:\/\/schema.org\/Question\">\n        <details>\n          <summary itemprop=\"name\">\n            <p>Le mini-club du <a href=\"\/fr\/\">camping en Aveyron<\/a> accueille les enfants de quel \u00e2ge ?<\/p>\n            <span class=\"plus-terrasses\"><\/span>\n          <\/summary>\n          <div itemscope=\"\" itemprop=\"acceptedAnswer\" itemtype=\"https:\/\/schema.org\/Answer\">\n            <div itemprop=\"text\">\n              <p>Le mini-club accueille les enfants de 4 \u00e0 12 ans.<\/p>\n            <\/div>\n          <\/div>\n        <\/details>\n      <\/div>\n    <\/div>\n  <\/div>\n\n  <div class=\"faq__box\">\n    <div class=\"faq__container\">\n      <div class=\"faq__block\" itemscope=\"\" itemprop=\"mainEntity\" itemtype=\"https:\/\/schema.org\/Question\">\n        <details>\n          <summary itemprop=\"name\">\n            <p>O\u00f9 est-ce que je peux trouver le programme d\u2019animation ?<\/p>\n            <span class=\"plus-terrasses\"><\/span>\n          <\/summary>\n          <div itemscope=\"\" itemprop=\"acceptedAnswer\" itemtype=\"https:\/\/schema.org\/Answer\">\n            <div itemprop=\"text\">\n              <p>Le programme d\u2019animation est consultable sur notre application Cool&rsquo;n camp et sur le panneau d\u2019affichage \u00e0 c\u00f4t\u00e9 de l\u2019accueil.<\/p>\n            <\/div>\n          <\/div>\n        <\/details>\n      <\/div>\n    <\/div>\n  <\/div>\n  <div class=\"faq__box\">\n    <div class=\"faq__container\">\n      <div class=\"faq__block\" itemscope=\"\" itemprop=\"mainEntity\" itemtype=\"https:\/\/schema.org\/Question\">\n        <details>\n          <summary itemprop=\"name\">\n            <p>Quelles sont les horaires d\u2019ouverture de la discoth\u00e8que ?<\/p>\n            <span class=\"plus-terrasses\"><\/span>\n          <\/summary>\n          <div itemscope=\"\" itemprop=\"acceptedAnswer\" itemtype=\"https:\/\/schema.org\/Answer\">\n            <div itemprop=\"text\">\n              <p>La discoth\u00e8que peut \u00eatre utilis\u00e9e pour des animations diverses, g\u00e9n\u00e9ralement suivies d\u2019une soir\u00e9e disco qui termine vers 01h00. La discoth\u00e8que est ouverte uniquement en juillet et ao\u00fbt.<\/p>\n            <\/div>\n          <\/div>\n        <\/details>\n      <\/div>\n    <\/div>\n  <\/div>\n\n  <div class=\"faq__box\">\n    <div class=\"faq__container\">\n      <div class=\"faq__block\" itemscope=\"\" itemprop=\"mainEntity\" itemtype=\"https:\/\/schema.org\/Question\">\n        <details>\n          <summary itemprop=\"name\">\n            <p>Est-ce qu\u2019il y a un \u00e2ge minimum pour l\u2019entr\u00e9e de la discoth\u00e8que ?<\/p>\n            <span class=\"plus-terrasses\"><\/span>\n          <\/summary>\n          <div itemscope=\"\" itemprop=\"acceptedAnswer\" itemtype=\"https:\/\/schema.org\/Answer\">\n            <div itemprop=\"text\">\n              <p>Non, notre discoth\u00e8que sert comme salle de spectacle et est ouverte \u00e0 tous les clients du camping.<\/p>\n            <\/div>\n          <\/div>\n        <\/details>\n      <\/div>\n    <\/div>\n  <\/div>\n\n  <div class=\"faq__box\">\n    <div class=\"faq__container\">\n      <div class=\"faq__block\" itemscope=\"\" itemprop=\"mainEntity\" itemtype=\"https:\/\/schema.org\/Question\">\n        <details>\n          <summary itemprop=\"name\">\n            <p>La discoth\u00e8que se trouve o\u00f9 ?<\/p>\n            <span class=\"plus-terrasses\"><\/span>\n          <\/summary>\n          <div itemscope=\"\" itemprop=\"acceptedAnswer\" itemtype=\"https:\/\/schema.org\/Answer\">\n            <div itemprop=\"text\">\n              <p>La discoth\u00e8que se trouve \u00e0 l\u2019ext\u00e9rieur du camping, \u00e0 c\u00f4t\u00e9 du parking avec les drapeaux.<\/p>\n            <\/div>\n          <\/div>\n        <\/details>\n      <\/div>\n    <\/div>\n  <\/div>\n\n  <div class=\"faq__box\">\n    <div class=\"faq__container\">\n      <div class=\"faq__block\" itemscope=\"\" itemprop=\"mainEntity\" itemtype=\"https:\/\/schema.org\/Question\">\n        <details>\n          <summary itemprop=\"name\">\n            <p>Est-ce que les animations sont payantes ?<\/p>\n            <span class=\"plus-terrasses\"><\/span>\n          <\/summary>\n          <div itemscope=\"\" itemprop=\"acceptedAnswer\" itemtype=\"https:\/\/schema.org\/Answer\">\n            <div itemprop=\"text\">\n              <p>Non, l\u2019animation est gratuite.<\/p>\n            <\/div>\n          <\/div>\n        <\/details>\n      <\/div>\n    <\/div>\n  <\/div>\n<\/div>\n<\/div>\n\n\n\n<div class=\"wp-block-column is-layout-flow wp-block-column-is-layout-flow\">\n<h2 class=\"ls__heading wp-block-heading has-color-3-color has-text-color\">Emplacements<\/h2>\n\n\n\n<div id=\"faq\">\n\n  <div class=\"faq__box\">\n    <div class=\"faq__container\">\n      <div class=\"faq__block\" itemscope=\"\" itemprop=\"mainEntity\" itemtype=\"https:\/\/schema.org\/Question\">\n        <details>\n          <summary itemprop=\"name\">\n            <p>Qu\u2019est-ce qui est compris dans le forfait pour un emplacement ?<\/p>\n            <span class=\"plus-terrasses\"><\/span>\n          <\/summary>\n          <div itemscope=\"\" itemprop=\"acceptedAnswer\" itemtype=\"https:\/\/schema.org\/Answer\">\n            <div itemprop=\"text\">\n              <p>Le forfait comprend: l\u2019emplacement entre 80m\u00b2 et 100m\u00b2, le tarif pour deux personnes, le stationnement pour une voiture, l\u2019\u00e9lectricit\u00e9 6 Amp\u00e8res.<\/p>\n            <\/div>\n          <\/div>\n        <\/details>\n      <\/div>\n    <\/div>\n  <\/div>\n\n  <div class=\"faq__box\">\n    <div class=\"faq__container\">\n      <div class=\"faq__block\" itemscope=\"\" itemprop=\"mainEntity\" itemtype=\"https:\/\/schema.org\/Question\">\n        <details>\n          <summary itemprop=\"name\">\n            <p>Quels sont les jours d\u2019arriv\u00e9e et de d\u00e9part pour un emplacement ?<\/p>\n            <span class=\"plus-terrasses\"><\/span>\n          <\/summary>\n          <div itemscope=\"\" itemprop=\"acceptedAnswer\" itemtype=\"https:\/\/schema.org\/Answer\">\n            <div itemprop=\"text\">\n              <p>Pour les emplacements vous pouvez arriver tous les jours de la semaine.<\/p>\n            <\/div>\n          <\/div>\n        <\/details>\n      <\/div>\n    <\/div>\n  <\/div>\n\n  <div class=\"faq__box\">\n    <div class=\"faq__container\">\n      <div class=\"faq__block\" itemscope=\"\" itemprop=\"mainEntity\" itemtype=\"https:\/\/schema.org\/Question\">\n        <details>\n          <summary itemprop=\"name\">\n            <p>Combien \u00e7a co\u00fbte pour avoir l\u2019\u00e9lectricit\u00e9 sur mon emplacement ?<\/p>\n            <span class=\"plus-terrasses\"><\/span>\n          <\/summary>\n          <div itemscope=\"\" itemprop=\"acceptedAnswer\" itemtype=\"https:\/\/schema.org\/Answer\">\n            <div itemprop=\"text\">\n              <p>L\u2019\u00e9lectricit\u00e9 6A est comprise dans notre forfait. Lors de la r\u00e9servation, vous pouvez demander 10 amp. sur votre emplacement contre un suppl\u00e9ment.<\/p>\n            <\/div>\n          <\/div>\n        <\/details>\n      <\/div>\n    <\/div>\n  <\/div>\n\n  <div class=\"faq__box\">\n    <div class=\"faq__container\">\n      <div class=\"faq__block\" itemscope=\"\" itemprop=\"mainEntity\" itemtype=\"https:\/\/schema.org\/Question\">\n        <details>\n          <summary itemprop=\"name\">\n            <p>\u00c0 quelle heure est-ce qu\u2019il faut lib\u00e9rer l\u2019emplacement ?<\/p>\n            <span class=\"plus-terrasses\"><\/span>\n          <\/summary>\n          <div itemscope=\"\" itemprop=\"acceptedAnswer\" itemtype=\"https:\/\/schema.org\/Answer\">\n            <div itemprop=\"text\">\n              <p>Il faut lib\u00e9rer l\u2019emplacement avant midi.<\/p>\n            <\/div>\n          <\/div>\n        <\/details>\n      <\/div>\n    <\/div>\n  <\/div>\n\n  <div class=\"faq__box\">\n    <div class=\"faq__container\">\n      <div class=\"faq__block\" itemscope=\"\" itemprop=\"mainEntity\" itemtype=\"https:\/\/schema.org\/Question\">\n        <details>\n          <summary itemprop=\"name\">\n            <p>C\u2019est quoi, la diff\u00e9rence entre un emplacement Confort et un emplacement Confort bord de lac ?<\/p>\n            <span class=\"plus-terrasses\"><\/span>\n          <\/summary>\n          <div itemscope=\"\" itemprop=\"acceptedAnswer\" itemtype=\"https:\/\/schema.org\/Answer\">\n            <div itemprop=\"text\">\n              <p>Comme son nom l\u2019indique, un emplacement Confort bord de lac est situ\u00e9 directement au bord de lac, tandis qu\u2019un emplacement Confort se trouve \u00e0 l\u2019int\u00e9rieur du camping.<\/p>\n            <\/div>\n          <\/div>\n        <\/details>\n      <\/div>\n    <\/div>\n  <\/div>\n\n<\/div>\n<\/div>\n<\/div>\n\n\n\n<div class=\"wp-block-columns m-t-10 m-b-10 is-layout-flex wp-container-core-columns-is-layout-9d6595d7 wp-block-columns-is-layout-flex\">\n<div class=\"wp-block-column is-layout-flow wp-block-column-is-layout-flow\">\n<h2 class=\"ls__heading wp-block-heading has-color-3-color has-text-color\">Lac de Pareloup<\/h2>\n\n\n\n<div id=\"faq\">\n\n  <div class=\"faq__box\">\n    <div class=\"faq__container\">\n      <div class=\"faq__block\" itemscope=\"\" itemprop=\"mainEntity\" itemtype=\"https:\/\/schema.org\/Question\">\n        <details>\n          <summary itemprop=\"name\">\n            <p>J\u2019aimerais p\u00eacher, est-ce qu\u2019il me faut un permis de p\u00eache ?<\/p>\n            <span class=\"plus-terrasses\"><\/span>\n          <\/summary>\n          <div itemscope=\"\" itemprop=\"acceptedAnswer\" itemtype=\"https:\/\/schema.org\/Answer\">\n            <div itemprop=\"text\">\n              <p>Oui, il faut un permis de p\u00eache, vous pouvez l\u2019acheter \u00e0 l\u2019Office de Tourisme de Salles Curan.<\/p>\n            <\/div>\n          <\/div>\n        <\/details>\n      <\/div>\n    <\/div>\n  <\/div>\n\n  <div class=\"faq__box\">\n    <div class=\"faq__container\">\n      <div class=\"faq__block\" itemscope=\"\" itemprop=\"mainEntity\" itemtype=\"https:\/\/schema.org\/Question\">\n        <details>\n          <summary itemprop=\"name\">\n            <p>Quels poissons peut-on trouver dans le lac ?<\/p>\n            <span class=\"plus-terrasses\"><\/span>\n          <\/summary>\n          <div itemscope=\"\" itemprop=\"acceptedAnswer\" itemtype=\"https:\/\/schema.org\/Answer\">\n            <div itemprop=\"text\">\n              <p>Vous y trouverez par exemple des brochets, des carpes, des sandres et plein d\u2019autres surprises !<\/p>\n            <\/div>\n          <\/div>\n        <\/details>\n      <\/div>\n    <\/div>\n  <\/div>\n\n  <div class=\"faq__box\">\n    <div class=\"faq__container\">\n      <div class=\"faq__block\" itemscope=\"\" itemprop=\"mainEntity\" itemtype=\"https:\/\/schema.org\/Question\">\n        <details>\n          <summary itemprop=\"name\">\n            <p>Est-ce que mon chien peut aller \u00e0 la plage et dans le lac ?\n            <\/p>\n            <span class=\"plus-terrasses\"><\/span>\n          <\/summary>\n          <div itemscope=\"\" itemprop=\"acceptedAnswer\" itemtype=\"https:\/\/schema.org\/Answer\">\n            <div itemprop=\"text\">\n              <p>Oui, bien s\u00fbr.<\/p>\n            <\/div>\n          <\/div>\n        <\/details>\n      <\/div>\n    <\/div>\n  <\/div>\n\n  <div class=\"faq__box\">\n    <div class=\"faq__container\">\n      <div class=\"faq__block\" itemscope=\"\" itemprop=\"mainEntity\" itemtype=\"https:\/\/schema.org\/Question\">\n        <details>\n          <summary itemprop=\"name\">\n            <p>Est-ce qu\u2019on peut se baigner dans le lac ?<\/p>\n            <span class=\"plus-terrasses\"><\/span>\n          <\/summary>\n          <div itemscope=\"\" itemprop=\"acceptedAnswer\" itemtype=\"https:\/\/schema.org\/Answer\">\n            <div itemprop=\"text\">\n              <p>Oui, la baignade est non-surveill\u00e9e mais le sol est en pente douce donc il n\u2019y a pas trop de danger.<\/p>\n            <\/div>\n          <\/div>\n        <\/details>\n      <\/div>\n    <\/div>\n  <\/div>\n\n<\/div>\n<\/div>\n\n\n\n<div class=\"wp-block-column is-layout-flow wp-block-column-is-layout-flow\">\n<h2 class=\"ls__heading wp-block-heading has-color-3-color has-text-color\">Locations<\/h2>\n\n\n\n<div id=\"faq\">\n\n  <div class=\"faq__box\">\n    <div class=\"faq__container\">\n      <div class=\"faq__block\" itemscope=\"\" itemprop=\"mainEntity\" itemtype=\"https:\/\/schema.org\/Question\">\n        <details>\n          <summary itemprop=\"name\">\n            <p>Je suis dans une location. \u00c0 quelle heure dois-je partir ?<\/p>\n            <span class=\"plus-terrasses\"><\/span>\n          <\/summary>\n          <div itemscope=\"\" itemprop=\"acceptedAnswer\" itemtype=\"https:\/\/schema.org\/Answer\">\n            <div itemprop=\"text\">\n              <p>Il faut lib\u00e9rer les locations avant 10h.<\/p>\n            <\/div>\n          <\/div>\n        <\/details>\n      <\/div>\n    <\/div>\n  <\/div>\n\n  <div class=\"faq__box\">\n    <div class=\"faq__container\">\n      <div class=\"faq__block\" itemscope=\"\" itemprop=\"mainEntity\" itemtype=\"https:\/\/schema.org\/Question\">\n        <details>\n          <summary itemprop=\"name\">\n            <p>Quelle est la caution pour les locations ?<\/p>\n            <span class=\"plus-terrasses\"><\/span>\n          <\/summary>\n          <div itemscope=\"\" itemprop=\"acceptedAnswer\" itemtype=\"https:\/\/schema.org\/Answer\">\n            <div itemprop=\"text\">\n              <p>La caution pour les locations est de 300 euros.<\/p>\n            <\/div>\n          <\/div>\n        <\/details>\n      <\/div>\n    <\/div>\n  <\/div>\n\n  <div class=\"faq__box\">\n    <div class=\"faq__container\">\n      <div class=\"faq__block\" itemscope=\"\" itemprop=\"mainEntity\" itemtype=\"https:\/\/schema.org\/Question\">\n        <details>\n          <summary itemprop=\"name\">\n            <p>Est-ce que les locations sont \u00e9quip\u00e9es d&rsquo;un lave-vaisselle\/une t\u00e9l\u00e9\/un four ?<\/p>\n            <span class=\"plus-terrasses\"><\/span>\n          <\/summary>\n          <div itemscope=\"\" itemprop=\"acceptedAnswer\" itemtype=\"https:\/\/schema.org\/Answer\">\n            <div itemprop=\"text\">\n              <p>Toutes les locations (sauf les Bengalis) ont un micro-ondes, pas de four. Seuls les mobil-homes Grand Confort et les chalets D\u00e9tente ont un lave-vaisselle. Les locations n\u2019ont pas de t\u00e9l\u00e9, mais il y a une salle t\u00e9l\u00e9 au bar.<\/p>\n            <\/div>\n          <\/div>\n        <\/details>\n      <\/div>\n    <\/div>\n  <\/div>\n\n  <div class=\"faq__box\">\n    <div class=\"faq__container\">\n      <div class=\"faq__block\" itemscope=\"\" itemprop=\"mainEntity\" itemtype=\"https:\/\/schema.org\/Question\">\n        <details>\n          <summary itemprop=\"name\">\n            <p>Est-ce que les animaux sont admis au camping\/dans les locations ?<\/p>\n            <span class=\"plus-terrasses\"><\/span>\n          <\/summary>\n          <div itemscope=\"\" itemprop=\"acceptedAnswer\" itemtype=\"https:\/\/schema.org\/Answer\">\n            <div itemprop=\"text\">\n              <p>Dans notre gamme Premium les animaux domestiques ne sont pas admis.\n              Dans les autres locations oui, sous condition de tenir les chiens en laisse et qu\u2019ils ne d\u00e9rangent pas les voisins avec leurs aboiements.<\/p>\n            <\/div>\n          <\/div>\n        <\/details>\n      <\/div>\n    <\/div>\n  <\/div>\n\n  <div class=\"faq__box\">\n    <div class=\"faq__container\">\n      <div class=\"faq__block\" itemscope=\"\" itemprop=\"mainEntity\" itemtype=\"https:\/\/schema.org\/Question\">\n        <details>\n          <summary itemprop=\"name\">\n            <p>Quels sont les jours d\u2019arriv\u00e9e et de d\u00e9part pour les locations ?<\/p>\n            <span class=\"plus-terrasses\"><\/span>\n          <\/summary>\n          <div itemscope=\"\" itemprop=\"acceptedAnswer\" itemtype=\"https:\/\/schema.org\/Answer\">\n            <div itemprop=\"text\">\n              <p>Les jours d&rsquo;arriv\u00e9e sont libres.<\/p>\n            <\/div>\n          <\/div>\n        <\/details>\n      <\/div>\n    <\/div>\n  <\/div>\n\n  <div class=\"faq__box\">\n    <div class=\"faq__container\">\n      <div class=\"faq__block\" itemscope=\"\" itemprop=\"mainEntity\" itemtype=\"https:\/\/schema.org\/Question\">\n        <details>\n          <summary itemprop=\"name\">\n            <p>Est-ce que je peux avoir une location avec vue sur le lac ?<\/p>\n            <span class=\"plus-terrasses\"><\/span>\n          <\/summary>\n          <div itemscope=\"\" itemprop=\"acceptedAnswer\" itemtype=\"https:\/\/schema.org\/Answer\">\n            <div itemprop=\"text\">\n              <p>Les locations se situent entre 100m et 200m du lac (les chalets \u00e0 200m). Vous pouvez marquer que vous voulez \u00eatre proche du lac, et en fonction de nos disponibilit\u00e9s au moment de votre r\u00e9servation nous essayons de respecter votre demande.<\/p>\n            <\/div>\n          <\/div>\n        <\/details>\n      <\/div>\n    <\/div>\n  <\/div>\n\n\n<\/div>\n<\/div>\n<\/div>\n\n\n\n<div class=\"wp-block-columns is-layout-flex wp-container-core-columns-is-layout-9d6595d7 wp-block-columns-is-layout-flex\">\n<div class=\"wp-block-column is-layout-flow wp-block-column-is-layout-flow\">\n<h2 class=\"ls__heading wp-block-heading has-color-3-color has-text-color\">Piscine<\/h2>\n\n\n\n<div id=\"faq\">\n\n  <div class=\"faq__box\">\n    <div class=\"faq__container\">\n      <div class=\"faq__block\" itemscope=\"\" itemprop=\"mainEntity\" itemtype=\"https:\/\/schema.org\/Question\">\n        <details>\n          <summary itemprop=\"name\">\n            <p>Est-ce que la piscine est chauff\u00e9e ?<\/p>\n            <span class=\"plus-terrasses\"><\/span>\n          <\/summary>\n          <div itemscope=\"\" itemprop=\"acceptedAnswer\" itemtype=\"https:\/\/schema.org\/Answer\">\n            <div itemprop=\"text\">\n              <p>La piscine est \u00e0 26 degr\u00e9s pendant toute l\u2019ouverture du camping.<\/p>\n            <\/div>\n          <\/div>\n        <\/details>\n      <\/div>\n    <\/div>\n  <\/div>\n\n  <div class=\"faq__box\">\n    <div class=\"faq__container\">\n      <div class=\"faq__block\" itemscope=\"\" itemprop=\"mainEntity\" itemtype=\"https:\/\/schema.org\/Question\">\n        <details>\n          <summary itemprop=\"name\">\n            <p>La piscine est ouverte de quelle heure \u00e0 quelle heure ?<\/p>\n            <span class=\"plus-terrasses\"><\/span>\n          <\/summary>\n          <div itemscope=\"\" itemprop=\"acceptedAnswer\" itemtype=\"https:\/\/schema.org\/Answer\">\n            <div itemprop=\"text\">\n              <p>La piscine est ouverte toute la journ\u00e9e de 10h30 \u00e0 19h30.<\/p>\n            <\/div>\n          <\/div>\n        <\/details>\n      <\/div>\n    <\/div>\n  <\/div>\n\n<\/div>\n<\/div>\n\n\n\n<div class=\"wp-block-column is-layout-flow wp-block-column-is-layout-flow\">\n<h2 class=\"ls__heading wp-block-heading has-color-3-color has-text-color\">Situation<\/h2>\n\n\n\n<div id=\"faq\">\n\n  <div class=\"faq__box\">\n    <div class=\"faq__container\">\n      <div class=\"faq__block\" itemscope=\"\" itemprop=\"mainEntity\" itemtype=\"https:\/\/schema.org\/Question\">\n        <details>\n          <summary itemprop=\"name\">\n            <p>O\u00f9 se trouve le supermarch\u00e9 le plus proche ?<\/p>\n            <span class=\"plus-terrasses\"><\/span>\n          <\/summary>\n          <div itemscope=\"\" itemprop=\"acceptedAnswer\" itemtype=\"https:\/\/schema.org\/Answer\">\n            <div itemprop=\"text\">\n              <p>Il y a une \u00e9picerie au camping.  Il y a un Intermarch\u00e9 \u00e0 Pont de Salars (\u00e0 20 min.)<\/p>\n            <\/div>\n          <\/div>\n        <\/details>\n      <\/div>\n    <\/div>\n  <\/div>\n\n  <div class=\"faq__box\">\n    <div class=\"faq__container\">\n      <div class=\"faq__block\" itemscope=\"\" itemprop=\"mainEntity\" itemtype=\"https:\/\/schema.org\/Question\">\n        <details>\n          <summary itemprop=\"name\">\n            <p>O\u00f9 se trouve le court de tennis le plus proche ?<\/p>\n            <span class=\"plus-terrasses\"><\/span>\n          <\/summary>\n          <div itemscope=\"\" itemprop=\"acceptedAnswer\" itemtype=\"https:\/\/schema.org\/Answer\">\n            <div itemprop=\"text\">\n              <p>Il y a un court de tennis \u00e0 Salles Curan.<\/p>\n            <\/div>\n          <\/div>\n        <\/details>\n      <\/div>\n    <\/div>\n  <\/div>\n\n  <div class=\"faq__box\">\n    <div class=\"faq__container\">\n      <div class=\"faq__block\" itemscope=\"\" itemprop=\"mainEntity\" itemtype=\"https:\/\/schema.org\/Question\">\n        <details>\n          <summary itemprop=\"name\">\n            <p>Est-ce qu\u2019il y a des activit\u00e9s pour les enfants dans la r\u00e9gion ?<\/p>\n            <span class=\"plus-terrasses\"><\/span>\n          <\/summary>\n          <div itemscope=\"\" itemprop=\"acceptedAnswer\" itemtype=\"https:\/\/schema.org\/Answer\">\n            <div itemprop=\"text\">\n              <p>Pour toutes les activit\u00e9s dans notre r\u00e9gion consultez la rubrique \u2018Tourisme\u2019.<\/p>\n            <\/div>\n          <\/div>\n        <\/details>\n      <\/div>\n    <\/div>\n  <\/div>\n\n  <div class=\"faq__box\">\n    <div class=\"faq__container\">\n      <div class=\"faq__block\" itemscope=\"\" itemprop=\"mainEntity\" itemtype=\"https:\/\/schema.org\/Question\">\n        <details>\n          <summary itemprop=\"name\">\n            <p>Est-ce qu\u2019il y a des activit\u00e9s pour ados dans la r\u00e9gion ?<\/p>\n            <span class=\"plus-terrasses\"><\/span>\n          <\/summary>\n          <div itemscope=\"\" itemprop=\"acceptedAnswer\" itemtype=\"https:\/\/schema.org\/Answer\">\n            <div itemprop=\"text\">\n              <p>Pour toutes les activit\u00e9s dans notre r\u00e9gion consultez la rubrique \u2018Tourisme\u2019.<\/p>\n            <\/div>\n          <\/div>\n        <\/details>\n      <\/div>\n    <\/div>\n  <\/div>\n\n  <div class=\"faq__box\">\n    <div class=\"faq__container\">\n      <div class=\"faq__block\" itemscope=\"\" itemprop=\"mainEntity\" itemtype=\"https:\/\/schema.org\/Question\">\n        <details>\n          <summary itemprop=\"name\">\n            <p>Quelles sont les temp\u00e9ratures moyennes en \u00e9t\u00e9 ?<\/p>\n            <span class=\"plus-terrasses\"><\/span>\n          <\/summary>\n          <div itemscope=\"\" itemprop=\"acceptedAnswer\" itemtype=\"https:\/\/schema.org\/Answer\">\n            <div itemprop=\"text\">\n              <p>Il peut faire tr\u00e8s chaud, jusqu\u2019\u00e0 30 degr\u00e9s mais comme le camping se situe en altitude (806m), les nuits sont fra\u00eeches. Temp\u00e9rature du lac en \u00e9t\u00e9 : 20-24\u00b0C.<\/p>\n            <\/div>\n          <\/div>\n        <\/details>\n      <\/div>\n    <\/div>\n  <\/div>\n\n  <div class=\"faq__box\">\n    <div class=\"faq__container\">\n      <div class=\"faq__block\" itemscope=\"\" itemprop=\"mainEntity\" itemtype=\"https:\/\/schema.org\/Question\">\n        <details>\n          <summary itemprop=\"name\">\n            <p>Encore une autre question ?<\/p>\n            <span class=\"plus-terrasses\"><\/span>\n          <\/summary>\n          <div itemscope=\"\" itemprop=\"acceptedAnswer\" itemtype=\"https:\/\/schema.org\/Answer\">\n            <div itemprop=\"text\">\n              <p>N\u2019h\u00e9sitez pas \u00e0 nous contacter, Laure ou Tonny \u00e0 la r\u00e9ception : contact@camping-les-genets.fr ou 05.65.46.35.34<\/p>\n            <\/div>\n          <\/div>\n        <\/details>\n      <\/div>\n    <\/div>\n  <\/div>\n\n<\/div>\n<\/div>\n<\/div>\n\n\n\n<div class=\"wp-block-columns is-layout-flex wp-container-core-columns-is-layout-9d6595d7 wp-block-columns-is-layout-flex\">\n<div class=\"wp-block-column is-layout-flow wp-block-column-is-layout-flow\">\n<h2 class=\"ls__heading wp-block-heading has-color-3-color has-text-color\">Services<\/h2>\n\n\n\n<div id=\"faq\">\n\n  <div class=\"faq__box\">\n    <div class=\"faq__container\">\n      <div class=\"faq__block\" itemscope=\"\" itemprop=\"mainEntity\" itemtype=\"https:\/\/schema.org\/Question\">\n        <details>\n          <summary itemprop=\"name\">\n            <p>Est-ce que vous louez des bateaux \u00e0 moteur sans permis ?<\/p>\n            <span class=\"plus-terrasses\"><\/span>\n          <\/summary>\n          <div itemscope=\"\" itemprop=\"acceptedAnswer\" itemtype=\"https:\/\/schema.org\/Answer\">\n            <div itemprop=\"text\">\n              <p>Oui, nous louons des bateaux \u00e0 moteur sans permis, \u00e0 partir de 40\u20ac l\u2019heure sur r\u00e9servation.<\/p>\n            <\/div>\n          <\/div>\n        <\/details>\n      <\/div>\n    <\/div>\n  <\/div>\n\n  <div class=\"faq__box\">\n    <div class=\"faq__container\">\n      <div class=\"faq__block\" itemscope=\"\" itemprop=\"mainEntity\" itemtype=\"https:\/\/schema.org\/Question\">\n        <details>\n          <summary itemprop=\"name\">\n            <p>Est-ce que je peux amener mon bateau\/jetski au camping ?<\/p>\n            <span class=\"plus-terrasses\"><\/span>\n          <\/summary>\n          <div itemscope=\"\" itemprop=\"acceptedAnswer\" itemtype=\"https:\/\/schema.org\/Answer\">\n            <div itemprop=\"text\">\n              <p>Oui, des bou\u00e9es d&rsquo;amarrage sont mises \u00e0 votre disposition gratuitement (sur r\u00e9servation) et on a une mise \u00e0 l\u2019eau sur le camping.<\/p>\n            <\/div>\n          <\/div>\n        <\/details>\n      <\/div>\n    <\/div>\n  <\/div>\n\n  <div class=\"faq__box\">\n    <div class=\"faq__container\">\n      <div class=\"faq__block\" itemscope=\"\" itemprop=\"mainEntity\" itemtype=\"https:\/\/schema.org\/Question\">\n        <details>\n          <summary itemprop=\"name\">\n            <p>Est-ce qu\u2019il y a une connexion wifi au camping et combien \u00e7a co\u00fbte ?<\/p>\n            <span class=\"plus-terrasses\"><\/span>\n          <\/summary>\n          <div itemscope=\"\" itemprop=\"acceptedAnswer\" itemtype=\"https:\/\/schema.org\/Answer\">\n            <div itemprop=\"text\">\n              <p>Il y a une connexion wifi gratuite sur tout le terrain. Il suffit de vous connecter sur la WIFI des Gen\u00eats.<\/p>\n            <\/div>\n          <\/div>\n        <\/details>\n      <\/div>\n    <\/div>\n  <\/div>\n\n  <div class=\"faq__box\">\n    <div class=\"faq__container\">\n      <div class=\"faq__block\" itemscope=\"\" itemprop=\"mainEntity\" itemtype=\"https:\/\/schema.org\/Question\">\n        <details>\n          <summary itemprop=\"name\">\n            <p>Quand l\u2019\u00e9picerie est-elle ouverte ?<\/p>\n            <span class=\"plus-terrasses\"><\/span>\n          <\/summary>\n          <div itemscope=\"\" itemprop=\"acceptedAnswer\" itemtype=\"https:\/\/schema.org\/Answer\">\n            <div itemprop=\"text\">\n              <p>Mai, juin + septembre : 9h-12h + 16h-19h \/\n              Juillet + ao\u00fbt : 8h-12h30 + 16h-20h, samedi et dimanche: non stop de 8h \u00e0 20h30<\/p>\n            <\/div>\n          <\/div>\n        <\/details>\n      <\/div>\n    <\/div>\n  <\/div>\n\n  <div class=\"faq__box\">\n    <div class=\"faq__container\">\n      <div class=\"faq__block\" itemscope=\"\" itemprop=\"mainEntity\" itemtype=\"https:\/\/schema.org\/Question\">\n        <details>\n          <summary itemprop=\"name\">\n            <p>Est-ce qu\u2019il faut r\u00e9server pour le restaurant ?<\/p>\n            <span class=\"plus-terrasses\"><\/span>\n          <\/summary>\n          <div itemscope=\"\" itemprop=\"acceptedAnswer\" itemtype=\"https:\/\/schema.org\/Answer\">\n            <div itemprop=\"text\">\n              <p>Oui, nous vous conseillons de r\u00e9server votre table.<\/p>\n            <\/div>\n          <\/div>\n        <\/details>\n      <\/div>\n    <\/div>\n  <\/div>\n\n  <div class=\"faq__box\">\n    <div class=\"faq__container\">\n      <div class=\"faq__block\" itemscope=\"\" itemprop=\"mainEntity\" itemtype=\"https:\/\/schema.org\/Question\">\n        <details>\n          <summary itemprop=\"name\">\n            <p>Est-ce que je peux amener mon chien au restaurant ?<\/p>\n            <span class=\"plus-terrasses\"><\/span>\n          <\/summary>\n          <div itemscope=\"\" itemprop=\"acceptedAnswer\" itemtype=\"https:\/\/schema.org\/Answer\">\n            <div itemprop=\"text\">\n              <p>Les chiens sont admis uniquement sur la terrasse.<\/p>\n            <\/div>\n          <\/div>\n        <\/details>\n      <\/div>\n    <\/div>\n  <\/div>\n\n  <div class=\"faq__box\">\n    <div class=\"faq__container\">\n      <div class=\"faq__block\" itemscope=\"\" itemprop=\"mainEntity\" itemtype=\"https:\/\/schema.org\/Question\">\n        <details>\n          <summary itemprop=\"name\">\n            <p>Est-ce qu\u2019il y a une cuisine commune ou un barbecue commun au camping ?<\/p>\n            <span class=\"plus-terrasses\"><\/span>\n          <\/summary>\n          <div itemscope=\"\" itemprop=\"acceptedAnswer\" itemtype=\"https:\/\/schema.org\/Answer\">\n            <div itemprop=\"text\">\n              <p>Non.<\/p>\n            <\/div>\n          <\/div>\n        <\/details>\n      <\/div>\n    <\/div>\n  <\/div>\n\n  <div class=\"faq__box\">\n    <div class=\"faq__container\">\n      <div class=\"faq__block\" itemscope=\"\" itemprop=\"mainEntity\" itemtype=\"https:\/\/schema.org\/Question\">\n        <details>\n          <summary itemprop=\"name\">\n            <p>Est-ce qu\u2019il y a des machines \u00e0 laver au camping ?<\/p>\n            <span class=\"plus-terrasses\"><\/span>\n          <\/summary>\n          <div itemscope=\"\" itemprop=\"acceptedAnswer\" itemtype=\"https:\/\/schema.org\/Answer\">\n            <div itemprop=\"text\">\n              <p>Oui, il y a des machines \u00e0 laver et un s\u00e8che-linge. Vous pouvez acheter les jetons \u00e0 la r\u00e9ception. Il y a aussi un espace pour laver les v\u00eatements \u00e0 la main.<\/p>\n            <\/div>\n          <\/div>\n        <\/details>\n      <\/div>\n    <\/div>\n  <\/div>\n\n  <div class=\"faq__box\">\n    <div class=\"faq__container\">\n      <div class=\"faq__block\" itemscope=\"\" itemprop=\"mainEntity\" itemtype=\"https:\/\/schema.org\/Question\">\n        <details>\n          <summary itemprop=\"name\">\n            <p>Est-ce que je peux renvoyer mon courrier au camping ?<\/p>\n            <span class=\"plus-terrasses\"><\/span>\n          <\/summary>\n          <div itemscope=\"\" itemprop=\"acceptedAnswer\" itemtype=\"https:\/\/schema.org\/Answer\">\n            <div itemprop=\"text\">\n              <p>Oui, vous pouvez recevoir du courrier. Voici l\u2019adresse de renvoi:\n\n                Camping Les Gen\u00eats\n                1, route des Gen\u00eats\n                12410 Salles Curan\n              France.<\/p>\n            <\/div>\n          <\/div>\n        <\/details>\n      <\/div>\n    <\/div>\n  <\/div>\n\n  <div class=\"faq__box\">\n    <div class=\"faq__container\">\n      <div class=\"faq__block\" itemscope=\"\" itemprop=\"mainEntity\" itemtype=\"https:\/\/schema.org\/Question\">\n        <details>\n          <summary itemprop=\"name\">\n            <p>J\u2019ai des amis qui veulent venir me voir. Est-ce possible ?<\/p>\n            <span class=\"plus-terrasses\"><\/span>\n          <\/summary>\n          <div itemscope=\"\" itemprop=\"acceptedAnswer\" itemtype=\"https:\/\/schema.org\/Answer\">\n            <div itemprop=\"text\">\n              <p>Oui, bien s\u00fbr. Il faut qu\u2019ils se pr\u00e9sentent \u00e0 l\u2019accueil pour r\u00e9cup\u00e9rer un bracelet pour la piscine et pour payer le forfait visiteurs (8\u20ac50 par personne).<\/p>\n            <\/div>\n          <\/div>\n        <\/details>\n      <\/div>\n    <\/div>\n  <\/div>\n\n  <div class=\"faq__box\">\n    <div class=\"faq__container\">\n      <div class=\"faq__block\" itemscope=\"\" itemprop=\"mainEntity\" itemtype=\"https:\/\/schema.org\/Question\">\n        <details>\n          <summary itemprop=\"name\">\n            <p>Jusqu\u2019\u00e0 quelle heure la barri\u00e8re s\u2019ouvre ?<\/p>\n            <span class=\"plus-terrasses\"><\/span>\n          <\/summary>\n          <div itemscope=\"\" itemprop=\"acceptedAnswer\" itemtype=\"https:\/\/schema.org\/Answer\">\n            <div itemprop=\"text\">\n              <p>La barri\u00e8re reste ferm\u00e9e entre 22h le soir et 7h30 le matin. Vous pouvez vous garer sur le parking \u00e0 c\u00f4t\u00e9 de la discoth\u00e8que.<\/p>\n            <\/div>\n          <\/div>\n        <\/details>\n      <\/div>\n    <\/div>\n  <\/div>\n\n  <div class=\"faq__box\">\n    <div class=\"faq__container\">\n      <div class=\"faq__block\" itemscope=\"\" itemprop=\"mainEntity\" itemtype=\"https:\/\/schema.org\/Question\">\n        <details>\n          <summary itemprop=\"name\">\n            <p>Est-ce que vous louez des t\u00e9l\u00e9s ?<\/p>\n            <span class=\"plus-terrasses\"><\/span>\n          <\/summary>\n          <div itemscope=\"\" itemprop=\"acceptedAnswer\" itemtype=\"https:\/\/schema.org\/Answer\">\n            <div itemprop=\"text\">\n              <p>Non, mais il y a une salle t\u00e9l\u00e9 au bar.<\/p>\n            <\/div>\n          <\/div>\n        <\/details>\n      <\/div>\n    <\/div>\n  <\/div>\n\n  <div class=\"faq__box\">\n    <div class=\"faq__container\">\n      <div class=\"faq__block\" itemscope=\"\" itemprop=\"mainEntity\" itemtype=\"https:\/\/schema.org\/Question\">\n        <details>\n          <summary itemprop=\"name\">\n            <p>Est-ce que je peux boire l\u2019eau du robinet ?<\/p>\n            <span class=\"plus-terrasses\"><\/span>\n          <\/summary>\n          <div itemscope=\"\" itemprop=\"acceptedAnswer\" itemtype=\"https:\/\/schema.org\/Answer\">\n            <div itemprop=\"text\">\n              <p>Oui, c\u2019est de l\u2019eau de source.<\/p>\n            <\/div>\n          <\/div>\n        <\/details>\n      <\/div>\n    <\/div>\n  <\/div>\n\n  <div class=\"faq__box\">\n    <div class=\"faq__container\">\n      <div class=\"faq__block\" itemscope=\"\" itemprop=\"mainEntity\" itemtype=\"https:\/\/schema.org\/Question\">\n        <details>\n          <summary itemprop=\"name\">\n            <p>Est-ce que vous louez des frigos ?<\/p>\n            <span class=\"plus-terrasses\"><\/span>\n          <\/summary>\n          <div itemscope=\"\" itemprop=\"acceptedAnswer\" itemtype=\"https:\/\/schema.org\/Answer\">\n            <div itemprop=\"text\">\n              <p>Oui, sur r\u00e9servation. Le tarif est de 10.00\u20ac par jour.<\/p>\n            <\/div>\n          <\/div>\n        <\/details>\n      <\/div>\n    <\/div>\n  <\/div>\n\n  <div class=\"faq__box\">\n    <div class=\"faq__container\">\n      <div class=\"faq__block\" itemscope=\"\" itemprop=\"mainEntity\" itemtype=\"https:\/\/schema.org\/Question\">\n        <details>\n          <summary itemprop=\"name\">\n            <p>Quel type de bbq est autoris\u00e9 au camping ?<\/p>\n            <span class=\"plus-terrasses\"><\/span>\n          <\/summary>\n          <div itemscope=\"\" itemprop=\"acceptedAnswer\" itemtype=\"https:\/\/schema.org\/Answer\">\n            <div itemprop=\"text\">\n              <p>Le barbecue \u00e0 gaz ou barbecue \u00e9lectrique sont autoris\u00e9s. Le barbecue \u00e0 charbon est interdit.<\/p>\n            <\/div>\n          <\/div>\n        <\/details>\n      <\/div>\n    <\/div>\n  <\/div>\n\n  <div class=\"faq__box\">\n    <div class=\"faq__container\">\n      <div class=\"faq__block\" itemscope=\"\" itemprop=\"mainEntity\" itemtype=\"https:\/\/schema.org\/Question\">\n        <details>\n          <summary itemprop=\"name\">\n            <p>Est-ce que vous louez des barbecues ?<\/p>\n            <span class=\"plus-terrasses\"><\/span>\n          <\/summary>\n          <div itemscope=\"\" itemprop=\"acceptedAnswer\" itemtype=\"https:\/\/schema.org\/Answer\">\n            <div itemprop=\"text\">\n              <p>Oui, 8\u20ac pour une journ\u00e9e.<\/p>\n            <\/div>\n          <\/div>\n        <\/details>\n      <\/div>\n    <\/div>\n  <\/div>\n\n  <div class=\"faq__box\">\n    <div class=\"faq__container\">\n      <div class=\"faq__block\" itemscope=\"\" itemprop=\"mainEntity\" itemtype=\"https:\/\/schema.org\/Question\">\n        <details>\n          <summary itemprop=\"name\">\n            <p>Quelles sont les horaires du restaurant ?<\/p>\n            <span class=\"plus-terrasses\"><\/span>\n          <\/summary>\n          <div itemscope=\"\" itemprop=\"acceptedAnswer\" itemtype=\"https:\/\/schema.org\/Answer\">\n            <div itemprop=\"text\">\n              <p>En mai, juin et septembre le restaurant est ouvert 6 jours sur 7 de 10h \u00e0 23h. En juillet et ao\u00fbt, de 10h00 \u00e0 23h30 tous les jours.<\/p>\n            <\/div>\n          <\/div>\n        <\/details>\n      <\/div>\n    <\/div>\n  <\/div>\n\n  <div class=\"faq__box\">\n    <div class=\"faq__container\">\n      <div class=\"faq__block\" itemscope=\"\" itemprop=\"mainEntity\" itemtype=\"https:\/\/schema.org\/Question\">\n        <details>\n          <summary itemprop=\"name\">\n            <p>Quelles sont les horaires d\u2019ouverture de l\u2019accueil ?<\/p>\n            <span class=\"plus-terrasses\"><\/span>\n          <\/summary>\n          <div itemscope=\"\" itemprop=\"acceptedAnswer\" itemtype=\"https:\/\/schema.org\/Answer\">\n            <div itemprop=\"text\">\n              <p>En basse saison : tous les jours de 9h-13h + 14h-19h.\n              En juillet et ao\u00fbt : tous les jours de 9h-20h non stop.<\/p>\n            <\/div>\n          <\/div>\n        <\/details>\n      <\/div>\n    <\/div>\n  <\/div>\n\n<\/div>\n<\/div>\n\n\n\n<div class=\"wp-block-column is-layout-flow wp-block-column-is-layout-flow\">\n<h2 class=\"ls__heading wp-block-heading has-color-3-color has-text-color\">R\u00e9servation &amp; paiement<\/h2>\n\n\n\n<div id=\"faq\">\n\n  <div class=\"faq__box\">\n    <div class=\"faq__container\">\n      <div class=\"faq__block\" itemscope=\"\" itemprop=\"mainEntity\" itemtype=\"https:\/\/schema.org\/Question\">\n        <details>\n          <summary itemprop=\"name\">\n            <p>Est-ce que vous acceptez les Ch\u00e8ques Vacances?<\/p>\n            <span class=\"plus-terrasses\"><\/span>\n          <\/summary>\n          <div itemscope=\"\" itemprop=\"acceptedAnswer\" itemtype=\"https:\/\/schema.org\/Answer\">\n            <div itemprop=\"text\">\n              <p>Oui, vous pouvez les envoyer par la poste, \u00e9ventuellement en lettre recommand\u00e9e. Voici l\u2019adresse postale du camping :\n\n                Camping Les Gen\u00eats\n                1, route des Gen\u00eats\n                12410 Salles Curan.\n\n              Au camping vous pouvez payer en ch\u00e8ques vacances \u00e0 l\u2019accueil, au restaurant et \u00e0 l\u2019\u00e9picerie.<\/p>\n            <\/div>\n          <\/div>\n        <\/details>\n      <\/div>\n    <\/div>\n  <\/div>\n\n  <div class=\"faq__box\">\n    <div class=\"faq__container\">\n      <div class=\"faq__block\" itemscope=\"\" itemprop=\"mainEntity\" itemtype=\"https:\/\/schema.org\/Question\">\n        <details>\n          <summary itemprop=\"name\">\n            <p>Est-ce que je peux vous envoyer un ch\u00e8que et si oui, \u00e0 quelle adresse? Quel ordre dois-je mettre ?<\/p>\n            <span class=\"plus-terrasses\"><\/span>\n          <\/summary>\n          <div itemscope=\"\" itemprop=\"acceptedAnswer\" itemtype=\"https:\/\/schema.org\/Answer\">\n            <div itemprop=\"text\">\n              <p>Oui, vous pouvez adresser votre ch\u00e8que \u00e0 l\u2019adresse suivante :\n\n                Camping Les Gen\u00eats\n                1, route des Gen\u00eats\n                12410 Salles Curan.\n\n              Ordre : Camping Les Gen\u00eats<\/p>\n            <\/div>\n          <\/div>\n        <\/details>\n      <\/div>\n    <\/div>\n  <\/div>\n\n  <div class=\"faq__box\">\n    <div class=\"faq__container\">\n      <div class=\"faq__block\" itemscope=\"\" itemprop=\"mainEntity\" itemtype=\"https:\/\/schema.org\/Question\">\n        <details>\n          <summary itemprop=\"name\">\n            <p>Comment est-ce que je peux vous payer l\u2019acompte ?<\/p>\n            <span class=\"plus-terrasses\"><\/span>\n          <\/summary>\n          <div itemscope=\"\" itemprop=\"acceptedAnswer\" itemtype=\"https:\/\/schema.org\/Answer\">\n            <div itemprop=\"text\">\n              <p>Vous pouvez payer en ligne avec une carte VISA\/Mastercard, faire un virement bancaire ou nous envoyer un ch\u00e8que ou des ch\u00e8ques vacances.<\/p>\n            <\/div>\n          <\/div>\n        <\/details>\n      <\/div>\n    <\/div>\n  <\/div>\n\n  <div class=\"faq__box\">\n    <div class=\"faq__container\">\n      <div class=\"faq__block\" itemscope=\"\" itemprop=\"mainEntity\" itemtype=\"https:\/\/schema.org\/Question\">\n        <details>\n          <summary itemprop=\"name\">\n            <p>Quand est-ce que je dois payer le solde pour mon emplacement et comment puis-je payer ?<\/p>\n            <span class=\"plus-terrasses\"><\/span>\n          <\/summary>\n          <div itemscope=\"\" itemprop=\"acceptedAnswer\" itemtype=\"https:\/\/schema.org\/Answer\">\n            <div itemprop=\"text\">\n              <p>Vous devez r\u00e9gler le solde un mois avant votre arriv\u00e9e au camping. On accepte des r\u00e8glements en ch\u00e8ques vacances ou en carte bleue.\n              ATTENTION : nous n\u2019acceptons pas de ch\u00e8ques pour des r\u00e8glements au camping, uniquement pour les cautions.<\/p>\n            <\/div>\n          <\/div>\n        <\/details>\n      <\/div>\n    <\/div>\n  <\/div>\n\n  <div class=\"faq__box\">\n    <div class=\"faq__container\">\n      <div class=\"faq__block\" itemscope=\"\" itemprop=\"mainEntity\" itemtype=\"https:\/\/schema.org\/Question\">\n        <details>\n          <summary itemprop=\"name\">\n            <p>Je suis oblig\u00e9 d\u2019annuler mon s\u00e9jour. Comment faut-il proc\u00e9der?<\/p>\n            <span class=\"plus-terrasses\"><\/span>\n          <\/summary>\n          <div itemscope=\"\" itemprop=\"acceptedAnswer\" itemtype=\"https:\/\/schema.org\/Answer\">\n            <div itemprop=\"text\">\n              <p>Si vous avez pris une assurance annulation il faut contacter Meetch.<\/p>\n            <\/div>\n          <\/div>\n        <\/details>\n      <\/div>\n    <\/div>\n  <\/div>\n\n  <div class=\"faq__box\">\n    <div class=\"faq__container\">\n      <div class=\"faq__block\" itemscope=\"\" itemprop=\"mainEntity\" itemtype=\"https:\/\/schema.org\/Question\">\n        <details>\n          <summary itemprop=\"name\">\n            <p>Est-ce que vous remboursez si je pars plus t\u00f4t que pr\u00e9vu lors de la r\u00e9servation?<\/p>\n            <span class=\"plus-terrasses\"><\/span>\n          <\/summary>\n          <div itemscope=\"\" itemprop=\"acceptedAnswer\" itemtype=\"https:\/\/schema.org\/Answer\">\n            <div itemprop=\"text\">\n              <p>Si vous avez pris une assurance annulation il faut contacter Meetch.<\/p>\n            <\/div>\n          <\/div>\n        <\/details>\n      <\/div>\n    <\/div>\n  <\/div>\n\n  <div class=\"faq__box\">\n    <div class=\"faq__container\">\n      <div class=\"faq__block\" itemscope=\"\" itemprop=\"mainEntity\" itemtype=\"https:\/\/schema.org\/Question\">\n        <details>\n          <summary itemprop=\"name\">\n            <p>Est-ce que je peux rajouter une assurance annulation \u00e0 mon s\u00e9jour?<\/p>\n            <span class=\"plus-terrasses\"><\/span>\n          <\/summary>\n          <div itemscope=\"\" itemprop=\"acceptedAnswer\" itemtype=\"https:\/\/schema.org\/Answer\">\n            <div itemprop=\"text\">\n              <p>Non, l\u2019assurance annulation doit \u00eatre souscrite lors de la r\u00e9servation, vous pouvez la rajouter jusqu\u2019\u00e0 72h apr\u00e8s le moment de la r\u00e9servation.<\/p>\n            <\/div>\n          <\/div>\n        <\/details>\n      <\/div>\n    <\/div>\n  <\/div>\n\n  <div class=\"faq__box\">\n    <div class=\"faq__container\">\n      <div class=\"faq__block\" itemscope=\"\" itemprop=\"mainEntity\" itemtype=\"https:\/\/schema.org\/Question\">\n        <details>\n          <summary itemprop=\"name\">\n            <p>Est-ce que je peux choisir mon emplacement ?<\/p>\n            <span class=\"plus-terrasses\"><\/span>\n          <\/summary>\n          <div itemscope=\"\" itemprop=\"acceptedAnswer\" itemtype=\"https:\/\/schema.org\/Answer\">\n            <div itemprop=\"text\">\n              <p>Non, mais au moment de la r\u00e9servation vous pouvez indiquer une pr\u00e9f\u00e9rence (emplacement ensoleill\u00e9, mobil-home loin des animations, proche de la piscine etc.) dans la case \u2018Commentaires\u2019 et on essaie d\u2019en tenir compte.<\/p>\n            <\/div>\n          <\/div>\n        <\/details>\n      <\/div>\n    <\/div>\n  <\/div>\n\n<\/div>\n<\/div>\n<\/div>\n\n\r\n    <\/div>\r\n<\/section>\n\n<section id=\"ls-section-block_b045b4d0c4e2bbe044fce519973e3cdc\" class=\"ls-section  page-maillage has-p-t p-t-14 has-p-b p-b-14\" >\r\n        <div class=\"container container--wide\">\r\n        \n\n<div id=\"ls-heading ls-titre-div-block_acb0c2eab3bf8086ab520eadf2a32e06\" class=\"ls-titre-div aligncenter h2-like has-m-b m-b-8\" >\n    D\u00e9couvrez notre phototh\u00e8que, nos Acc\u00e8s\/contact et le tourisme de la r\u00e9gion ! <\/div>\n\n\n<div id=\"ls-maillage-block_d7c5cc20cbcfd1108da2328d4d07b260\" class=\"ls-maillage slow animated fadeInUp delay-100ms cta-style-normal\" data-rows=\"3\">\r\n    <div class=\"wp-block-columns\"><div class=\"wp-block-column\">\n\n<a href=\"https:\/\/www.camping-les-genets.fr\/fr\/phototheque\/\" target=\"\" rel=\"noopener\" class=\"ls-cta__link\">\n\n\t<div class=\"ls-cta__image\"><img decoding=\"async\" src=\"https:\/\/www.camping-les-genets.fr\/wp-content\/uploads\/2023\/07\/camping-les-genets-en-aveyron_1-768x432.jpg\" alt=\"camping les genets en aveyron\"><\/div>\n\t<div class=\"ls-cta__title\">\n\t\tPhototh\u00e8que\t<\/div>\n\n\t\t\n<\/a><\/div><div class=\"wp-block-column\">\n\n<a href=\"https:\/\/www.camping-les-genets.fr\/fr\/acces-contact\/\" target=\"\" rel=\"noopener\" class=\"ls-cta__link\">\n\n\t<div class=\"ls-cta__image\"><img decoding=\"async\" src=\"https:\/\/www.camping-les-genets.fr\/wp-content\/uploads\/2023\/09\/Contact-et-acces-pour-joindre-le-camping-les-genets-768x768.webp\" alt=\"Contact et acc\u00e8s pour joindre le camping les genets\"><\/div>\n\t<div class=\"ls-cta__title\">\n\t\tAcc\u00e8s et contact\t<\/div>\n\n\t\t\n<\/a><\/div><div class=\"wp-block-column\">\n\n<a href=\"https:\/\/www.camping-les-genets.fr\/fr\/tourisme\/\" target=\"\" rel=\"noopener\" class=\"ls-cta__link\">\n\n\t<div class=\"ls-cta__image\"><img decoding=\"async\" src=\"https:\/\/www.camping-les-genets.fr\/wp-content\/uploads\/2023\/09\/Village-Saint-Affrique-dans-laveyron-768x576.webp\" alt=\"Village Saint-Affrique dans l'aveyron\"><\/div>\n\t<div class=\"ls-cta__title\">\n\t\tTourisme\t<\/div>\n\n\t\t\n<\/a><\/div><\/div><\/div>\n\r\n    <\/div>\r\n<\/section>","protected":false},"excerpt":{"rendered":"<p>Foire aux questions<\/p>\n","protected":false},"author":1,"featured_media":3137,"parent":0,"menu_order":0,"comment_status":"closed","ping_status":"closed","template":"","meta":{"_acf_changed":false,"inline_featured_image":false,"footnotes":""},"sujet":[],"class_list":["post-1093","page","type-page","status-publish","has-post-thumbnail","hentry"],"acf":[],"yoast_head":"<!-- This site is optimized with the Yoast SEO plugin v27.3 - https:\/\/yoast.com\/product\/yoast-seo-wordpress\/ -->\n<title>FAQ du camping les Gen\u00eats au lac de Pareloup en Aveyron<\/title>\n<meta name=\"description\" content=\"Des questions sur votre futur s\u00e9jour camping en Aveyron au lac de Pareloup ? Le camping les Gen\u00eats vous donne la r\u00e9ponse aux questions les plus fr\u00e9quentes\" \/>\n<meta name=\"robots\" content=\"index, follow, max-snippet:-1, max-image-preview:large, max-video-preview:-1\" \/>\n<link rel=\"canonical\" href=\"https:\/\/www.camping-les-genets.fr\/fr\/faq\/\" \/>\n<meta property=\"og:locale\" content=\"fr_FR\" \/>\n<meta property=\"og:type\" content=\"article\" \/>\n<meta property=\"og:title\" content=\"FAQ du camping les Gen\u00eats au lac de Pareloup en Aveyron\" \/>\n<meta property=\"og:description\" content=\"Des questions sur votre futur s\u00e9jour camping en Aveyron au lac de Pareloup ? Le camping les Gen\u00eats vous donne la r\u00e9ponse aux questions les plus fr\u00e9quentes\" \/>\n<meta property=\"og:url\" content=\"https:\/\/www.camping-les-genets.fr\/fr\/faq\/\" \/>\n<meta property=\"og:site_name\" content=\"Camping les Genets\" \/>\n<meta property=\"article:modified_time\" content=\"2025-08-04T11:31:37+00:00\" \/>\n<meta property=\"og:image\" content=\"https:\/\/www.camping-les-genets.fr\/wp-content\/uploads\/2023\/09\/Gorge-du-tarn-proche-du-camping-les-genets.webp\" \/>\n\t<meta property=\"og:image:width\" content=\"2560\" \/>\n\t<meta property=\"og:image:height\" content=\"1215\" \/>\n\t<meta property=\"og:image:type\" content=\"image\/webp\" \/>\n<meta name=\"twitter:card\" content=\"summary_large_image\" \/>\n<meta name=\"twitter:label1\" content=\"Dur\u00e9e de lecture estim\u00e9e\" \/>\n\t<meta name=\"twitter:data1\" content=\"8 minutes\" \/>\n<script type=\"application\/ld+json\" class=\"yoast-schema-graph\">{\"@context\":\"https:\\\/\\\/schema.org\",\"@graph\":[{\"@type\":[\"WebPage\",\"FAQPage\"],\"@id\":\"https:\\\/\\\/www.camping-les-genets.fr\\\/fr\\\/faq\\\/\",\"url\":\"https:\\\/\\\/www.camping-les-genets.fr\\\/fr\\\/faq\\\/\",\"name\":\"FAQ du camping les Gen\u00eats au lac de Pareloup en Aveyron\",\"isPartOf\":{\"@id\":\"https:\\\/\\\/www.camping-les-genets.fr\\\/fr\\\/#website\"},\"primaryImageOfPage\":{\"@id\":\"https:\\\/\\\/www.camping-les-genets.fr\\\/fr\\\/faq\\\/#primaryimage\"},\"image\":{\"@id\":\"https:\\\/\\\/www.camping-les-genets.fr\\\/fr\\\/faq\\\/#primaryimage\"},\"thumbnailUrl\":\"https:\\\/\\\/www.camping-les-genets.fr\\\/wp-content\\\/uploads\\\/2023\\\/09\\\/Gorge-du-tarn-proche-du-camping-les-genets.webp\",\"datePublished\":\"2023-07-27T11:23:40+00:00\",\"dateModified\":\"2025-08-04T11:31:37+00:00\",\"description\":\"Des questions sur votre futur s\u00e9jour camping en Aveyron au lac de Pareloup ? Le camping les Gen\u00eats vous donne la r\u00e9ponse aux questions les plus fr\u00e9quentes\",\"breadcrumb\":{\"@id\":\"https:\\\/\\\/www.camping-les-genets.fr\\\/fr\\\/faq\\\/#breadcrumb\"},\"inLanguage\":\"fr-FR\",\"potentialAction\":[{\"@type\":\"ReadAction\",\"target\":[\"https:\\\/\\\/www.camping-les-genets.fr\\\/fr\\\/faq\\\/\"]}]},{\"@type\":\"ImageObject\",\"inLanguage\":\"fr-FR\",\"@id\":\"https:\\\/\\\/www.camping-les-genets.fr\\\/fr\\\/faq\\\/#primaryimage\",\"url\":\"https:\\\/\\\/www.camping-les-genets.fr\\\/wp-content\\\/uploads\\\/2023\\\/09\\\/Gorge-du-tarn-proche-du-camping-les-genets.webp\",\"contentUrl\":\"https:\\\/\\\/www.camping-les-genets.fr\\\/wp-content\\\/uploads\\\/2023\\\/09\\\/Gorge-du-tarn-proche-du-camping-les-genets.webp\",\"width\":2560,\"height\":1215,\"caption\":\"Gorge du tarn proche du camping les genets\"},{\"@type\":\"BreadcrumbList\",\"@id\":\"https:\\\/\\\/www.camping-les-genets.fr\\\/fr\\\/faq\\\/#breadcrumb\",\"itemListElement\":[{\"@type\":\"ListItem\",\"position\":1,\"name\":\"Camping Aveyron\",\"item\":\"https:\\\/\\\/www.camping-les-genets.fr\\\/fr\\\/\"},{\"@type\":\"ListItem\",\"position\":2,\"name\":\"FAQ\"}]},{\"@type\":\"WebSite\",\"@id\":\"https:\\\/\\\/www.camping-les-genets.fr\\\/fr\\\/#website\",\"url\":\"https:\\\/\\\/www.camping-les-genets.fr\\\/fr\\\/\",\"name\":\"Camping les Genets\",\"description\":\"\",\"publisher\":{\"@id\":\"https:\\\/\\\/www.camping-les-genets.fr\\\/fr\\\/#organization\"},\"potentialAction\":[{\"@type\":\"SearchAction\",\"target\":{\"@type\":\"EntryPoint\",\"urlTemplate\":\"https:\\\/\\\/www.camping-les-genets.fr\\\/fr\\\/?s={search_term_string}\"},\"query-input\":{\"@type\":\"PropertyValueSpecification\",\"valueRequired\":true,\"valueName\":\"search_term_string\"}}],\"inLanguage\":\"fr-FR\"},{\"@type\":\"Organization\",\"@id\":\"https:\\\/\\\/www.camping-les-genets.fr\\\/fr\\\/#organization\",\"name\":\"Camping les Genets\",\"url\":\"https:\\\/\\\/www.camping-les-genets.fr\\\/fr\\\/\",\"logo\":{\"@type\":\"ImageObject\",\"inLanguage\":\"fr-FR\",\"@id\":\"https:\\\/\\\/www.camping-les-genets.fr\\\/fr\\\/#\\\/schema\\\/logo\\\/image\\\/\",\"url\":\"https:\\\/\\\/www.camping-les-genets.fr\\\/wp-content\\\/uploads\\\/2023\\\/07\\\/cropped-logo-camping-genets-footer.png\",\"contentUrl\":\"https:\\\/\\\/www.camping-les-genets.fr\\\/wp-content\\\/uploads\\\/2023\\\/07\\\/cropped-logo-camping-genets-footer.png\",\"width\":500,\"height\":295,\"caption\":\"Camping les Genets\"},\"image\":{\"@id\":\"https:\\\/\\\/www.camping-les-genets.fr\\\/fr\\\/#\\\/schema\\\/logo\\\/image\\\/\"}}]}<\/script>\n<!-- \/ Yoast SEO plugin. -->","yoast_head_json":{"title":"FAQ du camping les Gen\u00eats au lac de Pareloup en Aveyron","description":"Des questions sur votre futur s\u00e9jour camping en Aveyron au lac de Pareloup ? Le camping les Gen\u00eats vous donne la r\u00e9ponse aux questions les plus fr\u00e9quentes","robots":{"index":"index","follow":"follow","max-snippet":"max-snippet:-1","max-image-preview":"max-image-preview:large","max-video-preview":"max-video-preview:-1"},"canonical":"https:\/\/www.camping-les-genets.fr\/fr\/faq\/","og_locale":"fr_FR","og_type":"article","og_title":"FAQ du camping les Gen\u00eats au lac de Pareloup en Aveyron","og_description":"Des questions sur votre futur s\u00e9jour camping en Aveyron au lac de Pareloup ? Le camping les Gen\u00eats vous donne la r\u00e9ponse aux questions les plus fr\u00e9quentes","og_url":"https:\/\/www.camping-les-genets.fr\/fr\/faq\/","og_site_name":"Camping les Genets","article_modified_time":"2025-08-04T11:31:37+00:00","og_image":[{"width":2560,"height":1215,"url":"https:\/\/www.camping-les-genets.fr\/wp-content\/uploads\/2023\/09\/Gorge-du-tarn-proche-du-camping-les-genets.webp","type":"image\/webp"}],"twitter_card":"summary_large_image","twitter_misc":{"Dur\u00e9e de lecture estim\u00e9e":"8 minutes"},"schema":{"@context":"https:\/\/schema.org","@graph":[{"@type":["WebPage","FAQPage"],"@id":"https:\/\/www.camping-les-genets.fr\/fr\/faq\/","url":"https:\/\/www.camping-les-genets.fr\/fr\/faq\/","name":"FAQ du camping les Gen\u00eats au lac de Pareloup en Aveyron","isPartOf":{"@id":"https:\/\/www.camping-les-genets.fr\/fr\/#website"},"primaryImageOfPage":{"@id":"https:\/\/www.camping-les-genets.fr\/fr\/faq\/#primaryimage"},"image":{"@id":"https:\/\/www.camping-les-genets.fr\/fr\/faq\/#primaryimage"},"thumbnailUrl":"https:\/\/www.camping-les-genets.fr\/wp-content\/uploads\/2023\/09\/Gorge-du-tarn-proche-du-camping-les-genets.webp","datePublished":"2023-07-27T11:23:40+00:00","dateModified":"2025-08-04T11:31:37+00:00","description":"Des questions sur votre futur s\u00e9jour camping en Aveyron au lac de Pareloup ? Le camping les Gen\u00eats vous donne la r\u00e9ponse aux questions les plus fr\u00e9quentes","breadcrumb":{"@id":"https:\/\/www.camping-les-genets.fr\/fr\/faq\/#breadcrumb"},"inLanguage":"fr-FR","potentialAction":[{"@type":"ReadAction","target":["https:\/\/www.camping-les-genets.fr\/fr\/faq\/"]}]},{"@type":"ImageObject","inLanguage":"fr-FR","@id":"https:\/\/www.camping-les-genets.fr\/fr\/faq\/#primaryimage","url":"https:\/\/www.camping-les-genets.fr\/wp-content\/uploads\/2023\/09\/Gorge-du-tarn-proche-du-camping-les-genets.webp","contentUrl":"https:\/\/www.camping-les-genets.fr\/wp-content\/uploads\/2023\/09\/Gorge-du-tarn-proche-du-camping-les-genets.webp","width":2560,"height":1215,"caption":"Gorge du tarn proche du camping les genets"},{"@type":"BreadcrumbList","@id":"https:\/\/www.camping-les-genets.fr\/fr\/faq\/#breadcrumb","itemListElement":[{"@type":"ListItem","position":1,"name":"Camping Aveyron","item":"https:\/\/www.camping-les-genets.fr\/fr\/"},{"@type":"ListItem","position":2,"name":"FAQ"}]},{"@type":"WebSite","@id":"https:\/\/www.camping-les-genets.fr\/fr\/#website","url":"https:\/\/www.camping-les-genets.fr\/fr\/","name":"Camping les Genets","description":"","publisher":{"@id":"https:\/\/www.camping-les-genets.fr\/fr\/#organization"},"potentialAction":[{"@type":"SearchAction","target":{"@type":"EntryPoint","urlTemplate":"https:\/\/www.camping-les-genets.fr\/fr\/?s={search_term_string}"},"query-input":{"@type":"PropertyValueSpecification","valueRequired":true,"valueName":"search_term_string"}}],"inLanguage":"fr-FR"},{"@type":"Organization","@id":"https:\/\/www.camping-les-genets.fr\/fr\/#organization","name":"Camping les Genets","url":"https:\/\/www.camping-les-genets.fr\/fr\/","logo":{"@type":"ImageObject","inLanguage":"fr-FR","@id":"https:\/\/www.camping-les-genets.fr\/fr\/#\/schema\/logo\/image\/","url":"https:\/\/www.camping-les-genets.fr\/wp-content\/uploads\/2023\/07\/cropped-logo-camping-genets-footer.png","contentUrl":"https:\/\/www.camping-les-genets.fr\/wp-content\/uploads\/2023\/07\/cropped-logo-camping-genets-footer.png","width":500,"height":295,"caption":"Camping les Genets"},"image":{"@id":"https:\/\/www.camping-les-genets.fr\/fr\/#\/schema\/logo\/image\/"}}]}},"_links":{"self":[{"href":"https:\/\/www.camping-les-genets.fr\/fr\/wp-json\/wp\/v2\/pages\/1093","targetHints":{"allow":["GET"]}}],"collection":[{"href":"https:\/\/www.camping-les-genets.fr\/fr\/wp-json\/wp\/v2\/pages"}],"about":[{"href":"https:\/\/www.camping-les-genets.fr\/fr\/wp-json\/wp\/v2\/types\/page"}],"author":[{"embeddable":true,"href":"https:\/\/www.camping-les-genets.fr\/fr\/wp-json\/wp\/v2\/users\/1"}],"replies":[{"embeddable":true,"href":"https:\/\/www.camping-les-genets.fr\/fr\/wp-json\/wp\/v2\/comments?post=1093"}],"version-history":[{"count":37,"href":"https:\/\/www.camping-les-genets.fr\/fr\/wp-json\/wp\/v2\/pages\/1093\/revisions"}],"predecessor-version":[{"id":7865,"href":"https:\/\/www.camping-les-genets.fr\/fr\/wp-json\/wp\/v2\/pages\/1093\/revisions\/7865"}],"wp:featuredmedia":[{"embeddable":true,"href":"https:\/\/www.camping-les-genets.fr\/fr\/wp-json\/wp\/v2\/media\/3137"}],"wp:attachment":[{"href":"https:\/\/www.camping-les-genets.fr\/fr\/wp-json\/wp\/v2\/media?parent=1093"}],"wp:term":[{"taxonomy":"sujet","embeddable":true,"href":"https:\/\/www.camping-les-genets.fr\/fr\/wp-json\/wp\/v2\/sujet?post=1093"}],"curies":[{"name":"wp","href":"https:\/\/api.w.org\/{rel}","templated":true}]}}