{"id":1079,"date":"2023-07-27T13:19:49","date_gmt":"2023-07-27T11:19:49","guid":{"rendered":"https:\/\/www.camping-les-genets.fr\/?page_id=1079"},"modified":"2024-12-04T11:13:51","modified_gmt":"2024-12-04T10:13:51","slug":"location","status":"publish","type":"page","link":"https:\/\/www.camping-les-genets.fr\/fr\/location\/","title":{"rendered":"Locations"},"content":{"rendered":"<section id=\"ls-section-block_a8e0ad079cd64599086cc1c48409a598\" class=\"ls-section  page-chapeau has-p-b p-b-0\" >\r\n        <div class=\"container \">\r\n        \n\n<h1 class=\"ls__heading wp-block-heading has-text-align-center animated fadeInLeft delay-100ms slow\"><strong>Location de mobil-homes<\/strong> en Aveyron<\/h1>\n\n\r\n    <\/div>\r\n<\/section>\n\n<section id=\"ls-section-block_135bb33b8caab7b699febb22264ec0ef\" class=\"ls-section \" >\r\n        <div class=\"container container--wide\">\r\n        \n\n<div id=\"ls-hebergements-block_31bb186d1d772c6faf01622f2e3c053c\" class=\"ls-hebergements\">\n\n    <div class=\"ls-customizer\">\n\n    <div class=\"ls-customizer__filters\">\n        <div class=\"ls-customizer__filters__close\">\n            <i class=\"fas fa-times\"><\/i>\n        <\/div>\n\n        <div class=\"ls-customizer__filters__title\">\n            <b>Filtres<\/b>\n            <span class=\"ls-customizer__filters__clear\"><i class=\"fas fa-times\"><\/i> Effacer les filtres<\/span>\n        <\/div>\n\n                \n        <!-- Filtres ACF fields -->\n        \n                                <!-- Filtre nombre_de_personnes -->\n                        <div class=\"filter\" id=\"filter-nombre_de_personnes\">\n                <div class=\"filter__title\">Capacit\u00e9 maximale<i class=\"genets-arrow\"><\/i><\/div>\n                <fieldset data-filter=\"nombre_de_personnes\" data-operator=\"<=\" class=\"input\">\n                    \n                    <div><input type=\"radio\" name=\"nombre_de_personnes\" id=\"nombre_de_personnes-all\"  class=\"checkbox\" \/><label for='nombre_de_personnes-all'>Tous<\/label><\/div><div><input type=\"radio\" name=\"nombre_de_personnes\" id=\"nombre_de_personnes-4\" value=\"4\" class=\"checkbox\"  \/><label for='nombre_de_personnes-4'>Jusqu&rsquo;\u00e0 4 pers.<\/label><\/div><div><input type=\"radio\" name=\"nombre_de_personnes\" id=\"nombre_de_personnes-6\" value=\"6\" class=\"checkbox\"  \/><label for='nombre_de_personnes-6'>Jusqu&rsquo;\u00e0 6 pers.<\/label><\/div>                <\/fieldset>\n            <\/div>\n                                <!-- Filtre nombre_de_chambres -->\n                        <div class=\"filter\" id=\"filter-nombre_de_chambres\">\n                <div class=\"filter__title\">Nombre de chambres<i class=\"genets-arrow\"><\/i><\/div>\n                <fieldset data-filter=\"nombre_de_chambres\" data-operator=\"==\" class=\"input\">\n                    \n                    <div><input type=\"radio\" name=\"nombre_de_chambres\" id=\"nombre_de_chambres-all\"  class=\"checkbox\" \/><label for='nombre_de_chambres-all'>Tous<\/label><\/div><div><input type=\"radio\" name=\"nombre_de_chambres\" id=\"nombre_de_chambres-2\" value=\"2\" class=\"checkbox\"  \/><label for='nombre_de_chambres-2'>2<\/label><\/div><div><input type=\"radio\" name=\"nombre_de_chambres\" id=\"nombre_de_chambres-3\" value=\"3\" class=\"checkbox\"  \/><label for='nombre_de_chambres-3'>3<\/label><\/div>                <\/fieldset>\n            <\/div>\n                    \n        <div id=\"validate-filters\" class=\"ls-button\">Valider la s\u00e9lection<\/div>\n\n        \n    <\/div>\n\n    <div class=\"ls-customizer__orders\">\n        <i class=\"fas fa-sort\"><\/i>\n        <select class=\"select-order\">\n            <option selected value=\"\">Trier par<\/option>\n            <option value=\"price-asc\">Prix croissant<\/option>\n            <option value=\"price-desc\">Prix d\u00e9croissant<\/option>\n        <\/select>\n    <\/div>\n\n<\/div><div class=\"ls-hebergements__results\" data-row=\"3\" data-campings=\"false\" data-types=\"[18]\"><div class=\"ls-hebergement\" data-postid='6389' data-id-reservation='60554' data-id-site='' data-id1='' data-nombre_de_personnes='6' data-nombre_de_chambres='' data-last-update='' data-type='accommodation-fr mobil-home-fr'>\n\t<a href=\"https:\/\/www.camping-les-genets.fr\/fr\/hebergements\/mobilhome-confort-3-chambres-31-m%c2%b2\/#primary\" rel=\"noopener\" target=\"_blank\"\n\t\tclass=\"ls-hebergement__link\">\n\t\t<div class=\"ls-hebergement__thumb\">\n\t\t\t\t\t\t<img decoding=\"async\" src=\"https:\/\/www.camping-les-genets.fr\/wp-content\/uploads\/2025\/09\/0-1362606-scaled.jpg\" alt=\"Mobil-home Confort 3 chambres\" \/>\n\t\t<\/div>\n\t\t<div class=\"ls-hebergement__title\">\n\t\t\tMobil-home Confort 3 chambres\t\t<\/div>\n\n\t\t<div class=\"ls-hebergement__details\">\n\n\t\t\t<div class=\"ls-hebergement__icons\">\n\n\t\t\t\t\t\t\t\t<span class=\"ls-hebergement__icon\">\n\t\t\t\t\t<i class=\"genets-family\"><\/i>\n\t\t\t\t\t6\t\t\t\t<\/span>\n\t\t\t\t\n\t\t\t\t\n\t\t\t\t<div class=\"ls-hebergement__infos\">\n\t\t\t\t\t\t\t\t\t\t<span class=\"ls-hebergement__detail\">\n\t\t\t\t\t\t<i class=\"genets-area1\"><\/i> 31m\u00b2\n\t\t\t\t\t<\/span>\n\t\t\t\t\t\t\t\t\t\t\t\t\t\t<\/div>\n\t\t\t\t\n\t\t\t<\/div>\n\n\n\t\t<\/div>\n\n\t\t<div class=\"ls-hebergement__disponibilites\">\n\t\t\tD\u00e9couvrir\t\t<\/div>\n\t\t<div class=\"ls-button in-view animated fadeInUp\" style=\"opacity: 1;\">\n\t\t\t<span>D\u00e9couvrir<\/span><\/div>\n\t<\/a>\n<\/div><div class=\"ls-hebergement\" data-postid='6381' data-id-reservation='88581' data-id-site='' data-id1='' data-nombre_de_personnes='6' data-nombre_de_chambres='3' data-last-update='' data-type='accommodation-fr mobil-home-fr'>\n\t<a href=\"https:\/\/www.camping-les-genets.fr\/fr\/hebergements\/mobilhome-premium-grand-large-3-chambres-37-m%c2%b2\/#primary\" rel=\"noopener\" target=\"_blank\"\n\t\tclass=\"ls-hebergement__link\">\n\t\t<div class=\"ls-hebergement__thumb\">\n\t\t\t\t\t\t<img decoding=\"async\" src=\"https:\/\/www.camping-les-genets.fr\/wp-content\/uploads\/2023\/07\/0-956224.jpg\" alt=\"Mobil-home Premium Grand Large 3 Chambres\" \/>\n\t\t<\/div>\n\t\t<div class=\"ls-hebergement__title\">\n\t\t\tMobil-home Premium Grand Large 3 Chambres\t\t<\/div>\n\n\t\t<div class=\"ls-hebergement__details\">\n\n\t\t\t<div class=\"ls-hebergement__icons\">\n\n\t\t\t\t\t\t\t\t<span class=\"ls-hebergement__icon\">\n\t\t\t\t\t<i class=\"genets-family\"><\/i>\n\t\t\t\t\t6\t\t\t\t<\/span>\n\t\t\t\t\n\t\t\t\t\n\t\t\t\t<div class=\"ls-hebergement__infos\">\n\t\t\t\t\t\t\t\t\t\t<span class=\"ls-hebergement__detail\">\n\t\t\t\t\t\t<i class=\"genets-area1\"><\/i> 34m\u00b2\n\t\t\t\t\t<\/span>\n\t\t\t\t\t\t\t\t\t\t\t\t\t\t\t<span class=\"ls-hebergement__detail\">\n\t\t\t\t\t\t\t\t\t\t\t\t<i class=\"genets-door\"><\/i> 3\t\t\t\t\t\tch.\t\t\t\t\t\t\t\t\t\t\t<\/span>\n\t\t\t\t\t\t\t\t\t<\/div>\n\t\t\t\t\n\t\t\t<\/div>\n\n\n\t\t<\/div>\n\n\t\t<div class=\"ls-hebergement__disponibilites\">\n\t\t\tD\u00e9couvrir\t\t<\/div>\n\t\t<div class=\"ls-button in-view animated fadeInUp\" style=\"opacity: 1;\">\n\t\t\t<span>D\u00e9couvrir<\/span><\/div>\n\t<\/a>\n<\/div><div class=\"ls-hebergement\" data-postid='6382' data-id-reservation='131052' data-id-site='' data-id1='' data-nombre_de_personnes='4' data-nombre_de_chambres='2' data-last-update='' data-type='chalet-fr accommodation-fr'>\n\t<a href=\"https:\/\/www.camping-les-genets.fr\/fr\/hebergements\/cottage-pareloup-premium\/#primary\" rel=\"noopener\" target=\"_blank\"\n\t\tclass=\"ls-hebergement__link\">\n\t\t<div class=\"ls-hebergement__thumb\">\n\t\t\t\t\t\t<img decoding=\"async\" src=\"https:\/\/www.camping-les-genets.fr\/wp-content\/uploads\/2025\/09\/0-1213076-scaled.jpg\" alt=\"Cottage Pareloup Premium\" \/>\n\t\t<\/div>\n\t\t<div class=\"ls-hebergement__title\">\n\t\t\tCottage Pareloup Premium\t\t<\/div>\n\n\t\t<div class=\"ls-hebergement__details\">\n\n\t\t\t<div class=\"ls-hebergement__icons\">\n\n\t\t\t\t\t\t\t\t<span class=\"ls-hebergement__icon\">\n\t\t\t\t\t<i class=\"genets-family\"><\/i>\n\t\t\t\t\t4\t\t\t\t<\/span>\n\t\t\t\t\n\t\t\t\t\n\t\t\t\t<div class=\"ls-hebergement__infos\">\n\t\t\t\t\t\t\t\t\t\t<span class=\"ls-hebergement__detail\">\n\t\t\t\t\t\t<i class=\"genets-area1\"><\/i> 35m\u00b2\n\t\t\t\t\t<\/span>\n\t\t\t\t\t\t\t\t\t\t\t\t\t\t\t<span class=\"ls-hebergement__detail\">\n\t\t\t\t\t\t\t\t\t\t\t\t<i class=\"genets-door\"><\/i> 2\t\t\t\t\t\tch.\t\t\t\t\t\t\t\t\t\t\t<\/span>\n\t\t\t\t\t\t\t\t\t<\/div>\n\t\t\t\t\n\t\t\t<\/div>\n\n\n\t\t<\/div>\n\n\t\t<div class=\"ls-hebergement__disponibilites\">\n\t\t\tD\u00e9couvrir\t\t<\/div>\n\t\t<div class=\"ls-button in-view animated fadeInUp\" style=\"opacity: 1;\">\n\t\t\t<span>D\u00e9couvrir<\/span><\/div>\n\t<\/a>\n<\/div><div class=\"ls-hebergement\" data-postid='6385' data-id-reservation='80927' data-id-site='' data-id1='' data-nombre_de_personnes='4' data-nombre_de_chambres='2' data-last-update='' data-type='accommodation-fr mobil-home-fr'>\n\t<a href=\"https:\/\/www.camping-les-genets.fr\/fr\/hebergements\/mobil-home-confort-pergola-2-chambres-31-m%c2%b2\/#primary\" rel=\"noopener\" target=\"_blank\"\n\t\tclass=\"ls-hebergement__link\">\n\t\t<div class=\"ls-hebergement__thumb\">\n\t\t\t\t\t\t<img decoding=\"async\" src=\"https:\/\/www.camping-les-genets.fr\/wp-content\/uploads\/2023\/07\/0-870759-scaled.jpg\" alt=\"Mobil-home Confort Pergola 2 chambres\" \/>\n\t\t<\/div>\n\t\t<div class=\"ls-hebergement__title\">\n\t\t\tMobil-home Confort Pergola 2 chambres\t\t<\/div>\n\n\t\t<div class=\"ls-hebergement__details\">\n\n\t\t\t<div class=\"ls-hebergement__icons\">\n\n\t\t\t\t\t\t\t\t<span class=\"ls-hebergement__icon\">\n\t\t\t\t\t<i class=\"genets-family\"><\/i>\n\t\t\t\t\t4\t\t\t\t<\/span>\n\t\t\t\t\n\t\t\t\t\n\t\t\t\t<div class=\"ls-hebergement__infos\">\n\t\t\t\t\t\t\t\t\t\t<span class=\"ls-hebergement__detail\">\n\t\t\t\t\t\t<i class=\"genets-area1\"><\/i> 31m\u00b2\n\t\t\t\t\t<\/span>\n\t\t\t\t\t\t\t\t\t\t\t\t\t\t\t<span class=\"ls-hebergement__detail\">\n\t\t\t\t\t\t\t\t\t\t\t\t<i class=\"genets-door\"><\/i> 2\t\t\t\t\t\tch.\t\t\t\t\t\t\t\t\t\t\t<\/span>\n\t\t\t\t\t\t\t\t\t<\/div>\n\t\t\t\t\n\t\t\t<\/div>\n\n\n\t\t<\/div>\n\n\t\t<div class=\"ls-hebergement__disponibilites\">\n\t\t\tD\u00e9couvrir\t\t<\/div>\n\t\t<div class=\"ls-button in-view animated fadeInUp\" style=\"opacity: 1;\">\n\t\t\t<span>D\u00e9couvrir<\/span><\/div>\n\t<\/a>\n<\/div><div class=\"ls-hebergement\" data-postid='6386' data-id-reservation='27820' data-id-site='' data-id1='' data-nombre_de_personnes='4' data-nombre_de_chambres='2' data-last-update='' data-type='chalet-fr accommodation-fr'>\n\t<a href=\"https:\/\/www.camping-les-genets.fr\/fr\/hebergements\/chalet-2-chambres-28-m%c2%b2\/#primary\" rel=\"noopener\" target=\"_blank\"\n\t\tclass=\"ls-hebergement__link\">\n\t\t<div class=\"ls-hebergement__thumb\">\n\t\t\t\t\t\t<img decoding=\"async\" src=\"https:\/\/www.camping-les-genets.fr\/wp-content\/uploads\/2023\/11\/0-870741-scaled.jpg\" alt=\"Chalet 2 chambres\" \/>\n\t\t<\/div>\n\t\t<div class=\"ls-hebergement__title\">\n\t\t\tChalet 2 chambres\t\t<\/div>\n\n\t\t<div class=\"ls-hebergement__details\">\n\n\t\t\t<div class=\"ls-hebergement__icons\">\n\n\t\t\t\t\t\t\t\t<span class=\"ls-hebergement__icon\">\n\t\t\t\t\t<i class=\"genets-family\"><\/i>\n\t\t\t\t\t4\t\t\t\t<\/span>\n\t\t\t\t\n\t\t\t\t\n\t\t\t\t<div class=\"ls-hebergement__infos\">\n\t\t\t\t\t\t\t\t\t\t<span class=\"ls-hebergement__detail\">\n\t\t\t\t\t\t<i class=\"genets-area1\"><\/i> 28m\u00b2\n\t\t\t\t\t<\/span>\n\t\t\t\t\t\t\t\t\t\t\t\t\t\t\t<span class=\"ls-hebergement__detail\">\n\t\t\t\t\t\t\t\t\t\t\t\t<i class=\"genets-door\"><\/i> 2\t\t\t\t\t\tch.\t\t\t\t\t\t\t\t\t\t\t<\/span>\n\t\t\t\t\t\t\t\t\t<\/div>\n\t\t\t\t\n\t\t\t<\/div>\n\n\n\t\t<\/div>\n\n\t\t<div class=\"ls-hebergement__disponibilites\">\n\t\t\tD\u00e9couvrir\t\t<\/div>\n\t\t<div class=\"ls-button in-view animated fadeInUp\" style=\"opacity: 1;\">\n\t\t\t<span>D\u00e9couvrir<\/span><\/div>\n\t<\/a>\n<\/div><div class=\"ls-hebergement\" data-postid='6387' data-id-reservation='88579' data-id-site='' data-id1='' data-nombre_de_personnes='4' data-nombre_de_chambres='2' data-last-update='' data-type='accommodation-fr mobil-home-fr'>\n\t<a href=\"https:\/\/www.camping-les-genets.fr\/fr\/hebergements\/mobilhome-premium-terrasse-couverte-2-chambres-33-m%c2%b2\/#primary\" rel=\"noopener\" target=\"_blank\"\n\t\tclass=\"ls-hebergement__link\">\n\t\t<div class=\"ls-hebergement__thumb\">\n\t\t\t\t\t\t<img decoding=\"async\" src=\"https:\/\/www.camping-les-genets.fr\/wp-content\/uploads\/2025\/11\/0-800809-scaled.jpg\" alt=\"Mobil-home Terrasse Couverte 2 chambres\" \/>\n\t\t<\/div>\n\t\t<div class=\"ls-hebergement__title\">\n\t\t\tMobil-home Terrasse Couverte 2 chambres\t\t<\/div>\n\n\t\t<div class=\"ls-hebergement__details\">\n\n\t\t\t<div class=\"ls-hebergement__icons\">\n\n\t\t\t\t\t\t\t\t<span class=\"ls-hebergement__icon\">\n\t\t\t\t\t<i class=\"genets-family\"><\/i>\n\t\t\t\t\t4\t\t\t\t<\/span>\n\t\t\t\t\n\t\t\t\t\n\t\t\t\t<div class=\"ls-hebergement__infos\">\n\t\t\t\t\t\t\t\t\t\t<span class=\"ls-hebergement__detail\">\n\t\t\t\t\t\t<i class=\"genets-area1\"><\/i> 26m\u00b2\n\t\t\t\t\t<\/span>\n\t\t\t\t\t\t\t\t\t\t\t\t\t\t\t<span class=\"ls-hebergement__detail\">\n\t\t\t\t\t\t\t\t\t\t\t\t<i class=\"genets-door\"><\/i> 2\t\t\t\t\t\tch.\t\t\t\t\t\t\t\t\t\t\t<\/span>\n\t\t\t\t\t\t\t\t\t<\/div>\n\t\t\t\t\n\t\t\t<\/div>\n\n\n\t\t<\/div>\n\n\t\t<div class=\"ls-hebergement__disponibilites\">\n\t\t\tD\u00e9couvrir\t\t<\/div>\n\t\t<div class=\"ls-button in-view animated fadeInUp\" style=\"opacity: 1;\">\n\t\t\t<span>D\u00e9couvrir<\/span><\/div>\n\t<\/a>\n<\/div><div class=\"ls-hebergement\" data-postid='6388' data-id-reservation='27826' data-id-site='' data-id1='' data-nombre_de_personnes='4' data-nombre_de_chambres='2' data-last-update='' data-type='accommodation-fr mobil-home-fr'>\n\t<a href=\"https:\/\/www.camping-les-genets.fr\/fr\/hebergements\/mobil-home-confort-2-chambres-31-m%c2%b2\/#primary\" rel=\"noopener\" target=\"_blank\"\n\t\tclass=\"ls-hebergement__link\">\n\t\t<div class=\"ls-hebergement__thumb\">\n\t\t\t\t\t\t<img decoding=\"async\" src=\"https:\/\/www.camping-les-genets.fr\/wp-content\/uploads\/2025\/09\/0-870752-scaled.jpg\" alt=\"Mobil-home Confort 2 chambres\" \/>\n\t\t<\/div>\n\t\t<div class=\"ls-hebergement__title\">\n\t\t\tMobil-home Confort 2 chambres\t\t<\/div>\n\n\t\t<div class=\"ls-hebergement__details\">\n\n\t\t\t<div class=\"ls-hebergement__icons\">\n\n\t\t\t\t\t\t\t\t<span class=\"ls-hebergement__icon\">\n\t\t\t\t\t<i class=\"genets-family\"><\/i>\n\t\t\t\t\t4\t\t\t\t<\/span>\n\t\t\t\t\n\t\t\t\t\n\t\t\t\t<div class=\"ls-hebergement__infos\">\n\t\t\t\t\t\t\t\t\t\t<span class=\"ls-hebergement__detail\">\n\t\t\t\t\t\t<i class=\"genets-area1\"><\/i> 31m\u00b2\n\t\t\t\t\t<\/span>\n\t\t\t\t\t\t\t\t\t\t\t\t\t\t\t<span class=\"ls-hebergement__detail\">\n\t\t\t\t\t\t\t\t\t\t\t\t<i class=\"genets-door\"><\/i> 2\t\t\t\t\t\tch.\t\t\t\t\t\t\t\t\t\t\t<\/span>\n\t\t\t\t\t\t\t\t\t<\/div>\n\t\t\t\t\n\t\t\t<\/div>\n\n\n\t\t<\/div>\n\n\t\t<div class=\"ls-hebergement__disponibilites\">\n\t\t\tD\u00e9couvrir\t\t<\/div>\n\t\t<div class=\"ls-button in-view animated fadeInUp\" style=\"opacity: 1;\">\n\t\t\t<span>D\u00e9couvrir<\/span><\/div>\n\t<\/a>\n<\/div><div class=\"ls-hebergement\" data-postid='6380' data-id-reservation='109314' data-id-site='' data-id1='' data-nombre_de_personnes='6' data-nombre_de_chambres='3' data-last-update='' data-type='accommodation-fr mobil-home-fr'>\n\t<a href=\"https:\/\/www.camping-les-genets.fr\/fr\/hebergements\/mobilhome-premium-3-chambres-ohara\/#primary\" rel=\"noopener\" target=\"_blank\"\n\t\tclass=\"ls-hebergement__link\">\n\t\t<div class=\"ls-hebergement__thumb\">\n\t\t\t\t\t\t<img decoding=\"async\" src=\"https:\/\/www.camping-les-genets.fr\/wp-content\/uploads\/2023\/07\/0-956219.jpg\" alt=\"Mobil-home Premium 3 chambres O&rsquo;Hara\" \/>\n\t\t<\/div>\n\t\t<div class=\"ls-hebergement__title\">\n\t\t\tMobil-home Premium 3 chambres O&rsquo;Hara\t\t<\/div>\n\n\t\t<div class=\"ls-hebergement__details\">\n\n\t\t\t<div class=\"ls-hebergement__icons\">\n\n\t\t\t\t\t\t\t\t<span class=\"ls-hebergement__icon\">\n\t\t\t\t\t<i class=\"genets-family\"><\/i>\n\t\t\t\t\t6\t\t\t\t<\/span>\n\t\t\t\t\n\t\t\t\t\n\t\t\t\t<div class=\"ls-hebergement__infos\">\n\t\t\t\t\t\t\t\t\t\t<span class=\"ls-hebergement__detail\">\n\t\t\t\t\t\t<i class=\"genets-area1\"><\/i> 34m\u00b2\n\t\t\t\t\t<\/span>\n\t\t\t\t\t\t\t\t\t\t\t\t\t\t\t<span class=\"ls-hebergement__detail\">\n\t\t\t\t\t\t\t\t\t\t\t\t<i class=\"genets-door\"><\/i> 3\t\t\t\t\t\tch.\t\t\t\t\t\t\t\t\t\t\t<\/span>\n\t\t\t\t\t\t\t\t\t<\/div>\n\t\t\t\t\n\t\t\t<\/div>\n\n\n\t\t<\/div>\n\n\t\t<div class=\"ls-hebergement__disponibilites\">\n\t\t\tD\u00e9couvrir\t\t<\/div>\n\t\t<div class=\"ls-button in-view animated fadeInUp\" style=\"opacity: 1;\">\n\t\t\t<span>D\u00e9couvrir<\/span><\/div>\n\t<\/a>\n<\/div><\/div><\/div>\n\r\n    <\/div>\r\n<\/section>\n\n<section id=\"ls-section-block_b4636cda01296c82cb49bb853c5c1826\" class=\"ls-section  page-one has-p-b p-b-14\" >\r\n        <div class=\"container container--full\">\r\n        \n\n<div class=\"wp-block-columns is-layout-flex wp-container-core-columns-is-layout-9d6595d7 wp-block-columns-is-layout-flex\">\n<div class=\"wp-block-column first is-layout-flow wp-block-column-is-layout-flow\" style=\"flex-basis:66.66%\">\n<figure class=\"wp-block-image size-full\"><img decoding=\"async\" width=\"2560\" height=\"1920\" src=\"https:\/\/www.camping-les-genets.fr\/wp-content\/uploads\/2023\/09\/Mobile-home-confort-au-camping-Les-Genets.webp\" alt=\"Mobile home confort au camping Les Gen\u00eats\" class=\"wp-image-1496\" srcset=\"https:\/\/www.camping-les-genets.fr\/wp-content\/uploads\/2023\/09\/Mobile-home-confort-au-camping-Les-Genets.webp 2560w, https:\/\/www.camping-les-genets.fr\/wp-content\/uploads\/2023\/09\/Mobile-home-confort-au-camping-Les-Genets-300x225.webp 300w, https:\/\/www.camping-les-genets.fr\/wp-content\/uploads\/2023\/09\/Mobile-home-confort-au-camping-Les-Genets-1024x768.webp 1024w, https:\/\/www.camping-les-genets.fr\/wp-content\/uploads\/2023\/09\/Mobile-home-confort-au-camping-Les-Genets-768x576.webp 768w, https:\/\/www.camping-les-genets.fr\/wp-content\/uploads\/2023\/09\/Mobile-home-confort-au-camping-Les-Genets-1536x1152.webp 1536w, https:\/\/www.camping-les-genets.fr\/wp-content\/uploads\/2023\/09\/Mobile-home-confort-au-camping-Les-Genets-2048x1536.webp 2048w\" sizes=\"(max-width: 2560px) 100vw, 2560px\" \/><\/figure>\n<\/div>\n\n\n\n<div class=\"wp-block-column is-vertically-aligned-center second has-color-white-background-color has-background is-layout-flow wp-block-column-is-layout-flow\" style=\"flex-basis:33.33%\">\n<p class=\"ls-paragraph\">Pour vous offrir des vacances au <a href=\"https:\/\/www.camping-les-genets.fr\/fr\/\">camping 5 \u00e9toiles en Aveyron<\/a> sur mesure, nous vous proposons une gamme vari\u00e9e d\u2019h\u00e9bergements tel que des <strong>locations mobil-homes ou des chalets<\/strong>.<\/p>\n\n\n\n<p class=\"ls-paragraph\">Avec 2 ou 3 chambres, nos bungalows, chalets et mobil-homes peuvent accueillir selon les mod\u00e8les de<strong> 4 \u00e0 6 vacanciers<\/strong>. Fonctionnels et bien \u00e9quip\u00e9s, nos locatifs vous offrent de<strong> 28 \u00e0 35 m2 d\u2019espace de vie<\/strong>.<\/p>\n\n\n\n<p class=\"ls-paragraph addReadMore showlesscontent\">Pour correspondre \u00e0 toutes les attentes et \u00e0 tous les budgets, nous mettons \u00e0 votre disposition des h\u00e9bergements nature et \u00e9conomiques comme des <strong>chalets familiaux<\/strong> tout confort, ou encore des <strong>mobil-homes Premium<\/strong> aux prestations haut de gamme. <br><br>Tous nos locatifs b\u00e9n\u00e9ficient du cadre d\u2019exception de notre camping club : ils occupent des parcelles paysag\u00e8res enherb\u00e9es et ombrag\u00e9es de grands arbres sur le bord du lac Pareloup, au m\u00eame titre que nos <a href=\"https:\/\/www.camping-les-genets.fr\/fr\/emplacements\/\">emplacements<\/a>. <br><br>Les services 4 \u00e9toiles du site, comme le Wifi gratuit, sont \u00e9galement assur\u00e9s pour tous les locatifs tel que nos <strong>chalets<\/strong>.<\/p>\n<\/div>\n<\/div>\n\n\r\n    <\/div>\r\n<\/section>\n\n<section id=\"ls-section-block_01b17de1c24896599698e6c1d8210931\" class=\"ls-section  page-two background-blu-right has-p-t p-t-14\" >\r\n        <div class=\"container container--wide\">\r\n        \n\n<div class=\"wp-block-columns is-layout-flex wp-container-core-columns-is-layout-9d6595d7 wp-block-columns-is-layout-flex\">\n<div class=\"wp-block-column is-vertically-aligned-top first is-layout-flow wp-block-column-is-layout-flow\" style=\"flex-basis:33.33%\">\n<h2 class=\"ls__heading wp-block-heading\">Nos <strong>mobil-homes classiques \u00e0 louer<\/strong> entre Rodez et Millau<\/h2>\n\n\n\n<p class=\"ls-paragraph\">Pour un s\u00e9jour en mobil-home dans l\u2019Aveyron, le camping club Les Gen\u00eats vous propose tout d&rsquo;abord des mobil-homes classiques et des chalets pour 4 personnes pr\u00e8s de <a href=\"https:\/\/www.camping-les-genets.fr\/fr\/tourisme-rodez\/\">Rodez<\/a> et de <a href=\"\/fr\/tourisme-millau\/\">Millau<\/a> : des h\u00e9bergements \u00e0 deux chambres agr\u00e9ables \u00e0 vivre et parfaitement configur\u00e9s pour accueillir par exemple un couple avec enfants.<\/p>\n\n\n\n<p class=\"ls-paragraph addReadMore showlesscontent\">Le<strong> chalet <\/strong>est id\u00e9al pour passer un s\u00e9jour reposant au camping, en profitant de nuits dans une literie de qualit\u00e9 et d\u2019un panel complet d\u2019\u00e9quipements de cuisine.<br><br>Les <strong>mobil-homes confort<\/strong>, avec terrasse d\u00e9couverte ou couverte, offrent respectivement <strong>26 et 29 m2 d\u2019espace de vie<\/strong>. Vous y trouverez deux chambres, une salle d\u2019eau, des WC ind\u00e9pendants, une pi\u00e8ce principale avec salon, coin repas et cuisine \u00e9quip\u00e9e.<\/p>\n<\/div>\n\n\n\n<div class=\"wp-block-column second is-layout-flow wp-block-column-is-layout-flow\" style=\"flex-basis:66.66%\">\n<figure class=\"wp-block-image size-full image\"><img decoding=\"async\" width=\"1350\" height=\"900\" src=\"https:\/\/www.camping-les-genets.fr\/wp-content\/uploads\/2023\/09\/Hebergement-avec-terrasse-agreable-au-camping-Les-Genets.webp\" alt=\"Hebergement-avec-terrasse-agreable-au-camping-Les-Genets\" class=\"wp-image-1478\" srcset=\"https:\/\/www.camping-les-genets.fr\/wp-content\/uploads\/2023\/09\/Hebergement-avec-terrasse-agreable-au-camping-Les-Genets.webp 1350w, https:\/\/www.camping-les-genets.fr\/wp-content\/uploads\/2023\/09\/Hebergement-avec-terrasse-agreable-au-camping-Les-Genets-300x200.webp 300w, https:\/\/www.camping-les-genets.fr\/wp-content\/uploads\/2023\/09\/Hebergement-avec-terrasse-agreable-au-camping-Les-Genets-1024x683.webp 1024w, https:\/\/www.camping-les-genets.fr\/wp-content\/uploads\/2023\/09\/Hebergement-avec-terrasse-agreable-au-camping-Les-Genets-768x512.webp 768w\" sizes=\"(max-width: 1350px) 100vw, 1350px\" \/><\/figure>\n<\/div>\n<\/div>\n\n\r\n    <\/div>\r\n<\/section>\n\n<section id=\"ls-section-block_75e76cac0bad5035a6962a49bbff1b89\" class=\"ls-section  home-piscine has-background-image has-p-t p-t-20 has-p-b p-b-20\" >\r\n    <div class=\"ls-section__background-image opacity-100\"><img decoding=\"async\" src=\"https:\/\/www.camping-les-genets.fr\/wp-content\/uploads\/2023\/09\/Mobil-home-Premium-camping-Les-Genets.webp\" alt=\"Mobil home Premium camping Les Gen\u00eats\"><\/div>    <div class=\"container container--full\">\r\n        \n\n<div class=\"wp-block-columns is-layout-flex wp-container-core-columns-is-layout-9d6595d7 wp-block-columns-is-layout-flex\">\n<div class=\"wp-block-column is-vertically-aligned-center first is-layout-flow wp-block-column-is-layout-flow\" style=\"flex-basis:60%\"><\/div>\n\n\n\n<div class=\"wp-block-column second has-color-white-background-color has-background is-layout-flow wp-block-column-is-layout-flow\" style=\"flex-basis:40%\">\n<h2 class=\"ls__heading wp-block-heading\">Nos <strong>h\u00e9bergements tout confort<\/strong> au lac de Pareloup<\/h2>\n\n\n\n<p class=\"ls-paragraph\">La <strong>gamme Confort<\/strong> comprend des h\u00e9bergements pour<strong> 4 \u00e0 6 personnes<\/strong>, d\u2019une surface allant de <strong>28 m2 \u00e0 31 m2 <\/strong>dans les mobil-homes.<\/p>\n\n\n\n<p class=\"ls-paragraph\">Parfaits pour les vacanciers en qu\u00eate d\u2019une <strong>location mobil-home dans l&rsquo;Aveyron<\/strong> spacieuse et confortable, les logements Conforts poss\u00e8dent<strong> 2 ou 3 chambres<\/strong>, des salons avec rangements fonctionnels et un mobilier id\u00e9alement agenc\u00e9, ainsi que des salles de bain privatives et des toilettes s\u00e9par\u00e9es. <br><br>Les cuisines sont ouvertes sur la pi\u00e8ce de vie et vous y retrouverez un \u00e9quipement complet avec machine \u00e0 caf\u00e9, plaques de cuisson, micro-ondes, cong\u00e9lateur et r\u00e9frig\u00e9rateur. Toutes les locations Confort disposent de leur terrasse avec mobilier de jardin.<\/p>\n\n\n\n<p class=\"ls-paragraph addReadMore showlesscontent\">Pour les amateurs de vacances grand confort, la <strong>gamme<\/strong> <strong>premium<\/strong> vous permettra aussi de louer un mobil-home offrant des <strong>prestations<\/strong> <strong>haut<\/strong> <strong>de<\/strong> <strong>gamme<\/strong>. <br><br>Le<strong> locatif Premium Grand Confort IRM<\/strong> vous garantit des vacances sans contraintes au bord du lac de Pareloup : dans ses <strong>35 m2<\/strong> sont compris 3 chambres, un s\u00e9jour avec banquette de luxe, une salle d\u2019eau, des toilettes ind\u00e9pendantes, et des \u00e9quipements particuliers.<br><br>Dans la cuisine vous attend par exemple un lave-vaisselle. La<strong> terrasse est \u00e9quip\u00e9e d&rsquo;un pergola<\/strong> et elle est meubl\u00e9e d\u2019un salon de jardin.<\/p>\n<\/div>\n<\/div>\n\n\r\n    <\/div>\r\n<\/section>\n\n<section id=\"ls-section-block_3740d7541463f54baa53b15450715a76\" class=\"ls-section  page-maillage has-p-t p-t-14 has-p-b p-b-14\" >\r\n        <div class=\"container container--wide\">\r\n        \n\n<div id=\"ls-heading ls-titre-div-block_c587041b01589e2cbf6fc71234d5b3ef\" class=\"ls-titre-div aligncenter h2-like has-m-b m-b-8\" >\n    D\u00e9couvrez notre restaurant, nos emplacements et nos tarifs !<\/div>\n\n\n<div id=\"ls-maillage-block_a715290be01392864ffff7199e090c0b\" class=\"ls-maillage slow animated fadeInUp delay-100ms cta-style-normal\" data-rows=\"3\">\r\n    <div class=\"wp-block-columns\"><div class=\"wp-block-column\">\n\n<a href=\"https:\/\/www.camping-les-genets.fr\/fr\/restaurant-aveyron\/\" target=\"\" rel=\"noopener\" class=\"ls-cta__link\">\n\n\t<div class=\"ls-cta__image\"><img decoding=\"async\" src=\"https:\/\/www.camping-les-genets.fr\/wp-content\/uploads\/2024\/02\/terrasse_restaurant-768x576.webp\" alt=\"\"><\/div>\n\t<div class=\"ls-cta__title\">\n\t\tLe restaurant du camping\t<\/div>\n\n\t\t\n<\/a><\/div><div class=\"wp-block-column\">\n\n<a href=\"https:\/\/www.camping-les-genets.fr\/fr\/emplacements\/\" target=\"\" rel=\"noopener\" class=\"ls-cta__link\">\n\n\t<div class=\"ls-cta__image\"><img decoding=\"async\" src=\"https:\/\/www.camping-les-genets.fr\/wp-content\/uploads\/2024\/02\/bord_lac_emplacement_sun-768x576.webp\" alt=\"\"><\/div>\n\t<div class=\"ls-cta__title\">\n\t\tEmplacements\t<\/div>\n\n\t\t\n<\/a><\/div><div class=\"wp-block-column\">\n\n<a href=\"https:\/\/www.camping-les-genets.fr\/fr\/tarifs\/\" target=\"\" rel=\"noopener\" class=\"ls-cta__link\">\n\n\t<div class=\"ls-cta__image\"><img decoding=\"async\" src=\"https:\/\/www.camping-les-genets.fr\/wp-content\/uploads\/2024\/02\/accueil-768x576.webp\" alt=\"\"><\/div>\n\t<div class=\"ls-cta__title\">\n\t\tTarifs\t<\/div>\n\n\t\t\n<\/a><\/div><\/div><\/div>\n\r\n    <\/div>\r\n<\/section>","protected":false},"excerpt":{"rendered":"","protected":false},"author":1,"featured_media":0,"parent":0,"menu_order":0,"comment_status":"closed","ping_status":"closed","template":"template-hebergements.php","meta":{"_acf_changed":false,"inline_featured_image":false,"footnotes":""},"sujet":[],"class_list":["post-1079","page","type-page","status-publish","hentry"],"acf":[],"yoast_head":"<!-- This site is optimized with the Yoast SEO plugin v27.3 - https:\/\/yoast.com\/product\/yoast-seo-wordpress\/ -->\n<title>Location mobil-home Aveyron: Mobil-homes \u00e0 louer au lac de Pareloup<\/title>\n<meta name=\"description\" content=\"Envie de louer un mobil-home en Aveyron pour les vacances ? Au camping Les Gen\u00eats, d\u00e9couvrez des mobil-homes au lac de Pareloup entre Rodez et Millau !\" \/>\n<meta name=\"robots\" content=\"index, follow, max-snippet:-1, max-image-preview:large, max-video-preview:-1\" \/>\n<link rel=\"canonical\" href=\"https:\/\/www.camping-les-genets.fr\/fr\/location\/\" \/>\n<meta property=\"og:locale\" content=\"fr_FR\" \/>\n<meta property=\"og:type\" content=\"article\" \/>\n<meta property=\"og:title\" content=\"Location mobil-home Aveyron: Mobil-homes \u00e0 louer au lac de Pareloup\" \/>\n<meta property=\"og:description\" content=\"Envie de louer un mobil-home en Aveyron pour les vacances ? Au camping Les Gen\u00eats, d\u00e9couvrez des mobil-homes au lac de Pareloup entre Rodez et Millau !\" \/>\n<meta property=\"og:url\" content=\"https:\/\/www.camping-les-genets.fr\/fr\/location\/\" \/>\n<meta property=\"og:site_name\" content=\"Camping les Genets\" \/>\n<meta property=\"article:modified_time\" content=\"2024-12-04T10:13:51+00:00\" \/>\n<meta property=\"og:image\" content=\"https:\/\/www.camping-les-genets.fr\/wp-content\/uploads\/2023\/09\/Mobile-home-confort-au-camping-Les-Genets.webp\" \/>\n<meta name=\"twitter:card\" content=\"summary_large_image\" \/>\n<meta name=\"twitter:label1\" content=\"Dur\u00e9e de lecture estim\u00e9e\" \/>\n\t<meta name=\"twitter:data1\" content=\"3 minutes\" \/>\n<script type=\"application\/ld+json\" class=\"yoast-schema-graph\">{\"@context\":\"https:\\\/\\\/schema.org\",\"@graph\":[{\"@type\":\"WebPage\",\"@id\":\"https:\\\/\\\/www.camping-les-genets.fr\\\/fr\\\/location\\\/\",\"url\":\"https:\\\/\\\/www.camping-les-genets.fr\\\/fr\\\/location\\\/\",\"name\":\"Location mobil-home Aveyron: Mobil-homes \u00e0 louer au lac de Pareloup\",\"isPartOf\":{\"@id\":\"https:\\\/\\\/www.camping-les-genets.fr\\\/fr\\\/#website\"},\"primaryImageOfPage\":{\"@id\":\"https:\\\/\\\/www.camping-les-genets.fr\\\/fr\\\/location\\\/#primaryimage\"},\"image\":{\"@id\":\"https:\\\/\\\/www.camping-les-genets.fr\\\/fr\\\/location\\\/#primaryimage\"},\"thumbnailUrl\":\"https:\\\/\\\/www.camping-les-genets.fr\\\/wp-content\\\/uploads\\\/2023\\\/09\\\/Mobile-home-confort-au-camping-Les-Genets.webp\",\"datePublished\":\"2023-07-27T11:19:49+00:00\",\"dateModified\":\"2024-12-04T10:13:51+00:00\",\"description\":\"Envie de louer un mobil-home en Aveyron pour les vacances ? Au camping Les Gen\u00eats, d\u00e9couvrez des mobil-homes au lac de Pareloup entre Rodez et Millau !\",\"breadcrumb\":{\"@id\":\"https:\\\/\\\/www.camping-les-genets.fr\\\/fr\\\/location\\\/#breadcrumb\"},\"inLanguage\":\"fr-FR\",\"potentialAction\":[{\"@type\":\"ReadAction\",\"target\":[\"https:\\\/\\\/www.camping-les-genets.fr\\\/fr\\\/location\\\/\"]}]},{\"@type\":\"ImageObject\",\"inLanguage\":\"fr-FR\",\"@id\":\"https:\\\/\\\/www.camping-les-genets.fr\\\/fr\\\/location\\\/#primaryimage\",\"url\":\"https:\\\/\\\/www.camping-les-genets.fr\\\/wp-content\\\/uploads\\\/2023\\\/09\\\/Mobile-home-confort-au-camping-Les-Genets.webp\",\"contentUrl\":\"https:\\\/\\\/www.camping-les-genets.fr\\\/wp-content\\\/uploads\\\/2023\\\/09\\\/Mobile-home-confort-au-camping-Les-Genets.webp\"},{\"@type\":\"BreadcrumbList\",\"@id\":\"https:\\\/\\\/www.camping-les-genets.fr\\\/fr\\\/location\\\/#breadcrumb\",\"itemListElement\":[{\"@type\":\"ListItem\",\"position\":1,\"name\":\"Camping Aveyron\",\"item\":\"https:\\\/\\\/www.camping-les-genets.fr\\\/fr\\\/\"},{\"@type\":\"ListItem\",\"position\":2,\"name\":\"Location de mobil-homes en Aveyron\"}]},{\"@type\":\"WebSite\",\"@id\":\"https:\\\/\\\/www.camping-les-genets.fr\\\/fr\\\/#website\",\"url\":\"https:\\\/\\\/www.camping-les-genets.fr\\\/fr\\\/\",\"name\":\"Camping les Genets\",\"description\":\"\",\"publisher\":{\"@id\":\"https:\\\/\\\/www.camping-les-genets.fr\\\/fr\\\/#organization\"},\"potentialAction\":[{\"@type\":\"SearchAction\",\"target\":{\"@type\":\"EntryPoint\",\"urlTemplate\":\"https:\\\/\\\/www.camping-les-genets.fr\\\/fr\\\/?s={search_term_string}\"},\"query-input\":{\"@type\":\"PropertyValueSpecification\",\"valueRequired\":true,\"valueName\":\"search_term_string\"}}],\"inLanguage\":\"fr-FR\"},{\"@type\":\"Organization\",\"@id\":\"https:\\\/\\\/www.camping-les-genets.fr\\\/fr\\\/#organization\",\"name\":\"Camping les Genets\",\"url\":\"https:\\\/\\\/www.camping-les-genets.fr\\\/fr\\\/\",\"logo\":{\"@type\":\"ImageObject\",\"inLanguage\":\"fr-FR\",\"@id\":\"https:\\\/\\\/www.camping-les-genets.fr\\\/fr\\\/#\\\/schema\\\/logo\\\/image\\\/\",\"url\":\"https:\\\/\\\/www.camping-les-genets.fr\\\/wp-content\\\/uploads\\\/2023\\\/07\\\/cropped-logo-camping-genets-footer.png\",\"contentUrl\":\"https:\\\/\\\/www.camping-les-genets.fr\\\/wp-content\\\/uploads\\\/2023\\\/07\\\/cropped-logo-camping-genets-footer.png\",\"width\":500,\"height\":295,\"caption\":\"Camping les Genets\"},\"image\":{\"@id\":\"https:\\\/\\\/www.camping-les-genets.fr\\\/fr\\\/#\\\/schema\\\/logo\\\/image\\\/\"}}]}<\/script>\n<!-- \/ Yoast SEO plugin. -->","yoast_head_json":{"title":"Location mobil-home Aveyron: Mobil-homes \u00e0 louer au lac de Pareloup","description":"Envie de louer un mobil-home en Aveyron pour les vacances ? Au camping Les Gen\u00eats, d\u00e9couvrez des mobil-homes au lac de Pareloup entre Rodez et Millau !","robots":{"index":"index","follow":"follow","max-snippet":"max-snippet:-1","max-image-preview":"max-image-preview:large","max-video-preview":"max-video-preview:-1"},"canonical":"https:\/\/www.camping-les-genets.fr\/fr\/location\/","og_locale":"fr_FR","og_type":"article","og_title":"Location mobil-home Aveyron: Mobil-homes \u00e0 louer au lac de Pareloup","og_description":"Envie de louer un mobil-home en Aveyron pour les vacances ? Au camping Les Gen\u00eats, d\u00e9couvrez des mobil-homes au lac de Pareloup entre Rodez et Millau !","og_url":"https:\/\/www.camping-les-genets.fr\/fr\/location\/","og_site_name":"Camping les Genets","article_modified_time":"2024-12-04T10:13:51+00:00","og_image":[{"url":"https:\/\/www.camping-les-genets.fr\/wp-content\/uploads\/2023\/09\/Mobile-home-confort-au-camping-Les-Genets.webp","type":"","width":"","height":""}],"twitter_card":"summary_large_image","twitter_misc":{"Dur\u00e9e de lecture estim\u00e9e":"3 minutes"},"schema":{"@context":"https:\/\/schema.org","@graph":[{"@type":"WebPage","@id":"https:\/\/www.camping-les-genets.fr\/fr\/location\/","url":"https:\/\/www.camping-les-genets.fr\/fr\/location\/","name":"Location mobil-home Aveyron: Mobil-homes \u00e0 louer au lac de Pareloup","isPartOf":{"@id":"https:\/\/www.camping-les-genets.fr\/fr\/#website"},"primaryImageOfPage":{"@id":"https:\/\/www.camping-les-genets.fr\/fr\/location\/#primaryimage"},"image":{"@id":"https:\/\/www.camping-les-genets.fr\/fr\/location\/#primaryimage"},"thumbnailUrl":"https:\/\/www.camping-les-genets.fr\/wp-content\/uploads\/2023\/09\/Mobile-home-confort-au-camping-Les-Genets.webp","datePublished":"2023-07-27T11:19:49+00:00","dateModified":"2024-12-04T10:13:51+00:00","description":"Envie de louer un mobil-home en Aveyron pour les vacances ? Au camping Les Gen\u00eats, d\u00e9couvrez des mobil-homes au lac de Pareloup entre Rodez et Millau !","breadcrumb":{"@id":"https:\/\/www.camping-les-genets.fr\/fr\/location\/#breadcrumb"},"inLanguage":"fr-FR","potentialAction":[{"@type":"ReadAction","target":["https:\/\/www.camping-les-genets.fr\/fr\/location\/"]}]},{"@type":"ImageObject","inLanguage":"fr-FR","@id":"https:\/\/www.camping-les-genets.fr\/fr\/location\/#primaryimage","url":"https:\/\/www.camping-les-genets.fr\/wp-content\/uploads\/2023\/09\/Mobile-home-confort-au-camping-Les-Genets.webp","contentUrl":"https:\/\/www.camping-les-genets.fr\/wp-content\/uploads\/2023\/09\/Mobile-home-confort-au-camping-Les-Genets.webp"},{"@type":"BreadcrumbList","@id":"https:\/\/www.camping-les-genets.fr\/fr\/location\/#breadcrumb","itemListElement":[{"@type":"ListItem","position":1,"name":"Camping Aveyron","item":"https:\/\/www.camping-les-genets.fr\/fr\/"},{"@type":"ListItem","position":2,"name":"Location de mobil-homes en Aveyron"}]},{"@type":"WebSite","@id":"https:\/\/www.camping-les-genets.fr\/fr\/#website","url":"https:\/\/www.camping-les-genets.fr\/fr\/","name":"Camping les Genets","description":"","publisher":{"@id":"https:\/\/www.camping-les-genets.fr\/fr\/#organization"},"potentialAction":[{"@type":"SearchAction","target":{"@type":"EntryPoint","urlTemplate":"https:\/\/www.camping-les-genets.fr\/fr\/?s={search_term_string}"},"query-input":{"@type":"PropertyValueSpecification","valueRequired":true,"valueName":"search_term_string"}}],"inLanguage":"fr-FR"},{"@type":"Organization","@id":"https:\/\/www.camping-les-genets.fr\/fr\/#organization","name":"Camping les Genets","url":"https:\/\/www.camping-les-genets.fr\/fr\/","logo":{"@type":"ImageObject","inLanguage":"fr-FR","@id":"https:\/\/www.camping-les-genets.fr\/fr\/#\/schema\/logo\/image\/","url":"https:\/\/www.camping-les-genets.fr\/wp-content\/uploads\/2023\/07\/cropped-logo-camping-genets-footer.png","contentUrl":"https:\/\/www.camping-les-genets.fr\/wp-content\/uploads\/2023\/07\/cropped-logo-camping-genets-footer.png","width":500,"height":295,"caption":"Camping les Genets"},"image":{"@id":"https:\/\/www.camping-les-genets.fr\/fr\/#\/schema\/logo\/image\/"}}]}},"_links":{"self":[{"href":"https:\/\/www.camping-les-genets.fr\/fr\/wp-json\/wp\/v2\/pages\/1079","targetHints":{"allow":["GET"]}}],"collection":[{"href":"https:\/\/www.camping-les-genets.fr\/fr\/wp-json\/wp\/v2\/pages"}],"about":[{"href":"https:\/\/www.camping-les-genets.fr\/fr\/wp-json\/wp\/v2\/types\/page"}],"author":[{"embeddable":true,"href":"https:\/\/www.camping-les-genets.fr\/fr\/wp-json\/wp\/v2\/users\/1"}],"replies":[{"embeddable":true,"href":"https:\/\/www.camping-les-genets.fr\/fr\/wp-json\/wp\/v2\/comments?post=1079"}],"version-history":[{"count":52,"href":"https:\/\/www.camping-les-genets.fr\/fr\/wp-json\/wp\/v2\/pages\/1079\/revisions"}],"predecessor-version":[{"id":7016,"href":"https:\/\/www.camping-les-genets.fr\/fr\/wp-json\/wp\/v2\/pages\/1079\/revisions\/7016"}],"wp:attachment":[{"href":"https:\/\/www.camping-les-genets.fr\/fr\/wp-json\/wp\/v2\/media?parent=1079"}],"wp:term":[{"taxonomy":"sujet","embeddable":true,"href":"https:\/\/www.camping-les-genets.fr\/fr\/wp-json\/wp\/v2\/sujet?post=1079"}],"curies":[{"name":"wp","href":"https:\/\/api.w.org\/{rel}","templated":true}]}}