{"id":1075,"date":"2023-07-27T13:19:14","date_gmt":"2023-07-27T11:19:14","guid":{"rendered":"https:\/\/www.camping-les-genets.fr\/?page_id=1075"},"modified":"2025-02-26T12:27:39","modified_gmt":"2025-02-26T11:27:39","slug":"restaurant-aveyron","status":"publish","type":"page","link":"https:\/\/www.camping-les-genets.fr\/fr\/restaurant-aveyron\/","title":{"rendered":"Le restaurant du camping"},"content":{"rendered":"<section id=\"ls-section-block_2b0a9308d92d7c36d3c64ea5ca58ddb0\" class=\"ls-section  page-chapeau has-p-b p-b-0\" >\r\n        <div class=\"container \">\r\n        \n\n<h1 class=\"ls__heading wp-block-heading has-text-align-center animated fadeInLeft delay-100ms slow\"><strong>Restaurant<\/strong> sur le lac de Pareloup<\/h1>\n\n\r\n    <\/div>\r\n<\/section>\n\n<section id=\"ls-section-block_12628f9acc02f15c8983979ecba22f01\" class=\"ls-section  page-one has-p-b p-b-14\" >\r\n        <div class=\"container container--full\">\r\n        \n\n<div class=\"wp-block-columns is-layout-flex wp-container-core-columns-is-layout-9d6595d7 wp-block-columns-is-layout-flex\">\n<div class=\"wp-block-column is-vertically-aligned-top first is-layout-flow wp-block-column-is-layout-flow\" style=\"flex-basis:66.66%\">\n<iframe class=\"video-ytb\" width=\"100%\" height=\"800\" src=\"https:\/\/www.youtube.com\/embed\/CZwQJVes9U0?si=bUVb2vF_xhSb4wit\" title=\"YouTube video player\" frameborder=\"0\" allow=\"accelerometer; autoplay; clipboard-write; encrypted-media; gyroscope; picture-in-picture; web-share\" allowfullscreen><\/iframe>\n<\/div>\n\n\n\n<div class=\"wp-block-column is-vertically-aligned-center second has-video has-color-white-background-color has-background is-layout-flow wp-block-column-is-layout-flow\" style=\"flex-basis:33.33%\">\n<h2 class=\"ls__heading wp-block-heading\"><strong>Les menus<\/strong> du restaurant<\/h2>\n\n\n\n<p class=\"ls-paragraph\">Quoi de mieux durant vos vacances dans notre <a href=\"https:\/\/www.camping-les-genets.fr\/fr\/\">camping en Aveyron<\/a> que de pouvoir d\u00e9guster un bon petit <strong>plat local<\/strong>, <strong>cuisin\u00e9 avec amour<\/strong> par un chef talentueux ? C\u2019est ce que vous propose le <strong>restaurant les Genets<\/strong> !<\/p>\n\n\n\n<p class=\"ls-paragraph\">Situ\u00e9 au <strong>bord de la piscine<\/strong>, vous pourrez profiter d\u2019une <strong>vue imprenable<\/strong> sur le Lac de Pareloup tout en d\u00e9gustant votre repas ou en buvant un caf\u00e9. <br><br><strong>Ouvert durant toute la p\u00e9riode d\u2019ouverture du camping<\/strong>, ce restaurant au Lac de Pareloup <strong>vous accueille tous les jours<\/strong> de la semaine pendant la p\u00e9riode estivale, <strong>de 10h \u00e0 minuit<\/strong>. <\/p>\n\n\n\n<p class=\"ls-paragraph addReadMore showlesscontent\">En basse saison, le restaurant ferme ses portes le mardi, mais reste accessible les autres jours ! <strong>Toute la famille y trouvera son bonheu<\/strong>r gr\u00e2ce \u00e0 sa carte vari\u00e9e, allant du plat local aux traditionnels pizzas et burgers. <br><br>Vous pourrez \u00e9galement <strong>emporter votre repas<\/strong> jusqu\u2019\u00e0 votre <a href=\"https:\/\/www.camping-les-genets.fr\/fr\/location\/\">location de mobil-home<\/a> si vous le souhaitez, <strong>le restaurant proposant une carte de plats \u00e0 emporter<\/strong>.<\/p>\n<\/div>\n<\/div>\n\n\r\n    <\/div>\r\n<\/section>\n\n<section id=\"ls-section-block_658022190ac272221379dbe39a29afef\" class=\"ls-section  home-gallery has-p-b p-b-0\" >\r\n        <div class=\"container container--full\">\r\n        \n\n<div class=\"wp-block-columns is-layout-flex wp-container-core-columns-is-layout-9d6595d7 wp-block-columns-is-layout-flex\">\n<div class=\"wp-block-column first is-layout-flow wp-block-column-is-layout-flow\">\n<div class=\"wp-block-columns is-layout-flex wp-container-core-columns-is-layout-9d6595d7 wp-block-columns-is-layout-flex\">\n<div class=\"wp-block-column img-01 is-layout-flow wp-block-column-is-layout-flow\">\n<figure class=\"wp-block-image size-full img-0 animated fadeIn delay-100ms slow\"><a href=\"https:\/\/www.camping-les-genets.fr\/wp-content\/uploads\/2024\/02\/terrasse_restaurant_musique2.webp\"><img decoding=\"async\" width=\"1920\" height=\"1440\" src=\"https:\/\/www.camping-les-genets.fr\/wp-content\/uploads\/2024\/02\/terrasse_restaurant_musique2.webp\" alt=\"\" class=\"wp-image-6917\" srcset=\"https:\/\/www.camping-les-genets.fr\/wp-content\/uploads\/2024\/02\/terrasse_restaurant_musique2.webp 1920w, https:\/\/www.camping-les-genets.fr\/wp-content\/uploads\/2024\/02\/terrasse_restaurant_musique2-300x225.webp 300w, https:\/\/www.camping-les-genets.fr\/wp-content\/uploads\/2024\/02\/terrasse_restaurant_musique2-1024x768.webp 1024w, https:\/\/www.camping-les-genets.fr\/wp-content\/uploads\/2024\/02\/terrasse_restaurant_musique2-768x576.webp 768w, https:\/\/www.camping-les-genets.fr\/wp-content\/uploads\/2024\/02\/terrasse_restaurant_musique2-1536x1152.webp 1536w\" sizes=\"(max-width: 1920px) 100vw, 1920px\" \/><\/a><\/figure>\n<\/div>\n<\/div>\n\n\n\n<div class=\"wp-block-columns is-layout-flex wp-container-core-columns-is-layout-9d6595d7 wp-block-columns-is-layout-flex\">\n<div class=\"wp-block-column img-02 is-layout-flow wp-block-column-is-layout-flow\">\n<figure class=\"wp-block-image size-full animated fadeIn delay-100ms slow\"><a href=\"https:\/\/www.camping-les-genets.fr\/wp-content\/uploads\/2023\/10\/bar-restaurant-camping-les-genets.jpg\"><img decoding=\"async\" width=\"800\" height=\"600\" src=\"https:\/\/www.camping-les-genets.fr\/wp-content\/uploads\/2023\/10\/bar-restaurant-camping-les-genets.jpg\" alt=\"bar restaurant les genets\" class=\"wp-image-3885\" style=\"object-fit:cover\" srcset=\"https:\/\/www.camping-les-genets.fr\/wp-content\/uploads\/2023\/10\/bar-restaurant-camping-les-genets.jpg 800w, https:\/\/www.camping-les-genets.fr\/wp-content\/uploads\/2023\/10\/bar-restaurant-camping-les-genets-300x225.jpg 300w, https:\/\/www.camping-les-genets.fr\/wp-content\/uploads\/2023\/10\/bar-restaurant-camping-les-genets-768x576.jpg 768w\" sizes=\"(max-width: 800px) 100vw, 800px\" \/><\/a><\/figure>\n<\/div>\n\n\n\n<div class=\"wp-block-column img-03 is-layout-flow wp-block-column-is-layout-flow\">\n<figure class=\"wp-block-image size-full animated fadeIn delay-200ms slow\"><a href=\"https:\/\/www.camping-les-genets.fr\/wp-content\/uploads\/2023\/10\/bar-restaurant-les-genets.jpg\"><img decoding=\"async\" width=\"800\" height=\"600\" src=\"https:\/\/www.camping-les-genets.fr\/wp-content\/uploads\/2023\/10\/bar-restaurant-les-genets.jpg\" alt=\"bar restaurant les genets\" class=\"wp-image-3906\" srcset=\"https:\/\/www.camping-les-genets.fr\/wp-content\/uploads\/2023\/10\/bar-restaurant-les-genets.jpg 800w, https:\/\/www.camping-les-genets.fr\/wp-content\/uploads\/2023\/10\/bar-restaurant-les-genets-300x225.jpg 300w, https:\/\/www.camping-les-genets.fr\/wp-content\/uploads\/2023\/10\/bar-restaurant-les-genets-768x576.jpg 768w\" sizes=\"(max-width: 800px) 100vw, 800px\" \/><\/a><\/figure>\n<\/div>\n<\/div>\n<\/div>\n\n\n\n<div class=\"wp-block-column second animated fadeIn delay-100ms slow is-layout-flow wp-block-column-is-layout-flow\">\n<div class=\"wp-block-columns is-layout-flex wp-container-core-columns-is-layout-9d6595d7 wp-block-columns-is-layout-flex\">\n<div class=\"wp-block-column img-04 is-layout-flow wp-block-column-is-layout-flow\" style=\"flex-basis:40%\">\n<figure class=\"wp-block-image size-full animated fadeIn delay-200ms slow\"><a href=\"https:\/\/www.camping-les-genets.fr\/wp-content\/uploads\/2023\/10\/grace-restaurant-les-genets.jpg\"><img decoding=\"async\" width=\"800\" height=\"600\" src=\"https:\/\/www.camping-les-genets.fr\/wp-content\/uploads\/2023\/10\/grace-restaurant-les-genets.jpg\" alt=\"glace restaurant les genets\" class=\"wp-image-3900\" srcset=\"https:\/\/www.camping-les-genets.fr\/wp-content\/uploads\/2023\/10\/grace-restaurant-les-genets.jpg 800w, https:\/\/www.camping-les-genets.fr\/wp-content\/uploads\/2023\/10\/grace-restaurant-les-genets-300x225.jpg 300w, https:\/\/www.camping-les-genets.fr\/wp-content\/uploads\/2023\/10\/grace-restaurant-les-genets-768x576.jpg 768w\" sizes=\"(max-width: 800px) 100vw, 800px\" \/><\/a><\/figure>\n<\/div>\n\n\n\n<div class=\"wp-block-column is-layout-flow wp-block-column-is-layout-flow\" style=\"flex-basis:60%\">\n<div class=\"wp-block-columns last is-layout-flex wp-container-core-columns-is-layout-9d6595d7 wp-block-columns-is-layout-flex\">\n<div class=\"wp-block-column img-05 is-layout-flow wp-block-column-is-layout-flow\">\n<figure class=\"wp-block-image size-full animated fadeIn delay-100ms slow\"><a href=\"https:\/\/www.camping-les-genets.fr\/wp-content\/uploads\/2024\/02\/terrasse_restaurant_musique3.webp\"><img decoding=\"async\" width=\"1920\" height=\"1440\" src=\"https:\/\/www.camping-les-genets.fr\/wp-content\/uploads\/2024\/02\/terrasse_restaurant_musique3.webp\" alt=\"\" class=\"wp-image-6921\" srcset=\"https:\/\/www.camping-les-genets.fr\/wp-content\/uploads\/2024\/02\/terrasse_restaurant_musique3.webp 1920w, https:\/\/www.camping-les-genets.fr\/wp-content\/uploads\/2024\/02\/terrasse_restaurant_musique3-300x225.webp 300w, https:\/\/www.camping-les-genets.fr\/wp-content\/uploads\/2024\/02\/terrasse_restaurant_musique3-1024x768.webp 1024w, https:\/\/www.camping-les-genets.fr\/wp-content\/uploads\/2024\/02\/terrasse_restaurant_musique3-768x576.webp 768w, https:\/\/www.camping-les-genets.fr\/wp-content\/uploads\/2024\/02\/terrasse_restaurant_musique3-1536x1152.webp 1536w\" sizes=\"(max-width: 1920px) 100vw, 1920px\" \/><\/a><\/figure>\n<\/div>\n\n\n\n<div class=\"wp-block-column img-06 is-layout-flow wp-block-column-is-layout-flow\">\n<figure class=\"wp-block-image size-full animated fadeIn delay-500ms slow\"><a href=\"https:\/\/www.camping-les-genets.fr\/wp-content\/uploads\/2024\/02\/terrasse_restaurant.webp\"><img decoding=\"async\" width=\"1920\" height=\"1440\" src=\"https:\/\/www.camping-les-genets.fr\/wp-content\/uploads\/2024\/02\/terrasse_restaurant.webp\" alt=\"\" class=\"wp-image-6909\" srcset=\"https:\/\/www.camping-les-genets.fr\/wp-content\/uploads\/2024\/02\/terrasse_restaurant.webp 1920w, https:\/\/www.camping-les-genets.fr\/wp-content\/uploads\/2024\/02\/terrasse_restaurant-300x225.webp 300w, https:\/\/www.camping-les-genets.fr\/wp-content\/uploads\/2024\/02\/terrasse_restaurant-1024x768.webp 1024w, https:\/\/www.camping-les-genets.fr\/wp-content\/uploads\/2024\/02\/terrasse_restaurant-768x576.webp 768w, https:\/\/www.camping-les-genets.fr\/wp-content\/uploads\/2024\/02\/terrasse_restaurant-1536x1152.webp 1536w\" sizes=\"(max-width: 1920px) 100vw, 1920px\" \/><\/a><\/figure>\n<\/div>\n<\/div>\n<\/div>\n<\/div>\n<\/div>\n<\/div>\n\n\r\n    <\/div>\r\n<\/section>\n\n<section id=\"ls-section-block_5b4dec9cc15e872144257168ffc67a97\" class=\"ls-section  page-two background-blu-right has-p-t p-t-14\" >\r\n        <div class=\"container container--wide\">\r\n        \n\n<div class=\"wp-block-columns is-layout-flex wp-container-core-columns-is-layout-9d6595d7 wp-block-columns-is-layout-flex\">\n<div class=\"wp-block-column is-vertically-aligned-top first is-layout-flow wp-block-column-is-layout-flow\" style=\"flex-basis:33.33%\">\n<h2 class=\"ls__heading wp-block-heading\">Nos repas \u00e0 <strong>th\u00e8mes<\/strong><\/h2>\n\n\n\n<p class=\"ls-paragraph\"><strong>Une fois par semaine<\/strong>, le restaurant les Genets au Lac de Pareloup vous offre une <strong>soir\u00e9e \u00e0 th\u00e8me<\/strong> qui regroupe petits et grands dans la <strong>bonne humeur<\/strong>, autour d\u2019un<strong> repas sous le th\u00e8me des vacances<\/strong> ! <br><br><strong>Au programme<\/strong> : moules frites, le tout anim\u00e9 en musique. Ce sera l\u2019occasion id\u00e9ale pour faire de <strong>nouvelles rencontres<\/strong> et <strong>profiter pleinement de vos vacances<\/strong> en Aveyron dans une <strong>ambiance chaleureuse et musicale<\/strong>. <br><br>Ces soir\u00e9es hebdomadaires ont lieu<strong> tous les vendredis<\/strong>. Alors n\u2019attendez plus ! C\u2019est un <strong>incontournable<\/strong> pour de nombreux vacanciers de passage au camping, alors n\u2019attendez plus pour <strong>r\u00e9server votre place<\/strong> pour cette soir\u00e9e qui marquera votre s\u00e9jour.<\/p>\n<\/div>\n\n\n\n<div class=\"wp-block-column second is-layout-flow wp-block-column-is-layout-flow\" style=\"flex-basis:66.66%\">\n<figure class=\"wp-block-image size-full image\"><img decoding=\"async\" width=\"1920\" height=\"1440\" src=\"https:\/\/www.camping-les-genets.fr\/wp-content\/uploads\/2024\/02\/nuit_dj2.webp\" alt=\"\" class=\"wp-image-6877\" srcset=\"https:\/\/www.camping-les-genets.fr\/wp-content\/uploads\/2024\/02\/nuit_dj2.webp 1920w, https:\/\/www.camping-les-genets.fr\/wp-content\/uploads\/2024\/02\/nuit_dj2-300x225.webp 300w, https:\/\/www.camping-les-genets.fr\/wp-content\/uploads\/2024\/02\/nuit_dj2-1024x768.webp 1024w, https:\/\/www.camping-les-genets.fr\/wp-content\/uploads\/2024\/02\/nuit_dj2-768x576.webp 768w, https:\/\/www.camping-les-genets.fr\/wp-content\/uploads\/2024\/02\/nuit_dj2-1536x1152.webp 1536w\" sizes=\"(max-width: 1920px) 100vw, 1920px\" \/><\/figure>\n<\/div>\n<\/div>\n\n\r\n    <\/div>\r\n<\/section>\n\n<section id=\"ls-section-block_8b0aaef159848ac03ee003c42f62546c\" class=\"ls-section  home-piscine has-background-image has-m-t m-t-7 has-p-t p-t-20 has-p-b p-b-20\" >\r\n    <div class=\"ls-section__background-image opacity-100\"><img decoding=\"async\" src=\"https:\/\/www.camping-les-genets.fr\/wp-content\/uploads\/2023\/10\/menu-restaurant-camping-les-genets.jpg\" alt=\"menu restaurant camping les genets\"><\/div>    <div class=\"container container--full\">\r\n        \n\n<div class=\"wp-block-columns is-layout-flex wp-container-core-columns-is-layout-9d6595d7 wp-block-columns-is-layout-flex\">\n<div class=\"wp-block-column is-vertically-aligned-center first is-layout-flow wp-block-column-is-layout-flow\" style=\"flex-basis:60%\"><\/div>\n\n\n\n<div class=\"wp-block-column second has-color-white-background-color has-background is-layout-flow wp-block-column-is-layout-flow\" style=\"flex-basis:40%\">\n<h2 class=\"ls__heading wp-block-heading\">Nos repas <strong>faits maison<\/strong> par notre chef<\/h2>\n\n\n\n<p class=\"ls-paragraph\">La <strong>qualit\u00e9 \u00e9tant au centre des pr\u00e9occupations<\/strong> de notre restaurant au Lac de Pareloup, <strong>notre chef cuisine tous ses plats maison<\/strong> ! <br><br>De la p\u00e2te de nos pizzas, \u00e0 nos burgers en passant par la sauce tomate, <strong>tout est pr\u00e9par\u00e9 sur place<\/strong> pour que vous puissiez <strong>profiter pleinement des saveurs locales<\/strong>. <br><br>Notre carte comprend aussi de <strong>nombreux produits locaux<\/strong> que vous ne pourrez pas manquer durant votre s\u00e9jour. Fromage du pays, charcuterie du terroir ou encore viande aveyronnaise vous feront d\u00e9couvrir <strong>les saveurs de notre r\u00e9gion<\/strong> au cours de vos vacances.<\/p>\n<\/div>\n<\/div>\n\n\r\n    <\/div>\r\n<\/section>\n\n<section id=\"ls-section-block_f07e4ac14b9679371f57c586667e5b61\" class=\"ls-section  page-maillage has-p-t p-t-14 has-p-b p-b-14\" >\r\n        <div class=\"container container--wide\">\r\n        \n\n<div id=\"ls-heading ls-titre-div-block_02fb079159cacd3023243fc1e20feb26\" class=\"ls-titre-div aligncenter h2-like has-m-b m-b-8\" >\n    D\u00e9couvrez nos activit\u00e9s &#038; animations, nos services, ainsi que nos offres groupes ! <\/div>\n\n\n<div id=\"ls-maillage-block_2a7853a9cd2a29de250beccd39a23004\" class=\"ls-maillage slow animated fadeInUp delay-100ms cta-style-normal\" data-rows=\"3\">\r\n    <div class=\"wp-block-columns\"><div class=\"wp-block-column\">\n\n<a href=\"https:\/\/www.camping-les-genets.fr\/fr\/activites\/\" target=\"\" rel=\"noopener\" class=\"ls-cta__link\">\n\n\t<div class=\"ls-cta__image\"><img decoding=\"async\" src=\"https:\/\/www.camping-les-genets.fr\/wp-content\/uploads\/2024\/02\/activites_nautiques_pedalo_toboggan-768x576.webp\" alt=\"\"><\/div>\n\t<div class=\"ls-cta__title\">\n\t\tActivit\u00e9s et animations\t<\/div>\n\n\t\t\n<\/a><\/div><div class=\"wp-block-column\">\n\n<a href=\"https:\/\/www.camping-les-genets.fr\/fr\/services\/\" target=\"\" rel=\"noopener\" class=\"ls-cta__link\">\n\n\t<div class=\"ls-cta__image\"><img decoding=\"async\" src=\"https:\/\/www.camping-les-genets.fr\/wp-content\/uploads\/2024\/02\/massage-768x576.webp\" alt=\"\"><\/div>\n\t<div class=\"ls-cta__title\">\n\t\tServices\t<\/div>\n\n\t\t\n<\/a><\/div><div class=\"wp-block-column\">\n\n<a href=\"https:\/\/www.camping-les-genets.fr\/fr\/groupe\/\" target=\"\" rel=\"noopener\" class=\"ls-cta__link\">\n\n\t<div class=\"ls-cta__image\"><img decoding=\"async\" src=\"https:\/\/www.camping-les-genets.fr\/wp-content\/uploads\/2023\/10\/camping-les-genets-en-aveyron2-768x432.jpg\" alt=\"camping les genets en aveyron\"><\/div>\n\t<div class=\"ls-cta__title\">\n\t\tGroupes\t<\/div>\n\n\t\t\n<\/a><\/div><\/div><\/div>\n\r\n    <\/div>\r\n<\/section>","protected":false},"excerpt":{"rendered":"","protected":false},"author":1,"featured_media":1393,"parent":0,"menu_order":0,"comment_status":"closed","ping_status":"closed","template":"","meta":{"_acf_changed":false,"inline_featured_image":false,"footnotes":""},"sujet":[],"class_list":["post-1075","page","type-page","status-publish","has-post-thumbnail","hentry"],"acf":[],"yoast_head":"<!-- This site is optimized with the Yoast SEO plugin v27.3 - https:\/\/yoast.com\/product\/yoast-seo-wordpress\/ -->\n<title>Restaurant lac de Pareloup : une cuisine typique de l\u2019Aveyron<\/title>\n<meta name=\"description\" content=\"D\u00e9couvrez une cuisine typique de l\u2019Aveyron gr\u00e2ce la carte vari\u00e9e du restaurant les Genets au bord du lac de Pareloup durant votre s\u00e9jour\" \/>\n<meta name=\"robots\" content=\"index, follow, max-snippet:-1, max-image-preview:large, max-video-preview:-1\" \/>\n<link rel=\"canonical\" href=\"https:\/\/www.camping-les-genets.fr\/fr\/restaurant-aveyron\/\" \/>\n<meta property=\"og:locale\" content=\"fr_FR\" \/>\n<meta property=\"og:type\" content=\"article\" \/>\n<meta property=\"og:title\" content=\"Restaurant lac de Pareloup : une cuisine typique de l\u2019Aveyron\" \/>\n<meta property=\"og:description\" content=\"D\u00e9couvrez une cuisine typique de l\u2019Aveyron gr\u00e2ce la carte vari\u00e9e du restaurant les Genets au bord du lac de Pareloup durant votre s\u00e9jour\" \/>\n<meta property=\"og:url\" content=\"https:\/\/www.camping-les-genets.fr\/fr\/restaurant-aveyron\/\" \/>\n<meta property=\"og:site_name\" content=\"Camping les Genets\" \/>\n<meta property=\"article:modified_time\" content=\"2025-02-26T11:27:39+00:00\" \/>\n<meta property=\"og:image\" content=\"https:\/\/www.camping-les-genets.fr\/wp-content\/uploads\/2023\/09\/Restaurant-camping-Les-Genets-scaled.webp\" \/>\n\t<meta property=\"og:image:width\" content=\"2560\" \/>\n\t<meta property=\"og:image:height\" content=\"1707\" \/>\n\t<meta property=\"og:image:type\" content=\"image\/webp\" \/>\n<meta name=\"twitter:card\" content=\"summary_large_image\" \/>\n<meta name=\"twitter:label1\" content=\"Dur\u00e9e de lecture estim\u00e9e\" \/>\n\t<meta name=\"twitter:data1\" content=\"4 minutes\" \/>\n<script type=\"application\/ld+json\" class=\"yoast-schema-graph\">{\"@context\":\"https:\\\/\\\/schema.org\",\"@graph\":[{\"@type\":\"WebPage\",\"@id\":\"https:\\\/\\\/www.camping-les-genets.fr\\\/fr\\\/restaurant-aveyron\\\/\",\"url\":\"https:\\\/\\\/www.camping-les-genets.fr\\\/fr\\\/restaurant-aveyron\\\/\",\"name\":\"Restaurant lac de Pareloup : une cuisine typique de l\u2019Aveyron\",\"isPartOf\":{\"@id\":\"https:\\\/\\\/www.camping-les-genets.fr\\\/fr\\\/#website\"},\"primaryImageOfPage\":{\"@id\":\"https:\\\/\\\/www.camping-les-genets.fr\\\/fr\\\/restaurant-aveyron\\\/#primaryimage\"},\"image\":{\"@id\":\"https:\\\/\\\/www.camping-les-genets.fr\\\/fr\\\/restaurant-aveyron\\\/#primaryimage\"},\"thumbnailUrl\":\"https:\\\/\\\/www.camping-les-genets.fr\\\/wp-content\\\/uploads\\\/2023\\\/09\\\/Restaurant-camping-Les-Genets-scaled.webp\",\"datePublished\":\"2023-07-27T11:19:14+00:00\",\"dateModified\":\"2025-02-26T11:27:39+00:00\",\"description\":\"D\u00e9couvrez une cuisine typique de l\u2019Aveyron gr\u00e2ce la carte vari\u00e9e du restaurant les Genets au bord du lac de Pareloup durant votre s\u00e9jour\",\"breadcrumb\":{\"@id\":\"https:\\\/\\\/www.camping-les-genets.fr\\\/fr\\\/restaurant-aveyron\\\/#breadcrumb\"},\"inLanguage\":\"fr-FR\",\"potentialAction\":[{\"@type\":\"ReadAction\",\"target\":[\"https:\\\/\\\/www.camping-les-genets.fr\\\/fr\\\/restaurant-aveyron\\\/\"]}]},{\"@type\":\"ImageObject\",\"inLanguage\":\"fr-FR\",\"@id\":\"https:\\\/\\\/www.camping-les-genets.fr\\\/fr\\\/restaurant-aveyron\\\/#primaryimage\",\"url\":\"https:\\\/\\\/www.camping-les-genets.fr\\\/wp-content\\\/uploads\\\/2023\\\/09\\\/Restaurant-camping-Les-Genets-scaled.webp\",\"contentUrl\":\"https:\\\/\\\/www.camping-les-genets.fr\\\/wp-content\\\/uploads\\\/2023\\\/09\\\/Restaurant-camping-Les-Genets-scaled.webp\",\"width\":2560,\"height\":1707,\"caption\":\"Restaurant camping Les Gen\u00eats\"},{\"@type\":\"BreadcrumbList\",\"@id\":\"https:\\\/\\\/www.camping-les-genets.fr\\\/fr\\\/restaurant-aveyron\\\/#breadcrumb\",\"itemListElement\":[{\"@type\":\"ListItem\",\"position\":1,\"name\":\"Camping Aveyron\",\"item\":\"https:\\\/\\\/www.camping-les-genets.fr\\\/fr\\\/\"},{\"@type\":\"ListItem\",\"position\":2,\"name\":\"Le restaurant du camping\"}]},{\"@type\":\"WebSite\",\"@id\":\"https:\\\/\\\/www.camping-les-genets.fr\\\/fr\\\/#website\",\"url\":\"https:\\\/\\\/www.camping-les-genets.fr\\\/fr\\\/\",\"name\":\"Camping les Genets\",\"description\":\"\",\"publisher\":{\"@id\":\"https:\\\/\\\/www.camping-les-genets.fr\\\/fr\\\/#organization\"},\"potentialAction\":[{\"@type\":\"SearchAction\",\"target\":{\"@type\":\"EntryPoint\",\"urlTemplate\":\"https:\\\/\\\/www.camping-les-genets.fr\\\/fr\\\/?s={search_term_string}\"},\"query-input\":{\"@type\":\"PropertyValueSpecification\",\"valueRequired\":true,\"valueName\":\"search_term_string\"}}],\"inLanguage\":\"fr-FR\"},{\"@type\":\"Organization\",\"@id\":\"https:\\\/\\\/www.camping-les-genets.fr\\\/fr\\\/#organization\",\"name\":\"Camping les Genets\",\"url\":\"https:\\\/\\\/www.camping-les-genets.fr\\\/fr\\\/\",\"logo\":{\"@type\":\"ImageObject\",\"inLanguage\":\"fr-FR\",\"@id\":\"https:\\\/\\\/www.camping-les-genets.fr\\\/fr\\\/#\\\/schema\\\/logo\\\/image\\\/\",\"url\":\"https:\\\/\\\/www.camping-les-genets.fr\\\/wp-content\\\/uploads\\\/2023\\\/07\\\/cropped-logo-camping-genets-footer.png\",\"contentUrl\":\"https:\\\/\\\/www.camping-les-genets.fr\\\/wp-content\\\/uploads\\\/2023\\\/07\\\/cropped-logo-camping-genets-footer.png\",\"width\":500,\"height\":295,\"caption\":\"Camping les Genets\"},\"image\":{\"@id\":\"https:\\\/\\\/www.camping-les-genets.fr\\\/fr\\\/#\\\/schema\\\/logo\\\/image\\\/\"}}]}<\/script>\n<!-- \/ Yoast SEO plugin. -->","yoast_head_json":{"title":"Restaurant lac de Pareloup : une cuisine typique de l\u2019Aveyron","description":"D\u00e9couvrez une cuisine typique de l\u2019Aveyron gr\u00e2ce la carte vari\u00e9e du restaurant les Genets au bord du lac de Pareloup durant votre s\u00e9jour","robots":{"index":"index","follow":"follow","max-snippet":"max-snippet:-1","max-image-preview":"max-image-preview:large","max-video-preview":"max-video-preview:-1"},"canonical":"https:\/\/www.camping-les-genets.fr\/fr\/restaurant-aveyron\/","og_locale":"fr_FR","og_type":"article","og_title":"Restaurant lac de Pareloup : une cuisine typique de l\u2019Aveyron","og_description":"D\u00e9couvrez une cuisine typique de l\u2019Aveyron gr\u00e2ce la carte vari\u00e9e du restaurant les Genets au bord du lac de Pareloup durant votre s\u00e9jour","og_url":"https:\/\/www.camping-les-genets.fr\/fr\/restaurant-aveyron\/","og_site_name":"Camping les Genets","article_modified_time":"2025-02-26T11:27:39+00:00","og_image":[{"width":2560,"height":1707,"url":"https:\/\/www.camping-les-genets.fr\/wp-content\/uploads\/2023\/09\/Restaurant-camping-Les-Genets-scaled.webp","type":"image\/webp"}],"twitter_card":"summary_large_image","twitter_misc":{"Dur\u00e9e de lecture estim\u00e9e":"4 minutes"},"schema":{"@context":"https:\/\/schema.org","@graph":[{"@type":"WebPage","@id":"https:\/\/www.camping-les-genets.fr\/fr\/restaurant-aveyron\/","url":"https:\/\/www.camping-les-genets.fr\/fr\/restaurant-aveyron\/","name":"Restaurant lac de Pareloup : une cuisine typique de l\u2019Aveyron","isPartOf":{"@id":"https:\/\/www.camping-les-genets.fr\/fr\/#website"},"primaryImageOfPage":{"@id":"https:\/\/www.camping-les-genets.fr\/fr\/restaurant-aveyron\/#primaryimage"},"image":{"@id":"https:\/\/www.camping-les-genets.fr\/fr\/restaurant-aveyron\/#primaryimage"},"thumbnailUrl":"https:\/\/www.camping-les-genets.fr\/wp-content\/uploads\/2023\/09\/Restaurant-camping-Les-Genets-scaled.webp","datePublished":"2023-07-27T11:19:14+00:00","dateModified":"2025-02-26T11:27:39+00:00","description":"D\u00e9couvrez une cuisine typique de l\u2019Aveyron gr\u00e2ce la carte vari\u00e9e du restaurant les Genets au bord du lac de Pareloup durant votre s\u00e9jour","breadcrumb":{"@id":"https:\/\/www.camping-les-genets.fr\/fr\/restaurant-aveyron\/#breadcrumb"},"inLanguage":"fr-FR","potentialAction":[{"@type":"ReadAction","target":["https:\/\/www.camping-les-genets.fr\/fr\/restaurant-aveyron\/"]}]},{"@type":"ImageObject","inLanguage":"fr-FR","@id":"https:\/\/www.camping-les-genets.fr\/fr\/restaurant-aveyron\/#primaryimage","url":"https:\/\/www.camping-les-genets.fr\/wp-content\/uploads\/2023\/09\/Restaurant-camping-Les-Genets-scaled.webp","contentUrl":"https:\/\/www.camping-les-genets.fr\/wp-content\/uploads\/2023\/09\/Restaurant-camping-Les-Genets-scaled.webp","width":2560,"height":1707,"caption":"Restaurant camping Les Gen\u00eats"},{"@type":"BreadcrumbList","@id":"https:\/\/www.camping-les-genets.fr\/fr\/restaurant-aveyron\/#breadcrumb","itemListElement":[{"@type":"ListItem","position":1,"name":"Camping Aveyron","item":"https:\/\/www.camping-les-genets.fr\/fr\/"},{"@type":"ListItem","position":2,"name":"Le restaurant du camping"}]},{"@type":"WebSite","@id":"https:\/\/www.camping-les-genets.fr\/fr\/#website","url":"https:\/\/www.camping-les-genets.fr\/fr\/","name":"Camping les Genets","description":"","publisher":{"@id":"https:\/\/www.camping-les-genets.fr\/fr\/#organization"},"potentialAction":[{"@type":"SearchAction","target":{"@type":"EntryPoint","urlTemplate":"https:\/\/www.camping-les-genets.fr\/fr\/?s={search_term_string}"},"query-input":{"@type":"PropertyValueSpecification","valueRequired":true,"valueName":"search_term_string"}}],"inLanguage":"fr-FR"},{"@type":"Organization","@id":"https:\/\/www.camping-les-genets.fr\/fr\/#organization","name":"Camping les Genets","url":"https:\/\/www.camping-les-genets.fr\/fr\/","logo":{"@type":"ImageObject","inLanguage":"fr-FR","@id":"https:\/\/www.camping-les-genets.fr\/fr\/#\/schema\/logo\/image\/","url":"https:\/\/www.camping-les-genets.fr\/wp-content\/uploads\/2023\/07\/cropped-logo-camping-genets-footer.png","contentUrl":"https:\/\/www.camping-les-genets.fr\/wp-content\/uploads\/2023\/07\/cropped-logo-camping-genets-footer.png","width":500,"height":295,"caption":"Camping les Genets"},"image":{"@id":"https:\/\/www.camping-les-genets.fr\/fr\/#\/schema\/logo\/image\/"}}]}},"_links":{"self":[{"href":"https:\/\/www.camping-les-genets.fr\/fr\/wp-json\/wp\/v2\/pages\/1075","targetHints":{"allow":["GET"]}}],"collection":[{"href":"https:\/\/www.camping-les-genets.fr\/fr\/wp-json\/wp\/v2\/pages"}],"about":[{"href":"https:\/\/www.camping-les-genets.fr\/fr\/wp-json\/wp\/v2\/types\/page"}],"author":[{"embeddable":true,"href":"https:\/\/www.camping-les-genets.fr\/fr\/wp-json\/wp\/v2\/users\/1"}],"replies":[{"embeddable":true,"href":"https:\/\/www.camping-les-genets.fr\/fr\/wp-json\/wp\/v2\/comments?post=1075"}],"version-history":[{"count":104,"href":"https:\/\/www.camping-les-genets.fr\/fr\/wp-json\/wp\/v2\/pages\/1075\/revisions"}],"predecessor-version":[{"id":7440,"href":"https:\/\/www.camping-les-genets.fr\/fr\/wp-json\/wp\/v2\/pages\/1075\/revisions\/7440"}],"wp:featuredmedia":[{"embeddable":true,"href":"https:\/\/www.camping-les-genets.fr\/fr\/wp-json\/wp\/v2\/media\/1393"}],"wp:attachment":[{"href":"https:\/\/www.camping-les-genets.fr\/fr\/wp-json\/wp\/v2\/media?parent=1075"}],"wp:term":[{"taxonomy":"sujet","embeddable":true,"href":"https:\/\/www.camping-les-genets.fr\/fr\/wp-json\/wp\/v2\/sujet?post=1075"}],"curies":[{"name":"wp","href":"https:\/\/api.w.org\/{rel}","templated":true}]}}