{"id":1073,"date":"2023-07-27T13:18:56","date_gmt":"2023-07-27T11:18:56","guid":{"rendered":"https:\/\/www.camping-les-genets.fr\/?page_id=1073"},"modified":"2024-12-04T10:54:03","modified_gmt":"2024-12-04T09:54:03","slug":"groupe","status":"publish","type":"page","link":"https:\/\/www.camping-les-genets.fr\/fr\/groupe\/","title":{"rendered":"Groupes"},"content":{"rendered":"<section id=\"ls-section-block_4bc5872919c0a090d0c0797477e31415\" class=\"ls-section  page-chapeau has-p-b p-b-0\" >\r\n        <div class=\"container \">\r\n        \n\n<h1 class=\"ls__heading wp-block-heading has-text-align-center animated fadeInLeft delay-100ms slow\">Voyage de groupe, incentive, association au <strong>Camping les Gen\u00eats<\/strong><\/h1>\n\n\r\n    <\/div>\r\n<\/section>\n\n<section id=\"ls-section-block_99f47dd3bd9cde80fc259aa2ff92c59d\" class=\"ls-section  page-one has-p-b p-b-14\" >\r\n        <div class=\"container container--full\">\r\n        \n\n<div class=\"wp-block-columns is-layout-flex wp-container-core-columns-is-layout-9d6595d7 wp-block-columns-is-layout-flex\">\n<div class=\"wp-block-column first is-layout-flow wp-block-column-is-layout-flow\" style=\"flex-basis:66.66%\">\n<figure class=\"wp-block-image size-full\"><img decoding=\"async\" width=\"970\" height=\"736\" src=\"https:\/\/www.camping-les-genets.fr\/wp-content\/uploads\/2023\/11\/sortie-groupe-camping-aveyron-1.jpg\" alt=\"sejour groupe aveyron\" class=\"wp-image-4820\" style=\"aspect-ratio:3\/2;object-fit:cover\" srcset=\"https:\/\/www.camping-les-genets.fr\/wp-content\/uploads\/2023\/11\/sortie-groupe-camping-aveyron-1.jpg 970w, https:\/\/www.camping-les-genets.fr\/wp-content\/uploads\/2023\/11\/sortie-groupe-camping-aveyron-1-300x228.jpg 300w, https:\/\/www.camping-les-genets.fr\/wp-content\/uploads\/2023\/11\/sortie-groupe-camping-aveyron-1-768x583.jpg 768w\" sizes=\"(max-width: 970px) 100vw, 970px\" \/><\/figure>\n<\/div>\n\n\n\n<div class=\"wp-block-column is-vertically-aligned-center second has-color-white-background-color has-background is-layout-flow wp-block-column-is-layout-flow\" style=\"flex-basis:33.33%\">\n<h2 class=\"ls__heading wp-block-heading\"><strong>Organisez<\/strong> <strong>vos s\u00e9jours de groupe<\/strong> et profitez de nos prestations sur-mesure<\/h2>\n\n\n\n<p class=\"ls-paragraph\">Avec son cadre d\u2019exception, sa situation privil\u00e9gi\u00e9e sur le lac et ses nombreuses installations de confort et de loisirs, le <a href=\"\/fr\/\">camping Les Gen\u00eats<\/a> se pr\u00eate particuli\u00e8rement \u00e0 l\u2019<strong>accueil de groupes<\/strong>.<\/p>\n\n\n\n<p class=\"ls-paragraph addReadMore showlesscontent\">Motards ou cyclistes en itin\u00e9rance, rallye de caravanes ou de voitures de collection, groupes de b\u00e9n\u00e9voles, ou encore famille se retrouvant pour une cousinade, nous vous recevons sur notre site dans les meilleures conditions pour un court ou un long s\u00e9jour. <br><br>Nous proposons aux groupes des <strong>prestations particuli\u00e8res et adapt\u00e9es<\/strong> : ensemble, nous pouvons convenir d\u2019un programme de visites et d\u2019animations sur mesure, \u00e9labor\u00e9 en fonction du nombre de participants, du profil du groupe (pr\u00e9sence d\u2019enfants, d\u2019adolescents, de personnes \u00e0 mobilit\u00e9 r\u00e9duite) et de la dur\u00e9e du s\u00e9jour.<\/p>\n<\/div>\n<\/div>\n\n\r\n    <\/div>\r\n<\/section>\n\n<section id=\"ls-section-block_4e60a5c4b42022575a3b7078283e454c\" class=\"ls-section  page-two background-blu-right has-p-t p-t-14 has-p-b p-b-0\" >\r\n        <div class=\"container container--wide\">\r\n        \n\n<div class=\"wp-block-columns is-layout-flex wp-container-core-columns-is-layout-9d6595d7 wp-block-columns-is-layout-flex\">\n<div class=\"wp-block-column is-vertically-aligned-top first is-layout-flow wp-block-column-is-layout-flow\" style=\"flex-basis:33.33%\">\n<h2 class=\"ls__heading wp-block-heading\">Un s\u00e9jour \u00e0 la <strong>d\u00e9couverte des saveurs Aveyronnaise<\/strong><\/h2>\n\n\n\n<p class=\"ls-paragraph\">Nous pr\u00e9voyons pour votre groupe un <strong>pot<\/strong> <strong>d\u2019accueil<\/strong> et un <strong>d\u00eener<\/strong> <strong>aveyronnais<\/strong>, qui permettent de se retrouver dans une ambiance conviviale, de prendre ses marques sur le site et de partager des moments inoubliables.<\/p>\n\n\n\n<p class=\"ls-paragraph\">Nous pouvons ensuite organiser pour le groupe des <strong>sorties<\/strong> <strong>touristiques<\/strong> <strong>phare<\/strong>, autour du terroir aveyronnais et des sites, naturels ou historiques, incontournables de la r\u00e9gion : visite des caves de <a href=\"\/fr\/tourisme-roquefort\/\">Roquefort<\/a> et d\u00e9gustations, d\u00e9couverte de domaines viticoles, excursions \u00e0 Brousse-le-Ch\u00e2teau et \u00e0 <a href=\"\/fr\/tourisme-conques\/\">Conques<\/a>, sortie au viaduc de <a href=\"\/fr\/tourisme-millau\/\">Millau<\/a> avec promenade comment\u00e9e par un guide Eiffage, ou encore visite du mus\u00e9e Soulages.<\/p>\n\n\n\n<p class=\"ls-paragraph addReadMore showlesscontent\">Nous pouvons aussi faire profiter votre groupe de <strong>loisirs<\/strong> <strong>nautiques sur le lac \u00e0 tarif privil\u00e9gi\u00e9<\/strong> : de la balade comment\u00e9e en bateau \u00e0 l\u2019excursion en cano\u00eb pour les plus sportifs. <br><br>Contactez le camping Les Gen\u00eats pour \u00e9laborer votre <strong>programme sur mesure<\/strong> ! <br><br>Pour vous assurer un service des plus attentifs, nous recevons les groupes du d\u00e9but \u00e0 la fin de la saison d\u2019ouverture, \u00e0 l\u2019exception de la p\u00e9riode du 10 juillet au 20 ao\u00fbt.<\/p>\n<\/div>\n\n\n\n<div class=\"wp-block-column second is-layout-flow wp-block-column-is-layout-flow\" style=\"flex-basis:66.66%\">\n<figure class=\"wp-block-image size-full image\"><img decoding=\"async\" width=\"2560\" height=\"1707\" src=\"https:\/\/www.camping-les-genets.fr\/wp-content\/uploads\/2023\/09\/Specialite-culinaire-Aveyron-scaled.webp\" alt=\"Sp\u00e9cialit\u00e9 culinaire Aveyron\" class=\"wp-image-3569\" srcset=\"https:\/\/www.camping-les-genets.fr\/wp-content\/uploads\/2023\/09\/Specialite-culinaire-Aveyron-scaled.webp 2560w, https:\/\/www.camping-les-genets.fr\/wp-content\/uploads\/2023\/09\/Specialite-culinaire-Aveyron-300x200.webp 300w, https:\/\/www.camping-les-genets.fr\/wp-content\/uploads\/2023\/09\/Specialite-culinaire-Aveyron-1024x683.webp 1024w, https:\/\/www.camping-les-genets.fr\/wp-content\/uploads\/2023\/09\/Specialite-culinaire-Aveyron-768x512.webp 768w, https:\/\/www.camping-les-genets.fr\/wp-content\/uploads\/2023\/09\/Specialite-culinaire-Aveyron-1536x1024.webp 1536w, https:\/\/www.camping-les-genets.fr\/wp-content\/uploads\/2023\/09\/Specialite-culinaire-Aveyron-2048x1365.webp 2048w\" sizes=\"(max-width: 2560px) 100vw, 2560px\" \/><\/figure>\n\n\n\n<figure class=\"wp-block-image size-large deco\"><img decoding=\"async\" width=\"2465\" height=\"1024\" src=\"https:\/\/www.camping-les-genets.fr\/wp-content\/uploads\/2023\/07\/vagues.svg\" alt=\"vagues\" class=\"wp-image-812\"\/><\/figure>\n<\/div>\n<\/div>\n\n\r\n    <\/div>\r\n<\/section>\n\n<section id=\"ls-section-block_75c34a238db9d7d04f96c4e51b846d24\" class=\"ls-section  page-maillage has-p-t p-t-14 has-p-b p-b-14\" >\r\n        <div class=\"container container--wide\">\r\n        \n\n<div id=\"ls-heading ls-titre-div-block_f6f09f6cd3d2d3ad4ef38e9a04bf621a\" class=\"ls-titre-div aligncenter h2-like has-m-b m-b-8\" >\n    D\u00e9couvrez nos tarifs, nos activit\u00e9s et animations, ainsi que <strong> les services propos\u00e9s !<\/div>\n\n\n<div id=\"ls-maillage-block_d0c6ccd77e1bf192759124dec9b4f113\" class=\"ls-maillage slow animated fadeInUp delay-100ms cta-style-normal\" data-rows=\"3\">\r\n    <div class=\"wp-block-columns\"><div class=\"wp-block-column\">\n\n<a href=\"https:\/\/www.camping-les-genets.fr\/fr\/tarifs\/\" target=\"\" rel=\"noopener\" class=\"ls-cta__link\">\n\n\t<div class=\"ls-cta__image\"><img decoding=\"async\" src=\"https:\/\/www.camping-les-genets.fr\/wp-content\/uploads\/2024\/02\/accueil-768x576.webp\" alt=\"\"><\/div>\n\t<div class=\"ls-cta__title\">\n\t\tTarifs\t<\/div>\n\n\t\t\n<\/a><\/div><div class=\"wp-block-column\">\n\n<a href=\"https:\/\/www.camping-les-genets.fr\/fr\/activites\/\" target=\"\" rel=\"noopener\" class=\"ls-cta__link\">\n\n\t<div class=\"ls-cta__image\"><img decoding=\"async\" src=\"https:\/\/www.camping-les-genets.fr\/wp-content\/uploads\/2024\/02\/activites_nautiques_pedalo_toboggan-768x576.webp\" alt=\"\"><\/div>\n\t<div class=\"ls-cta__title\">\n\t\tActivit\u00e9s et animations\t<\/div>\n\n\t\t\n<\/a><\/div><div class=\"wp-block-column\">\n\n<a href=\"https:\/\/www.camping-les-genets.fr\/fr\/services\/\" target=\"\" rel=\"noopener\" class=\"ls-cta__link\">\n\n\t<div class=\"ls-cta__image\"><img decoding=\"async\" src=\"https:\/\/www.camping-les-genets.fr\/wp-content\/uploads\/2024\/02\/massage-768x576.webp\" alt=\"\"><\/div>\n\t<div class=\"ls-cta__title\">\n\t\tServices\t<\/div>\n\n\t\t\n<\/a><\/div><\/div><\/div>\n\r\n    <\/div>\r\n<\/section>","protected":false},"excerpt":{"rendered":"","protected":false},"author":1,"featured_media":4810,"parent":0,"menu_order":0,"comment_status":"closed","ping_status":"closed","template":"","meta":{"_acf_changed":false,"inline_featured_image":false,"footnotes":""},"sujet":[],"class_list":["post-1073","page","type-page","status-publish","has-post-thumbnail","hentry"],"acf":[],"yoast_head":"<!-- This site is optimized with the Yoast SEO plugin v27.3 - https:\/\/yoast.com\/product\/yoast-seo-wordpress\/ -->\n<title>Camping avec accueil groupe et seminaire : logement groupe en Aveyron<\/title>\n<meta name=\"description\" content=\"Organisez vos s\u00e9jours de groupe et incentives au camping les Gen\u00eats ! D\u00e9couvrez la culture aveyronnaise et nos infrastructures 4 \u00e9toiles au lac de Pareloup\" \/>\n<meta name=\"robots\" content=\"index, follow, max-snippet:-1, max-image-preview:large, max-video-preview:-1\" \/>\n<link rel=\"canonical\" href=\"https:\/\/www.camping-les-genets.fr\/fr\/groupe\/\" \/>\n<meta property=\"og:locale\" content=\"fr_FR\" \/>\n<meta property=\"og:type\" content=\"article\" \/>\n<meta property=\"og:title\" content=\"Camping avec accueil groupe et seminaire : logement groupe en Aveyron\" \/>\n<meta property=\"og:description\" content=\"Organisez vos s\u00e9jours de groupe et incentives au camping les Gen\u00eats ! D\u00e9couvrez la culture aveyronnaise et nos infrastructures 4 \u00e9toiles au lac de Pareloup\" \/>\n<meta property=\"og:url\" content=\"https:\/\/www.camping-les-genets.fr\/fr\/groupe\/\" \/>\n<meta property=\"og:site_name\" content=\"Camping les Genets\" \/>\n<meta property=\"article:modified_time\" content=\"2024-12-04T09:54:03+00:00\" \/>\n<meta property=\"og:image\" content=\"https:\/\/www.camping-les-genets.fr\/wp-content\/uploads\/2023\/11\/camping-groupe-1.jpg\" \/>\n\t<meta property=\"og:image:width\" content=\"1920\" \/>\n\t<meta property=\"og:image:height\" content=\"969\" \/>\n\t<meta property=\"og:image:type\" content=\"image\/jpeg\" \/>\n<meta name=\"twitter:card\" content=\"summary_large_image\" \/>\n<meta name=\"twitter:label1\" content=\"Dur\u00e9e de lecture estim\u00e9e\" \/>\n\t<meta name=\"twitter:data1\" content=\"3 minutes\" \/>\n<script type=\"application\/ld+json\" class=\"yoast-schema-graph\">{\"@context\":\"https:\\\/\\\/schema.org\",\"@graph\":[{\"@type\":\"WebPage\",\"@id\":\"https:\\\/\\\/www.camping-les-genets.fr\\\/fr\\\/groupe\\\/\",\"url\":\"https:\\\/\\\/www.camping-les-genets.fr\\\/fr\\\/groupe\\\/\",\"name\":\"Camping avec accueil groupe et seminaire : logement groupe en Aveyron\",\"isPartOf\":{\"@id\":\"https:\\\/\\\/www.camping-les-genets.fr\\\/fr\\\/#website\"},\"primaryImageOfPage\":{\"@id\":\"https:\\\/\\\/www.camping-les-genets.fr\\\/fr\\\/groupe\\\/#primaryimage\"},\"image\":{\"@id\":\"https:\\\/\\\/www.camping-les-genets.fr\\\/fr\\\/groupe\\\/#primaryimage\"},\"thumbnailUrl\":\"https:\\\/\\\/www.camping-les-genets.fr\\\/wp-content\\\/uploads\\\/2023\\\/11\\\/camping-groupe-1.jpg\",\"datePublished\":\"2023-07-27T11:18:56+00:00\",\"dateModified\":\"2024-12-04T09:54:03+00:00\",\"description\":\"Organisez vos s\u00e9jours de groupe et incentives au camping les Gen\u00eats ! D\u00e9couvrez la culture aveyronnaise et nos infrastructures 4 \u00e9toiles au lac de Pareloup\",\"breadcrumb\":{\"@id\":\"https:\\\/\\\/www.camping-les-genets.fr\\\/fr\\\/groupe\\\/#breadcrumb\"},\"inLanguage\":\"fr-FR\",\"potentialAction\":[{\"@type\":\"ReadAction\",\"target\":[\"https:\\\/\\\/www.camping-les-genets.fr\\\/fr\\\/groupe\\\/\"]}]},{\"@type\":\"ImageObject\",\"inLanguage\":\"fr-FR\",\"@id\":\"https:\\\/\\\/www.camping-les-genets.fr\\\/fr\\\/groupe\\\/#primaryimage\",\"url\":\"https:\\\/\\\/www.camping-les-genets.fr\\\/wp-content\\\/uploads\\\/2023\\\/11\\\/camping-groupe-1.jpg\",\"contentUrl\":\"https:\\\/\\\/www.camping-les-genets.fr\\\/wp-content\\\/uploads\\\/2023\\\/11\\\/camping-groupe-1.jpg\",\"width\":1920,\"height\":969,\"caption\":\"Sortie en groupe en Aveyron\"},{\"@type\":\"BreadcrumbList\",\"@id\":\"https:\\\/\\\/www.camping-les-genets.fr\\\/fr\\\/groupe\\\/#breadcrumb\",\"itemListElement\":[{\"@type\":\"ListItem\",\"position\":1,\"name\":\"Camping Aveyron\",\"item\":\"https:\\\/\\\/www.camping-les-genets.fr\\\/fr\\\/\"},{\"@type\":\"ListItem\",\"position\":2,\"name\":\"Camping avec accueil de groupe\"}]},{\"@type\":\"WebSite\",\"@id\":\"https:\\\/\\\/www.camping-les-genets.fr\\\/fr\\\/#website\",\"url\":\"https:\\\/\\\/www.camping-les-genets.fr\\\/fr\\\/\",\"name\":\"Camping les Genets\",\"description\":\"\",\"publisher\":{\"@id\":\"https:\\\/\\\/www.camping-les-genets.fr\\\/fr\\\/#organization\"},\"potentialAction\":[{\"@type\":\"SearchAction\",\"target\":{\"@type\":\"EntryPoint\",\"urlTemplate\":\"https:\\\/\\\/www.camping-les-genets.fr\\\/fr\\\/?s={search_term_string}\"},\"query-input\":{\"@type\":\"PropertyValueSpecification\",\"valueRequired\":true,\"valueName\":\"search_term_string\"}}],\"inLanguage\":\"fr-FR\"},{\"@type\":\"Organization\",\"@id\":\"https:\\\/\\\/www.camping-les-genets.fr\\\/fr\\\/#organization\",\"name\":\"Camping les Genets\",\"url\":\"https:\\\/\\\/www.camping-les-genets.fr\\\/fr\\\/\",\"logo\":{\"@type\":\"ImageObject\",\"inLanguage\":\"fr-FR\",\"@id\":\"https:\\\/\\\/www.camping-les-genets.fr\\\/fr\\\/#\\\/schema\\\/logo\\\/image\\\/\",\"url\":\"https:\\\/\\\/www.camping-les-genets.fr\\\/wp-content\\\/uploads\\\/2023\\\/07\\\/cropped-logo-camping-genets-footer.png\",\"contentUrl\":\"https:\\\/\\\/www.camping-les-genets.fr\\\/wp-content\\\/uploads\\\/2023\\\/07\\\/cropped-logo-camping-genets-footer.png\",\"width\":500,\"height\":295,\"caption\":\"Camping les Genets\"},\"image\":{\"@id\":\"https:\\\/\\\/www.camping-les-genets.fr\\\/fr\\\/#\\\/schema\\\/logo\\\/image\\\/\"}}]}<\/script>\n<!-- \/ Yoast SEO plugin. -->","yoast_head_json":{"title":"Camping avec accueil groupe et seminaire : logement groupe en Aveyron","description":"Organisez vos s\u00e9jours de groupe et incentives au camping les Gen\u00eats ! D\u00e9couvrez la culture aveyronnaise et nos infrastructures 4 \u00e9toiles au lac de Pareloup","robots":{"index":"index","follow":"follow","max-snippet":"max-snippet:-1","max-image-preview":"max-image-preview:large","max-video-preview":"max-video-preview:-1"},"canonical":"https:\/\/www.camping-les-genets.fr\/fr\/groupe\/","og_locale":"fr_FR","og_type":"article","og_title":"Camping avec accueil groupe et seminaire : logement groupe en Aveyron","og_description":"Organisez vos s\u00e9jours de groupe et incentives au camping les Gen\u00eats ! D\u00e9couvrez la culture aveyronnaise et nos infrastructures 4 \u00e9toiles au lac de Pareloup","og_url":"https:\/\/www.camping-les-genets.fr\/fr\/groupe\/","og_site_name":"Camping les Genets","article_modified_time":"2024-12-04T09:54:03+00:00","og_image":[{"width":1920,"height":969,"url":"https:\/\/www.camping-les-genets.fr\/wp-content\/uploads\/2023\/11\/camping-groupe-1.jpg","type":"image\/jpeg"}],"twitter_card":"summary_large_image","twitter_misc":{"Dur\u00e9e de lecture estim\u00e9e":"3 minutes"},"schema":{"@context":"https:\/\/schema.org","@graph":[{"@type":"WebPage","@id":"https:\/\/www.camping-les-genets.fr\/fr\/groupe\/","url":"https:\/\/www.camping-les-genets.fr\/fr\/groupe\/","name":"Camping avec accueil groupe et seminaire : logement groupe en Aveyron","isPartOf":{"@id":"https:\/\/www.camping-les-genets.fr\/fr\/#website"},"primaryImageOfPage":{"@id":"https:\/\/www.camping-les-genets.fr\/fr\/groupe\/#primaryimage"},"image":{"@id":"https:\/\/www.camping-les-genets.fr\/fr\/groupe\/#primaryimage"},"thumbnailUrl":"https:\/\/www.camping-les-genets.fr\/wp-content\/uploads\/2023\/11\/camping-groupe-1.jpg","datePublished":"2023-07-27T11:18:56+00:00","dateModified":"2024-12-04T09:54:03+00:00","description":"Organisez vos s\u00e9jours de groupe et incentives au camping les Gen\u00eats ! D\u00e9couvrez la culture aveyronnaise et nos infrastructures 4 \u00e9toiles au lac de Pareloup","breadcrumb":{"@id":"https:\/\/www.camping-les-genets.fr\/fr\/groupe\/#breadcrumb"},"inLanguage":"fr-FR","potentialAction":[{"@type":"ReadAction","target":["https:\/\/www.camping-les-genets.fr\/fr\/groupe\/"]}]},{"@type":"ImageObject","inLanguage":"fr-FR","@id":"https:\/\/www.camping-les-genets.fr\/fr\/groupe\/#primaryimage","url":"https:\/\/www.camping-les-genets.fr\/wp-content\/uploads\/2023\/11\/camping-groupe-1.jpg","contentUrl":"https:\/\/www.camping-les-genets.fr\/wp-content\/uploads\/2023\/11\/camping-groupe-1.jpg","width":1920,"height":969,"caption":"Sortie en groupe en Aveyron"},{"@type":"BreadcrumbList","@id":"https:\/\/www.camping-les-genets.fr\/fr\/groupe\/#breadcrumb","itemListElement":[{"@type":"ListItem","position":1,"name":"Camping Aveyron","item":"https:\/\/www.camping-les-genets.fr\/fr\/"},{"@type":"ListItem","position":2,"name":"Camping avec accueil de groupe"}]},{"@type":"WebSite","@id":"https:\/\/www.camping-les-genets.fr\/fr\/#website","url":"https:\/\/www.camping-les-genets.fr\/fr\/","name":"Camping les Genets","description":"","publisher":{"@id":"https:\/\/www.camping-les-genets.fr\/fr\/#organization"},"potentialAction":[{"@type":"SearchAction","target":{"@type":"EntryPoint","urlTemplate":"https:\/\/www.camping-les-genets.fr\/fr\/?s={search_term_string}"},"query-input":{"@type":"PropertyValueSpecification","valueRequired":true,"valueName":"search_term_string"}}],"inLanguage":"fr-FR"},{"@type":"Organization","@id":"https:\/\/www.camping-les-genets.fr\/fr\/#organization","name":"Camping les Genets","url":"https:\/\/www.camping-les-genets.fr\/fr\/","logo":{"@type":"ImageObject","inLanguage":"fr-FR","@id":"https:\/\/www.camping-les-genets.fr\/fr\/#\/schema\/logo\/image\/","url":"https:\/\/www.camping-les-genets.fr\/wp-content\/uploads\/2023\/07\/cropped-logo-camping-genets-footer.png","contentUrl":"https:\/\/www.camping-les-genets.fr\/wp-content\/uploads\/2023\/07\/cropped-logo-camping-genets-footer.png","width":500,"height":295,"caption":"Camping les Genets"},"image":{"@id":"https:\/\/www.camping-les-genets.fr\/fr\/#\/schema\/logo\/image\/"}}]}},"_links":{"self":[{"href":"https:\/\/www.camping-les-genets.fr\/fr\/wp-json\/wp\/v2\/pages\/1073","targetHints":{"allow":["GET"]}}],"collection":[{"href":"https:\/\/www.camping-les-genets.fr\/fr\/wp-json\/wp\/v2\/pages"}],"about":[{"href":"https:\/\/www.camping-les-genets.fr\/fr\/wp-json\/wp\/v2\/types\/page"}],"author":[{"embeddable":true,"href":"https:\/\/www.camping-les-genets.fr\/fr\/wp-json\/wp\/v2\/users\/1"}],"replies":[{"embeddable":true,"href":"https:\/\/www.camping-les-genets.fr\/fr\/wp-json\/wp\/v2\/comments?post=1073"}],"version-history":[{"count":56,"href":"https:\/\/www.camping-les-genets.fr\/fr\/wp-json\/wp\/v2\/pages\/1073\/revisions"}],"predecessor-version":[{"id":7006,"href":"https:\/\/www.camping-les-genets.fr\/fr\/wp-json\/wp\/v2\/pages\/1073\/revisions\/7006"}],"wp:featuredmedia":[{"embeddable":true,"href":"https:\/\/www.camping-les-genets.fr\/fr\/wp-json\/wp\/v2\/media\/4810"}],"wp:attachment":[{"href":"https:\/\/www.camping-les-genets.fr\/fr\/wp-json\/wp\/v2\/media?parent=1073"}],"wp:term":[{"taxonomy":"sujet","embeddable":true,"href":"https:\/\/www.camping-les-genets.fr\/fr\/wp-json\/wp\/v2\/sujet?post=1073"}],"curies":[{"name":"wp","href":"https:\/\/api.w.org\/{rel}","templated":true}]}}