{"id":4903,"date":"2023-07-18T13:20:13","date_gmt":"2023-07-18T11:20:13","guid":{"rendered":"https:\/\/www.camping-les-genets.fr\/home\/"},"modified":"2026-03-25T14:22:59","modified_gmt":"2026-03-25T13:22:59","slug":"home","status":"publish","type":"page","link":"https:\/\/www.camping-les-genets.fr\/en\/","title":{"rendered":"Home"},"content":{"rendered":"<section id=\"ls-section-block_a7be7ddeb5752c47d4b0bb48119c4ab6\" class=\"ls-section  home-info\" >\r\n        <div class=\"container container--wide\">\r\n        \n\n<div class=\"wp-block-columns is-layout-flex wp-container-core-columns-is-layout-9d6595d7 wp-block-columns-is-layout-flex\">\n<div class=\"wp-block-column info is-layout-flow wp-block-column-is-layout-flow\">\n<div class=\"wp-block-columns animated fadeIn slow is-layout-flex wp-container-core-columns-is-layout-9d6595d7 wp-block-columns-is-layout-flex\">\n<div class=\"wp-block-column is-layout-flow wp-block-column-is-layout-flow\" style=\"flex-basis:20%\">\n<i class=\"genets-event\"><\/i>\n<\/div>\n\n\n\n<div class=\"wp-block-column is-layout-flow wp-block-column-is-layout-flow\" style=\"flex-basis:80%\">\n<p class=\"ls-paragraph\"><strong>CAMPING OPEN!<br><\/strong>From 22\/05 to 06\/09\/26<\/p>\n<\/div>\n<\/div>\n<\/div>\n\n\n\n<div class=\"wp-block-column info animated fadeIn delay-100ms slow is-layout-flow wp-block-column-is-layout-flow\">\n<div class=\"wp-block-columns is-layout-flex wp-container-core-columns-is-layout-9d6595d7 wp-block-columns-is-layout-flex\">\n<div class=\"wp-block-column is-layout-flow wp-block-column-is-layout-flow\" style=\"flex-basis:20%\">\n<i class=\"genets-location\"><\/i>\n<\/div>\n\n\n\n<div class=\"wp-block-column is-layout-flow wp-block-column-is-layout-flow\" style=\"flex-basis:80%\">\n<p class=\"ls-paragraph\"><strong>AN<\/strong>EXCEPTIONAL <strong><br> LOCATION<\/strong>!<\/p>\n<\/div>\n<\/div>\n<\/div>\n\n\n\n<div class=\"wp-block-column info animated fadeIn delay-200ms slow is-layout-flow wp-block-column-is-layout-flow\">\n<div class=\"wp-block-columns is-layout-flex wp-container-core-columns-is-layout-9d6595d7 wp-block-columns-is-layout-flex\">\n<div class=\"wp-block-column is-layout-flow wp-block-column-is-layout-flow\" style=\"flex-basis:20%\">\n<i class=\"genets-love\"><\/i>\n<\/div>\n\n\n\n<div class=\"wp-block-column is-layout-flow wp-block-column-is-layout-flow\" style=\"flex-basis:80%\">\n<p class=\"ls-paragraph\"><a href=\"https:\/\/reservation.secureholiday.net\/fr\/203\/reviews\" target=\"_blank\" rel=\"noreferrer noopener\"><strong>8.85\/10<\/strong><br>536 reviews collected<\/a><\/p>\n<\/div>\n<\/div>\n<\/div>\n<\/div>\n\n\r\n    <\/div>\r\n<\/section>\n\n<section id=\"ls-section-block_1b0b18fffbd701c6a05611dbb72291dd\" class=\"ls-section \" >\r\n        <div class=\"container \">\r\n        \n\n<div id=\"ls-heading ls-titre-div-block_e309368e9a23f3811d519fc5de1453f2\" class=\"ls-titre-div h2-like\" >\n    Our favorites<\/div>\n\n\n\n<script>\n    window.ctoutvert = {\n\t\tid: 203, \n\t\tlang: 'fr', \n\t\turl: 'https:\/\/reservation.secureholiday.net\/widgets\/'\n    };\n    (function (w, d, s, ctv, r, js, fjs) {\n        r=new XMLHttpRequest();r.open('GET',w[ctv].url+'js\/src.json');\n        r.responseType='json';r.json=true;r.send();\n        r.onload=function(){w[ctv].src=r.responseType=='json'?r.response:JSON.parse(r.response);\n        js.src=w[ctv].src[0];fjs.parentNode.insertBefore(js, fjs);}\n        js=d.createElement(s),fjs=d.getElementsByTagName(s)[0];\n        js.id='ctvwidget';js.async=1;\n    }(window, document, 'script', 'ctoutvert'));\n<\/script>\n<ctv-stays><\/ctv-stays>\n\n\r\n    <\/div>\r\n<\/section>\n\n<section id=\"ls-section-block_7f14742ebdbfa23f2b7e5e9003cc7949\" class=\"ls-section  home-presentation has-m-t m-t-0 has-p-t p-t-0\" >\r\n        <div class=\"container \">\r\n        \n\n<div id=\"ls-heading ls-titre-div-block_f6ff73fd201c83a63ff3b5bd8589c660\" class=\"ls-titre-div deco-vague-droite h1-like\" >\n    Ready for <br>A breath of fresh air?<\/div>\n\n\n\n<h1 class=\"ls__heading wp-block-heading animated fadeInUp\">5-star campsite in Aveyron at <strong>Lac de Pareloup<\/strong><\/h1>\n\n\n\n<p class=\"ls-paragraph\">Stay at <strong>one of Aveyron&#8217;s most beautiful campsites<\/strong> and take in the sights and nature of the <strong>Midi-Pyr\u00e9n\u00e9es region<\/strong>! Covering an area of 3 hectares, <strong>Camping <\/strong>Club Les Gen\u00eats is ideally located in Aveyron, on the <strong>banks of <\/strong>one of France&#8217;s largest dam lakes in terms of surface area. In an exceptional setting, the contrast between the high plateaus and the hollow valleys of the Aveyron creates <strong>unparalleled landscapes<\/strong>. <\/p>\n\n\n\n<p class=\"ls-paragraph addReadMore showlesscontent\">The Grands Causses regional nature park, the Millau Viaduct and Micropolis are all famous tourist attractions, but the richness of this region is also reflected in its large concentration of listed and picturesque villages, such as <strong>Belcastel <\/strong>or<strong> Saint Geniez d&#8217;Olt<\/strong> (1 hour from the campsite), its rich natural environment and its proximity to emblematic sites of the South of France, such as the Gorges du Tarn.<br><br>Taste the gourmet gastronomy of Aveyron to fully enjoy the treasures of the Midi-Pyr\u00e9n\u00e9es region. We offer you a vacation in Aveyron, at your own pace, at<strong> Les Gen\u00eats campsite on the shores of Lac de Pareloup<\/strong>.<\/p>\n\n\n\n<a href=\"https:\/\/www.youtube.com\/watch?v=1trVrRgxcpU\" id=\"\" target=\"_blank\" rel=\"noopener\" data-fancybox=\"\" class=\"ls-button\"><span>Meet us on video<\/span> <i class=\"icon-arrow-right\"><\/i><\/a>\n\n\r\n    <\/div>\r\n<\/section>\n\n<section id=\"ls-section-block_a8ddd7b056b4e5051d148851afd9a117\" class=\"ls-section  home-gallery has-p-b p-b-0\" >\r\n        <div class=\"container container--full\">\r\n        \n\n<div class=\"wp-block-columns is-layout-flex wp-container-core-columns-is-layout-9d6595d7 wp-block-columns-is-layout-flex\">\n<div class=\"wp-block-column first is-layout-flow wp-block-column-is-layout-flow\">\n<div class=\"wp-block-columns is-layout-flex wp-container-core-columns-is-layout-9d6595d7 wp-block-columns-is-layout-flex\">\n<div class=\"wp-block-column img-01 is-layout-flow wp-block-column-is-layout-flow\">\n<figure class=\"wp-block-image size-large img-0 animated fadeIn delay-100ms slow\"><a href=\"https:\/\/www.camping-les-genets.fr\/wp-content\/uploads\/2024\/02\/vue_aerienne_large.webp\"><img decoding=\"async\" width=\"1024\" height=\"768\" src=\"https:\/\/www.camping-les-genets.fr\/wp-content\/uploads\/2024\/02\/vue_aerienne_large-1024x768.webp\" alt=\"\" class=\"wp-image-6929\" srcset=\"https:\/\/www.camping-les-genets.fr\/wp-content\/uploads\/2024\/02\/vue_aerienne_large-1024x768.webp 1024w, https:\/\/www.camping-les-genets.fr\/wp-content\/uploads\/2024\/02\/vue_aerienne_large-300x225.webp 300w, https:\/\/www.camping-les-genets.fr\/wp-content\/uploads\/2024\/02\/vue_aerienne_large-768x576.webp 768w, https:\/\/www.camping-les-genets.fr\/wp-content\/uploads\/2024\/02\/vue_aerienne_large-1536x1152.webp 1536w, https:\/\/www.camping-les-genets.fr\/wp-content\/uploads\/2024\/02\/vue_aerienne_large.webp 1920w\" sizes=\"(max-width: 1024px) 100vw, 1024px\" \/><\/a><\/figure>\n<\/div>\n<\/div>\n\n\n\n<div class=\"wp-block-columns is-layout-flex wp-container-core-columns-is-layout-9d6595d7 wp-block-columns-is-layout-flex\">\n<div class=\"wp-block-column img-02 is-layout-flow wp-block-column-is-layout-flow\">\n<figure class=\"wp-block-image size-large animated fadeIn delay-100ms slow\"><a href=\"https:\/\/www.camping-les-genets.fr\/wp-content\/uploads\/2024\/02\/emplacement_transa.webp\"><img decoding=\"async\" width=\"1024\" height=\"768\" src=\"https:\/\/www.camping-les-genets.fr\/wp-content\/uploads\/2024\/02\/emplacement_transa-1024x768.webp\" alt=\"\" class=\"wp-image-6837\" style=\"object-fit:cover\" srcset=\"https:\/\/www.camping-les-genets.fr\/wp-content\/uploads\/2024\/02\/emplacement_transa-1024x768.webp 1024w, https:\/\/www.camping-les-genets.fr\/wp-content\/uploads\/2024\/02\/emplacement_transa-300x225.webp 300w, https:\/\/www.camping-les-genets.fr\/wp-content\/uploads\/2024\/02\/emplacement_transa-768x576.webp 768w, https:\/\/www.camping-les-genets.fr\/wp-content\/uploads\/2024\/02\/emplacement_transa-1536x1152.webp 1536w, https:\/\/www.camping-les-genets.fr\/wp-content\/uploads\/2024\/02\/emplacement_transa.webp 1920w\" sizes=\"(max-width: 1024px) 100vw, 1024px\" \/><\/a><\/figure>\n<\/div>\n\n\n\n<div class=\"wp-block-column img-03 is-layout-flow wp-block-column-is-layout-flow\">\n<figure class=\"wp-block-image size-full animated fadeIn delay-200ms slow\"><a href=\"https:\/\/www.camping-les-genets.fr\/wp-content\/uploads\/2024\/02\/nuit_piscine.webp\"><img decoding=\"async\" width=\"1920\" height=\"1440\" src=\"https:\/\/www.camping-les-genets.fr\/wp-content\/uploads\/2024\/02\/nuit_piscine.webp\" alt=\"\" class=\"wp-image-6881\" srcset=\"https:\/\/www.camping-les-genets.fr\/wp-content\/uploads\/2024\/02\/nuit_piscine.webp 1920w, https:\/\/www.camping-les-genets.fr\/wp-content\/uploads\/2024\/02\/nuit_piscine-300x225.webp 300w, https:\/\/www.camping-les-genets.fr\/wp-content\/uploads\/2024\/02\/nuit_piscine-1024x768.webp 1024w, https:\/\/www.camping-les-genets.fr\/wp-content\/uploads\/2024\/02\/nuit_piscine-768x576.webp 768w, https:\/\/www.camping-les-genets.fr\/wp-content\/uploads\/2024\/02\/nuit_piscine-1536x1152.webp 1536w\" sizes=\"(max-width: 1920px) 100vw, 1920px\" \/><\/a><\/figure>\n<\/div>\n<\/div>\n<\/div>\n\n\n\n<div class=\"wp-block-column second animated fadeIn delay-100ms slow is-layout-flow wp-block-column-is-layout-flow\">\n<div class=\"wp-block-columns is-layout-flex wp-container-core-columns-is-layout-9d6595d7 wp-block-columns-is-layout-flex\">\n<div class=\"wp-block-column img-04 is-layout-flow wp-block-column-is-layout-flow\" style=\"flex-basis:40%\">\n<figure class=\"wp-block-image size-large animated fadeIn delay-200ms slow\"><a href=\"https:\/\/www.camping-les-genets.fr\/wp-content\/uploads\/2024\/02\/bord_lac_emplacement_promenade.webp\"><img decoding=\"async\" width=\"1024\" height=\"768\" src=\"https:\/\/www.camping-les-genets.fr\/wp-content\/uploads\/2024\/02\/bord_lac_emplacement_promenade-1024x768.webp\" alt=\"\" class=\"wp-image-6793\" srcset=\"https:\/\/www.camping-les-genets.fr\/wp-content\/uploads\/2024\/02\/bord_lac_emplacement_promenade-1024x768.webp 1024w, https:\/\/www.camping-les-genets.fr\/wp-content\/uploads\/2024\/02\/bord_lac_emplacement_promenade-300x225.webp 300w, https:\/\/www.camping-les-genets.fr\/wp-content\/uploads\/2024\/02\/bord_lac_emplacement_promenade-768x576.webp 768w, https:\/\/www.camping-les-genets.fr\/wp-content\/uploads\/2024\/02\/bord_lac_emplacement_promenade-1536x1152.webp 1536w, https:\/\/www.camping-les-genets.fr\/wp-content\/uploads\/2024\/02\/bord_lac_emplacement_promenade.webp 1920w\" sizes=\"(max-width: 1024px) 100vw, 1024px\" \/><\/a><\/figure>\n<\/div>\n\n\n\n<div class=\"wp-block-column is-layout-flow wp-block-column-is-layout-flow\" style=\"flex-basis:60%\">\n<div class=\"wp-block-columns last is-layout-flex wp-container-core-columns-is-layout-9d6595d7 wp-block-columns-is-layout-flex\">\n<div class=\"wp-block-column img-05 is-layout-flow wp-block-column-is-layout-flow\">\n<figure class=\"wp-block-image size-large animated fadeIn delay-100ms slow\"><a href=\"https:\/\/www.camping-les-genets.fr\/wp-content\/uploads\/2024\/02\/vue_aerienne.webp\"><img decoding=\"async\" width=\"1024\" height=\"768\" src=\"https:\/\/www.camping-les-genets.fr\/wp-content\/uploads\/2024\/02\/vue_aerienne-1024x768.webp\" alt=\"\" class=\"wp-image-6925\" srcset=\"https:\/\/www.camping-les-genets.fr\/wp-content\/uploads\/2024\/02\/vue_aerienne-1024x768.webp 1024w, https:\/\/www.camping-les-genets.fr\/wp-content\/uploads\/2024\/02\/vue_aerienne-300x225.webp 300w, https:\/\/www.camping-les-genets.fr\/wp-content\/uploads\/2024\/02\/vue_aerienne-768x576.webp 768w, https:\/\/www.camping-les-genets.fr\/wp-content\/uploads\/2024\/02\/vue_aerienne-1536x1152.webp 1536w, https:\/\/www.camping-les-genets.fr\/wp-content\/uploads\/2024\/02\/vue_aerienne.webp 1920w\" sizes=\"(max-width: 1024px) 100vw, 1024px\" \/><\/a><\/figure>\n<\/div>\n\n\n\n<div class=\"wp-block-column img-06 is-layout-flow wp-block-column-is-layout-flow\">\n<figure class=\"wp-block-image size-large animated fadeIn delay-500ms slow\"><a href=\"https:\/\/www.camping-les-genets.fr\/wp-content\/uploads\/2024\/02\/bord_piscine_large.webp\"><img decoding=\"async\" width=\"1024\" height=\"768\" src=\"https:\/\/www.camping-les-genets.fr\/wp-content\/uploads\/2024\/02\/bord_piscine_large-1024x768.webp\" alt=\"\" class=\"wp-image-6825\" srcset=\"https:\/\/www.camping-les-genets.fr\/wp-content\/uploads\/2024\/02\/bord_piscine_large-1024x768.webp 1024w, https:\/\/www.camping-les-genets.fr\/wp-content\/uploads\/2024\/02\/bord_piscine_large-300x225.webp 300w, https:\/\/www.camping-les-genets.fr\/wp-content\/uploads\/2024\/02\/bord_piscine_large-768x576.webp 768w, https:\/\/www.camping-les-genets.fr\/wp-content\/uploads\/2024\/02\/bord_piscine_large-1536x1152.webp 1536w, https:\/\/www.camping-les-genets.fr\/wp-content\/uploads\/2024\/02\/bord_piscine_large.webp 1920w\" sizes=\"(max-width: 1024px) 100vw, 1024px\" \/><\/a><\/figure>\n<\/div>\n<\/div>\n<\/div>\n<\/div>\n<\/div>\n<\/div>\n\n\r\n    <\/div>\r\n<\/section>\n\n<section id=\"ls-section-block_3c0fc706349a67803173d444303d3c42\" class=\"ls-section  home-services background-blu-right has-p-t p-t-14 has-p-b p-b-0\" >\r\n        <div class=\"container container--full\">\r\n        \n\n<div class=\"wp-block-columns is-layout-flex wp-container-core-columns-is-layout-9d6595d7 wp-block-columns-is-layout-flex\">\n<div class=\"wp-block-column first is-layout-flow wp-block-column-is-layout-flow\" style=\"flex-basis:33.33%\">\n<div id=\"ls-heading ls-titre-div-block_5ec421dcba54f9320214b5edc4e64a95\" class=\"ls-titre-div h1-like\" >\n    Vacations <\/br><\/div>\n\n\n\n<h2 class=\"ls__heading wp-block-heading\">Enjoy <strong>top-of-the-range services<\/strong> for your stay in Aveyron<\/h2>\n\n\n\n<p class=\"ls-paragraph\">At our <strong>Aveyron campsite<\/strong>, top-of-the-range 5-star services await you for your stay: bar, grill &#8211; pizzeria, grocery store, free Wi-Fi throughout the site, laundry, and kids&#8217; club (in July and August).<\/p>\n\n\n\n<p class=\"ls-paragraph\">Set on <strong>the edge of a lake <\/strong>in the heart of Aveyron, let yourself be seduced by the gentle pace of life in a pleasant, well-kept, landscaped setting where you&#8217;ll find top-quality leisure facilities.<\/p>\n\n\n\n<div class=\"wp-block-columns addReadMore showlesscontent colonne-lire-plus is-layout-flex wp-container-core-columns-is-layout-9d6595d7 wp-block-columns-is-layout-flex\">\n<div class=\"wp-block-column is-layout-flow wp-block-column-is-layout-flow\">\n<p class=\"ls-paragraph\">Our plusses :<\/p>\n\n\n\n<p class=\"ls-paragraph\">Our <strong>Aveyron campsite with lake and swimming pool<\/strong> is one of the most beautiful in the area. With<strong>direct access to the large sandy beach<\/strong>, you&#8217;ll have easy access to the<strong> fishing pontoon<\/strong> and the many<strong> water sports<\/strong> available on the lake during your vacation at our <strong>5-star Aveyron campsite<\/strong>.  It&#8217;s also the path that will lead you to a meal in a <strong>restaurant <\/strong>at lunchtime or in the evening, while enjoying a concert. The choice is yours whether to take a dip in our heated pool or cool off in the lake.<\/p>\n<\/div>\n<\/div>\n\n\n\n<a href=\"https:\/\/www.camping-les-genets.fr\/en\/services\/\" id=\"ls-button-block_b35e5cdd6b25ab1deacb88cd341b0317\" target=\"\" rel=\"\" class=\"ls-button\" ><span>Services<\/span> <i class='icon-arrow-right'><\/i><\/a>\n\n<\/div>\n\n\n\n<div class=\"wp-block-column second column-gallery is-layout-flow wp-block-column-is-layout-flow\" style=\"flex-basis:66.66%\">\n<div class=\"wp-block-columns is-layout-flex wp-container-core-columns-is-layout-9d6595d7 wp-block-columns-is-layout-flex\">\n<div class=\"wp-block-column service s1 animated fadeInUp slow delay-100ms is-layout-flow wp-block-column-is-layout-flow\">\n<div class=\"wp-block-columns is-layout-flex wp-container-core-columns-is-layout-9d6595d7 wp-block-columns-is-layout-flex\">\n<div class=\"wp-block-column is-layout-flow wp-block-column-is-layout-flow\">\n<figure class=\"wp-block-image size-large\"><img decoding=\"async\" src=\"https:\/\/www.camping-les-genets.fr\/wp-content\/uploads\/2023\/07\/groupes-1.svg\" alt=\"home aveyron group\" class=\"wp-image-296\"\/><\/figure>\n\n\n\n<p class=\"ls-paragraph has-text-align-center\"><strong>Group<\/strong> Stay<br><\/p>\n<\/div>\n<\/div>\n<\/div>\n\n\n\n<div class=\"wp-block-column service rando s2 animated fadeInUp slow delay-200ms is-layout-flow wp-block-column-is-layout-flow\">\n<div class=\"wp-block-columns is-layout-flex wp-container-core-columns-is-layout-9d6595d7 wp-block-columns-is-layout-flex\">\n<div class=\"wp-block-column is-layout-flow wp-block-column-is-layout-flow\">\n<figure class=\"wp-block-image size-large\"><img decoding=\"async\" src=\"https:\/\/www.camping-les-genets.fr\/wp-content\/uploads\/2023\/07\/randonneur-1.svg\" alt=\"camping randonneurs aveyron\" class=\"wp-image-300\"\/><\/figure>\n\n\n\n<p class=\"ls-paragraph has-text-align-center\">Home for<br><strong>hikers<\/strong><\/p>\n<\/div>\n<\/div>\n<\/div>\n\n\n\n<div class=\"wp-block-column service s3 animated fadeInUp slow delay-500ms is-layout-flow wp-block-column-is-layout-flow\">\n<div class=\"wp-block-columns is-layout-flex wp-container-core-columns-is-layout-9d6595d7 wp-block-columns-is-layout-flex\">\n<div class=\"wp-block-column is-layout-flow wp-block-column-is-layout-flow\">\n<figure class=\"wp-block-image size-large\"><img decoding=\"async\" src=\"https:\/\/www.camping-les-genets.fr\/wp-content\/uploads\/2023\/07\/evenements-1.svg\" alt=\"camping with parties\" class=\"wp-image-304\"\/><\/figure>\n\n\n\n<p class=\"ls-paragraph has-text-align-center\">Events with<br><strong>privatization<br>resto<\/strong><\/p>\n<\/div>\n<\/div>\n<\/div>\n<\/div>\n\n\n\n<a href=\"https:\/\/www.camping-les-genets.fr\/en\/group\/\" id=\"ls-button-block_a8a1f1ecd67ece2cac6638744e953e52\" target=\"\" rel=\"\" class=\"ls-button blanc aligncenter has-m-b m-b-10\" ><span>Groups welcome<\/span> <i class='icon-arrow-right'><\/i><\/a>\n\n\n\n\n<figure class=\"wp-block-gallery has-nested-images columns-4 is-cropped gallery-slider wp-block-gallery-1 is-layout-flex wp-block-gallery-is-layout-flex\">\n<figure class=\"wp-block-image size-large\"><a href=\"https:\/\/www.camping-les-genets.fr\/wp-content\/uploads\/2023\/10\/camping-les-genets-en-aveyron19.jpg\"><img decoding=\"async\" width=\"682\" height=\"1024\" data-id=\"4647\" src=\"https:\/\/www.camping-les-genets.fr\/wp-content\/uploads\/2023\/10\/camping-les-genets-en-aveyron19-682x1024.jpg\" alt=\"4-star sanitary facilities camping aveyron\" class=\"wp-image-4647\" srcset=\"https:\/\/www.camping-les-genets.fr\/wp-content\/uploads\/2023\/10\/camping-les-genets-en-aveyron19-682x1024.jpg 682w, https:\/\/www.camping-les-genets.fr\/wp-content\/uploads\/2023\/10\/camping-les-genets-en-aveyron19-200x300.jpg 200w, https:\/\/www.camping-les-genets.fr\/wp-content\/uploads\/2023\/10\/camping-les-genets-en-aveyron19-768x1152.jpg 768w, https:\/\/www.camping-les-genets.fr\/wp-content\/uploads\/2023\/10\/camping-les-genets-en-aveyron19-1024x1536.jpg 1024w, https:\/\/www.camping-les-genets.fr\/wp-content\/uploads\/2023\/10\/camping-les-genets-en-aveyron19.jpg 1333w\" sizes=\"(max-width: 682px) 100vw, 682px\" \/><\/a><\/figure>\n\n\n\n<figure class=\"wp-block-image size-large\"><a href=\"https:\/\/www.camping-les-genets.fr\/wp-content\/uploads\/2023\/10\/camping-les-genets-en-aveyron16.jpg\"><img decoding=\"async\" width=\"682\" height=\"1024\" data-id=\"4631\" src=\"https:\/\/www.camping-les-genets.fr\/wp-content\/uploads\/2023\/10\/camping-les-genets-en-aveyron16-682x1024.jpg\" alt=\"espace bien etre massage aveyron\" class=\"wp-image-4631\" srcset=\"https:\/\/www.camping-les-genets.fr\/wp-content\/uploads\/2023\/10\/camping-les-genets-en-aveyron16-682x1024.jpg 682w, https:\/\/www.camping-les-genets.fr\/wp-content\/uploads\/2023\/10\/camping-les-genets-en-aveyron16-200x300.jpg 200w, https:\/\/www.camping-les-genets.fr\/wp-content\/uploads\/2023\/10\/camping-les-genets-en-aveyron16-768x1152.jpg 768w, https:\/\/www.camping-les-genets.fr\/wp-content\/uploads\/2023\/10\/camping-les-genets-en-aveyron16-1024x1536.jpg 1024w, https:\/\/www.camping-les-genets.fr\/wp-content\/uploads\/2023\/10\/camping-les-genets-en-aveyron16.jpg 1333w\" sizes=\"(max-width: 682px) 100vw, 682px\" \/><\/a><\/figure>\n\n\n\n<figure class=\"wp-block-image size-large\"><a href=\"https:\/\/www.camping-les-genets.fr\/wp-content\/uploads\/2023\/10\/camping-les-genets-en-aveyron18.jpg\"><img decoding=\"async\" width=\"1024\" height=\"682\" data-id=\"4641\" src=\"https:\/\/www.camping-les-genets.fr\/wp-content\/uploads\/2023\/10\/camping-les-genets-en-aveyron18-1024x682.jpg\" alt=\"playground activities camping aveyron\" class=\"wp-image-4641\" srcset=\"https:\/\/www.camping-les-genets.fr\/wp-content\/uploads\/2023\/10\/camping-les-genets-en-aveyron18-1024x682.jpg 1024w, https:\/\/www.camping-les-genets.fr\/wp-content\/uploads\/2023\/10\/camping-les-genets-en-aveyron18-300x200.jpg 300w, https:\/\/www.camping-les-genets.fr\/wp-content\/uploads\/2023\/10\/camping-les-genets-en-aveyron18-768x512.jpg 768w, https:\/\/www.camping-les-genets.fr\/wp-content\/uploads\/2023\/10\/camping-les-genets-en-aveyron18-1536x1024.jpg 1536w, https:\/\/www.camping-les-genets.fr\/wp-content\/uploads\/2023\/10\/camping-les-genets-en-aveyron18.jpg 2000w\" sizes=\"(max-width: 1024px) 100vw, 1024px\" \/><\/a><\/figure>\n\n\n\n<figure class=\"wp-block-image size-large\"><a href=\"https:\/\/www.camping-les-genets.fr\/wp-content\/uploads\/2023\/10\/camping-les-genets-en-aveyron15.jpg\"><img decoding=\"async\" width=\"1024\" height=\"576\" data-id=\"4626\" src=\"https:\/\/www.camping-les-genets.fr\/wp-content\/uploads\/2023\/10\/camping-les-genets-en-aveyron15-1024x576.jpg\" alt=\"camping pool adult aveyron\" class=\"wp-image-4626\" srcset=\"https:\/\/www.camping-les-genets.fr\/wp-content\/uploads\/2023\/10\/camping-les-genets-en-aveyron15-1024x576.jpg 1024w, https:\/\/www.camping-les-genets.fr\/wp-content\/uploads\/2023\/10\/camping-les-genets-en-aveyron15-300x169.jpg 300w, https:\/\/www.camping-les-genets.fr\/wp-content\/uploads\/2023\/10\/camping-les-genets-en-aveyron15-768x432.jpg 768w, https:\/\/www.camping-les-genets.fr\/wp-content\/uploads\/2023\/10\/camping-les-genets-en-aveyron15-1536x864.jpg 1536w, https:\/\/www.camping-les-genets.fr\/wp-content\/uploads\/2023\/10\/camping-les-genets-en-aveyron15.jpg 2000w\" sizes=\"(max-width: 1024px) 100vw, 1024px\" \/><\/a><\/figure>\n<\/figure>\n<\/div>\n<\/div>\n\n\n\n<figure class=\"wp-block-image size-large deco\"><img decoding=\"async\" width=\"2465\" height=\"1024\" src=\"https:\/\/www.camping-les-genets.fr\/wp-content\/uploads\/2023\/07\/vagues.svg\" alt=\"waves\" class=\"wp-image-812\"\/><\/figure>\n\n\r\n    <\/div>\r\n<\/section>\n\n<section id=\"ls-section-block_3e6a591b4d9fd6db787f047b31c3a7a5\" class=\"ls-section  home-resto  has-p-t p-t-0\" >\r\n        <div class=\"container container--full\">\r\n        \n\n<div class=\"wp-block-columns parent is-layout-flex wp-container-core-columns-is-layout-9d6595d7 wp-block-columns-is-layout-flex\">\n<div class=\"wp-block-column first is-layout-flow wp-block-column-is-layout-flow\" style=\"flex-basis:33.33%\">\n<figure class=\"wp-block-image size-large\"><img decoding=\"async\" width=\"1024\" height=\"576\" src=\"https:\/\/www.camping-les-genets.fr\/wp-content\/uploads\/2023\/11\/camping-les-genets-en-aveyron28-1024x576.jpg\" alt=\"camping with restaurant in aveyron\" class=\"wp-image-4721\" srcset=\"https:\/\/www.camping-les-genets.fr\/wp-content\/uploads\/2023\/11\/camping-les-genets-en-aveyron28-1024x576.jpg 1024w, https:\/\/www.camping-les-genets.fr\/wp-content\/uploads\/2023\/11\/camping-les-genets-en-aveyron28-300x169.jpg 300w, https:\/\/www.camping-les-genets.fr\/wp-content\/uploads\/2023\/11\/camping-les-genets-en-aveyron28-768x432.jpg 768w, https:\/\/www.camping-les-genets.fr\/wp-content\/uploads\/2023\/11\/camping-les-genets-en-aveyron28-1536x864.jpg 1536w, https:\/\/www.camping-les-genets.fr\/wp-content\/uploads\/2023\/11\/camping-les-genets-en-aveyron28.jpg 2000w\" sizes=\"(max-width: 1024px) 100vw, 1024px\" \/><\/figure>\n\n\n\n<div class=\"wp-block-columns is-layout-flex wp-container-core-columns-is-layout-9d6595d7 wp-block-columns-is-layout-flex\">\n<div class=\"wp-block-column is-layout-flow wp-block-column-is-layout-flow\">\n<div id=\"ls-heading ls-titre-div-block_077c585ce5590860586dc03c114e2c83\" class=\"ls-titre-div h1-like\" >\n    Dinner <\/br>by the water<\/div>\n\n\n\n<div class=\"video\">\n<a data-fancybox=\"\" href=\"https:\/\/www.youtube.com\/watch?v=CZwQJVes9U0\" class=\"video__link\" title=\"watch the video\">On video\n<i class=\"genets-video\"><\/i>\n<\/a>\n<\/div>\n<\/div>\n<\/div>\n<\/div>\n\n\n\n<div class=\"wp-block-column second is-layout-flow wp-block-column-is-layout-flow\" style=\"flex-basis:75%\">\n<figure class=\"wp-block-image size-large\"><img decoding=\"async\" width=\"1024\" height=\"576\" src=\"https:\/\/www.camping-les-genets.fr\/wp-content\/uploads\/2023\/10\/camping-restaurant-en-aveyron-16-1024x576.jpg\" alt=\"camping restaurant in aveyron\" class=\"wp-image-4413\" srcset=\"https:\/\/www.camping-les-genets.fr\/wp-content\/uploads\/2023\/10\/camping-restaurant-en-aveyron-16-1024x576.jpg 1024w, https:\/\/www.camping-les-genets.fr\/wp-content\/uploads\/2023\/10\/camping-restaurant-en-aveyron-16-300x169.jpg 300w, https:\/\/www.camping-les-genets.fr\/wp-content\/uploads\/2023\/10\/camping-restaurant-en-aveyron-16-768x432.jpg 768w, https:\/\/www.camping-les-genets.fr\/wp-content\/uploads\/2023\/10\/camping-restaurant-en-aveyron-16-1536x864.jpg 1536w, https:\/\/www.camping-les-genets.fr\/wp-content\/uploads\/2023\/10\/camping-restaurant-en-aveyron-16.jpg 1778w\" sizes=\"(max-width: 1024px) 100vw, 1024px\" \/><\/figure>\n\n\n\n<div class=\"wp-block-columns has-color-white-background-color has-background is-layout-flex wp-container-core-columns-is-layout-9d6595d7 wp-block-columns-is-layout-flex\">\n<div class=\"wp-block-column text has-color-white-background-color has-background is-layout-flow wp-block-column-is-layout-flow\">\n<h2 class=\"ls__heading wp-block-heading\"><strong>The restaurant<\/strong> near Lake Pareloup<\/h2>\n\n\n\n<p class=\"ls-paragraph\">What could be better than a <strong>meal typical of the region<\/strong>, cooked in a breathtaking setting, to make you feel like you&#8217;re on vacation? Our 5-star campsite in Aveyron welcomes you to its bar-pizzeria-grill restaurant Les Genets! <strong>Open from 10 a.m. to 11 p.m.<\/strong>, our restaurant offers a varied menu to make sure the whole family enjoys a good time! You can also wake up in the morning with a cup of coffee and a newspaper, or sip a drink on the terrace by the campsite pool.  <\/p>\n\n\n\n<a href=\"https:\/\/www.camping-les-genets.fr\/en\/restaurant-aveyron\/\" id=\"ls-button-block_4cd1a3102fece0ebf4fb6f2c0dac85c3\" target=\"\" rel=\"\" class=\"ls-button aligncenter\" ><span>Discover<\/span> <i class='icon-arrow-right'><\/i><\/a>\n\n<\/div>\n\n\n\n<div class=\"wp-block-column is-layout-flow wp-block-column-is-layout-flow\"><\/div>\n<\/div>\n<\/div>\n<\/div>\n\n\r\n    <\/div>\r\n<\/section>\n\n<section id=\"ls-section-block_3e7cc7cacfdc06f78fe22c2eb00eb11c\" class=\"ls-section  home-atouts has-p-t p-t-14 has-p-b p-b-14\" >\r\n        <div class=\"container container--wide\">\r\n        \n\n<div id=\"ls-heading ls-titre-div-block_3c15a81ec49bd0ddb440911869af186b\" class=\"ls-titre-div deco-vague-gauche alignright h1-like has-m-r m-r-10\" >\n    Undeniable advantages <\/br><\/div>\n\n\n\n<div class=\"wp-block-columns is-layout-flex wp-container-core-columns-is-layout-9d6595d7 wp-block-columns-is-layout-flex\">\n<div class=\"wp-block-column first is-layout-flow wp-block-column-is-layout-flow\">\n<h2 class=\"ls__heading wp-block-heading\"><strong>Why come to the campsite?<br><\/strong>Three perfect reasons!<\/h2>\n\n\n\n<a href=\"https:\/\/www.camping-les-genets.fr\/en\/water-pleasures\/\" id=\"ls-button-block_d62fce47fb10ebcd83159fe992d94a77\" target=\"\" rel=\"\" class=\"ls-button\" ><span>Discover<\/span> <i class='icon-arrow-right'><\/i><\/a>\n\n<\/div>\n\n\n\n<div class=\"wp-block-column second is-layout-flow wp-block-column-is-layout-flow\">\n<div class=\"wp-block-columns is-layout-flex wp-container-core-columns-is-layout-9d6595d7 wp-block-columns-is-layout-flex\">\n<div class=\"wp-block-column animated fadeInUp slow delay-100ms is-layout-flow wp-block-column-is-layout-flow\">\n<p class=\"ls-paragraph has-text-align-center number\">1<\/p>\n\n\n\n<p class=\"ls-paragraph has-text-align-center text\">On <strong>the lake <\/strong><br><strong>of Pareloup<\/strong> in <br>Aveyron<\/p>\n<\/div>\n\n\n\n<div class=\"wp-block-column animated fadeInUp delay-200ms slow is-layout-flow wp-block-column-is-layout-flow\">\n<p class=\"ls-paragraph has-text-align-center number\">2<\/p>\n\n\n\n<p class=\"ls-paragraph has-text-align-center text\"><strong>A <\/strong><strong>water<\/strong> <strong>park <\/strong><br> <br><\/p>\n<\/div>\n\n\n\n<div class=\"wp-block-column animated fadeInUp delay-500ms slow is-layout-flow wp-block-column-is-layout-flow\">\n<p class=\"ls-paragraph has-text-align-center number\">3<\/p>\n\n\n\n<p class=\"ls-paragraph has-text-align-center text\"><br> <br><strong> upscale<\/strong> accommodation<\/p>\n<\/div>\n<\/div>\n<\/div>\n<\/div>\n\n\r\n    <\/div>\r\n<\/section>\n\n<section id=\"ls-section-block_e6cb19233ad2f47418382814e185efba\" class=\"ls-section  home-piscine has-background-image has-p-t p-t-20 has-p-b p-b-20\" >\r\n    <div class=\"ls-section__background-image opacity-100\"><img decoding=\"async\" src=\"https:\/\/www.camping-les-genets.fr\/wp-content\/uploads\/2023\/10\/piscine-chaufee-camping-aveyron.jpg\" alt=\"heated swimming pool camping aveyron\"><\/div>    <div class=\"container container--full\">\r\n        \n\n<div class=\"wp-block-columns is-layout-flex wp-container-core-columns-is-layout-9d6595d7 wp-block-columns-is-layout-flex\">\n<div class=\"wp-block-column is-vertically-aligned-center first is-layout-flow wp-block-column-is-layout-flow\" style=\"flex-basis:60%\">\n<div id=\"ls-heading ls-titre-div-block_5d04e34954831affe1c37f54f7157b91\" class=\"ls-titre-div alignright h1-like\" >\n    A little <\/br> splash!<\/div>\n<\/div>\n\n\n\n<div class=\"wp-block-column second has-color-white-background-color has-background is-layout-flow wp-block-column-is-layout-flow\" style=\"flex-basis:40%\">\n<h2 class=\"ls__heading wp-block-heading\"><strong>The campsite swimming pool<\/strong> in Aveyron<\/h2>\n\n\n\n<p class=\"ls-paragraph\">One of the highlights of our <strong>Aveyron campsite<\/strong> is without doubt its magnificent swimming pool. There&#8217;s something for the whole family to <strong>enjoy and relax<\/strong> in complete safety and tranquillity. Our <a href=\"https:\/\/www.camping-les-genets.fr\/fr\/plaisirs-de-l-eau\/\">campsite with swimming pool in Aveyron<\/a> has a <strong>large heated swimming pool<\/strong>, which is also used for aquagym classes, where older children can work out with a few laps or relax in the water. There&#8217;s plenty for the little ones to do, too, as we&#8217;ve installed a <strong>small slide<\/strong> they love, and the youngest can discover <strong>the joys of water in the paddling pool<\/strong>.<\/p>\n\n\n\n<a href=\"https:\/\/www.camping-les-genets.fr\/en\/water-pleasures\/\" id=\"ls-button-block_52451d9927fb8a99ac1427bd33c9da06\" target=\"\" rel=\"\" class=\"ls-button\" ><span>The swimming pool<\/span> <i class='icon-arrow-right'><\/i><\/a>\n\n<\/div>\n<\/div>\n\n\r\n    <\/div>\r\n<\/section>\n\n<section id=\"ls-section-block_7ecc37bafad7ba8c60cbd118819eb602\" class=\"ls-section  home-activites background-blu-right has-p-t p-t-14 has-p-b p-b-0\" >\r\n        <div class=\"container container--full\">\r\n        \n\n<div class=\"wp-block-columns is-layout-flex wp-container-core-columns-is-layout-9d6595d7 wp-block-columns-is-layout-flex\">\n<div class=\"wp-block-column first is-layout-flow wp-block-column-is-layout-flow\" style=\"flex-basis:25%\">\n<div id=\"ls-heading ls-titre-div-block_c415699979bc4fba90973a2f05fe11e8\" class=\"ls-titre-div h1-like\" >\n    Activities <\/br>for all<\/div>\n\n\n\n<h2 class=\"ls__heading wp-block-heading\">Take part <strong>in <br>supervised activities <\/strong><br><strong>for the whole family<\/strong> <br>at Salles Curan<\/h2>\n\n\n\n<p class=\"ls-paragraph\">At our <a href=\"https:\/\/www.camping-les-genets.fr\/fr\/activites\/\">family campsite in Aveyron<\/a>, we offer a wide range of<strong> family activities<\/strong> and <strong>entertainment <\/strong>for children and adults. <strong>Aquagym<\/strong> sessions, Olympics, p\u00e9tanque tournaments, water polo, nature walks during the night &#8211; there&#8217;s something for everyone!<\/p>\n\n\n\n<p class=\"ls-paragraph\">In addition to the entertainment provided by our team at our <strong>campsite in the heart of Aveyron<\/strong>, we offer our customers<strong> exclusive partnerships with external service providers in Aveyron<\/strong>, enabling them to benefit from attractive prices or advantages.<\/p>\n\n\n\n<p class=\"ls-paragraph addReadMore showlesscontent\">For example, you can enjoy an unusual outing on the V\u00e9lorail or a day at Grimp et Cimes, an outdoor leisure park. At the Mini Club, our experienced entertainers have lots of great games in store for the kids: mini Koh Lanta, treasure hunts, group games, photo rallies, pizza-making or even preparing a show. So many activities to discover the campsite and its surroundings.<\/p>\n\n\n\n<a href=\"https:\/\/www.camping-les-genets.fr\/en\/activities\/\" id=\"ls-button-block_efd5916a3ca012530544d197e0b35394\" target=\"\" rel=\"\" class=\"ls-button\" ><span>The activities<\/span> <i class='icon-arrow-right'><\/i><\/a>\n\n<\/div>\n\n\n\n<div class=\"wp-block-column is-vertically-aligned-top second column-gallery is-layout-flow wp-block-column-is-layout-flow\" style=\"flex-basis:65%\">\n<figure class=\"wp-block-gallery has-nested-images columns-4 is-cropped gallery-slider wp-block-gallery-2 is-layout-flex wp-block-gallery-is-layout-flex\">\n<figure class=\"wp-block-image size-large\"><img decoding=\"async\" width=\"682\" height=\"1024\" data-id=\"4675\" src=\"https:\/\/www.camping-les-genets.fr\/wp-content\/uploads\/2023\/10\/camping-les-genets-en-aveyron20-682x1024.jpg\" alt=\"camping velo en aveyron\" class=\"wp-image-4675\" srcset=\"https:\/\/www.camping-les-genets.fr\/wp-content\/uploads\/2023\/10\/camping-les-genets-en-aveyron20-682x1024.jpg 682w, https:\/\/www.camping-les-genets.fr\/wp-content\/uploads\/2023\/10\/camping-les-genets-en-aveyron20-200x300.jpg 200w, https:\/\/www.camping-les-genets.fr\/wp-content\/uploads\/2023\/10\/camping-les-genets-en-aveyron20-768x1152.jpg 768w, https:\/\/www.camping-les-genets.fr\/wp-content\/uploads\/2023\/10\/camping-les-genets-en-aveyron20-1024x1536.jpg 1024w, https:\/\/www.camping-les-genets.fr\/wp-content\/uploads\/2023\/10\/camping-les-genets-en-aveyron20.jpg 1333w\" sizes=\"(max-width: 682px) 100vw, 682px\" \/><\/figure>\n\n\n\n<figure class=\"wp-block-image size-large\"><img decoding=\"async\" width=\"682\" height=\"1024\" data-id=\"4731\" src=\"https:\/\/www.camping-les-genets.fr\/wp-content\/uploads\/2023\/11\/camping-les-genets-en-aveyron30-682x1024.jpg\" alt=\"aveyron mini golf activities\" class=\"wp-image-4731\" srcset=\"https:\/\/www.camping-les-genets.fr\/wp-content\/uploads\/2023\/11\/camping-les-genets-en-aveyron30-682x1024.jpg 682w, https:\/\/www.camping-les-genets.fr\/wp-content\/uploads\/2023\/11\/camping-les-genets-en-aveyron30-200x300.jpg 200w, https:\/\/www.camping-les-genets.fr\/wp-content\/uploads\/2023\/11\/camping-les-genets-en-aveyron30-768x1152.jpg 768w, https:\/\/www.camping-les-genets.fr\/wp-content\/uploads\/2023\/11\/camping-les-genets-en-aveyron30-1024x1536.jpg 1024w, https:\/\/www.camping-les-genets.fr\/wp-content\/uploads\/2023\/11\/camping-les-genets-en-aveyron30.jpg 1333w\" sizes=\"(max-width: 682px) 100vw, 682px\" \/><\/figure>\n\n\n\n<figure class=\"wp-block-image size-large\"><img decoding=\"async\" width=\"1024\" height=\"682\" data-id=\"4679\" src=\"https:\/\/www.camping-les-genets.fr\/wp-content\/uploads\/2023\/10\/camping-les-genets-en-aveyron21-1024x682.jpg\" alt=\"activities lac pareloup camping aveyron\" class=\"wp-image-4679\" srcset=\"https:\/\/www.camping-les-genets.fr\/wp-content\/uploads\/2023\/10\/camping-les-genets-en-aveyron21-1024x682.jpg 1024w, https:\/\/www.camping-les-genets.fr\/wp-content\/uploads\/2023\/10\/camping-les-genets-en-aveyron21-300x200.jpg 300w, https:\/\/www.camping-les-genets.fr\/wp-content\/uploads\/2023\/10\/camping-les-genets-en-aveyron21-768x512.jpg 768w, https:\/\/www.camping-les-genets.fr\/wp-content\/uploads\/2023\/10\/camping-les-genets-en-aveyron21-1536x1024.jpg 1536w, https:\/\/www.camping-les-genets.fr\/wp-content\/uploads\/2023\/10\/camping-les-genets-en-aveyron21.jpg 2000w\" sizes=\"(max-width: 1024px) 100vw, 1024px\" \/><\/figure>\n\n\n\n<figure class=\"wp-block-image size-large\"><img decoding=\"async\" width=\"682\" height=\"1024\" data-id=\"4726\" src=\"https:\/\/www.camping-les-genets.fr\/wp-content\/uploads\/2023\/11\/camping-les-genets-en-aveyron29-682x1024.jpg\" alt=\"camping with water games aveyron\" class=\"wp-image-4726\" srcset=\"https:\/\/www.camping-les-genets.fr\/wp-content\/uploads\/2023\/11\/camping-les-genets-en-aveyron29-682x1024.jpg 682w, https:\/\/www.camping-les-genets.fr\/wp-content\/uploads\/2023\/11\/camping-les-genets-en-aveyron29-200x300.jpg 200w, https:\/\/www.camping-les-genets.fr\/wp-content\/uploads\/2023\/11\/camping-les-genets-en-aveyron29-768x1152.jpg 768w, https:\/\/www.camping-les-genets.fr\/wp-content\/uploads\/2023\/11\/camping-les-genets-en-aveyron29-1024x1536.jpg 1024w, https:\/\/www.camping-les-genets.fr\/wp-content\/uploads\/2023\/11\/camping-les-genets-en-aveyron29.jpg 1333w\" sizes=\"(max-width: 682px) 100vw, 682px\" \/><\/figure>\n<\/figure>\n\n\n\n<figure class=\"wp-block-image size-large deco\"><img decoding=\"async\" width=\"2465\" height=\"1024\" src=\"https:\/\/www.camping-les-genets.fr\/wp-content\/uploads\/2023\/07\/vagues.svg\" alt=\"waves\" class=\"wp-image-812\"\/><\/figure>\n<\/div>\n<\/div>\n\n\r\n    <\/div>\r\n<\/section>\n\n<section id=\"ls-section-block_77e56264741c0e70c6abae6153712dc7\" class=\"ls-section  home-hebergements has-p-t p-t-0\" >\r\n        <div class=\"container container--full\">\r\n        \n\n<div class=\"wp-block-columns first is-layout-flex wp-container-core-columns-is-layout-9d6595d7 wp-block-columns-is-layout-flex\">\n<div class=\"wp-block-column is-layout-flow wp-block-column-is-layout-flow\">\r\n<div id=\"ls-cta-block_2ce7c784f5c3d4cb43cffc1ba754ee26\" class=\"ls-cta\">  \r\n    \n\n<a href=\"https:\/\/www.camping-les-genets.fr\/en\/rental\/\" target=\"\" rel=\"noopener\" class=\"ls-cta__link\">\n\n\t<div class=\"ls-cta__image\"><img decoding=\"async\" src=\"https:\/\/www.camping-les-genets.fr\/wp-content\/uploads\/2023\/10\/location-mobil-home-premium-camping-aveyron.jpg\" alt=\"mobil home premium camping aveyron\"><\/div>\n\t<div class=\"ls-cta__title\">\n\t\tRental properties\t<\/div>\n\n\t\t\n<\/a><\/div><\/div>\n\n\n\n<div class=\"wp-block-column is-layout-flow wp-block-column-is-layout-flow\">\r\n<div id=\"ls-cta-block_cd2d6280bbc9ed0768fc0a2fee89aea8\" class=\"ls-cta\">  \r\n    \n\n<a href=\"https:\/\/www.camping-les-genets.fr\/en\/pitches\/\" target=\"\" rel=\"noopener\" class=\"ls-cta__link\">\n\n\t<div class=\"ls-cta__image\"><img decoding=\"async\" src=\"https:\/\/www.camping-les-genets.fr\/wp-content\/uploads\/2024\/02\/bord_lac_emplacement-768x576.webp\" alt=\"\"><\/div>\n\t<div class=\"ls-cta__title\">\n\t\tLocations\t<\/div>\n\n\t\t\n<\/a><\/div><\/div>\n<\/div>\n\n\n\n<div class=\"wp-block-columns second is-layout-flex wp-container-core-columns-is-layout-9d6595d7 wp-block-columns-is-layout-flex\">\n<div class=\"wp-block-column is-layout-flow wp-block-column-is-layout-flow\" style=\"flex-basis:25%\"><\/div>\n\n\n\n<div class=\"wp-block-column text has-color-white-background-color has-background is-layout-flow wp-block-column-is-layout-flow\" style=\"flex-basis:50%\">\n<h2 class=\"ls__heading wp-block-heading has-text-align-left\">Your <strong>lakeside accommodation<\/strong><\/h2>\n\n\n\n<p class=\"ls-paragraph\">Whether you prefer <strong>traditional camping-caravanning <\/strong>or<strong> high-comfort rental accommodation<\/strong>, whether you want to rent a mobile home or a chalet, at the <strong>5-star Les Gen\u00eats campsite<\/strong> you&#8217;ll find the services you need for your camping holiday at exceptional prices. For campers who want to reconnect with nature during their vacation nights, we offer <strong>spacious and intimate landscaped campsites, semi-shaded<\/strong> with beautiful trees. Among our <a href=\"https:\/\/www.camping-les-genets.fr\/fr\/emplacements\/\">camping pitches<\/a>, discover our <strong>privileged plots<\/strong> facing the beach, on the shores of Lake Pareloup, in the Confort Bord de Lac category.<\/p>\n\n\n\n<p class=\"ls-paragraph addReadMore showlesscontent\">Holidaymakers who spend their nights<strong> renting<\/strong> at our <strong>Aveyron campsite<\/strong> can take advantage of our <a href=\"https:\/\/www.camping-les-genets.fr\/fr\/location\/\">mobile homes and chalets!<\/a><br><br>Our <strong>5-star campsite in Aveyron<\/strong> has 163 pitches &#8211; 77 bare pitches, 86 rentals (mobile homes and chalets), including 30 residential pitches.<\/p>\n\n\n\n<a href=\"https:\/\/www.camping-les-genets.fr\/en\/rates\/\" id=\"ls-button-block_c3910f381470d38700ffc055b89eb9b3\" target=\"\" rel=\"\" class=\"ls-button aligncenter\" ><span>Price list<\/span> <i class='icon-arrow-right'><\/i><\/a>\n\n<\/div>\n\n\n\n<div class=\"wp-block-column is-layout-flow wp-block-column-is-layout-flow\" style=\"flex-basis:25%\"><\/div>\n<\/div>\n\n\r\n    <\/div>\r\n<\/section>\n\n<section id=\"ls-section-block_14d203f6bb441fbf8566a3540ba8ce77\" class=\"ls-section  home-decouverte has-p-b p-b-14\" >\r\n        <div class=\"container container--wide\">\r\n        \n\n<div class=\"wp-block-columns is-layout-flex wp-container-core-columns-is-layout-9d6595d7 wp-block-columns-is-layout-flex\">\n<div class=\"wp-block-column is-layout-flow wp-block-column-is-layout-flow\">\n<div id=\"ls-heading ls-titre-div-block_c130e60af13ef166006ce0a996e2b1a9\" class=\"ls-titre-div aligncenter h1-like\" >\n    Beautiful <\/br>discoveries<\/div>\n\n\n\r\n<div id=\"ls-cta-block_8acbcd8702a09bdbe0fc0fc386131db0\" class=\"ls-cta cta-01 animated fadeIn slow\">  \r\n    \n\n<a href=\"https:\/\/www.camping-les-genets.fr\/en\/tourisme-rodez\/\" target=\"\" rel=\"noopener\" class=\"ls-cta__link\">\n\n\t<div class=\"ls-cta__image\"><img decoding=\"async\" src=\"https:\/\/www.camping-les-genets.fr\/wp-content\/uploads\/2023\/09\/Rodez-proche-du-camping-les-genets-768x513.webp\" alt=\"Rodez close to camping les gen\u00eats\"><\/div>\n\t<div class=\"ls-cta__title\">\n\t\tRodez\t<\/div>\n\n\t\t\n<\/a><\/div>\n\n\r\n<div id=\"ls-cta-block_38615902b968b90aaf4d268087a48a1c\" class=\"ls-cta cta-02 animated fadeIn slow\">  \r\n    \n\n<a href=\"https:\/\/www.camping-les-genets.fr\/en\/micropolis\/\" target=\"\" rel=\"noopener\" class=\"ls-cta__link\">\n\n\t<div class=\"ls-cta__image\"><img decoding=\"async\" src=\"https:\/\/www.camping-les-genets.fr\/wp-content\/uploads\/2023\/09\/Ruches-dabeilles-au-Micropolis-768x1152.webp\" alt=\"Beehives at Micropolis\"><\/div>\n\t<div class=\"ls-cta__title\">\n\t\tMicropolis\t<\/div>\n\n\t\t\n<\/a><\/div>\n\n\r\n<div id=\"ls-cta-block_71eb97d2b6cc35c68be035eab90afe39\" class=\"ls-cta cta-03 animated fadeIn slow\">  \r\n    \n\n<a href=\"https:\/\/www.camping-les-genets.fr\/en\/tourisme-conques\/\" target=\"\" rel=\"noopener\" class=\"ls-cta__link\">\n\n\t<div class=\"ls-cta__image\"><img decoding=\"async\" src=\"https:\/\/www.camping-les-genets.fr\/wp-content\/uploads\/2023\/10\/visiter-conques-768x576.jpg\" alt=\"visit conques\"><\/div>\n\t<div class=\"ls-cta__title\">\n\t\tConques\t<\/div>\n\n\t\t\n<\/a><\/div><\/div>\n\n\n\n<div class=\"wp-block-column is-layout-flow wp-block-column-is-layout-flow\">\r\n<div id=\"ls-cta-block_2a67a2d9839c08ffd5f99443ce89ccb7\" class=\"ls-cta cta-04 animated fadeIn delay-100ms slow\">  \r\n    \n\n<a href=\"https:\/\/www.camping-les-genets.fr\/en\/tourisme-millau\/\" target=\"\" rel=\"noopener\" class=\"ls-cta__link\">\n\n\t<div class=\"ls-cta__image\"><img decoding=\"async\" src=\"https:\/\/www.camping-les-genets.fr\/wp-content\/uploads\/2023\/07\/camping-les-genets-proche-du-viaduc-de-millau-768x512.webp\" alt=\"camping les genets near the millau viaduct\"><\/div>\n\t<div class=\"ls-cta__title\">\n\t\tMillau Viaduct\t<\/div>\n\n\t\t\n<\/a><\/div>\n\n\r\n<div id=\"ls-cta-block_e33c033611b246336c159db9d4438939\" class=\"ls-cta cta-05 animated fadeIn delay-100ms slow\">  \r\n    \n\n<a href=\"https:\/\/www.camping-les-genets.fr\/en\/castelnau-pegayrols\/\" target=\"\" rel=\"noopener\" class=\"ls-cta__link\">\n\n\t<div class=\"ls-cta__image\"><img decoding=\"async\" src=\"https:\/\/www.camping-les-genets.fr\/wp-content\/uploads\/2023\/07\/camping-les-genets-proche-de-castelnau-durbannais.webp\" alt=\"camping les genets near castelnau durbannais\"><\/div>\n\t<div class=\"ls-cta__title\">\n\t\tCastelnau-P\u00e9gayrols\t<\/div>\n\n\t\t\n<\/a><\/div>\n\n\r\n<div id=\"ls-cta-block_df83e5e6e155224e36591d0d0de7ed6f\" class=\"ls-cta cta-06  animated fadeIn delay-100ms slow\">  \r\n    \n\n<a href=\"https:\/\/www.camping-les-genets.fr\/en\/velorail\/\" target=\"\" rel=\"noopener\" class=\"ls-cta__link\">\n\n\t<div class=\"ls-cta__image\"><img decoding=\"async\" src=\"https:\/\/www.camping-les-genets.fr\/wp-content\/uploads\/2023\/07\/camping-les-genets-proche-du-velorail-768x399.webp\" alt=\"camping les genets close to velorail\"><\/div>\n\t<div class=\"ls-cta__title\">\n\t\tVelorail\t<\/div>\n\n\t\t\n<\/a><\/div>\n\n\r\n<div id=\"ls-cta-block_6985f7aeca81cec9e299cad36a1d77a3\" class=\"ls-cta cta-07 animated fadeIn delay-100ms slow\">  \r\n    \n\n<a href=\"https:\/\/www.camping-les-genets.fr\/en\/brousse-le-chateau\/\" target=\"\" rel=\"noopener\" class=\"ls-cta__link\">\n\n\t<div class=\"ls-cta__image\"><img decoding=\"async\" src=\"https:\/\/www.camping-les-genets.fr\/wp-content\/uploads\/2023\/10\/visiter-la-chateau-de-brousse-768x576.jpg\" alt=\"visit chateau de brousse\"><\/div>\n\t<div class=\"ls-cta__title\">\n\t\tCh\u00e2teau de Brousse\t<\/div>\n\n\t\t\n<\/a><\/div><\/div>\n\n\n\n<div class=\"wp-block-column last is-layout-flow wp-block-column-is-layout-flow\">\r\n<div id=\"ls-cta-block_a6f3cd5c687feb5bb67aeaa43fb2f278\" class=\"ls-cta cta-08 animated fadeIn delay-200ms slow\">  \r\n    \n\n<a href=\"https:\/\/www.camping-les-genets.fr\/en\/tourisme-roquefort\/\" target=\"\" rel=\"noopener\" class=\"ls-cta__link\">\n\n\t<div class=\"ls-cta__image\"><img decoding=\"async\" src=\"https:\/\/www.camping-les-genets.fr\/wp-content\/uploads\/2023\/09\/Fromage-roquefort-768x960.webp\" alt=\"Roquefort cheese\"><\/div>\n\t<div class=\"ls-cta__title\">\n\t\tRoquefort cellars\t<\/div>\n\n\t\t\n<\/a><\/div>\n\n\r\n<div id=\"ls-cta-block_cba2d523a780d43dcf1af3576b81ff5c\" class=\"ls-cta cta-09 animated fadeIn delay-200ms slow\">  \r\n    \n\n<a href=\"https:\/\/www.camping-les-genets.fr\/en\/peyre\/\" target=\"\" rel=\"noopener\" class=\"ls-cta__link\">\n\n\t<div class=\"ls-cta__image\"><img decoding=\"async\" src=\"https:\/\/www.camping-les-genets.fr\/wp-content\/uploads\/2023\/09\/Village-de-Peyre-en-Aveyron-768x512.webp\" alt=\"Village of Peyre in Aveyron\"><\/div>\n\t<div class=\"ls-cta__title\">\n\t\tPeyre\t<\/div>\n\n\t\t\n<\/a><\/div>\n\n\r\n<div id=\"ls-cta-block_dd00a99a251c45ab9a40027bb9e30c8d\" class=\"ls-cta cta-10\">  \r\n    \n\n<a href=\"https:\/\/www.camping-les-genets.fr\/en\/peyrebrune-tower\/\" target=\"\" rel=\"noopener\" class=\"ls-cta__link\">\n\n\t<div class=\"ls-cta__image\"><img decoding=\"async\" src=\"https:\/\/www.camping-les-genets.fr\/wp-content\/uploads\/2023\/09\/Paysage-en-Aveyron-768x1152.webp\" alt=\"Landscape in Aveyron\"><\/div>\n\t<div class=\"ls-cta__title\">\n\t\tThe Peyrebrune tower\t<\/div>\n\n\t\t\n<\/a><\/div>\n\n\n<div class=\"wp-block-columns text is-layout-flex wp-container-core-columns-is-layout-9d6595d7 wp-block-columns-is-layout-flex\">\n<div class=\"wp-block-column is-layout-flow wp-block-column-is-layout-flow\">\n<h2 class=\"ls__heading wp-block-heading\">Discover<br> Pareloup <strong>lake <\/strong><strong>and its <\/strong><strong>surrounding<\/strong><br><strong><\/strong><\/h2>\n\n\n\n<p class=\"ls-paragraph\"><a href=\"https:\/\/www.camping-les-genets.fr\/fr\/lac-de-pareloup\/\">Lac de Pareloup<\/a> is the perfect place to discover<strong> water games<\/strong> and other water sports. Its fish-filled waters also make it a paradise for fishermen and those who enjoy observing the<strong>abundance of fish<\/strong>. Enjoy angling from the pontoons. It&#8217;s an Aveyron tourist mecca whose clear waters are an irresistible invitation for bathers. The swimming area at Les Gen\u00eats <strong>campsite in Aveyron<\/strong> features <strong>floating inflatables<\/strong> with climbing walls, slides, footbridges and trampolines. A <strong>boat launching area<\/strong> is also available on the beach.<\/p>\n\n\n\n<p class=\"ls-paragraph addReadMore showlesscontent\"><strong> Water sports enthusiasts <\/strong>will discover soon enough just how ideal this lake is for sailing, canoeing, kayaking and canoeing, as well as paddle boarding, water skiing, wakeboarding and towed buoys. You can also simply take a pedal-boat ride and enjoy the on-board waterslide to cool off during your stroll or aboard a boat without a license.<br>Once you&#8217;ve booked your <strong>camping<\/strong> pitch at <strong>Lac de Pareloup<\/strong> or your rental accommodation in Aveyron, don&#8217;t miss out on exploring our region by visiting the famous <a href=\"https:\/\/www.camping-les-genets.fr\/fr\/tourisme-roquefort\/\">Roquefort caves<\/a>, the <strong>Salars bridge<\/strong> (40 min away), the <a href=\"https:\/\/www.camping-les-genets.fr\/fr\/tourisme-millau\/\">Millau viaduct<\/a> and some of France&#8217;s most beautiful villages such as <a href=\"https:\/\/www.camping-les-genets.fr\/fr\/tourisme-conques\/\">Conques<\/a>, <a href=\"https:\/\/www.camping-les-genets.fr\/fr\/tourisme-saint-come-d-olt\/\">Saint-C\u00f4me-d&#8217;Olt<\/a> and <strong>Saint Geniez d&#8217;Olt<\/strong> (1 h). The Grands Causses regional nature park and the <a href=\"https:\/\/www.camping-les-genets.fr\/fr\/tourisme-aubrac\/\">Aubrac volcanic plateau<\/a> are ideal places for hiking. For family outings in the Aveyron region, the<strong> villages along the Tarn<\/strong> or on the banks of the river in the <strong>Aveyron Gorges<\/strong>are great places to visit. Finally, <a href=\"https:\/\/www.camping-les-genets.fr\/fr\/tourisme-rodez\/\">Rodez<\/a>, that beautiful town steeped in history, and many other villages in the region await you&#8230;<\/p>\n<\/div>\n<\/div>\n<\/div>\n<\/div>\n\n\r\n    <\/div>\r\n<\/section>\n\n<section id=\"ls-section-block_efeec73bb714f9f279286909342a5de7\" class=\"ls-section  home-avis background-blu-right has-p-t p-t-10 has-p-b p-b-14\" >\r\n        <div class=\"container container--wide\">\r\n        \n\n<div id=\"ls-heading ls-titre-div-block_1c0c5d8d7c5bca8f5f2150fc7f966692\" class=\"ls-titre-div h1-like\" >\n    No more doubts!<\/div>\n\n\n\n<div class=\"wp-block-columns is-layout-flex wp-container-core-columns-is-layout-9d6595d7 wp-block-columns-is-layout-flex\">\n<div class=\"wp-block-column is-vertically-aligned-top first is-layout-flow wp-block-column-is-layout-flow\">\n<a href=\"https:\/\/www.youtube.com\/watch?v=bRmMHDKJLM4\" id=\"ls-button-block_4e261481a228c2971ac3696fa53f9a93\" target=\"_blank\" rel=\"noopener\" class=\"ls-button\" ><span>Video testimonials from our customers<\/span> <i class='icon-arrow-right'><\/i><\/a>\n\n\n\n<p><script defer async src='https:\/\/cdn.trustindex.io\/loader.js?f9d84d6682660643a616e27e32a'><\/script><\/p>\n<\/div>\n\n\n\n<div class=\"wp-block-column is-vertically-aligned-top second is-layout-flow wp-block-column-is-layout-flow\">\n<div id=\"ls-heading ls-titre-div-block_ddfe5c446ae27a516be07d3f4bad7ff7\" class=\"ls-titre-div h2-like\" >\n    We answer your questions<\/div>\n\n\n<div id=\"faq\"><div itemscope=\"\" itemtype=\"https:\/\/schema.org\/FAQPage\"><div class=\"faq__box\"><div class=\"faq__container\"><div class=\"faq__block\" itemscope=\"\" itemprop=\"mainEntity\" itemtype=\"https:\/\/schema.org\/Question\"><details><summary itemprop=\"name\"><p>Are pets allowed in the campsite\/rentals?<\/p>\n<span class=\"plus-royan\"><\/span><\/summary><div itemscope=\"\" itemprop=\"acceptedAnswer\" itemtype=\"https:\/\/schema.org\/Answer\"><div itemprop=\"text\"><p>Pets are not allowed in our Premium range.<br \/>\nPets are allowed in other rentals, provided they are kept on a leash and do not disturb neighbors with their barking.<\/p>\n<\/div><\/div><\/details><\/div><\/div><\/div><div class=\"faq__box\"><div class=\"faq__container\"><div class=\"faq__block\" itemscope=\"\" itemprop=\"mainEntity\" itemtype=\"https:\/\/schema.org\/Question\"><details><summary itemprop=\"name\"><p>Where can I find the animation program?<\/p>\n<span class=\"plus-royan\"><\/span><\/summary><div itemscope=\"\" itemprop=\"acceptedAnswer\" itemtype=\"https:\/\/schema.org\/Answer\"><div itemprop=\"text\"><p>The program can be consulted on our Cool&#8217;n camp application and on the notice board next to reception.<\/p>\n<\/div><\/div><\/details><\/div><\/div><\/div><div class=\"faq__box\"><div class=\"faq__container\"><div class=\"faq__block\" itemscope=\"\" itemprop=\"mainEntity\" itemtype=\"https:\/\/schema.org\/Question\"><details><summary itemprop=\"name\"><p>Can we shop on site?<\/p>\n<span class=\"plus-royan\"><\/span><\/summary><div itemscope=\"\" itemprop=\"acceptedAnswer\" itemtype=\"https:\/\/schema.org\/Answer\"><div itemprop=\"text\"><p>We have an on-site grocery store for your shopping needs.<\/p>\n<\/div><\/div><\/details><\/div><\/div><\/div><div class=\"faq__box\"><div class=\"faq__container\"><div class=\"faq__block\" itemscope=\"\" itemprop=\"mainEntity\" itemtype=\"https:\/\/schema.org\/Question\"><details><summary itemprop=\"name\"><p>Is the pool heated?<\/p>\n<span class=\"plus-royan\"><\/span><\/summary><div itemscope=\"\" itemprop=\"acceptedAnswer\" itemtype=\"https:\/\/schema.org\/Answer\"><div itemprop=\"text\"><p>The swimming pool is at 26 degrees during the entire opening hours of the campsite.<\/p>\n<\/div><\/div><\/details><\/div><\/div><\/div><\/div><\/div>\n\n\n<div class=\"wp-block-image\">\n<figure class=\"aligncenter size-thumbnail\"><a href=\"https:\/\/www.camping2be.com\/france\/salles-curan\/avis-clients-camping-les-genets\" target=\"_blank\" rel=\" noreferrer noopener\"><img decoding=\"async\" width=\"150\" height=\"150\" src=\"https:\/\/www.camping-les-genets.fr\/wp-content\/uploads\/2024\/02\/widget_203-1-150x150.jpg\" alt=\"\" class=\"wp-image-8725\"\/><\/a><\/figure>\n<\/div><\/div>\n<\/div>\n\n\r\n    <\/div>\r\n<\/section>\n\n<section id=\"ls-section-block_254d0155799c054876be20df16a9bfde\" class=\"ls-section  home-pdf\" >\r\n        <div class=\"container container--wide\">\r\n        \n\n<div id=\"ls-pdf-block_eda8b019493f9045255fe79144d7ab27\" class=\"ls-pdf\">\n    <div class=\"ls-pdf__list\">\n                                                <a href=\"https:\/\/www.camping-les-genets.fr\/wp-content\/uploads\/2023\/07\/Brochure-du-camping-Les-Genets.pdf\" title=\"Download\nbrochure\n\" class=\"ls-pdf__list__item\" data-fancybox=\"pdf\">\n\n                                            <span class=\"genets-brochure\"><\/span>\n                    \n                    <div><p>Download<br \/>\n<strong>brochure<\/strong><\/p>\n<\/div>\n                <\/a>\n                                        <a href=\"https:\/\/www.camping-les-genets.fr\/wp-content\/uploads\/2024\/02\/Plan-2025_compressed.pdf\" title=\"Map\nCampsite\n\" class=\"ls-pdf__list__item\" data-fancybox=\"pdf\">\n\n                                            <span class=\"genets-map\"><\/span>\n                    \n                    <div><p>Map<br \/>\n<strong>Campsite<\/strong><\/p>\n<\/div>\n                <\/a>\n                                        <a href=\"https:\/\/www.camping-les-genets.fr\/wp-content\/uploads\/2023\/07\/Charte-du-camping-Les-Genets.pdf\" title=\"Rules\n\" class=\"ls-pdf__list__item\" data-fancybox=\"pdf\">\n\n                                            <span class=\"genets-rules\"><\/span>\n                    \n                    <div><p>Rules<\/p>\n<\/div>\n                <\/a>\n                        <\/div>\n<\/div>\n\r\n    <\/div>\r\n<\/section>","protected":false},"excerpt":{"rendered":"","protected":false},"author":1,"featured_media":0,"parent":0,"menu_order":0,"comment_status":"closed","ping_status":"closed","template":"","meta":{"_acf_changed":false,"inline_featured_image":false,"footnotes":""},"sujet":[],"class_list":["post-4903","page","type-page","status-publish","hentry"],"acf":[],"yoast_head":"<!-- This site is optimized with the Yoast SEO plugin v27.3 - https:\/\/yoast.com\/product\/yoast-seo-wordpress\/ -->\n<title>Camping Aveyron 5 \u00e9toiles : Camping in Aveyron on the shores of Lake Pareloup<\/title>\n<meta name=\"description\" content=\"Discover our 5-star camping club LES GEN\u00caTS in Aveyron on the shores of Lac de Pareloup, 35 km from Millau.\" \/>\n<meta name=\"robots\" content=\"index, follow, max-snippet:-1, max-image-preview:large, max-video-preview:-1\" \/>\n<link rel=\"canonical\" href=\"https:\/\/www.camping-les-genets.fr\/en\/\" \/>\n<meta property=\"og:locale\" content=\"en_US\" \/>\n<meta property=\"og:type\" content=\"article\" \/>\n<meta property=\"og:title\" content=\"Camping Aveyron 5 \u00e9toiles : Camping in Aveyron on the shores of Lake Pareloup\" \/>\n<meta property=\"og:description\" content=\"Discover our 5-star camping club LES GEN\u00caTS in Aveyron on the shores of Lac de Pareloup, 35 km from Millau.\" \/>\n<meta property=\"og:url\" content=\"https:\/\/www.camping-les-genets.fr\/en\/\" \/>\n<meta property=\"og:site_name\" content=\"Camping les Genets\" \/>\n<meta property=\"article:modified_time\" content=\"2026-03-25T13:22:59+00:00\" \/>\n<meta property=\"og:image\" content=\"https:\/\/www.camping-les-genets.fr\/wp-content\/uploads\/2024\/02\/vue_aerienne_large-1024x768.webp\" \/>\n<meta name=\"twitter:card\" content=\"summary_large_image\" \/>\n<meta name=\"twitter:label1\" content=\"Est. reading time\" \/>\n\t<meta name=\"twitter:data1\" content=\"11 minutes\" \/>\n<script type=\"application\/ld+json\" class=\"yoast-schema-graph\">{\"@context\":\"https:\\\/\\\/schema.org\",\"@graph\":[{\"@type\":\"WebPage\",\"@id\":\"https:\\\/\\\/www.camping-les-genets.fr\\\/en\\\/\",\"url\":\"https:\\\/\\\/www.camping-les-genets.fr\\\/en\\\/\",\"name\":\"Camping Aveyron 5 \u00e9toiles : Camping in Aveyron on the shores of Lake Pareloup\",\"isPartOf\":{\"@id\":\"https:\\\/\\\/www.camping-les-genets.fr\\\/en\\\/#website\"},\"primaryImageOfPage\":{\"@id\":\"https:\\\/\\\/www.camping-les-genets.fr\\\/en\\\/#primaryimage\"},\"image\":{\"@id\":\"https:\\\/\\\/www.camping-les-genets.fr\\\/en\\\/#primaryimage\"},\"thumbnailUrl\":\"https:\\\/\\\/www.camping-les-genets.fr\\\/wp-content\\\/uploads\\\/2024\\\/02\\\/vue_aerienne_large-1024x768.webp\",\"datePublished\":\"2023-07-18T11:20:13+00:00\",\"dateModified\":\"2026-03-25T13:22:59+00:00\",\"description\":\"Discover our 5-star camping club LES GEN\u00caTS in Aveyron on the shores of Lac de Pareloup, 35 km from Millau.\",\"breadcrumb\":{\"@id\":\"https:\\\/\\\/www.camping-les-genets.fr\\\/en\\\/#breadcrumb\"},\"inLanguage\":\"en-US\",\"potentialAction\":[{\"@type\":\"ReadAction\",\"target\":[\"https:\\\/\\\/www.camping-les-genets.fr\\\/en\\\/\"]}]},{\"@type\":\"ImageObject\",\"inLanguage\":\"en-US\",\"@id\":\"https:\\\/\\\/www.camping-les-genets.fr\\\/en\\\/#primaryimage\",\"url\":\"https:\\\/\\\/www.camping-les-genets.fr\\\/wp-content\\\/uploads\\\/2024\\\/02\\\/vue_aerienne_large-1024x768.webp\",\"contentUrl\":\"https:\\\/\\\/www.camping-les-genets.fr\\\/wp-content\\\/uploads\\\/2024\\\/02\\\/vue_aerienne_large-1024x768.webp\"},{\"@type\":\"BreadcrumbList\",\"@id\":\"https:\\\/\\\/www.camping-les-genets.fr\\\/en\\\/#breadcrumb\",\"itemListElement\":[{\"@type\":\"ListItem\",\"position\":1,\"name\":\"Camping Aveyron\",\"item\":\"https:\\\/\\\/www.camping-les-genets.fr\\\/en\\\/\"},{\"@type\":\"ListItem\",\"position\":2,\"name\":\"Campsite + City\"}]},{\"@type\":\"WebSite\",\"@id\":\"https:\\\/\\\/www.camping-les-genets.fr\\\/en\\\/#website\",\"url\":\"https:\\\/\\\/www.camping-les-genets.fr\\\/en\\\/\",\"name\":\"Camping les Genets\",\"description\":\"\",\"publisher\":{\"@id\":\"https:\\\/\\\/www.camping-les-genets.fr\\\/en\\\/#organization\"},\"potentialAction\":[{\"@type\":\"SearchAction\",\"target\":{\"@type\":\"EntryPoint\",\"urlTemplate\":\"https:\\\/\\\/www.camping-les-genets.fr\\\/en\\\/?s={search_term_string}\"},\"query-input\":{\"@type\":\"PropertyValueSpecification\",\"valueRequired\":true,\"valueName\":\"search_term_string\"}}],\"inLanguage\":\"en-US\"},{\"@type\":\"Organization\",\"@id\":\"https:\\\/\\\/www.camping-les-genets.fr\\\/en\\\/#organization\",\"name\":\"Camping les Genets\",\"url\":\"https:\\\/\\\/www.camping-les-genets.fr\\\/en\\\/\",\"logo\":{\"@type\":\"ImageObject\",\"inLanguage\":\"en-US\",\"@id\":\"https:\\\/\\\/www.camping-les-genets.fr\\\/en\\\/#\\\/schema\\\/logo\\\/image\\\/\",\"url\":\"https:\\\/\\\/www.camping-les-genets.fr\\\/wp-content\\\/uploads\\\/2023\\\/07\\\/cropped-logo-camping-genets-footer.png\",\"contentUrl\":\"https:\\\/\\\/www.camping-les-genets.fr\\\/wp-content\\\/uploads\\\/2023\\\/07\\\/cropped-logo-camping-genets-footer.png\",\"width\":500,\"height\":295,\"caption\":\"Camping les Genets\"},\"image\":{\"@id\":\"https:\\\/\\\/www.camping-les-genets.fr\\\/en\\\/#\\\/schema\\\/logo\\\/image\\\/\"}}]}<\/script>\n<!-- \/ Yoast SEO plugin. -->","yoast_head_json":{"title":"Camping Aveyron 5 \u00e9toiles : Camping in Aveyron on the shores of Lake Pareloup","description":"Discover our 5-star camping club LES GEN\u00caTS in Aveyron on the shores of Lac de Pareloup, 35 km from Millau.","robots":{"index":"index","follow":"follow","max-snippet":"max-snippet:-1","max-image-preview":"max-image-preview:large","max-video-preview":"max-video-preview:-1"},"canonical":"https:\/\/www.camping-les-genets.fr\/en\/","og_locale":"en_US","og_type":"article","og_title":"Camping Aveyron 5 \u00e9toiles : Camping in Aveyron on the shores of Lake Pareloup","og_description":"Discover our 5-star camping club LES GEN\u00caTS in Aveyron on the shores of Lac de Pareloup, 35 km from Millau.","og_url":"https:\/\/www.camping-les-genets.fr\/en\/","og_site_name":"Camping les Genets","article_modified_time":"2026-03-25T13:22:59+00:00","og_image":[{"url":"https:\/\/www.camping-les-genets.fr\/wp-content\/uploads\/2024\/02\/vue_aerienne_large-1024x768.webp","type":"","width":"","height":""}],"twitter_card":"summary_large_image","twitter_misc":{"Est. reading time":"11 minutes"},"schema":{"@context":"https:\/\/schema.org","@graph":[{"@type":"WebPage","@id":"https:\/\/www.camping-les-genets.fr\/en\/","url":"https:\/\/www.camping-les-genets.fr\/en\/","name":"Camping Aveyron 5 \u00e9toiles : Camping in Aveyron on the shores of Lake Pareloup","isPartOf":{"@id":"https:\/\/www.camping-les-genets.fr\/en\/#website"},"primaryImageOfPage":{"@id":"https:\/\/www.camping-les-genets.fr\/en\/#primaryimage"},"image":{"@id":"https:\/\/www.camping-les-genets.fr\/en\/#primaryimage"},"thumbnailUrl":"https:\/\/www.camping-les-genets.fr\/wp-content\/uploads\/2024\/02\/vue_aerienne_large-1024x768.webp","datePublished":"2023-07-18T11:20:13+00:00","dateModified":"2026-03-25T13:22:59+00:00","description":"Discover our 5-star camping club LES GEN\u00caTS in Aveyron on the shores of Lac de Pareloup, 35 km from Millau.","breadcrumb":{"@id":"https:\/\/www.camping-les-genets.fr\/en\/#breadcrumb"},"inLanguage":"en-US","potentialAction":[{"@type":"ReadAction","target":["https:\/\/www.camping-les-genets.fr\/en\/"]}]},{"@type":"ImageObject","inLanguage":"en-US","@id":"https:\/\/www.camping-les-genets.fr\/en\/#primaryimage","url":"https:\/\/www.camping-les-genets.fr\/wp-content\/uploads\/2024\/02\/vue_aerienne_large-1024x768.webp","contentUrl":"https:\/\/www.camping-les-genets.fr\/wp-content\/uploads\/2024\/02\/vue_aerienne_large-1024x768.webp"},{"@type":"BreadcrumbList","@id":"https:\/\/www.camping-les-genets.fr\/en\/#breadcrumb","itemListElement":[{"@type":"ListItem","position":1,"name":"Camping Aveyron","item":"https:\/\/www.camping-les-genets.fr\/en\/"},{"@type":"ListItem","position":2,"name":"Campsite + City"}]},{"@type":"WebSite","@id":"https:\/\/www.camping-les-genets.fr\/en\/#website","url":"https:\/\/www.camping-les-genets.fr\/en\/","name":"Camping les Genets","description":"","publisher":{"@id":"https:\/\/www.camping-les-genets.fr\/en\/#organization"},"potentialAction":[{"@type":"SearchAction","target":{"@type":"EntryPoint","urlTemplate":"https:\/\/www.camping-les-genets.fr\/en\/?s={search_term_string}"},"query-input":{"@type":"PropertyValueSpecification","valueRequired":true,"valueName":"search_term_string"}}],"inLanguage":"en-US"},{"@type":"Organization","@id":"https:\/\/www.camping-les-genets.fr\/en\/#organization","name":"Camping les Genets","url":"https:\/\/www.camping-les-genets.fr\/en\/","logo":{"@type":"ImageObject","inLanguage":"en-US","@id":"https:\/\/www.camping-les-genets.fr\/en\/#\/schema\/logo\/image\/","url":"https:\/\/www.camping-les-genets.fr\/wp-content\/uploads\/2023\/07\/cropped-logo-camping-genets-footer.png","contentUrl":"https:\/\/www.camping-les-genets.fr\/wp-content\/uploads\/2023\/07\/cropped-logo-camping-genets-footer.png","width":500,"height":295,"caption":"Camping les Genets"},"image":{"@id":"https:\/\/www.camping-les-genets.fr\/en\/#\/schema\/logo\/image\/"}}]}},"_links":{"self":[{"href":"https:\/\/www.camping-les-genets.fr\/en\/wp-json\/wp\/v2\/pages\/4903","targetHints":{"allow":["GET"]}}],"collection":[{"href":"https:\/\/www.camping-les-genets.fr\/en\/wp-json\/wp\/v2\/pages"}],"about":[{"href":"https:\/\/www.camping-les-genets.fr\/en\/wp-json\/wp\/v2\/types\/page"}],"author":[{"embeddable":true,"href":"https:\/\/www.camping-les-genets.fr\/en\/wp-json\/wp\/v2\/users\/1"}],"replies":[{"embeddable":true,"href":"https:\/\/www.camping-les-genets.fr\/en\/wp-json\/wp\/v2\/comments?post=4903"}],"version-history":[{"count":21,"href":"https:\/\/www.camping-les-genets.fr\/en\/wp-json\/wp\/v2\/pages\/4903\/revisions"}],"predecessor-version":[{"id":8740,"href":"https:\/\/www.camping-les-genets.fr\/en\/wp-json\/wp\/v2\/pages\/4903\/revisions\/8740"}],"wp:attachment":[{"href":"https:\/\/www.camping-les-genets.fr\/en\/wp-json\/wp\/v2\/media?parent=4903"}],"wp:term":[{"taxonomy":"sujet","embeddable":true,"href":"https:\/\/www.camping-les-genets.fr\/en\/wp-json\/wp\/v2\/sujet?post=4903"}],"curies":[{"name":"wp","href":"https:\/\/api.w.org\/{rel}","templated":true}]}}