{"id":5183,"date":"2023-09-11T09:29:49","date_gmt":"2023-09-11T07:29:49","guid":{"rendered":"https:\/\/www.camping-les-genets.fr\/kuh-aubrac\/"},"modified":"2024-01-16T13:35:41","modified_gmt":"2024-01-16T12:35:41","slug":"tourisme-aubrac","status":"publish","type":"page","link":"https:\/\/www.camping-les-genets.fr\/de\/tourisme-aubrac\/","title":{"rendered":"Aubrac-K\u00fche"},"content":{"rendered":"<section id=\"ls-section-block_ffa57908be73a2fbe829cfd57678a39e\" class=\"ls-section  page-chapeau has-p-b p-b-0\" >\r\n        <div class=\"container \">\r\n        \n\n<h1 class=\"ls__heading wp-block-heading has-text-align-center animated fadeInLeft delay-100ms slow\"><strong>Aubrac-K\u00fche<\/strong><\/h1>\n\n\r\n    <\/div>\r\n<\/section>\n\n<section id=\"ls-section-block_e67b160e6bc5e28124d8cd3b2ec46c24\" class=\"ls-section  page-one has-p-b p-b-14\" >\r\n        <div class=\"container container--full\">\r\n        \n\n<div class=\"wp-block-columns is-layout-flex wp-container-core-columns-is-layout-9d6595d7 wp-block-columns-is-layout-flex\">\n<div class=\"wp-block-column first is-layout-flow wp-block-column-is-layout-flow\" style=\"flex-basis:66.66%\">\n<figure class=\"wp-block-image size-full\"><img decoding=\"async\" width=\"2560\" height=\"1707\" src=\"https:\/\/www.camping-les-genets.fr\/wp-content\/uploads\/2023\/09\/Fete-de-la-transhumance-a-Aubrac-scaled.webp\" alt=\"Fest der Transhumanz in Aubrac\" class=\"wp-image-1675\" style=\"aspect-ratio:4\/3;object-fit:cover\" srcset=\"https:\/\/www.camping-les-genets.fr\/wp-content\/uploads\/2023\/09\/Fete-de-la-transhumance-a-Aubrac-scaled.webp 2560w, https:\/\/www.camping-les-genets.fr\/wp-content\/uploads\/2023\/09\/Fete-de-la-transhumance-a-Aubrac-300x200.webp 300w, https:\/\/www.camping-les-genets.fr\/wp-content\/uploads\/2023\/09\/Fete-de-la-transhumance-a-Aubrac-1024x683.webp 1024w, https:\/\/www.camping-les-genets.fr\/wp-content\/uploads\/2023\/09\/Fete-de-la-transhumance-a-Aubrac-768x512.webp 768w, https:\/\/www.camping-les-genets.fr\/wp-content\/uploads\/2023\/09\/Fete-de-la-transhumance-a-Aubrac-1536x1024.webp 1536w, https:\/\/www.camping-les-genets.fr\/wp-content\/uploads\/2023\/09\/Fete-de-la-transhumance-a-Aubrac-2048x1365.webp 2048w\" sizes=\"(max-width: 2560px) 100vw, 2560px\" \/><\/figure>\n<\/div>\n\n\n\n<div class=\"wp-block-column is-vertically-aligned-center second has-color-white-background-color has-background is-layout-flow wp-block-column-is-layout-flow\" style=\"flex-basis:33.33%\">\n<h2 class=\"ls__heading wp-block-heading\"><strong>Urlaub<\/strong> in der Aubrac<\/h2>\n\n\n\n<p class=\"ls-paragraph\">Wenn Sie sich Ende Mai auf unserem <a href=\"https:\/\/www.camping-les-genets.fr\/de\/camping-aubrac\/\">Campingplatz in der N\u00e4he von Aubrac<\/a> aufhalten, sollten Sie sich das mehrt\u00e4gige <strong>Fest der Transhumanz<\/strong> nicht entgehen lassen. Im Weiler Aubrac selbst, 80 km vom <a href=\"\/de\/\">Campingplatz Les Gen\u00eats<\/a> entfernt, bieten diese Feierlichkeiten die Gelegenheit, mehr \u00fcber die symboltr\u00e4chtige <strong>Rasse der Region zu erfahren<\/strong>.<\/p>\n\n\n\n<p class=\"ls-paragraph\">Die Transhumanz ist eine unumg\u00e4ngliche Etappe bei der<strong>Aufzucht von Tieren der Rinderrassen, eine Gelegenheit, Ochsen, K\u00e4lber, F\u00e4rsen und alle Stars des Viehbestands zu sehen<\/strong>! Es ist nat\u00fcrlich auch die Gelegenheit, eine sch\u00f6ne Wanderung in Begleitung der Herden zu unternehmen. Der k\u00fcrzeste Almauftrieb bis auf 1300 m H\u00f6he vom Plateau de l&#8217;Aubrac betr\u00e4gt 15 km.<\/p>\n\n\n\n<p class=\"ls-paragraph\">Die Aubrac-Kuh ist eine Rinderrasse, die f\u00fcr die gleichnamige Hochebene steht. Sie ist besonders h\u00fcbsch mit ihren wie geschminkt wirkenden Augen, ihrem matten Fell, ihrer schwarzen, wei\u00df ges\u00e4umten Schnauze und ihren lyraf\u00f6rmigen H\u00f6rnern. Sie ist rustikal und <strong>an das raue Klima des Hochlandes angepasst<\/strong>, wo der Wind stark blasen und die Temperaturen schnell schwanken k\u00f6nnen. In Laguiole repr\u00e4sentiert eine Stierstatue seit 1947 stolz die Aubrac-Rasse. Aber die Kuh gibt es auf dem Plateau schon seit dem 18. Jahrhundert!<br>Die Z\u00fcchter sorgen f\u00fcr die<strong> Produktion von Charolais-Fleisch<\/strong> aus dem Sektor, das Sie vor allem in Metzgereien finden werden. Auch die<strong> Milchproduktion<\/strong> wird mit der Milch aus den Monts de l&#8217;Aubrac hervorgehoben.<\/p>\n<\/div>\n<\/div>\n\n\r\n    <\/div>\r\n<\/section>\n\n<section id=\"ls-section-block_280c075a961605c532747df1c42faac1\" class=\"ls-section \" >\r\n        <div class=\"container container--wide\">\r\n        \n\n<div class=\"wp-block-columns is-layout-flex wp-container-core-columns-is-layout-9d6595d7 wp-block-columns-is-layout-flex\">\n<div class=\"wp-block-column first is-layout-flow wp-block-column-is-layout-flow\">\n<h2 class=\"ls__heading wp-block-heading\">Strecke <strong>Camping Aubrac<\/strong><\/h2>\n\n\n\n<p class=\"ls-paragraph\">Die Aubrac ist eine vulkanische Hochebene mit wundersch\u00f6nen Landschaften, die zum Zentralmassiv geh\u00f6rt. Sie liegt weniger als eine Autostunde n\u00f6rdlich vom <strong>Campingclub Les Gen\u00eats<\/strong> **** entfernt.<\/p>\n\n\n\n<p class=\"ls-paragraph\">Der schnellste Weg dorthin f\u00fchrt von Salles-Curan \u00fcber Prades-Salars und S\u00e9gur nach Laissac. Nehmen Sie dann die D28. Sie durchqueren Palmas und Gabriac, bevor Sie in Espalion, am Tor zum Aubrac, ankommen. In Espalion gibt es <strong>zahlreiche<\/strong> gut erhaltene Bauwerke: die Kirche Saint-Michel de Calmont d&#8217;Olt, die Kirche Saint-Jean-Baptiste, die Kapelle de Perse, die Kapelle der B\u00fc\u00dfer, das Ursulinenkloster usw. Der Besuch von <a href=\"https:\/\/www.camping-les-genets.fr\/de\/camping-saint-comes-d-olt\/\">Saint-C\u00f4me-d&#8217;Olt<\/a>, einem der <strong>sch\u00f6nsten D\u00f6rfer Frankreichs<\/strong>, sollte unbedingt in das Programm Ihres Tages in der Aubrac aufgenommen werden.<\/p>\n\n\n\n<p class=\"ls-paragraph\">Wenn Sie Ihren Urlaub auf einem <strong>Familiencampingplatz<\/strong> im Aubrac oder in der Umgebung verbringen m\u00f6chten, ist der Campingplatz Les Gen\u00eats ideal gelegen! Dort k\u00f6nnen Sie ab sofort Ihr Mobilheim buchen oder ger\u00e4umige Campingpl\u00e4tze f\u00fcr Zelte und Wohnmobile entdecken!<\/p>\n<\/div>\n\n\n\n<div class=\"wp-block-column is-vertically-aligned-center second is-layout-flow wp-block-column-is-layout-flow\" style=\"flex-basis:800px\">\n<iframe src=\"https:\/\/www.google.com\/maps\/embed?pb=!1m28!1m12!1m3!1d364763.4086612996!2d2.6053583550505675!3d44.41851153635854!2m3!1f0!2f0!3f0!3m2!1i1024!2i768!4f13.1!4m13!3e0!4m5!1s0x12b2683ba8eaa029%3A0x9e3dc1bbe65d1b4b!2sCamping%20les%20Gen%C3%AAts%20%7C%20Camping%20Aveyron%2C%20Lac%20de%20Pareloup%2C%20Salles-Curan!3m2!1d44.1894481!2d2.7667329!4m5!1s0x12b2e6fcfd3d6af9%3A0xa06f69eba1e0750!2sAubrac%2C%20Saint-Ch%C3%A9ly-d'Aubrac!3m2!1d44.621707!2d2.9861359999999997!5e0!3m2!1sfr!2sfr!4v1694600407979!5m2!1sfr!2sfr\" width=\"800\" height=\"600\" style=\"border:0;\" allowfullscreen=\"\" loading=\"lazy\" referrerpolicy=\"no-referrer-when-downgrade\"><\/iframe>\n<\/div>\n<\/div>\n\n\r\n    <\/div>\r\n<\/section>\n\n<section id=\"ls-section-block_d1108b26be263a2777382ad70e0ef0f5\" class=\"ls-section  page-maillage has-p-t p-t-14 has-p-b p-b-14\" >\r\n        <div class=\"container container--wide\">\r\n        \n\n<div id=\"ls-heading ls-titre-div-block_ce1ba5696a1e716725dd84dc746a0168\" class=\"ls-titre-div aligncenter h2-like has-m-b m-b-8\" >\n    Entdecken Sie die Stadt Rodez, aber auch die D\u00f6rfer Peyre und Conques!<\/div>\n\n\n<div id=\"ls-maillage-block_c2464f6211f92e52fdc949c28977d0c0\" class=\"ls-maillage slow animated fadeInUp delay-100ms cta-style-normal\" data-rows=\"3\">\r\n    <div class=\"wp-block-columns\"><div class=\"wp-block-column\">\n\n<a href=\"https:\/\/www.camping-les-genets.fr\/de\/tourisme-conques\/\" target=\"\" rel=\"noopener\" class=\"ls-cta__link\">\n\n\t<div class=\"ls-cta__image\"><img decoding=\"async\" src=\"https:\/\/www.camping-les-genets.fr\/wp-content\/uploads\/2023\/09\/Beau-paysage-dans-lAveyron-768x512.webp\" alt=\"Sch\u00f6ne Landschaft im Aveyron\"><\/div>\n\t<div class=\"ls-cta__title\">\n\t\tConques\t<\/div>\n\n\t\t\n<\/a><\/div><div class=\"wp-block-column\">\n\n<a href=\"https:\/\/www.camping-les-genets.fr\/de\/peyre\/\" target=\"\" rel=\"noopener\" class=\"ls-cta__link\">\n\n\t<div class=\"ls-cta__image\"><img decoding=\"async\" src=\"https:\/\/www.camping-les-genets.fr\/wp-content\/uploads\/2023\/09\/Vacances-a-Peyre-768x510.webp\" alt=\"Urlaub in Peyre\"><\/div>\n\t<div class=\"ls-cta__title\">\n\t\tPeyre\t<\/div>\n\n\t\t\n<\/a><\/div><div class=\"wp-block-column\">\n\n<a href=\"https:\/\/www.camping-les-genets.fr\/de\/tourisme-rodez\/\" target=\"\" rel=\"noopener\" class=\"ls-cta__link\">\n\n\t<div class=\"ls-cta__image\"><img decoding=\"async\" src=\"https:\/\/www.camping-les-genets.fr\/wp-content\/uploads\/2023\/09\/Sunset-a-Rodez-proche-du-camping-les-genets-copie-768x953.webp\" alt=\"Sunset in Rodez in der N\u00e4he des Campingplatzes les genets\"><\/div>\n\t<div class=\"ls-cta__title\">\n\t\tRodez\t<\/div>\n\n\t\t\n<\/a><\/div><\/div><\/div>\n\r\n    <\/div>\r\n<\/section>","protected":false},"excerpt":{"rendered":"","protected":false},"author":1,"featured_media":1674,"parent":0,"menu_order":0,"comment_status":"closed","ping_status":"closed","template":"","meta":{"_acf_changed":false,"inline_featured_image":false,"footnotes":""},"sujet":[],"class_list":["post-5183","page","type-page","status-publish","has-post-thumbnail","hentry"],"acf":[],"yoast_head":"<!-- This site is optimized with the Yoast SEO plugin v27.3 - https:\/\/yoast.com\/product\/yoast-seo-wordpress\/ -->\n<title>Aubrac-K\u00fche: Entdecken Sie das f\u00fcr seine K\u00fche bekannte Aubrac in Aveyron<\/title>\n<meta name=\"description\" content=\"Suchen Sie einen Campingplatz in Aubrac? Der Campingplatz Les Gen\u00eats **** hei\u00dft Sie im D\u00e9partement Aveyron willkommen und stellt Ihnen die Aktivit\u00e4ten vor, die Sie in Aubrac unternehmen k\u00f6nnen!\" \/>\n<meta name=\"robots\" content=\"index, follow, max-snippet:-1, max-image-preview:large, max-video-preview:-1\" \/>\n<link rel=\"canonical\" href=\"https:\/\/www.camping-les-genets.fr\/de\/tourisme-aubrac\/\" \/>\n<meta property=\"og:locale\" content=\"de_DE\" \/>\n<meta property=\"og:type\" content=\"article\" \/>\n<meta property=\"og:title\" content=\"Aubrac-K\u00fche: Entdecken Sie das f\u00fcr seine K\u00fche bekannte Aubrac in Aveyron\" \/>\n<meta property=\"og:description\" content=\"Suchen Sie einen Campingplatz in Aubrac? Der Campingplatz Les Gen\u00eats **** hei\u00dft Sie im D\u00e9partement Aveyron willkommen und stellt Ihnen die Aktivit\u00e4ten vor, die Sie in Aubrac unternehmen k\u00f6nnen!\" \/>\n<meta property=\"og:url\" content=\"https:\/\/www.camping-les-genets.fr\/de\/tourisme-aubrac\/\" \/>\n<meta property=\"og:site_name\" content=\"Camping les Genets\" \/>\n<meta property=\"article:modified_time\" content=\"2024-01-16T12:35:41+00:00\" \/>\n<meta property=\"og:image\" content=\"https:\/\/www.camping-les-genets.fr\/wp-content\/uploads\/2023\/09\/lieu-a-ne-pas-manquer-a-Aubrac-e1694428217272.webp\" \/>\n\t<meta property=\"og:image:width\" content=\"1920\" \/>\n\t<meta property=\"og:image:height\" content=\"1280\" \/>\n\t<meta property=\"og:image:type\" content=\"image\/webp\" \/>\n<meta name=\"twitter:card\" content=\"summary_large_image\" \/>\n<meta name=\"twitter:label1\" content=\"Gesch\u00e4tzte Lesezeit\" \/>\n\t<meta name=\"twitter:data1\" content=\"3\u00a0Minuten\" \/>\n<script type=\"application\/ld+json\" class=\"yoast-schema-graph\">{\"@context\":\"https:\\\/\\\/schema.org\",\"@graph\":[{\"@type\":\"WebPage\",\"@id\":\"https:\\\/\\\/www.camping-les-genets.fr\\\/de\\\/tourisme-aubrac\\\/\",\"url\":\"https:\\\/\\\/www.camping-les-genets.fr\\\/de\\\/tourisme-aubrac\\\/\",\"name\":\"Aubrac-K\u00fche: Entdecken Sie das f\u00fcr seine K\u00fche bekannte Aubrac in Aveyron\",\"isPartOf\":{\"@id\":\"https:\\\/\\\/www.camping-les-genets.fr\\\/de\\\/#website\"},\"primaryImageOfPage\":{\"@id\":\"https:\\\/\\\/www.camping-les-genets.fr\\\/de\\\/tourisme-aubrac\\\/#primaryimage\"},\"image\":{\"@id\":\"https:\\\/\\\/www.camping-les-genets.fr\\\/de\\\/tourisme-aubrac\\\/#primaryimage\"},\"thumbnailUrl\":\"https:\\\/\\\/www.camping-les-genets.fr\\\/wp-content\\\/uploads\\\/2023\\\/09\\\/lieu-a-ne-pas-manquer-a-Aubrac-e1694428217272.webp\",\"datePublished\":\"2023-09-11T07:29:49+00:00\",\"dateModified\":\"2024-01-16T12:35:41+00:00\",\"description\":\"Suchen Sie einen Campingplatz in Aubrac? Der Campingplatz Les Gen\u00eats **** hei\u00dft Sie im D\u00e9partement Aveyron willkommen und stellt Ihnen die Aktivit\u00e4ten vor, die Sie in Aubrac unternehmen k\u00f6nnen!\",\"breadcrumb\":{\"@id\":\"https:\\\/\\\/www.camping-les-genets.fr\\\/de\\\/tourisme-aubrac\\\/#breadcrumb\"},\"inLanguage\":\"de\",\"potentialAction\":[{\"@type\":\"ReadAction\",\"target\":[\"https:\\\/\\\/www.camping-les-genets.fr\\\/de\\\/tourisme-aubrac\\\/\"]}]},{\"@type\":\"ImageObject\",\"inLanguage\":\"de\",\"@id\":\"https:\\\/\\\/www.camping-les-genets.fr\\\/de\\\/tourisme-aubrac\\\/#primaryimage\",\"url\":\"https:\\\/\\\/www.camping-les-genets.fr\\\/wp-content\\\/uploads\\\/2023\\\/09\\\/lieu-a-ne-pas-manquer-a-Aubrac-e1694428217272.webp\",\"contentUrl\":\"https:\\\/\\\/www.camping-les-genets.fr\\\/wp-content\\\/uploads\\\/2023\\\/09\\\/lieu-a-ne-pas-manquer-a-Aubrac-e1694428217272.webp\",\"width\":1920,\"height\":1280,\"caption\":\"Ort in Aubrac, den Sie nicht verpassen sollten\"},{\"@type\":\"BreadcrumbList\",\"@id\":\"https:\\\/\\\/www.camping-les-genets.fr\\\/de\\\/tourisme-aubrac\\\/#breadcrumb\",\"itemListElement\":[{\"@type\":\"ListItem\",\"position\":1,\"name\":\"Camping Aveyron\",\"item\":\"https:\\\/\\\/www.camping-les-genets.fr\\\/de\\\/\"},{\"@type\":\"ListItem\",\"position\":2,\"name\":\"Aubrac-K\u00fche\"}]},{\"@type\":\"WebSite\",\"@id\":\"https:\\\/\\\/www.camping-les-genets.fr\\\/de\\\/#website\",\"url\":\"https:\\\/\\\/www.camping-les-genets.fr\\\/de\\\/\",\"name\":\"Camping les Genets\",\"description\":\"\",\"publisher\":{\"@id\":\"https:\\\/\\\/www.camping-les-genets.fr\\\/de\\\/#organization\"},\"potentialAction\":[{\"@type\":\"SearchAction\",\"target\":{\"@type\":\"EntryPoint\",\"urlTemplate\":\"https:\\\/\\\/www.camping-les-genets.fr\\\/de\\\/?s={search_term_string}\"},\"query-input\":{\"@type\":\"PropertyValueSpecification\",\"valueRequired\":true,\"valueName\":\"search_term_string\"}}],\"inLanguage\":\"de\"},{\"@type\":\"Organization\",\"@id\":\"https:\\\/\\\/www.camping-les-genets.fr\\\/de\\\/#organization\",\"name\":\"Camping les Genets\",\"url\":\"https:\\\/\\\/www.camping-les-genets.fr\\\/de\\\/\",\"logo\":{\"@type\":\"ImageObject\",\"inLanguage\":\"de\",\"@id\":\"https:\\\/\\\/www.camping-les-genets.fr\\\/de\\\/#\\\/schema\\\/logo\\\/image\\\/\",\"url\":\"https:\\\/\\\/www.camping-les-genets.fr\\\/wp-content\\\/uploads\\\/2023\\\/07\\\/cropped-logo-camping-genets-footer.png\",\"contentUrl\":\"https:\\\/\\\/www.camping-les-genets.fr\\\/wp-content\\\/uploads\\\/2023\\\/07\\\/cropped-logo-camping-genets-footer.png\",\"width\":500,\"height\":295,\"caption\":\"Camping les Genets\"},\"image\":{\"@id\":\"https:\\\/\\\/www.camping-les-genets.fr\\\/de\\\/#\\\/schema\\\/logo\\\/image\\\/\"}}]}<\/script>\n<!-- \/ Yoast SEO plugin. -->","yoast_head_json":{"title":"Aubrac-K\u00fche: Entdecken Sie das f\u00fcr seine K\u00fche bekannte Aubrac in Aveyron","description":"Suchen Sie einen Campingplatz in Aubrac? Der Campingplatz Les Gen\u00eats **** hei\u00dft Sie im D\u00e9partement Aveyron willkommen und stellt Ihnen die Aktivit\u00e4ten vor, die Sie in Aubrac unternehmen k\u00f6nnen!","robots":{"index":"index","follow":"follow","max-snippet":"max-snippet:-1","max-image-preview":"max-image-preview:large","max-video-preview":"max-video-preview:-1"},"canonical":"https:\/\/www.camping-les-genets.fr\/de\/tourisme-aubrac\/","og_locale":"de_DE","og_type":"article","og_title":"Aubrac-K\u00fche: Entdecken Sie das f\u00fcr seine K\u00fche bekannte Aubrac in Aveyron","og_description":"Suchen Sie einen Campingplatz in Aubrac? Der Campingplatz Les Gen\u00eats **** hei\u00dft Sie im D\u00e9partement Aveyron willkommen und stellt Ihnen die Aktivit\u00e4ten vor, die Sie in Aubrac unternehmen k\u00f6nnen!","og_url":"https:\/\/www.camping-les-genets.fr\/de\/tourisme-aubrac\/","og_site_name":"Camping les Genets","article_modified_time":"2024-01-16T12:35:41+00:00","og_image":[{"width":1920,"height":1280,"url":"https:\/\/www.camping-les-genets.fr\/wp-content\/uploads\/2023\/09\/lieu-a-ne-pas-manquer-a-Aubrac-e1694428217272.webp","type":"image\/webp"}],"twitter_card":"summary_large_image","twitter_misc":{"Gesch\u00e4tzte Lesezeit":"3\u00a0Minuten"},"schema":{"@context":"https:\/\/schema.org","@graph":[{"@type":"WebPage","@id":"https:\/\/www.camping-les-genets.fr\/de\/tourisme-aubrac\/","url":"https:\/\/www.camping-les-genets.fr\/de\/tourisme-aubrac\/","name":"Aubrac-K\u00fche: Entdecken Sie das f\u00fcr seine K\u00fche bekannte Aubrac in Aveyron","isPartOf":{"@id":"https:\/\/www.camping-les-genets.fr\/de\/#website"},"primaryImageOfPage":{"@id":"https:\/\/www.camping-les-genets.fr\/de\/tourisme-aubrac\/#primaryimage"},"image":{"@id":"https:\/\/www.camping-les-genets.fr\/de\/tourisme-aubrac\/#primaryimage"},"thumbnailUrl":"https:\/\/www.camping-les-genets.fr\/wp-content\/uploads\/2023\/09\/lieu-a-ne-pas-manquer-a-Aubrac-e1694428217272.webp","datePublished":"2023-09-11T07:29:49+00:00","dateModified":"2024-01-16T12:35:41+00:00","description":"Suchen Sie einen Campingplatz in Aubrac? Der Campingplatz Les Gen\u00eats **** hei\u00dft Sie im D\u00e9partement Aveyron willkommen und stellt Ihnen die Aktivit\u00e4ten vor, die Sie in Aubrac unternehmen k\u00f6nnen!","breadcrumb":{"@id":"https:\/\/www.camping-les-genets.fr\/de\/tourisme-aubrac\/#breadcrumb"},"inLanguage":"de","potentialAction":[{"@type":"ReadAction","target":["https:\/\/www.camping-les-genets.fr\/de\/tourisme-aubrac\/"]}]},{"@type":"ImageObject","inLanguage":"de","@id":"https:\/\/www.camping-les-genets.fr\/de\/tourisme-aubrac\/#primaryimage","url":"https:\/\/www.camping-les-genets.fr\/wp-content\/uploads\/2023\/09\/lieu-a-ne-pas-manquer-a-Aubrac-e1694428217272.webp","contentUrl":"https:\/\/www.camping-les-genets.fr\/wp-content\/uploads\/2023\/09\/lieu-a-ne-pas-manquer-a-Aubrac-e1694428217272.webp","width":1920,"height":1280,"caption":"Ort in Aubrac, den Sie nicht verpassen sollten"},{"@type":"BreadcrumbList","@id":"https:\/\/www.camping-les-genets.fr\/de\/tourisme-aubrac\/#breadcrumb","itemListElement":[{"@type":"ListItem","position":1,"name":"Camping Aveyron","item":"https:\/\/www.camping-les-genets.fr\/de\/"},{"@type":"ListItem","position":2,"name":"Aubrac-K\u00fche"}]},{"@type":"WebSite","@id":"https:\/\/www.camping-les-genets.fr\/de\/#website","url":"https:\/\/www.camping-les-genets.fr\/de\/","name":"Camping les Genets","description":"","publisher":{"@id":"https:\/\/www.camping-les-genets.fr\/de\/#organization"},"potentialAction":[{"@type":"SearchAction","target":{"@type":"EntryPoint","urlTemplate":"https:\/\/www.camping-les-genets.fr\/de\/?s={search_term_string}"},"query-input":{"@type":"PropertyValueSpecification","valueRequired":true,"valueName":"search_term_string"}}],"inLanguage":"de"},{"@type":"Organization","@id":"https:\/\/www.camping-les-genets.fr\/de\/#organization","name":"Camping les Genets","url":"https:\/\/www.camping-les-genets.fr\/de\/","logo":{"@type":"ImageObject","inLanguage":"de","@id":"https:\/\/www.camping-les-genets.fr\/de\/#\/schema\/logo\/image\/","url":"https:\/\/www.camping-les-genets.fr\/wp-content\/uploads\/2023\/07\/cropped-logo-camping-genets-footer.png","contentUrl":"https:\/\/www.camping-les-genets.fr\/wp-content\/uploads\/2023\/07\/cropped-logo-camping-genets-footer.png","width":500,"height":295,"caption":"Camping les Genets"},"image":{"@id":"https:\/\/www.camping-les-genets.fr\/de\/#\/schema\/logo\/image\/"}}]}},"_links":{"self":[{"href":"https:\/\/www.camping-les-genets.fr\/de\/wp-json\/wp\/v2\/pages\/5183","targetHints":{"allow":["GET"]}}],"collection":[{"href":"https:\/\/www.camping-les-genets.fr\/de\/wp-json\/wp\/v2\/pages"}],"about":[{"href":"https:\/\/www.camping-les-genets.fr\/de\/wp-json\/wp\/v2\/types\/page"}],"author":[{"embeddable":true,"href":"https:\/\/www.camping-les-genets.fr\/de\/wp-json\/wp\/v2\/users\/1"}],"replies":[{"embeddable":true,"href":"https:\/\/www.camping-les-genets.fr\/de\/wp-json\/wp\/v2\/comments?post=5183"}],"version-history":[{"count":4,"href":"https:\/\/www.camping-les-genets.fr\/de\/wp-json\/wp\/v2\/pages\/5183\/revisions"}],"predecessor-version":[{"id":6006,"href":"https:\/\/www.camping-les-genets.fr\/de\/wp-json\/wp\/v2\/pages\/5183\/revisions\/6006"}],"wp:featuredmedia":[{"embeddable":true,"href":"https:\/\/www.camping-les-genets.fr\/de\/wp-json\/wp\/v2\/media\/1674"}],"wp:attachment":[{"href":"https:\/\/www.camping-les-genets.fr\/de\/wp-json\/wp\/v2\/media?parent=5183"}],"wp:term":[{"taxonomy":"sujet","embeddable":true,"href":"https:\/\/www.camping-les-genets.fr\/de\/wp-json\/wp\/v2\/sujet?post=5183"}],"curies":[{"name":"wp","href":"https:\/\/api.w.org\/{rel}","templated":true}]}}