{"id":5177,"date":"2023-07-27T13:20:35","date_gmt":"2023-07-27T11:20:35","guid":{"rendered":"https:\/\/www.camping-les-genets.fr\/tourismus\/"},"modified":"2024-01-11T12:31:20","modified_gmt":"2024-01-11T11:31:20","slug":"tourismus","status":"publish","type":"page","link":"https:\/\/www.camping-les-genets.fr\/de\/tourismus\/","title":{"rendered":"Tourismus"},"content":{"rendered":"<section id=\"ls-section-block_ab8faba6d8b2f0cea211c90dc7785eab\" class=\"ls-section  page-chapeau has-p-b p-b-0\" >\r\n        <div class=\"container \">\r\n        \n\n<h1 class=\"ls__heading wp-block-heading has-text-align-center animated fadeInLeft delay-100ms slow\"><strong>Tourismus<\/strong> in Aveyron<\/h1>\n\n\r\n    <\/div>\r\n<\/section>\n\n<section id=\"ls-section-block_135d758c4dc97d1ed8afb42e48d9c30e\" class=\"ls-section  page-one has-p-b p-b-14\" >\r\n        <div class=\"container container--full\">\r\n        \n\n<div class=\"wp-block-columns is-layout-flex wp-container-core-columns-is-layout-9d6595d7 wp-block-columns-is-layout-flex\">\n<div class=\"wp-block-column first is-layout-flow wp-block-column-is-layout-flow\" style=\"flex-basis:66.66%\">\n<figure class=\"wp-block-image size-full\"><img decoding=\"async\" width=\"2560\" height=\"1707\" src=\"https:\/\/www.camping-les-genets.fr\/wp-content\/uploads\/2023\/09\/Beau-paysage-a-visiter-dans-lAveyron.webp\" alt=\"Sch\u00f6ne Landschaft zu besuchen in Aveyron\" class=\"wp-image-1587\" srcset=\"https:\/\/www.camping-les-genets.fr\/wp-content\/uploads\/2023\/09\/Beau-paysage-a-visiter-dans-lAveyron.webp 2560w, https:\/\/www.camping-les-genets.fr\/wp-content\/uploads\/2023\/09\/Beau-paysage-a-visiter-dans-lAveyron-300x200.webp 300w, https:\/\/www.camping-les-genets.fr\/wp-content\/uploads\/2023\/09\/Beau-paysage-a-visiter-dans-lAveyron-1024x683.webp 1024w, https:\/\/www.camping-les-genets.fr\/wp-content\/uploads\/2023\/09\/Beau-paysage-a-visiter-dans-lAveyron-768x512.webp 768w, https:\/\/www.camping-les-genets.fr\/wp-content\/uploads\/2023\/09\/Beau-paysage-a-visiter-dans-lAveyron-1536x1024.webp 1536w, https:\/\/www.camping-les-genets.fr\/wp-content\/uploads\/2023\/09\/Beau-paysage-a-visiter-dans-lAveyron-2048x1366.webp 2048w\" sizes=\"(max-width: 2560px) 100vw, 2560px\" \/><\/figure>\n<\/div>\n\n\n\n<div class=\"wp-block-column is-vertically-aligned-center second has-color-white-background-color has-background is-layout-flow wp-block-column-is-layout-flow\" style=\"flex-basis:33.33%\">\n<p class=\"ls-paragraph\">Zwischen den Schluchten des Tarn, den Hochebenen von Larzac und <a href=\"https:\/\/www.camping-les-genets.fr\/de\/camping-aubrac\/\">Aubrac<\/a>, dem Tal des Lot und den Seen von Lev\u00e9zou ist das Aveyron ein Land der Kontraste mit erhabenen und unber\u00fchrten Landschaften. Sie k\u00f6nnen die <strong>idyllische Umgebung<\/strong> w\u00e4hrend Ihres Aufenthalts auf unserem <a href=\"https:\/\/www.camping-les-genets.fr\/de\/\">Campingplatz im Aveyron in<\/a> vollen Z\u00fcgen genie\u00dfen!<\/p>\n<\/div>\n<\/div>\n\n\r\n    <\/div>\r\n<\/section>\n\n<section id=\"ls-section-block_53dcacbdf4fefa1be2d3c8fcc65201a2\" class=\"ls-section  page-two background-blu-right has-p-t p-t-14\" >\r\n        <div class=\"container container--wide\">\r\n        \n\n<div class=\"wp-block-columns is-layout-flex wp-container-core-columns-is-layout-9d6595d7 wp-block-columns-is-layout-flex\">\n<div class=\"wp-block-column is-vertically-aligned-top first is-layout-flow wp-block-column-is-layout-flow\" style=\"flex-basis:33.33%\">\n<h2 class=\"ls__heading wp-block-heading\"><strong>Was tun<\/strong> in Aveyron<\/h2>\n\n\n\n<p class=\"ls-paragraph\">Das Aveyron ist ein Traumziel f\u00fcr alle, die<strong>Aktivit\u00e4ten<\/strong> im Freien lieben.<\/p>\n\n\n\n<p class=\"ls-paragraph\">Seine Fl\u00fcsse werden <strong>Kanu-<\/strong> und <strong>Kajakfahrer<\/strong> begeistern, vor allem dank der bekannten Spots in den Gorges de l&#8217;Aveyron und den Gorges du Tarn. Auch <strong>Angler<\/strong> kommen auf ihre Kosten, werden aber wahrscheinlich am <a href=\"https:\/\/www.camping-les-genets.fr\/de\/pareloup-see\/\">Lac de Pareloup<\/a> und am Lac de L\u00e9v\u00e9zou ihr Gl\u00fcck finden.<\/p>\n\n\n\n<p class=\"ls-paragraph addReadMore showlesscontent\">F\u00fcr Wanderer gibt es zahlreiche <strong>Wanderungen<\/strong> und <strong>Klettersteige<\/strong>, ganz zu schweigen von den Mountainbike-Routen, die ebenfalls sehr angenehme Fahrten erm\u00f6glichen.<br>Und schlie\u00dflich, f\u00fcr einen noch spektakul\u00e4reren Ausblick, versuchen Sie sich im Paragliding oder Drachenfliegen und heben Sie von den Causses ab! Nat\u00fcrlich warten im Aveyron noch viele weitere M\u00f6glichkeiten f\u00fcr<strong>sportliche Aktivit\u00e4ten<\/strong> auf Sie, kommen Sie und entdecken Sie sie!<br>Besuchen Sie das Aveyron mit Ihrer Familie? In diesem Fall sollten Sie sich neben den sportlichen Aktivit\u00e4ten auch von einer Fahrt mit dem gemeinsam genutzten Velorail, einem Besuch von Micropolis, einer Bootsfahrt oder einer ungew\u00f6hnlichen Bootsfahrt unter dem Viadukt von <a href=\"https:\/\/www.camping-les-genets.fr\/de\/camping-millau\/\">Millau<\/a> verf\u00fchren lassen. Wenn Sie die Region, die Gastronomie und das lokale Know-how kennenlernen m\u00f6chten, entscheiden Sie sich f\u00fcr eine Besichtigung des <a href=\"https:\/\/www.camping-les-genets.fr\/de\/camping-roquefort\/\">Roquefort-Kellers<\/a> oder eine Weinprobe!<\/p>\n<\/div>\n\n\n\n<div class=\"wp-block-column second is-layout-flow wp-block-column-is-layout-flow\" style=\"flex-basis:66.66%\">\n<figure class=\"wp-block-image size-full image\"><img decoding=\"async\" width=\"2560\" height=\"1707\" src=\"https:\/\/www.camping-les-genets.fr\/wp-content\/uploads\/2023\/09\/Paddle-dans-les-gorges-du-tarn.webp\" alt=\"Paddeln in den Schluchten des Tarns\" class=\"wp-image-1592\" srcset=\"https:\/\/www.camping-les-genets.fr\/wp-content\/uploads\/2023\/09\/Paddle-dans-les-gorges-du-tarn.webp 2560w, https:\/\/www.camping-les-genets.fr\/wp-content\/uploads\/2023\/09\/Paddle-dans-les-gorges-du-tarn-300x200.webp 300w, https:\/\/www.camping-les-genets.fr\/wp-content\/uploads\/2023\/09\/Paddle-dans-les-gorges-du-tarn-1024x683.webp 1024w, https:\/\/www.camping-les-genets.fr\/wp-content\/uploads\/2023\/09\/Paddle-dans-les-gorges-du-tarn-768x512.webp 768w, https:\/\/www.camping-les-genets.fr\/wp-content\/uploads\/2023\/09\/Paddle-dans-les-gorges-du-tarn-1536x1024.webp 1536w, https:\/\/www.camping-les-genets.fr\/wp-content\/uploads\/2023\/09\/Paddle-dans-les-gorges-du-tarn-2048x1366.webp 2048w\" sizes=\"(max-width: 2560px) 100vw, 2560px\" \/><\/figure>\n<\/div>\n<\/div>\n\n\r\n    <\/div>\r\n<\/section>\n\n<section id=\"ls-section-block_09b6659d37f1467710cea350aed4b729\" class=\"ls-section  home-piscine has-background-image has-p-t p-t-20 has-p-b p-b-20\" >\r\n    <div class=\"ls-section__background-image opacity-100\"><img decoding=\"async\" src=\"https:\/\/www.camping-les-genets.fr\/wp-content\/uploads\/2023\/09\/Village-a-visiter-dans-laveyron.webp\" alt=\"Sehenswertes Dorf im aveyron\"><\/div>    <div class=\"container container--full\">\r\n        \n\n<div class=\"wp-block-columns is-layout-flex wp-container-core-columns-is-layout-9d6595d7 wp-block-columns-is-layout-flex\">\n<div class=\"wp-block-column is-vertically-aligned-center first is-layout-flow wp-block-column-is-layout-flow\" style=\"flex-basis:60%\"><\/div>\n\n\n\n<div class=\"wp-block-column second has-color-white-background-color has-background is-layout-flow wp-block-column-is-layout-flow\" style=\"flex-basis:40%\">\n<h2 class=\"ls__heading wp-block-heading\">Sehenswerte <strong>D\u00f6rfer<\/strong> und <strong>Orte<\/strong> im Aveyron<\/h2>\n\n\n\n<p class=\"ls-paragraph\">Das<a href=\"https:\/\/www.tourisme-aveyron.com\/fr\" target=\"_blank\" rel=\"noreferrer noopener\">Aveyron<\/a> ist die Region mit den meisten<strong> &#8222;Plus beaux villages de France&#8220; (Sch\u00f6nste D\u00f6rfer Frankreichs<\/strong>).<\/p>\n\n\n\n<p class=\"ls-paragraph\">Castelnau-P\u00e9gayrols, Peyre, <a href=\"https:\/\/www.camping-les-genets.fr\/de\/camping-conques\/\">Conques<\/a>&#8230; es gibt unz\u00e4hlige Besichtigungen und Ausfl\u00fcge in die mittelalterlichen D\u00f6rfer und H\u00f6hlenst\u00e4dte zu unternehmen. Um diese 10 D\u00f6rfer zu erkunden, brauchen Sie mindestens zwei Tage (besser drei).  <\/p>\n\n\n\n<p class=\"ls-paragraph addReadMore showlesscontent\">Sie k\u00f6nnen zum Beispiel einen Tag den D\u00f6rfern im S\u00fcden des Aveyron widmen: <a href=\"https:\/\/www.camping-les-genets.fr\/de\/peyre\/\">der H\u00f6hlenstadt Peyre<\/a> (Compr\u00e9gnac), La Couvertoirade mit seiner befestigten Stadtmauer und seinen Wacht\u00fcrmen, Brousse-le-Ch\u00e2teau mit einem wundersch\u00f6nen Schloss, einer gotischen Br\u00fccke und mehreren bemerkenswerten Kirchen (Saint-Cirice, Saint-Jacques-le-Majeur).<br>Die <strong>anderen sieben Gemeinden<\/strong> des Aveyron, die zum Netzwerk <strong>&#8222;Plus Beaux Villages de France&#8220; <\/strong>geh\u00f6ren, befinden sich n\u00f6rdlich des Campingclubs Les Gen\u00eats. Sie gruppieren sich um <a href=\"https:\/\/www.camping-les-genets.fr\/de\/tourisme-rodez\/\">Rodez<\/a> mit seiner fabelhaften mittelalterlichen Stadt, Estaing mit dem herrlichen Blick von der Steinbr\u00fccke auf das Schloss und die Kirche Saint-Fleuret und Conques.<br>Sie k\u00f6nnen Ihre <strong>Kunst- und Geschichtstour<\/strong> vervollst\u00e4ndigen, indem Sie die drei D\u00f6rfer in der N\u00e4he von Villefranche besuchen: Belcastel und den ber\u00fchmten Lourdou Sauveterre-de-Rouergue und Najac mit seiner Festung und anderen denkmalgesch\u00fctzten historischen Geb\u00e4uden.<\/p>\n<\/div>\n<\/div>\n\n\r\n    <\/div>\r\n<\/section>\n\n<section id=\"ls-section-block_e707bd718d9533f5fb62dd4767cc64cf\" class=\"ls-section  page-maillage has-p-t p-t-14 has-p-b p-b-14\" >\r\n        <div class=\"container container--wide\">\r\n        \n\n<div id=\"ls-heading ls-titre-div-block_3209d395f44305bfe413646a8974b258\" class=\"ls-titre-div aligncenter h2-like has-m-b m-b-8\" >\n    DIE REISEZIELE IN DER N\u00c4HE<\/div>\n\n\n<div id=\"ls-maillage-block_02fb843330ebb78f055bb2e0b0271f8b\" class=\"ls-maillage slow animated fadeInUp delay-100ms cta-style-normal\" data-rows=\"3\">\r\n    <div class=\"wp-block-columns\"><div class=\"wp-block-column\">\n\n<a href=\"https:\/\/www.camping-les-genets.fr\/de\/brousse-le-chateau\/\" target=\"\" rel=\"noopener\" class=\"ls-cta__link\">\n\n\t<div class=\"ls-cta__image\"><img decoding=\"async\" src=\"https:\/\/www.camping-les-genets.fr\/wp-content\/uploads\/2023\/09\/Chateau-en-Aveyron-768x511.webp\" alt=\"Schloss in Aveyron\"><\/div>\n\t<div class=\"ls-cta__title\">\n\t\tBrousse le Ch\u00e2teau\t<\/div>\n\n\t\t\n<\/a><\/div><div class=\"wp-block-column\">\n\n<a href=\"https:\/\/www.camping-les-genets.fr\/de\/canoe-aveyron\/\" target=\"\" rel=\"noopener\" class=\"ls-cta__link\">\n\n\t<div class=\"ls-cta__image\"><img decoding=\"async\" src=\"https:\/\/www.camping-les-genets.fr\/wp-content\/uploads\/2024\/02\/Canoe-Aveyron-scaled-1-768x512.webp\" alt=\"\"><\/div>\n\t<div class=\"ls-cta__title\">\n\t\tKanu in Aveyron\t<\/div>\n\n\t\t\n<\/a><\/div><div class=\"wp-block-column\">\n\n<a href=\"https:\/\/www.camping-les-genets.fr\/de\/castelnau-pegayrols\/\" target=\"\" rel=\"noopener\" class=\"ls-cta__link\">\n\n\t<div class=\"ls-cta__image\"><img decoding=\"async\" src=\"https:\/\/www.camping-les-genets.fr\/wp-content\/uploads\/2023\/09\/Jolie-village-Castelnau-Pegayrols-768x1024.webp\" alt=\"H\u00fcbsches Dorf Castelnau-P\u00e9gayrols\"><\/div>\n\t<div class=\"ls-cta__title\">\n\t\tCastelnau-P\u00e9gayrols\t<\/div>\n\n\t\t\n<\/a><\/div><\/div><div class=\"wp-block-columns\"><div class=\"wp-block-column\">\n\n<a href=\"https:\/\/www.camping-les-genets.fr\/de\/tourisme-roquefort\/\" target=\"\" rel=\"noopener\" class=\"ls-cta__link\">\n\n\t<div class=\"ls-cta__image\"><img decoding=\"async\" src=\"https:\/\/www.camping-les-genets.fr\/wp-content\/uploads\/2023\/09\/Fromage-roquefort-768x960.webp\" alt=\"Roquefort-K\u00e4se\"><\/div>\n\t<div class=\"ls-cta__title\">\n\t\tWeinkeller von Roquefort\t<\/div>\n\n\t\t\n<\/a><\/div><div class=\"wp-block-column\">\n\n<a href=\"https:\/\/www.camping-les-genets.fr\/de\/tourisme-conques\/\" target=\"\" rel=\"noopener\" class=\"ls-cta__link\">\n\n\t<div class=\"ls-cta__image\"><img decoding=\"async\" src=\"https:\/\/www.camping-les-genets.fr\/wp-content\/uploads\/2023\/09\/Beau-paysage-dans-lAveyron-768x512.webp\" alt=\"Sch\u00f6ne Landschaft im Aveyron\"><\/div>\n\t<div class=\"ls-cta__title\">\n\t\tConques\t<\/div>\n\n\t\t\n<\/a><\/div><div class=\"wp-block-column\">\n\n<a href=\"https:\/\/www.camping-les-genets.fr\/de\/la-couvertoirade\/\" target=\"\" rel=\"noopener\" class=\"ls-cta__link\">\n\n\t<div class=\"ls-cta__image\"><img decoding=\"async\" src=\"https:\/\/www.camping-les-genets.fr\/wp-content\/uploads\/2024\/02\/Village-francais-768x960.webp\" alt=\"Dorf la couvertoirade\"><\/div>\n\t<div class=\"ls-cta__title\">\n\t\tDas Gedeckoirade\t<\/div>\n\n\t\t\n<\/a><\/div><\/div><div class=\"wp-block-columns\"><div class=\"wp-block-column\">\n\n<a href=\"https:\/\/www.camping-les-genets.fr\/de\/wandern-im-aveyron\/\" target=\"\" rel=\"noopener\" class=\"ls-cta__link\">\n\n\t<div class=\"ls-cta__image\"><img decoding=\"async\" src=\"https:\/\/www.camping-les-genets.fr\/wp-content\/uploads\/2023\/09\/Randonnee-pedestre-dans-lAveyron-768x1152.webp\" alt=\"Wandern im Aveyron\"><\/div>\n\t<div class=\"ls-cta__title\">\n\t\tWandern im Aveyron\t<\/div>\n\n\t\t\n<\/a><\/div><div class=\"wp-block-column\">\n\n<a href=\"https:\/\/www.camping-les-genets.fr\/de\/der-turm-von-peyrebrune\/\" target=\"\" rel=\"noopener\" class=\"ls-cta__link\">\n\n\t<div class=\"ls-cta__image\"><img decoding=\"async\" src=\"https:\/\/www.camping-les-genets.fr\/wp-content\/uploads\/2023\/09\/Paysage-en-Aveyron-768x1152.webp\" alt=\"Landschaft in Aveyron\"><\/div>\n\t<div class=\"ls-cta__title\">\n\t\tDer Turm von Peyrebrune\t<\/div>\n\n\t\t\n<\/a><\/div><div class=\"wp-block-column\">\n\n<a href=\"https:\/\/www.camping-les-genets.fr\/de\/pareloup-see\/\" target=\"\" rel=\"noopener\" class=\"ls-cta__link\">\n\n\t<div class=\"ls-cta__image\"><img decoding=\"async\" src=\"https:\/\/www.camping-les-genets.fr\/wp-content\/uploads\/2023\/09\/Lac-de-Pareloup-proche-du-camping-les-genets-768x1011.webp\" alt=\"Aubrac-See in der N\u00e4he des Campingplatzes les gen\u00eats\"><\/div>\n\t<div class=\"ls-cta__title\">\n\t\tPareloup-See\t<\/div>\n\n\t\t\n<\/a><\/div><\/div><div class=\"wp-block-columns\"><div class=\"wp-block-column\">\n\n<a href=\"https:\/\/www.camping-les-genets.fr\/de\/micropolis\/\" target=\"\" rel=\"noopener\" class=\"ls-cta__link\">\n\n\t<div class=\"ls-cta__image\"><img decoding=\"async\" src=\"https:\/\/www.camping-les-genets.fr\/wp-content\/uploads\/2023\/09\/Balade-dans-la-cite-des-insectes-Micropolis-768x1152.webp\" alt=\"Spaziergang durch die Insektenstadt Micropolis\"><\/div>\n\t<div class=\"ls-cta__title\">\n\t\tMicropolis\t<\/div>\n\n\t\t\n<\/a><\/div><div class=\"wp-block-column\">\n\n<a href=\"https:\/\/www.camping-les-genets.fr\/de\/soulages-museum\/\" target=\"\" rel=\"noopener\" class=\"ls-cta__link\">\n\n\t<div class=\"ls-cta__image\"><img decoding=\"async\" src=\"https:\/\/www.camping-les-genets.fr\/wp-content\/uploads\/2023\/09\/Musee-dart-contemporain-en-Aveyron-768x1150.webp\" alt=\"Museum f\u00fcr zeitgen\u00f6ssische Kunst im Aveyron\"><\/div>\n\t<div class=\"ls-cta__title\">\n\t\tSoulages-Museum\t<\/div>\n\n\t\t\n<\/a><\/div><div class=\"wp-block-column\">\n\n<a href=\"https:\/\/www.camping-les-genets.fr\/de\/fischen-in-aveyron\/\" target=\"\" rel=\"noopener\" class=\"ls-cta__link\">\n\n\t<div class=\"ls-cta__image\"><img decoding=\"async\" src=\"https:\/\/www.camping-les-genets.fr\/wp-content\/uploads\/2023\/09\/Activite-peche-au-camping-Les-Genets-768x535.webp\" alt=\"Angeln auf dem Campingplatz Les Genets\"><\/div>\n\t<div class=\"ls-cta__title\">\n\t\tAngeln in Aveyron\t<\/div>\n\n\t\t\n<\/a><\/div><\/div><div class=\"wp-block-columns\"><div class=\"wp-block-column\">\n\n<a href=\"https:\/\/www.camping-les-genets.fr\/de\/peyre\/\" target=\"\" rel=\"noopener\" class=\"ls-cta__link\">\n\n\t<div class=\"ls-cta__image\"><img decoding=\"async\" src=\"https:\/\/www.camping-les-genets.fr\/wp-content\/uploads\/2023\/09\/Vacances-a-Peyre-768x510.webp\" alt=\"Urlaub in Peyre\"><\/div>\n\t<div class=\"ls-cta__title\">\n\t\tPeyre\t<\/div>\n\n\t\t\n<\/a><\/div><div class=\"wp-block-column\">\n\n<a href=\"https:\/\/www.camping-les-genets.fr\/de\/tourisme-rodez\/\" target=\"\" rel=\"noopener\" class=\"ls-cta__link\">\n\n\t<div class=\"ls-cta__image\"><img decoding=\"async\" src=\"https:\/\/www.camping-les-genets.fr\/wp-content\/uploads\/2023\/09\/Sunset-a-Rodez-proche-du-camping-les-genets-copie-768x953.webp\" alt=\"Sunset in Rodez in der N\u00e4he des Campingplatzes les genets\"><\/div>\n\t<div class=\"ls-cta__title\">\n\t\tRodez\t<\/div>\n\n\t\t\n<\/a><\/div><div class=\"wp-block-column\">\n\n<a href=\"https:\/\/www.camping-les-genets.fr\/de\/tourisme-saint-come-d-olt\/\" target=\"\" rel=\"noopener\" class=\"ls-cta__link\">\n\n\t<div class=\"ls-cta__image\"><img decoding=\"async\" src=\"https:\/\/www.camping-les-genets.fr\/wp-content\/uploads\/2023\/09\/eglise-de-Saint-Come-dOlt-768x1152.webp\" alt=\"Kirche von Saint C\u00f4me d'Olt\"><\/div>\n\t<div class=\"ls-cta__title\">\n\t\tSaint-C\u00f4me-d&#8217;Olt\t<\/div>\n\n\t\t\n<\/a><\/div><\/div><div class=\"wp-block-columns\"><div class=\"wp-block-column\">\n\n<a href=\"https:\/\/www.camping-les-genets.fr\/de\/tourisme-aubrac\/\" target=\"\" rel=\"noopener\" class=\"ls-cta__link\">\n\n\t<div class=\"ls-cta__image\"><img decoding=\"async\" src=\"https:\/\/www.camping-les-genets.fr\/wp-content\/uploads\/2023\/09\/Vaches-a-Aubrac-768x1036.webp\" alt=\"K\u00fche in Aubrac\"><\/div>\n\t<div class=\"ls-cta__title\">\n\t\tAubrac-K\u00fche\t<\/div>\n\n\t\t\n<\/a><\/div><div class=\"wp-block-column\">\n\n<a href=\"https:\/\/www.camping-les-genets.fr\/de\/velorail\/\" target=\"\" rel=\"noopener\" class=\"ls-cta__link\">\n\n\t<div class=\"ls-cta__image\"><img decoding=\"async\" src=\"https:\/\/www.camping-les-genets.fr\/wp-content\/uploads\/2023\/09\/Activite-velo-en-Aveyron-768x1152.webp\" alt=\"Fahrradtouren in Aveyron\"><\/div>\n\t<div class=\"ls-cta__title\">\n\t\tVelorail\t<\/div>\n\n\t\t\n<\/a><\/div><div class=\"wp-block-column\">\n\n<a href=\"https:\/\/www.camping-les-genets.fr\/de\/millau-viadukt\/\" target=\"\" rel=\"noopener\" class=\"ls-cta__link\">\n\n\t<div class=\"ls-cta__image\"><img decoding=\"async\" src=\"https:\/\/www.camping-les-genets.fr\/wp-content\/uploads\/2023\/09\/Passage-sur-le-viaduc-de-millau-proche-du-camping-les-genets-768x918.webp\" alt=\"\u00dcberquerung des Viadukts von Millau in der N\u00e4he des Campingplatzes Les Gen\u00eats\"><\/div>\n\t<div class=\"ls-cta__title\">\n\t\tMillau-Viadukt\t<\/div>\n\n\t\t\n<\/a><\/div><\/div><\/div>\n\r\n    <\/div>\r\n<\/section>","protected":false},"excerpt":{"rendered":"","protected":false},"author":1,"featured_media":1600,"parent":0,"menu_order":0,"comment_status":"closed","ping_status":"closed","template":"","meta":{"_acf_changed":false,"inline_featured_image":false,"footnotes":""},"sujet":[],"class_list":["post-5177","page","type-page","status-publish","has-post-thumbnail","hentry"],"acf":[],"yoast_head":"<!-- This site is optimized with the Yoast SEO plugin v27.3 - https:\/\/yoast.com\/product\/yoast-seo-wordpress\/ -->\n<title>Aveyron Tourisme | Aktivit\u00e4ten, Besichtigungen und Sehensw\u00fcrdigkeiten im Aveyron<\/title>\n<meta name=\"description\" content=\"Entdecken Sie das Aveyron, seine sch\u00f6nsten St\u00e4dte, seine Sehensw\u00fcrdigkeiten und seine Kultur, indem Sie am Ufer des herrlichen Lac de Pareloup wohnen.\" \/>\n<meta name=\"robots\" content=\"index, follow, max-snippet:-1, max-image-preview:large, max-video-preview:-1\" \/>\n<link rel=\"canonical\" href=\"https:\/\/www.camping-les-genets.fr\/de\/tourismus\/\" \/>\n<meta property=\"og:locale\" content=\"de_DE\" \/>\n<meta property=\"og:type\" content=\"article\" \/>\n<meta property=\"og:title\" content=\"Aveyron Tourisme | Aktivit\u00e4ten, Besichtigungen und Sehensw\u00fcrdigkeiten im Aveyron\" \/>\n<meta property=\"og:description\" content=\"Entdecken Sie das Aveyron, seine sch\u00f6nsten St\u00e4dte, seine Sehensw\u00fcrdigkeiten und seine Kultur, indem Sie am Ufer des herrlichen Lac de Pareloup wohnen.\" \/>\n<meta property=\"og:url\" content=\"https:\/\/www.camping-les-genets.fr\/de\/tourismus\/\" \/>\n<meta property=\"og:site_name\" content=\"Camping les Genets\" \/>\n<meta property=\"article:modified_time\" content=\"2024-01-11T11:31:20+00:00\" \/>\n<meta property=\"og:image\" content=\"https:\/\/www.camping-les-genets.fr\/wp-content\/uploads\/2023\/09\/Village-dans-lAveyron-scaled.webp\" \/>\n\t<meta property=\"og:image:width\" content=\"2560\" \/>\n\t<meta property=\"og:image:height\" content=\"1241\" \/>\n\t<meta property=\"og:image:type\" content=\"image\/webp\" \/>\n<meta name=\"twitter:card\" content=\"summary_large_image\" \/>\n<meta name=\"twitter:label1\" content=\"Gesch\u00e4tzte Lesezeit\" \/>\n\t<meta name=\"twitter:data1\" content=\"3\u00a0Minuten\" \/>\n<script type=\"application\/ld+json\" class=\"yoast-schema-graph\">{\"@context\":\"https:\\\/\\\/schema.org\",\"@graph\":[{\"@type\":\"WebPage\",\"@id\":\"https:\\\/\\\/www.camping-les-genets.fr\\\/de\\\/tourismus\\\/\",\"url\":\"https:\\\/\\\/www.camping-les-genets.fr\\\/de\\\/tourismus\\\/\",\"name\":\"Aveyron Tourisme | Aktivit\u00e4ten, Besichtigungen und Sehensw\u00fcrdigkeiten im Aveyron\",\"isPartOf\":{\"@id\":\"https:\\\/\\\/www.camping-les-genets.fr\\\/de\\\/#website\"},\"primaryImageOfPage\":{\"@id\":\"https:\\\/\\\/www.camping-les-genets.fr\\\/de\\\/tourismus\\\/#primaryimage\"},\"image\":{\"@id\":\"https:\\\/\\\/www.camping-les-genets.fr\\\/de\\\/tourismus\\\/#primaryimage\"},\"thumbnailUrl\":\"https:\\\/\\\/www.camping-les-genets.fr\\\/wp-content\\\/uploads\\\/2023\\\/09\\\/Village-dans-lAveyron-scaled.webp\",\"datePublished\":\"2023-07-27T11:20:35+00:00\",\"dateModified\":\"2024-01-11T11:31:20+00:00\",\"description\":\"Entdecken Sie das Aveyron, seine sch\u00f6nsten St\u00e4dte, seine Sehensw\u00fcrdigkeiten und seine Kultur, indem Sie am Ufer des herrlichen Lac de Pareloup wohnen.\",\"breadcrumb\":{\"@id\":\"https:\\\/\\\/www.camping-les-genets.fr\\\/de\\\/tourismus\\\/#breadcrumb\"},\"inLanguage\":\"de\",\"potentialAction\":[{\"@type\":\"ReadAction\",\"target\":[\"https:\\\/\\\/www.camping-les-genets.fr\\\/de\\\/tourismus\\\/\"]}]},{\"@type\":\"ImageObject\",\"inLanguage\":\"de\",\"@id\":\"https:\\\/\\\/www.camping-les-genets.fr\\\/de\\\/tourismus\\\/#primaryimage\",\"url\":\"https:\\\/\\\/www.camping-les-genets.fr\\\/wp-content\\\/uploads\\\/2023\\\/09\\\/Village-dans-lAveyron-scaled.webp\",\"contentUrl\":\"https:\\\/\\\/www.camping-les-genets.fr\\\/wp-content\\\/uploads\\\/2023\\\/09\\\/Village-dans-lAveyron-scaled.webp\",\"width\":2560,\"height\":1241,\"caption\":\"Dorf im Aveyron\"},{\"@type\":\"BreadcrumbList\",\"@id\":\"https:\\\/\\\/www.camping-les-genets.fr\\\/de\\\/tourismus\\\/#breadcrumb\",\"itemListElement\":[{\"@type\":\"ListItem\",\"position\":1,\"name\":\"Camping Aveyron\",\"item\":\"https:\\\/\\\/www.camping-les-genets.fr\\\/de\\\/\"},{\"@type\":\"ListItem\",\"position\":2,\"name\":\"Tourismus\"}]},{\"@type\":\"WebSite\",\"@id\":\"https:\\\/\\\/www.camping-les-genets.fr\\\/de\\\/#website\",\"url\":\"https:\\\/\\\/www.camping-les-genets.fr\\\/de\\\/\",\"name\":\"Camping les Genets\",\"description\":\"\",\"publisher\":{\"@id\":\"https:\\\/\\\/www.camping-les-genets.fr\\\/de\\\/#organization\"},\"potentialAction\":[{\"@type\":\"SearchAction\",\"target\":{\"@type\":\"EntryPoint\",\"urlTemplate\":\"https:\\\/\\\/www.camping-les-genets.fr\\\/de\\\/?s={search_term_string}\"},\"query-input\":{\"@type\":\"PropertyValueSpecification\",\"valueRequired\":true,\"valueName\":\"search_term_string\"}}],\"inLanguage\":\"de\"},{\"@type\":\"Organization\",\"@id\":\"https:\\\/\\\/www.camping-les-genets.fr\\\/de\\\/#organization\",\"name\":\"Camping les Genets\",\"url\":\"https:\\\/\\\/www.camping-les-genets.fr\\\/de\\\/\",\"logo\":{\"@type\":\"ImageObject\",\"inLanguage\":\"de\",\"@id\":\"https:\\\/\\\/www.camping-les-genets.fr\\\/de\\\/#\\\/schema\\\/logo\\\/image\\\/\",\"url\":\"https:\\\/\\\/www.camping-les-genets.fr\\\/wp-content\\\/uploads\\\/2023\\\/07\\\/cropped-logo-camping-genets-footer.png\",\"contentUrl\":\"https:\\\/\\\/www.camping-les-genets.fr\\\/wp-content\\\/uploads\\\/2023\\\/07\\\/cropped-logo-camping-genets-footer.png\",\"width\":500,\"height\":295,\"caption\":\"Camping les Genets\"},\"image\":{\"@id\":\"https:\\\/\\\/www.camping-les-genets.fr\\\/de\\\/#\\\/schema\\\/logo\\\/image\\\/\"}}]}<\/script>\n<!-- \/ Yoast SEO plugin. -->","yoast_head_json":{"title":"Aveyron Tourisme | Aktivit\u00e4ten, Besichtigungen und Sehensw\u00fcrdigkeiten im Aveyron","description":"Entdecken Sie das Aveyron, seine sch\u00f6nsten St\u00e4dte, seine Sehensw\u00fcrdigkeiten und seine Kultur, indem Sie am Ufer des herrlichen Lac de Pareloup wohnen.","robots":{"index":"index","follow":"follow","max-snippet":"max-snippet:-1","max-image-preview":"max-image-preview:large","max-video-preview":"max-video-preview:-1"},"canonical":"https:\/\/www.camping-les-genets.fr\/de\/tourismus\/","og_locale":"de_DE","og_type":"article","og_title":"Aveyron Tourisme | Aktivit\u00e4ten, Besichtigungen und Sehensw\u00fcrdigkeiten im Aveyron","og_description":"Entdecken Sie das Aveyron, seine sch\u00f6nsten St\u00e4dte, seine Sehensw\u00fcrdigkeiten und seine Kultur, indem Sie am Ufer des herrlichen Lac de Pareloup wohnen.","og_url":"https:\/\/www.camping-les-genets.fr\/de\/tourismus\/","og_site_name":"Camping les Genets","article_modified_time":"2024-01-11T11:31:20+00:00","og_image":[{"width":2560,"height":1241,"url":"https:\/\/www.camping-les-genets.fr\/wp-content\/uploads\/2023\/09\/Village-dans-lAveyron-scaled.webp","type":"image\/webp"}],"twitter_card":"summary_large_image","twitter_misc":{"Gesch\u00e4tzte Lesezeit":"3\u00a0Minuten"},"schema":{"@context":"https:\/\/schema.org","@graph":[{"@type":"WebPage","@id":"https:\/\/www.camping-les-genets.fr\/de\/tourismus\/","url":"https:\/\/www.camping-les-genets.fr\/de\/tourismus\/","name":"Aveyron Tourisme | Aktivit\u00e4ten, Besichtigungen und Sehensw\u00fcrdigkeiten im Aveyron","isPartOf":{"@id":"https:\/\/www.camping-les-genets.fr\/de\/#website"},"primaryImageOfPage":{"@id":"https:\/\/www.camping-les-genets.fr\/de\/tourismus\/#primaryimage"},"image":{"@id":"https:\/\/www.camping-les-genets.fr\/de\/tourismus\/#primaryimage"},"thumbnailUrl":"https:\/\/www.camping-les-genets.fr\/wp-content\/uploads\/2023\/09\/Village-dans-lAveyron-scaled.webp","datePublished":"2023-07-27T11:20:35+00:00","dateModified":"2024-01-11T11:31:20+00:00","description":"Entdecken Sie das Aveyron, seine sch\u00f6nsten St\u00e4dte, seine Sehensw\u00fcrdigkeiten und seine Kultur, indem Sie am Ufer des herrlichen Lac de Pareloup wohnen.","breadcrumb":{"@id":"https:\/\/www.camping-les-genets.fr\/de\/tourismus\/#breadcrumb"},"inLanguage":"de","potentialAction":[{"@type":"ReadAction","target":["https:\/\/www.camping-les-genets.fr\/de\/tourismus\/"]}]},{"@type":"ImageObject","inLanguage":"de","@id":"https:\/\/www.camping-les-genets.fr\/de\/tourismus\/#primaryimage","url":"https:\/\/www.camping-les-genets.fr\/wp-content\/uploads\/2023\/09\/Village-dans-lAveyron-scaled.webp","contentUrl":"https:\/\/www.camping-les-genets.fr\/wp-content\/uploads\/2023\/09\/Village-dans-lAveyron-scaled.webp","width":2560,"height":1241,"caption":"Dorf im Aveyron"},{"@type":"BreadcrumbList","@id":"https:\/\/www.camping-les-genets.fr\/de\/tourismus\/#breadcrumb","itemListElement":[{"@type":"ListItem","position":1,"name":"Camping Aveyron","item":"https:\/\/www.camping-les-genets.fr\/de\/"},{"@type":"ListItem","position":2,"name":"Tourismus"}]},{"@type":"WebSite","@id":"https:\/\/www.camping-les-genets.fr\/de\/#website","url":"https:\/\/www.camping-les-genets.fr\/de\/","name":"Camping les Genets","description":"","publisher":{"@id":"https:\/\/www.camping-les-genets.fr\/de\/#organization"},"potentialAction":[{"@type":"SearchAction","target":{"@type":"EntryPoint","urlTemplate":"https:\/\/www.camping-les-genets.fr\/de\/?s={search_term_string}"},"query-input":{"@type":"PropertyValueSpecification","valueRequired":true,"valueName":"search_term_string"}}],"inLanguage":"de"},{"@type":"Organization","@id":"https:\/\/www.camping-les-genets.fr\/de\/#organization","name":"Camping les Genets","url":"https:\/\/www.camping-les-genets.fr\/de\/","logo":{"@type":"ImageObject","inLanguage":"de","@id":"https:\/\/www.camping-les-genets.fr\/de\/#\/schema\/logo\/image\/","url":"https:\/\/www.camping-les-genets.fr\/wp-content\/uploads\/2023\/07\/cropped-logo-camping-genets-footer.png","contentUrl":"https:\/\/www.camping-les-genets.fr\/wp-content\/uploads\/2023\/07\/cropped-logo-camping-genets-footer.png","width":500,"height":295,"caption":"Camping les Genets"},"image":{"@id":"https:\/\/www.camping-les-genets.fr\/de\/#\/schema\/logo\/image\/"}}]}},"_links":{"self":[{"href":"https:\/\/www.camping-les-genets.fr\/de\/wp-json\/wp\/v2\/pages\/5177","targetHints":{"allow":["GET"]}}],"collection":[{"href":"https:\/\/www.camping-les-genets.fr\/de\/wp-json\/wp\/v2\/pages"}],"about":[{"href":"https:\/\/www.camping-les-genets.fr\/de\/wp-json\/wp\/v2\/types\/page"}],"author":[{"embeddable":true,"href":"https:\/\/www.camping-les-genets.fr\/de\/wp-json\/wp\/v2\/users\/1"}],"replies":[{"embeddable":true,"href":"https:\/\/www.camping-les-genets.fr\/de\/wp-json\/wp\/v2\/comments?post=5177"}],"version-history":[{"count":3,"href":"https:\/\/www.camping-les-genets.fr\/de\/wp-json\/wp\/v2\/pages\/5177\/revisions"}],"predecessor-version":[{"id":5914,"href":"https:\/\/www.camping-les-genets.fr\/de\/wp-json\/wp\/v2\/pages\/5177\/revisions\/5914"}],"wp:featuredmedia":[{"embeddable":true,"href":"https:\/\/www.camping-les-genets.fr\/de\/wp-json\/wp\/v2\/media\/1600"}],"wp:attachment":[{"href":"https:\/\/www.camping-les-genets.fr\/de\/wp-json\/wp\/v2\/media?parent=5177"}],"wp:term":[{"taxonomy":"sujet","embeddable":true,"href":"https:\/\/www.camping-les-genets.fr\/de\/wp-json\/wp\/v2\/sujet?post=5177"}],"curies":[{"name":"wp","href":"https:\/\/api.w.org\/{rel}","templated":true}]}}