{"id":5153,"date":"2023-09-08T10:48:19","date_gmt":"2023-09-08T08:48:19","guid":{"rendered":"https:\/\/www.camping-les-genets.fr\/rodez\/"},"modified":"2024-01-16T11:43:00","modified_gmt":"2024-01-16T10:43:00","slug":"tourisme-rodez","status":"publish","type":"page","link":"https:\/\/www.camping-les-genets.fr\/de\/tourisme-rodez\/","title":{"rendered":"Rodez"},"content":{"rendered":"<section id=\"ls-section-block_37bda66ff35717c3adadb12bb57e30c2\" class=\"ls-section  page-chapeau has-p-b p-b-0\" >\r\n        <div class=\"container \">\r\n        \n\n<h1 class=\"ls__heading wp-block-heading has-text-align-center animated fadeInLeft delay-100ms slow\"><strong>Rodez<\/strong><\/h1>\n\n\r\n    <\/div>\r\n<\/section>\n\n<section id=\"ls-section-block_d11d6967df21a5aacd94789f90053099\" class=\"ls-section  page-one has-p-b p-b-14\" >\r\n        <div class=\"container container--full\">\r\n        \n\n<div class=\"wp-block-columns is-layout-flex wp-container-core-columns-is-layout-9d6595d7 wp-block-columns-is-layout-flex\">\n<div class=\"wp-block-column first is-layout-flow wp-block-column-is-layout-flow\" style=\"flex-basis:66.66%\">\n<figure class=\"wp-block-image size-full\"><img decoding=\"async\" width=\"2560\" height=\"1919\" src=\"https:\/\/www.camping-les-genets.fr\/wp-content\/uploads\/2023\/09\/Ville-de-rodez-proche-du-camping-les-genets.webp\" alt=\"Stadt rodez in der N\u00e4he des campingplatzes les genets\" class=\"wp-image-2529\" srcset=\"https:\/\/www.camping-les-genets.fr\/wp-content\/uploads\/2023\/09\/Ville-de-rodez-proche-du-camping-les-genets.webp 2560w, https:\/\/www.camping-les-genets.fr\/wp-content\/uploads\/2023\/09\/Ville-de-rodez-proche-du-camping-les-genets-300x225.webp 300w, https:\/\/www.camping-les-genets.fr\/wp-content\/uploads\/2023\/09\/Ville-de-rodez-proche-du-camping-les-genets-1024x768.webp 1024w, https:\/\/www.camping-les-genets.fr\/wp-content\/uploads\/2023\/09\/Ville-de-rodez-proche-du-camping-les-genets-768x576.webp 768w, https:\/\/www.camping-les-genets.fr\/wp-content\/uploads\/2023\/09\/Ville-de-rodez-proche-du-camping-les-genets-1536x1151.webp 1536w, https:\/\/www.camping-les-genets.fr\/wp-content\/uploads\/2023\/09\/Ville-de-rodez-proche-du-camping-les-genets-2048x1535.webp 2048w\" sizes=\"(max-width: 2560px) 100vw, 2560px\" \/><\/figure>\n<\/div>\n\n\n\n<div class=\"wp-block-column is-vertically-aligned-center second has-color-white-background-color has-background is-layout-flow wp-block-column-is-layout-flow\" style=\"flex-basis:33.33%\">\n<h2 class=\"ls__heading wp-block-heading\"><strong>Urlaub<\/strong> in Rodez<\/h2>\n\n\n\n<p class=\"ls-paragraph\"><a href=\"https:\/\/www.ville-rodez.fr\/\" target=\"_blank\" rel=\"noreferrer noopener\">Rodez<\/a>, die <strong>Hauptstadt des D\u00e9partements Aveyron mit dem Label Pays d&#8217;art et d&#8217;histoire (Land der Kunst und Geschichte<\/strong>), ist reich an einem au\u00dfergew\u00f6hnlichen Kulturerbe. Zwischen den<strong> Sch\u00e4tzen des historischen Zentrums<\/strong>, dem Kloster, dem Soulages-Museum und den angelegten Ufern des Flusses Aveyron l\u00e4dt Rodez Sie ein, seine zahlreichen Facetten zu entdecken. Rodez liegt etwas mehr als 40 km n\u00f6rdlich des <a href=\"https:\/\/www.camping-les-genets.fr\/de\/\">Campingplatzes Les Gen\u00eats au Lac de Pareloup<\/a> und erwartet Sie zu einem intensiven Entdeckungstag!<\/p>\n\n\n\n<p class=\"ls-paragraph\">Auf dem Programm Ihres Campingurlaubs in Rodez stehen Besichtigungen. Die Entdeckung des<strong> historischen Zentrums<\/strong> ist nat\u00fcrlich ein Muss: Es wird Ihnen ein Rundgang angeboten, bei dem Sie die Geschichte der Stadt kennenlernen k\u00f6nnen. In der Touristeninformation erhalten <strong>Sie einen Plan<\/strong>, dem Sie nur noch folgen m\u00fcssen, um kein bemerkenswertes Bauwerk im alten Zentrum zu verpassen. Sie k\u00f6nnen sich auch daf\u00fcr entscheiden, frei durch die Stra\u00dfen und Gassen der Altstadt zu schlendern und zuf\u00e4llig ihre Sch\u00e4tze zu entdecken. Zu den <strong>Sehensw\u00fcrdigkeiten<\/strong> im historischen Zentrum geh\u00f6ren an erster Stelle die <strong>Kathedrale<\/strong> und der <strong>Bischofspalast<\/strong>.<\/p>\n\n\n\n<p class=\"ls-paragraph addReadMore showlesscontent\">In Rodez gibt es <strong>mehrere Museen<\/strong>, die Sie interessieren k\u00f6nnten: <strong>das Denys-Puech-Museum<\/strong> f\u00fcr Bildhauerei, das <strong>Fenaille-Museum<\/strong> mit seiner Sammlung von Menhir-Statuen und das <strong>unumg\u00e4ngliche Soulages-Museum,<\/strong> das dem Werk des K\u00fcnstlers aus dem Aveyron und der zeitgen\u00f6ssischen Kunst im Allgemeinen gewidmet ist. Machen Sie auch eine <strong>Tour durch den Gro\u00dfraum Rodez<\/strong>, um Sainte Radegonde und Salles la Source zu entdecken, und wenn Sie ein Schloss im Departement Aveyron besichtigen m\u00f6chten, nehmen Sie die Route des Seigneurs du Rouergue<\/p>\n<\/div>\n<\/div>\n\n\r\n    <\/div>\r\n<\/section>\n\n<section id=\"ls-section-block_fc480b193eaf4847cfc9dd908b34214b\" class=\"ls-section \" >\r\n        <div class=\"container container--wide\">\r\n        \n\n<div class=\"wp-block-columns is-layout-flex wp-container-core-columns-is-layout-9d6595d7 wp-block-columns-is-layout-flex\">\n<div class=\"wp-block-column first is-layout-flow wp-block-column-is-layout-flow\">\n<h2 class=\"ls__heading wp-block-heading\">Strecke Strecke <strong>Campingplatz Rodez<\/strong><\/h2>\n\n\n\n<p class=\"ls-paragraph\">F\u00fcr Ihren Urlaub auf einem Familiencampingplatz in Rodez oder Umgebung bietet Ihnen der <strong>Campingplatz Les Gen\u00eats <\/strong>die M\u00f6glichkeit, Mobilheime und Stellpl\u00e4tze f\u00fcr Zelte und Wohnmobile im Aveyron zu mieten!<\/p>\n\n\n\n<p class=\"ls-paragraph\">Die Pr\u00e4fektur des Departements Aveyron liegt 40 km nordwestlich des <strong>Campingplatzes Rodez<\/strong> club Les Gen\u00eats. Rechnen Sie mit etwa 45 Minuten Fahrzeit nach Rodez. Von Salles-Curan aus nehmen Sie die D993 nach Canet-de-Salars und dann nach Pont-de-Salars. Sobald Sie auf der D911 sind, fahren Sie in Richtung Rodez.<\/p>\n\n\n\n<p class=\"ls-paragraph\">Canet-de-Salars beherbergt eine <strong>sch\u00f6ne Kirche<\/strong> (Kirche Saint-Pierre), die <strong>unter Denkmalschutz steht<\/strong> und den Beinamen &#8222;Kathedrale von Lev\u00e9zou&#8220; tr\u00e4gt. Sie werden den <strong>Pareloup-See<\/strong> aus einem anderen Blickwinkel sehen und k\u00f6nnen auf dem Hin- oder R\u00fcckweg <strong>sch\u00f6ne Spazierg\u00e4nge auf der Seite des Caussanel<\/strong> machen.<\/p>\n<\/div>\n\n\n\n<div class=\"wp-block-column is-vertically-aligned-center second is-layout-flow wp-block-column-is-layout-flow\" style=\"flex-basis:800px\">\n<iframe src=\"https:\/\/www.google.com\/maps\/embed?pb=!1m28!1m12!1m3!1d91434.25932166897!2d2.5903448460930423!3d44.26222342364707!2m3!1f0!2f0!3f0!3m2!1i1024!2i768!4f13.1!4m13!3e0!4m5!1s0x12b2683ba8eaa029%3A0x9e3dc1bbe65d1b4b!2sCamping%20les%20Gen%C3%AAts%20%7C%20Camping%20Aveyron%2C%20Lac%20de%20Pareloup%2C%20Salles-Curan!3m2!1d44.1894481!2d2.7667329!4m5!1s0x12b27d9845b9e425%3A0xaf5750dcd0f72c39!2sRodez!3m2!1d44.349388999999995!2d2.575986!5e0!3m2!1sfr!2sfr!4v1694681792875!5m2!1sfr!2sfr\" width=\"800\" height=\"600\" style=\"border:0;\" allowfullscreen=\"\" loading=\"lazy\" referrerpolicy=\"no-referrer-when-downgrade\"><\/iframe>\n<\/div>\n<\/div>\n\n\r\n    <\/div>\r\n<\/section>\n\n<section id=\"ls-section-block_ef45ce7765015e9a96439792aaeb7da2\" class=\"ls-section  page-maillage has-p-t p-t-14 has-p-b p-b-14\" >\r\n        <div class=\"container container--wide\">\r\n        \n\n<div id=\"ls-heading ls-titre-div-block_49f5c87c1ed58ac09cde86991afc1d89\" class=\"ls-titre-div aligncenter h2-like has-m-b m-b-8\" >\n    Entdecken Sie Brousse le Ch\u00e2teau, die Insektenstadt Micropolis und das Soulages-Museum!  <\/div>\n\n\n<div id=\"ls-maillage-block_aa2e43d4f8a2050eea96b1fe04547494\" class=\"ls-maillage slow animated fadeInUp delay-100ms cta-style-normal\" data-rows=\"3\">\r\n    <div class=\"wp-block-columns\"><div class=\"wp-block-column\">\n\n<a href=\"https:\/\/www.camping-les-genets.fr\/de\/brousse-le-chateau\/\" target=\"\" rel=\"noopener\" class=\"ls-cta__link\">\n\n\t<div class=\"ls-cta__image\"><img decoding=\"async\" src=\"https:\/\/www.camping-les-genets.fr\/wp-content\/uploads\/2023\/09\/Chateau-en-Aveyron-768x511.webp\" alt=\"Schloss in Aveyron\"><\/div>\n\t<div class=\"ls-cta__title\">\n\t\tBrousse le Ch\u00e2teau\t<\/div>\n\n\t\t\n<\/a><\/div><div class=\"wp-block-column\">\n\n<a href=\"https:\/\/www.camping-les-genets.fr\/de\/micropolis\/\" target=\"\" rel=\"noopener\" class=\"ls-cta__link\">\n\n\t<div class=\"ls-cta__image\"><img decoding=\"async\" src=\"https:\/\/www.camping-les-genets.fr\/wp-content\/uploads\/2023\/09\/Balade-dans-la-cite-des-insectes-Micropolis-768x1152.webp\" alt=\"Spaziergang durch die Insektenstadt Micropolis\"><\/div>\n\t<div class=\"ls-cta__title\">\n\t\tMicropolis\t<\/div>\n\n\t\t\n<\/a><\/div><div class=\"wp-block-column\">\n\n<a href=\"https:\/\/www.camping-les-genets.fr\/de\/soulages-museum\/\" target=\"\" rel=\"noopener\" class=\"ls-cta__link\">\n\n\t<div class=\"ls-cta__image\"><img decoding=\"async\" src=\"https:\/\/www.camping-les-genets.fr\/wp-content\/uploads\/2023\/09\/Musee-dart-contemporain-en-Aveyron-768x1150.webp\" alt=\"Museum f\u00fcr zeitgen\u00f6ssische Kunst im Aveyron\"><\/div>\n\t<div class=\"ls-cta__title\">\n\t\tSoulages-Museum\t<\/div>\n\n\t\t\n<\/a><\/div><\/div><\/div>\n\r\n    <\/div>\r\n<\/section>","protected":false},"excerpt":{"rendered":"","protected":false},"author":1,"featured_media":2474,"parent":0,"menu_order":0,"comment_status":"closed","ping_status":"closed","template":"","meta":{"_acf_changed":false,"inline_featured_image":false,"footnotes":""},"sujet":[],"class_list":["post-5153","page","type-page","status-publish","has-post-thumbnail","hentry"],"acf":[],"yoast_head":"<!-- This site is optimized with the Yoast SEO plugin v27.3 - https:\/\/yoast.com\/product\/yoast-seo-wordpress\/ -->\n<title>Rodez: Erfahren Sie mehr \u00fcber die Hauptstadt des Departements Aveyron und welche Aktivit\u00e4ten in Rodez unternommen werden k\u00f6nnen.<\/title>\n<meta name=\"description\" content=\"Auf der Suche nach einem Campingplatz in Rodez? Der Campingplatz Les Gen\u00eats **** hei\u00dft dich im D\u00e9partement Aveyron willkommen und stellt dir die Aktivit\u00e4ten vor, die du in Rodez unternehmen kannst!\" \/>\n<meta name=\"robots\" content=\"index, follow, max-snippet:-1, max-image-preview:large, max-video-preview:-1\" \/>\n<link rel=\"canonical\" href=\"https:\/\/www.camping-les-genets.fr\/de\/tourisme-rodez\/\" \/>\n<meta property=\"og:locale\" content=\"de_DE\" \/>\n<meta property=\"og:type\" content=\"article\" \/>\n<meta property=\"og:title\" content=\"Rodez: Erfahren Sie mehr \u00fcber die Hauptstadt des Departements Aveyron und welche Aktivit\u00e4ten in Rodez unternommen werden k\u00f6nnen.\" \/>\n<meta property=\"og:description\" content=\"Auf der Suche nach einem Campingplatz in Rodez? Der Campingplatz Les Gen\u00eats **** hei\u00dft dich im D\u00e9partement Aveyron willkommen und stellt dir die Aktivit\u00e4ten vor, die du in Rodez unternehmen kannst!\" \/>\n<meta property=\"og:url\" content=\"https:\/\/www.camping-les-genets.fr\/de\/tourisme-rodez\/\" \/>\n<meta property=\"og:site_name\" content=\"Camping les Genets\" \/>\n<meta property=\"article:modified_time\" content=\"2024-01-16T10:43:00+00:00\" \/>\n<meta property=\"og:image\" content=\"https:\/\/www.camping-les-genets.fr\/wp-content\/uploads\/2023\/09\/Rodez-proche-du-camping-les-genets-scaled.webp\" \/>\n\t<meta property=\"og:image:width\" content=\"2560\" \/>\n\t<meta property=\"og:image:height\" content=\"1709\" \/>\n\t<meta property=\"og:image:type\" content=\"image\/webp\" \/>\n<meta name=\"twitter:card\" content=\"summary_large_image\" \/>\n<meta name=\"twitter:label1\" content=\"Gesch\u00e4tzte Lesezeit\" \/>\n\t<meta name=\"twitter:data1\" content=\"3\u00a0Minuten\" \/>\n<script type=\"application\/ld+json\" class=\"yoast-schema-graph\">{\"@context\":\"https:\\\/\\\/schema.org\",\"@graph\":[{\"@type\":\"WebPage\",\"@id\":\"https:\\\/\\\/www.camping-les-genets.fr\\\/de\\\/tourisme-rodez\\\/\",\"url\":\"https:\\\/\\\/www.camping-les-genets.fr\\\/de\\\/tourisme-rodez\\\/\",\"name\":\"Rodez: Erfahren Sie mehr \u00fcber die Hauptstadt des Departements Aveyron und welche Aktivit\u00e4ten in Rodez unternommen werden k\u00f6nnen.\",\"isPartOf\":{\"@id\":\"https:\\\/\\\/www.camping-les-genets.fr\\\/de\\\/#website\"},\"primaryImageOfPage\":{\"@id\":\"https:\\\/\\\/www.camping-les-genets.fr\\\/de\\\/tourisme-rodez\\\/#primaryimage\"},\"image\":{\"@id\":\"https:\\\/\\\/www.camping-les-genets.fr\\\/de\\\/tourisme-rodez\\\/#primaryimage\"},\"thumbnailUrl\":\"https:\\\/\\\/www.camping-les-genets.fr\\\/wp-content\\\/uploads\\\/2023\\\/09\\\/Rodez-proche-du-camping-les-genets-scaled.webp\",\"datePublished\":\"2023-09-08T08:48:19+00:00\",\"dateModified\":\"2024-01-16T10:43:00+00:00\",\"description\":\"Auf der Suche nach einem Campingplatz in Rodez? Der Campingplatz Les Gen\u00eats **** hei\u00dft dich im D\u00e9partement Aveyron willkommen und stellt dir die Aktivit\u00e4ten vor, die du in Rodez unternehmen kannst!\",\"breadcrumb\":{\"@id\":\"https:\\\/\\\/www.camping-les-genets.fr\\\/de\\\/tourisme-rodez\\\/#breadcrumb\"},\"inLanguage\":\"de\",\"potentialAction\":[{\"@type\":\"ReadAction\",\"target\":[\"https:\\\/\\\/www.camping-les-genets.fr\\\/de\\\/tourisme-rodez\\\/\"]}]},{\"@type\":\"ImageObject\",\"inLanguage\":\"de\",\"@id\":\"https:\\\/\\\/www.camping-les-genets.fr\\\/de\\\/tourisme-rodez\\\/#primaryimage\",\"url\":\"https:\\\/\\\/www.camping-les-genets.fr\\\/wp-content\\\/uploads\\\/2023\\\/09\\\/Rodez-proche-du-camping-les-genets-scaled.webp\",\"contentUrl\":\"https:\\\/\\\/www.camping-les-genets.fr\\\/wp-content\\\/uploads\\\/2023\\\/09\\\/Rodez-proche-du-camping-les-genets-scaled.webp\",\"width\":2560,\"height\":1709,\"caption\":\"Rodez in der N\u00e4he des Campingplatzes les gen\u00eats\"},{\"@type\":\"BreadcrumbList\",\"@id\":\"https:\\\/\\\/www.camping-les-genets.fr\\\/de\\\/tourisme-rodez\\\/#breadcrumb\",\"itemListElement\":[{\"@type\":\"ListItem\",\"position\":1,\"name\":\"Camping Aveyron\",\"item\":\"https:\\\/\\\/www.camping-les-genets.fr\\\/de\\\/\"},{\"@type\":\"ListItem\",\"position\":2,\"name\":\"Rodez\"}]},{\"@type\":\"WebSite\",\"@id\":\"https:\\\/\\\/www.camping-les-genets.fr\\\/de\\\/#website\",\"url\":\"https:\\\/\\\/www.camping-les-genets.fr\\\/de\\\/\",\"name\":\"Camping les Genets\",\"description\":\"\",\"publisher\":{\"@id\":\"https:\\\/\\\/www.camping-les-genets.fr\\\/de\\\/#organization\"},\"potentialAction\":[{\"@type\":\"SearchAction\",\"target\":{\"@type\":\"EntryPoint\",\"urlTemplate\":\"https:\\\/\\\/www.camping-les-genets.fr\\\/de\\\/?s={search_term_string}\"},\"query-input\":{\"@type\":\"PropertyValueSpecification\",\"valueRequired\":true,\"valueName\":\"search_term_string\"}}],\"inLanguage\":\"de\"},{\"@type\":\"Organization\",\"@id\":\"https:\\\/\\\/www.camping-les-genets.fr\\\/de\\\/#organization\",\"name\":\"Camping les Genets\",\"url\":\"https:\\\/\\\/www.camping-les-genets.fr\\\/de\\\/\",\"logo\":{\"@type\":\"ImageObject\",\"inLanguage\":\"de\",\"@id\":\"https:\\\/\\\/www.camping-les-genets.fr\\\/de\\\/#\\\/schema\\\/logo\\\/image\\\/\",\"url\":\"https:\\\/\\\/www.camping-les-genets.fr\\\/wp-content\\\/uploads\\\/2023\\\/07\\\/cropped-logo-camping-genets-footer.png\",\"contentUrl\":\"https:\\\/\\\/www.camping-les-genets.fr\\\/wp-content\\\/uploads\\\/2023\\\/07\\\/cropped-logo-camping-genets-footer.png\",\"width\":500,\"height\":295,\"caption\":\"Camping les Genets\"},\"image\":{\"@id\":\"https:\\\/\\\/www.camping-les-genets.fr\\\/de\\\/#\\\/schema\\\/logo\\\/image\\\/\"}}]}<\/script>\n<!-- \/ Yoast SEO plugin. -->","yoast_head_json":{"title":"Rodez: Erfahren Sie mehr \u00fcber die Hauptstadt des Departements Aveyron und welche Aktivit\u00e4ten in Rodez unternommen werden k\u00f6nnen.","description":"Auf der Suche nach einem Campingplatz in Rodez? Der Campingplatz Les Gen\u00eats **** hei\u00dft dich im D\u00e9partement Aveyron willkommen und stellt dir die Aktivit\u00e4ten vor, die du in Rodez unternehmen kannst!","robots":{"index":"index","follow":"follow","max-snippet":"max-snippet:-1","max-image-preview":"max-image-preview:large","max-video-preview":"max-video-preview:-1"},"canonical":"https:\/\/www.camping-les-genets.fr\/de\/tourisme-rodez\/","og_locale":"de_DE","og_type":"article","og_title":"Rodez: Erfahren Sie mehr \u00fcber die Hauptstadt des Departements Aveyron und welche Aktivit\u00e4ten in Rodez unternommen werden k\u00f6nnen.","og_description":"Auf der Suche nach einem Campingplatz in Rodez? Der Campingplatz Les Gen\u00eats **** hei\u00dft dich im D\u00e9partement Aveyron willkommen und stellt dir die Aktivit\u00e4ten vor, die du in Rodez unternehmen kannst!","og_url":"https:\/\/www.camping-les-genets.fr\/de\/tourisme-rodez\/","og_site_name":"Camping les Genets","article_modified_time":"2024-01-16T10:43:00+00:00","og_image":[{"width":2560,"height":1709,"url":"https:\/\/www.camping-les-genets.fr\/wp-content\/uploads\/2023\/09\/Rodez-proche-du-camping-les-genets-scaled.webp","type":"image\/webp"}],"twitter_card":"summary_large_image","twitter_misc":{"Gesch\u00e4tzte Lesezeit":"3\u00a0Minuten"},"schema":{"@context":"https:\/\/schema.org","@graph":[{"@type":"WebPage","@id":"https:\/\/www.camping-les-genets.fr\/de\/tourisme-rodez\/","url":"https:\/\/www.camping-les-genets.fr\/de\/tourisme-rodez\/","name":"Rodez: Erfahren Sie mehr \u00fcber die Hauptstadt des Departements Aveyron und welche Aktivit\u00e4ten in Rodez unternommen werden k\u00f6nnen.","isPartOf":{"@id":"https:\/\/www.camping-les-genets.fr\/de\/#website"},"primaryImageOfPage":{"@id":"https:\/\/www.camping-les-genets.fr\/de\/tourisme-rodez\/#primaryimage"},"image":{"@id":"https:\/\/www.camping-les-genets.fr\/de\/tourisme-rodez\/#primaryimage"},"thumbnailUrl":"https:\/\/www.camping-les-genets.fr\/wp-content\/uploads\/2023\/09\/Rodez-proche-du-camping-les-genets-scaled.webp","datePublished":"2023-09-08T08:48:19+00:00","dateModified":"2024-01-16T10:43:00+00:00","description":"Auf der Suche nach einem Campingplatz in Rodez? Der Campingplatz Les Gen\u00eats **** hei\u00dft dich im D\u00e9partement Aveyron willkommen und stellt dir die Aktivit\u00e4ten vor, die du in Rodez unternehmen kannst!","breadcrumb":{"@id":"https:\/\/www.camping-les-genets.fr\/de\/tourisme-rodez\/#breadcrumb"},"inLanguage":"de","potentialAction":[{"@type":"ReadAction","target":["https:\/\/www.camping-les-genets.fr\/de\/tourisme-rodez\/"]}]},{"@type":"ImageObject","inLanguage":"de","@id":"https:\/\/www.camping-les-genets.fr\/de\/tourisme-rodez\/#primaryimage","url":"https:\/\/www.camping-les-genets.fr\/wp-content\/uploads\/2023\/09\/Rodez-proche-du-camping-les-genets-scaled.webp","contentUrl":"https:\/\/www.camping-les-genets.fr\/wp-content\/uploads\/2023\/09\/Rodez-proche-du-camping-les-genets-scaled.webp","width":2560,"height":1709,"caption":"Rodez in der N\u00e4he des Campingplatzes les gen\u00eats"},{"@type":"BreadcrumbList","@id":"https:\/\/www.camping-les-genets.fr\/de\/tourisme-rodez\/#breadcrumb","itemListElement":[{"@type":"ListItem","position":1,"name":"Camping Aveyron","item":"https:\/\/www.camping-les-genets.fr\/de\/"},{"@type":"ListItem","position":2,"name":"Rodez"}]},{"@type":"WebSite","@id":"https:\/\/www.camping-les-genets.fr\/de\/#website","url":"https:\/\/www.camping-les-genets.fr\/de\/","name":"Camping les Genets","description":"","publisher":{"@id":"https:\/\/www.camping-les-genets.fr\/de\/#organization"},"potentialAction":[{"@type":"SearchAction","target":{"@type":"EntryPoint","urlTemplate":"https:\/\/www.camping-les-genets.fr\/de\/?s={search_term_string}"},"query-input":{"@type":"PropertyValueSpecification","valueRequired":true,"valueName":"search_term_string"}}],"inLanguage":"de"},{"@type":"Organization","@id":"https:\/\/www.camping-les-genets.fr\/de\/#organization","name":"Camping les Genets","url":"https:\/\/www.camping-les-genets.fr\/de\/","logo":{"@type":"ImageObject","inLanguage":"de","@id":"https:\/\/www.camping-les-genets.fr\/de\/#\/schema\/logo\/image\/","url":"https:\/\/www.camping-les-genets.fr\/wp-content\/uploads\/2023\/07\/cropped-logo-camping-genets-footer.png","contentUrl":"https:\/\/www.camping-les-genets.fr\/wp-content\/uploads\/2023\/07\/cropped-logo-camping-genets-footer.png","width":500,"height":295,"caption":"Camping les Genets"},"image":{"@id":"https:\/\/www.camping-les-genets.fr\/de\/#\/schema\/logo\/image\/"}}]}},"_links":{"self":[{"href":"https:\/\/www.camping-les-genets.fr\/de\/wp-json\/wp\/v2\/pages\/5153","targetHints":{"allow":["GET"]}}],"collection":[{"href":"https:\/\/www.camping-les-genets.fr\/de\/wp-json\/wp\/v2\/pages"}],"about":[{"href":"https:\/\/www.camping-les-genets.fr\/de\/wp-json\/wp\/v2\/types\/page"}],"author":[{"embeddable":true,"href":"https:\/\/www.camping-les-genets.fr\/de\/wp-json\/wp\/v2\/users\/1"}],"replies":[{"embeddable":true,"href":"https:\/\/www.camping-les-genets.fr\/de\/wp-json\/wp\/v2\/comments?post=5153"}],"version-history":[{"count":4,"href":"https:\/\/www.camping-les-genets.fr\/de\/wp-json\/wp\/v2\/pages\/5153\/revisions"}],"predecessor-version":[{"id":5980,"href":"https:\/\/www.camping-les-genets.fr\/de\/wp-json\/wp\/v2\/pages\/5153\/revisions\/5980"}],"wp:featuredmedia":[{"embeddable":true,"href":"https:\/\/www.camping-les-genets.fr\/de\/wp-json\/wp\/v2\/media\/2474"}],"wp:attachment":[{"href":"https:\/\/www.camping-les-genets.fr\/de\/wp-json\/wp\/v2\/media?parent=5153"}],"wp:term":[{"taxonomy":"sujet","embeddable":true,"href":"https:\/\/www.camping-les-genets.fr\/de\/wp-json\/wp\/v2\/sujet?post=5153"}],"curies":[{"name":"wp","href":"https:\/\/api.w.org\/{rel}","templated":true}]}}