{"id":5129,"date":"2023-09-13T14:53:41","date_gmt":"2023-09-13T12:53:41","guid":{"rendered":"https:\/\/www.camping-les-genets.fr\/peyre\/"},"modified":"2023-11-28T12:10:00","modified_gmt":"2023-11-28T11:10:00","slug":"peyre","status":"publish","type":"page","link":"https:\/\/www.camping-les-genets.fr\/de\/peyre\/","title":{"rendered":"Peyre"},"content":{"rendered":"<section id=\"ls-section-block_1eb79030d99a94bb73ce05f85cca458b\" class=\"ls-section  page-chapeau has-p-b p-b-0\" >\r\n        <div class=\"container \">\r\n        \n\n<h1 class=\"ls__heading wp-block-heading has-text-align-center animated fadeInLeft delay-100ms slow\"><strong>Peyre<\/strong><\/h1>\n\n\r\n    <\/div>\r\n<\/section><section id=\"ls-section-block_6f8f70a6b52c13788394dc8f282a9c12\" class=\"ls-section  page-one has-p-b p-b-14\" >\r\n        <div class=\"container container--full\">\r\n        \n\n<div class=\"wp-block-columns is-layout-flex wp-container-core-columns-is-layout-9d6595d7 wp-block-columns-is-layout-flex\">\n<div class=\"wp-block-column first is-layout-flow wp-block-column-is-layout-flow\" style=\"flex-basis:66.66%\">\n<figure class=\"wp-block-image size-full\"><img decoding=\"async\" width=\"2560\" height=\"1707\" src=\"https:\/\/www.camping-les-genets.fr\/wp-content\/uploads\/2023\/09\/Village-de-Peyre-en-Aveyron.webp\" alt=\"Dorf Peyre in Aveyron\" class=\"wp-image-2346\" srcset=\"https:\/\/www.camping-les-genets.fr\/wp-content\/uploads\/2023\/09\/Village-de-Peyre-en-Aveyron.webp 2560w, https:\/\/www.camping-les-genets.fr\/wp-content\/uploads\/2023\/09\/Village-de-Peyre-en-Aveyron-300x200.webp 300w, https:\/\/www.camping-les-genets.fr\/wp-content\/uploads\/2023\/09\/Village-de-Peyre-en-Aveyron-1024x683.webp 1024w, https:\/\/www.camping-les-genets.fr\/wp-content\/uploads\/2023\/09\/Village-de-Peyre-en-Aveyron-768x512.webp 768w, https:\/\/www.camping-les-genets.fr\/wp-content\/uploads\/2023\/09\/Village-de-Peyre-en-Aveyron-1536x1024.webp 1536w, https:\/\/www.camping-les-genets.fr\/wp-content\/uploads\/2023\/09\/Village-de-Peyre-en-Aveyron-2048x1366.webp 2048w\" sizes=\"(max-width: 2560px) 100vw, 2560px\" \/><\/figure>\n<\/div>\n\n\n\n<div class=\"wp-block-column is-vertically-aligned-center second has-color-white-background-color has-background is-layout-flow wp-block-column-is-layout-flow\" style=\"flex-basis:33.33%\">\n<h2 class=\"ls__heading wp-block-heading\"><strong>Urlaub<\/strong> in Peyre<\/h2>\n\n\n\n<p class=\"ls-paragraph\">Der<strong> Halbtroglodytenort Peyre<\/strong> bietet seinen Besuchern eine <strong>ungew\u00f6hnliche Kulisse<\/strong> und einen<strong> einzigartigen Ausblick auf das Tarn-Tal<\/strong>, das vom Millau-Viadukt \u00fcberspannt wird. Das Dorf Peyre, das sich an die Klippen schmiegt und von der Hochebene der roten Causse \u00fcberragt wird, besitzt das Label <strong>&#8222;Plus beaux villages de France&#8220; (Sch\u00f6nste D\u00f6rfer Frankreichs<\/strong>).<\/p>\n\n\n\n<p class=\"ls-paragraph\"><strong> Wanderfreunde<\/strong> werden hier w\u00e4hrend ihres Urlaubs die vom Caselles-Pfad vorgeschlagene Route genie\u00dfen: Von Compr\u00e9gnac bis Peyre f\u00fchrt er Sie zu einer beeindruckenden Ansammlung dieser typischen Caussenard-Sch\u00e4ferunterk\u00fcnfte aus trockenen Steinen, die &#8222;Caselles&#8220; genannt werden. Auf Ihrem Weg treffen Sie auch auf Tr\u00fcffeleichen und kommen an einem Aussichtspunkt vorbei, von dem aus Sie das Tal und das ber\u00fchmte Viadukt von Millau \u00fcberblicken k\u00f6nnen.<\/p>\n\n\n\n<p class=\"ls-paragraph\">Oben in diesem malerischen Dorf bietet sich ein atemberaubender <strong>Blick auf das Tal<\/strong>. Au\u00dferdem bietet der Ort einen der sch\u00f6nsten Ausblicke auf das Millau-Viadukt, das sich einige Kilometer flussaufw\u00e4rts befindet.<\/p>\n<\/div>\n<\/div>\n\n\r\n    <\/div>\r\n<\/section><section id=\"ls-section-block_0f8b6553c5d9a65e5f54514ea2e237a2\" class=\"ls-section \" >\r\n        <div class=\"container container--wide\">\r\n        \n\n<div class=\"wp-block-columns is-layout-flex wp-container-core-columns-is-layout-9d6595d7 wp-block-columns-is-layout-flex\">\n<div class=\"wp-block-column first is-layout-flow wp-block-column-is-layout-flow\">\n<h2 class=\"ls__heading wp-block-heading\">Strecke <strong>Camping Peyre<\/strong><\/h2>\n\n\n\n<p class=\"ls-paragraph\">Das <strong>H\u00f6hlendorf Peyre<\/strong> liegt etwa 10 km von Millau und 40 km vom <a href=\"https:\/\/www.camping-les-genets.fr\/de\/\">Campingplatz Les Gen\u00eats im Departement Aveyron<\/a> entfernt (50 min mit dem Auto). Nehmen Sie die D577 bis nach Salles-Curan und dann die D993 bis nach Saint-Rome-de-Tarn.<\/p>\n\n\n\n<p class=\"ls-paragraph\">Diese <strong>charmante Gemeinde<\/strong> ist wegen ihres mittelalterlichen Stadtkerns, der T\u00fcrmchenlogis und der reich verzierten H\u00e4user sehr beliebt. Montjaux beherbergt au\u00dferdem <strong>ein Schloss und eine sch\u00f6ne Kirche<\/strong> (Kirche Saint-Quirinus), die einen Umweg mehr als wert sind.<\/p>\n\n\n\n<p class=\"ls-paragraph\">Die Stra\u00dfe zwischen Saint-Rome-de-Tarn und Peyre (Compr\u00e9gnac) folgt dem Lauf des Tarn. Unterwegs k\u00f6nnen Sie anhalten, um <strong>das Tal des Tarn zu bewundern<\/strong>,<strong> spazieren gehen und sch\u00f6ne Fotos machen<\/strong>, um Ihren Aufenthalt im <strong>Campingclub Les Gen\u00eats im Departement Aveyron<\/strong> festzuhalten.<\/p>\n<\/div>\n\n\n\n<div class=\"wp-block-column is-vertically-aligned-center second is-layout-flow wp-block-column-is-layout-flow\" style=\"flex-basis:800px\">\n<iframe src=\"https:\/\/www.google.com\/maps\/embed?pb=!1m28!1m12!1m3!1d91597.30257791563!2d2.8076677917426927!3d44.15729074586687!2m3!1f0!2f0!3f0!3m2!1i1024!2i768!4f13.1!4m13!3e0!4m5!1s0x12b2683ba8eaa029%3A0x9e3dc1bbe65d1b4b!2sCamping%20les%20Gen%C3%AAts%20%7C%20Camping%20Aveyron%2C%20Lac%20de%20Pareloup%2C%20Salles-Curan!3m2!1d44.1894481!2d2.7667329!4m5!1s0x12b2499f092f89e3%3A0x48a451ba6d504d66!2sPeyre%2C%20Compr%C3%A9gnac!3m2!1d44.09216!2d2.999246!5e0!3m2!1sfr!2sfr!4v1694609594973!5m2!1sfr!2sfr\" width=\"800\" height=\"600\" style=\"border:0;\" allowfullscreen=\"\" loading=\"lazy\" referrerpolicy=\"no-referrer-when-downgrade\"><\/iframe>\n<\/div>\n<\/div>\n\n\r\n    <\/div>\r\n<\/section><section id=\"ls-section-block_6507399f7ddb02f1a1b93704c96763a2\" class=\"ls-section  page-maillage has-p-t p-t-14 has-p-b p-b-14\" >\r\n        <div class=\"container container--wide\">\r\n        \n\n<div id=\"ls-heading ls-titre-div-block_0f1fd8f1e2126875ab404dc64d43d589\" class=\"ls-titre-div aligncenter h2-like has-m-b m-b-8\" >\n    Entdecken Sie die D\u00f6rfer Saint C\u00f4me d&#8217;Olt, Conques und Brousse le Ch\u00e2teau!<\/div>\n\n\n<div id=\"ls-maillage-block_d202b5cc3b416197f712233747c64b74\" class=\"ls-maillage slow animated fadeInUp delay-100ms cta-style-normal\" data-rows=\"3\">\r\n    <div class=\"wp-block-columns\"><div class=\"wp-block-column\">\n\n<a href=\"https:\/\/www.camping-les-genets.fr\/de\/brousse-le-chateau\/\" target=\"\" rel=\"noopener\" class=\"ls-cta__link\">\n\n\t<div class=\"ls-cta__image\"><img decoding=\"async\" src=\"https:\/\/www.camping-les-genets.fr\/wp-content\/uploads\/2023\/09\/Chateau-en-Aveyron-768x511.webp\" alt=\"Schloss in Aveyron\"><\/div>\n\t<div class=\"ls-cta__title\">\n\t\tBrousse le Ch\u00e2teau\t<\/div>\n\n\t\t\n<\/a><\/div><div class=\"wp-block-column\">\n\n<a href=\"https:\/\/www.camping-les-genets.fr\/de\/tourisme-conques\/\" target=\"\" rel=\"noopener\" class=\"ls-cta__link\">\n\n\t<div class=\"ls-cta__image\"><img decoding=\"async\" src=\"https:\/\/www.camping-les-genets.fr\/wp-content\/uploads\/2023\/09\/Beau-paysage-dans-lAveyron-768x512.webp\" alt=\"Sch\u00f6ne Landschaft im Aveyron\"><\/div>\n\t<div class=\"ls-cta__title\">\n\t\tConques\t<\/div>\n\n\t\t\n<\/a><\/div><div class=\"wp-block-column\">\n\n<a href=\"https:\/\/www.camping-les-genets.fr\/de\/tourisme-saint-come-d-olt\/\" target=\"\" rel=\"noopener\" class=\"ls-cta__link\">\n\n\t<div class=\"ls-cta__image\"><img decoding=\"async\" src=\"https:\/\/www.camping-les-genets.fr\/wp-content\/uploads\/2023\/09\/eglise-de-Saint-Come-dOlt-768x1152.webp\" alt=\"Kirche von Saint C\u00f4me d'Olt\"><\/div>\n\t<div class=\"ls-cta__title\">\n\t\tSaint-C\u00f4me-d&#8217;Olt\t<\/div>\n\n\t\t\n<\/a><\/div><\/div><\/div>\n\r\n    <\/div>\r\n<\/section>","protected":false},"excerpt":{"rendered":"","protected":false},"author":1,"featured_media":2357,"parent":0,"menu_order":0,"comment_status":"closed","ping_status":"closed","template":"","meta":{"_acf_changed":false,"inline_featured_image":false,"footnotes":""},"sujet":[],"class_list":["post-5129","page","type-page","status-publish","has-post-thumbnail","hentry"],"acf":[],"yoast_head":"<!-- This site is optimized with the Yoast SEO plugin v27.3 - https:\/\/yoast.com\/product\/yoast-seo-wordpress\/ -->\n<title>Camping Peyre | Ferienunterk\u00fcnfte und Aktivit\u00e4ten in Peyre<\/title>\n<meta name=\"description\" content=\"Auf der Suche nach einem Campingplatz in Peyre? Der Campingplatz Les Gen\u00eats **** empf\u00e4ngt Sie im Departement Aveyron und stellt Ihnen die Aktivit\u00e4ten vor, die Sie in Peyre unternehmen k\u00f6nnen!\" \/>\n<meta name=\"robots\" content=\"index, follow, max-snippet:-1, max-image-preview:large, max-video-preview:-1\" \/>\n<link rel=\"canonical\" href=\"https:\/\/www.camping-les-genets.fr\/de\/peyre\/\" \/>\n<meta property=\"og:locale\" content=\"de_DE\" \/>\n<meta property=\"og:type\" content=\"article\" \/>\n<meta property=\"og:title\" content=\"Camping Peyre | Ferienunterk\u00fcnfte und Aktivit\u00e4ten in Peyre\" \/>\n<meta property=\"og:description\" content=\"Auf der Suche nach einem Campingplatz in Peyre? Der Campingplatz Les Gen\u00eats **** empf\u00e4ngt Sie im Departement Aveyron und stellt Ihnen die Aktivit\u00e4ten vor, die Sie in Peyre unternehmen k\u00f6nnen!\" \/>\n<meta property=\"og:url\" content=\"https:\/\/www.camping-les-genets.fr\/de\/peyre\/\" \/>\n<meta property=\"og:site_name\" content=\"Camping les Genets\" \/>\n<meta property=\"article:modified_time\" content=\"2023-11-28T11:10:00+00:00\" \/>\n<meta property=\"og:image\" content=\"https:\/\/www.camping-les-genets.fr\/wp-content\/uploads\/2023\/09\/Village-medieval-en-Aveyron.webp\" \/>\n\t<meta property=\"og:image:width\" content=\"1920\" \/>\n\t<meta property=\"og:image:height\" content=\"1278\" \/>\n\t<meta property=\"og:image:type\" content=\"image\/webp\" \/>\n<meta name=\"twitter:card\" content=\"summary_large_image\" \/>\n<meta name=\"twitter:label1\" content=\"Gesch\u00e4tzte Lesezeit\" \/>\n\t<meta name=\"twitter:data1\" content=\"1\u00a0Minute\" \/>\n<script type=\"application\/ld+json\" class=\"yoast-schema-graph\">{\"@context\":\"https:\\\/\\\/schema.org\",\"@graph\":[{\"@type\":\"WebPage\",\"@id\":\"https:\\\/\\\/www.camping-les-genets.fr\\\/de\\\/peyre\\\/\",\"url\":\"https:\\\/\\\/www.camping-les-genets.fr\\\/de\\\/peyre\\\/\",\"name\":\"Camping Peyre | Ferienunterk\u00fcnfte und Aktivit\u00e4ten in Peyre\",\"isPartOf\":{\"@id\":\"https:\\\/\\\/www.camping-les-genets.fr\\\/de\\\/#website\"},\"primaryImageOfPage\":{\"@id\":\"https:\\\/\\\/www.camping-les-genets.fr\\\/de\\\/peyre\\\/#primaryimage\"},\"image\":{\"@id\":\"https:\\\/\\\/www.camping-les-genets.fr\\\/de\\\/peyre\\\/#primaryimage\"},\"thumbnailUrl\":\"https:\\\/\\\/www.camping-les-genets.fr\\\/wp-content\\\/uploads\\\/2023\\\/09\\\/Village-medieval-en-Aveyron.webp\",\"datePublished\":\"2023-09-13T12:53:41+00:00\",\"dateModified\":\"2023-11-28T11:10:00+00:00\",\"description\":\"Auf der Suche nach einem Campingplatz in Peyre? Der Campingplatz Les Gen\u00eats **** empf\u00e4ngt Sie im Departement Aveyron und stellt Ihnen die Aktivit\u00e4ten vor, die Sie in Peyre unternehmen k\u00f6nnen!\",\"breadcrumb\":{\"@id\":\"https:\\\/\\\/www.camping-les-genets.fr\\\/de\\\/peyre\\\/#breadcrumb\"},\"inLanguage\":\"de\",\"potentialAction\":[{\"@type\":\"ReadAction\",\"target\":[\"https:\\\/\\\/www.camping-les-genets.fr\\\/de\\\/peyre\\\/\"]}]},{\"@type\":\"ImageObject\",\"inLanguage\":\"de\",\"@id\":\"https:\\\/\\\/www.camping-les-genets.fr\\\/de\\\/peyre\\\/#primaryimage\",\"url\":\"https:\\\/\\\/www.camping-les-genets.fr\\\/wp-content\\\/uploads\\\/2023\\\/09\\\/Village-medieval-en-Aveyron.webp\",\"contentUrl\":\"https:\\\/\\\/www.camping-les-genets.fr\\\/wp-content\\\/uploads\\\/2023\\\/09\\\/Village-medieval-en-Aveyron.webp\",\"width\":1920,\"height\":1278,\"caption\":\"Mittelalterliches Dorf im Aveyron\"},{\"@type\":\"BreadcrumbList\",\"@id\":\"https:\\\/\\\/www.camping-les-genets.fr\\\/de\\\/peyre\\\/#breadcrumb\",\"itemListElement\":[{\"@type\":\"ListItem\",\"position\":1,\"name\":\"Camping Aveyron\",\"item\":\"https:\\\/\\\/www.camping-les-genets.fr\\\/de\\\/\"},{\"@type\":\"ListItem\",\"position\":2,\"name\":\"Peyre\"}]},{\"@type\":\"WebSite\",\"@id\":\"https:\\\/\\\/www.camping-les-genets.fr\\\/de\\\/#website\",\"url\":\"https:\\\/\\\/www.camping-les-genets.fr\\\/de\\\/\",\"name\":\"Camping les Genets\",\"description\":\"\",\"publisher\":{\"@id\":\"https:\\\/\\\/www.camping-les-genets.fr\\\/de\\\/#organization\"},\"potentialAction\":[{\"@type\":\"SearchAction\",\"target\":{\"@type\":\"EntryPoint\",\"urlTemplate\":\"https:\\\/\\\/www.camping-les-genets.fr\\\/de\\\/?s={search_term_string}\"},\"query-input\":{\"@type\":\"PropertyValueSpecification\",\"valueRequired\":true,\"valueName\":\"search_term_string\"}}],\"inLanguage\":\"de\"},{\"@type\":\"Organization\",\"@id\":\"https:\\\/\\\/www.camping-les-genets.fr\\\/de\\\/#organization\",\"name\":\"Camping les Genets\",\"url\":\"https:\\\/\\\/www.camping-les-genets.fr\\\/de\\\/\",\"logo\":{\"@type\":\"ImageObject\",\"inLanguage\":\"de\",\"@id\":\"https:\\\/\\\/www.camping-les-genets.fr\\\/de\\\/#\\\/schema\\\/logo\\\/image\\\/\",\"url\":\"https:\\\/\\\/www.camping-les-genets.fr\\\/wp-content\\\/uploads\\\/2023\\\/07\\\/cropped-logo-camping-genets-footer.png\",\"contentUrl\":\"https:\\\/\\\/www.camping-les-genets.fr\\\/wp-content\\\/uploads\\\/2023\\\/07\\\/cropped-logo-camping-genets-footer.png\",\"width\":500,\"height\":295,\"caption\":\"Camping les Genets\"},\"image\":{\"@id\":\"https:\\\/\\\/www.camping-les-genets.fr\\\/de\\\/#\\\/schema\\\/logo\\\/image\\\/\"}}]}<\/script>\n<!-- \/ Yoast SEO plugin. -->","yoast_head_json":{"title":"Camping Peyre | Ferienunterk\u00fcnfte und Aktivit\u00e4ten in Peyre","description":"Auf der Suche nach einem Campingplatz in Peyre? Der Campingplatz Les Gen\u00eats **** empf\u00e4ngt Sie im Departement Aveyron und stellt Ihnen die Aktivit\u00e4ten vor, die Sie in Peyre unternehmen k\u00f6nnen!","robots":{"index":"index","follow":"follow","max-snippet":"max-snippet:-1","max-image-preview":"max-image-preview:large","max-video-preview":"max-video-preview:-1"},"canonical":"https:\/\/www.camping-les-genets.fr\/de\/peyre\/","og_locale":"de_DE","og_type":"article","og_title":"Camping Peyre | Ferienunterk\u00fcnfte und Aktivit\u00e4ten in Peyre","og_description":"Auf der Suche nach einem Campingplatz in Peyre? Der Campingplatz Les Gen\u00eats **** empf\u00e4ngt Sie im Departement Aveyron und stellt Ihnen die Aktivit\u00e4ten vor, die Sie in Peyre unternehmen k\u00f6nnen!","og_url":"https:\/\/www.camping-les-genets.fr\/de\/peyre\/","og_site_name":"Camping les Genets","article_modified_time":"2023-11-28T11:10:00+00:00","og_image":[{"width":1920,"height":1278,"url":"https:\/\/www.camping-les-genets.fr\/wp-content\/uploads\/2023\/09\/Village-medieval-en-Aveyron.webp","type":"image\/webp"}],"twitter_card":"summary_large_image","twitter_misc":{"Gesch\u00e4tzte Lesezeit":"1\u00a0Minute"},"schema":{"@context":"https:\/\/schema.org","@graph":[{"@type":"WebPage","@id":"https:\/\/www.camping-les-genets.fr\/de\/peyre\/","url":"https:\/\/www.camping-les-genets.fr\/de\/peyre\/","name":"Camping Peyre | Ferienunterk\u00fcnfte und Aktivit\u00e4ten in Peyre","isPartOf":{"@id":"https:\/\/www.camping-les-genets.fr\/de\/#website"},"primaryImageOfPage":{"@id":"https:\/\/www.camping-les-genets.fr\/de\/peyre\/#primaryimage"},"image":{"@id":"https:\/\/www.camping-les-genets.fr\/de\/peyre\/#primaryimage"},"thumbnailUrl":"https:\/\/www.camping-les-genets.fr\/wp-content\/uploads\/2023\/09\/Village-medieval-en-Aveyron.webp","datePublished":"2023-09-13T12:53:41+00:00","dateModified":"2023-11-28T11:10:00+00:00","description":"Auf der Suche nach einem Campingplatz in Peyre? Der Campingplatz Les Gen\u00eats **** empf\u00e4ngt Sie im Departement Aveyron und stellt Ihnen die Aktivit\u00e4ten vor, die Sie in Peyre unternehmen k\u00f6nnen!","breadcrumb":{"@id":"https:\/\/www.camping-les-genets.fr\/de\/peyre\/#breadcrumb"},"inLanguage":"de","potentialAction":[{"@type":"ReadAction","target":["https:\/\/www.camping-les-genets.fr\/de\/peyre\/"]}]},{"@type":"ImageObject","inLanguage":"de","@id":"https:\/\/www.camping-les-genets.fr\/de\/peyre\/#primaryimage","url":"https:\/\/www.camping-les-genets.fr\/wp-content\/uploads\/2023\/09\/Village-medieval-en-Aveyron.webp","contentUrl":"https:\/\/www.camping-les-genets.fr\/wp-content\/uploads\/2023\/09\/Village-medieval-en-Aveyron.webp","width":1920,"height":1278,"caption":"Mittelalterliches Dorf im Aveyron"},{"@type":"BreadcrumbList","@id":"https:\/\/www.camping-les-genets.fr\/de\/peyre\/#breadcrumb","itemListElement":[{"@type":"ListItem","position":1,"name":"Camping Aveyron","item":"https:\/\/www.camping-les-genets.fr\/de\/"},{"@type":"ListItem","position":2,"name":"Peyre"}]},{"@type":"WebSite","@id":"https:\/\/www.camping-les-genets.fr\/de\/#website","url":"https:\/\/www.camping-les-genets.fr\/de\/","name":"Camping les Genets","description":"","publisher":{"@id":"https:\/\/www.camping-les-genets.fr\/de\/#organization"},"potentialAction":[{"@type":"SearchAction","target":{"@type":"EntryPoint","urlTemplate":"https:\/\/www.camping-les-genets.fr\/de\/?s={search_term_string}"},"query-input":{"@type":"PropertyValueSpecification","valueRequired":true,"valueName":"search_term_string"}}],"inLanguage":"de"},{"@type":"Organization","@id":"https:\/\/www.camping-les-genets.fr\/de\/#organization","name":"Camping les Genets","url":"https:\/\/www.camping-les-genets.fr\/de\/","logo":{"@type":"ImageObject","inLanguage":"de","@id":"https:\/\/www.camping-les-genets.fr\/de\/#\/schema\/logo\/image\/","url":"https:\/\/www.camping-les-genets.fr\/wp-content\/uploads\/2023\/07\/cropped-logo-camping-genets-footer.png","contentUrl":"https:\/\/www.camping-les-genets.fr\/wp-content\/uploads\/2023\/07\/cropped-logo-camping-genets-footer.png","width":500,"height":295,"caption":"Camping les Genets"},"image":{"@id":"https:\/\/www.camping-les-genets.fr\/de\/#\/schema\/logo\/image\/"}}]}},"_links":{"self":[{"href":"https:\/\/www.camping-les-genets.fr\/de\/wp-json\/wp\/v2\/pages\/5129","targetHints":{"allow":["GET"]}}],"collection":[{"href":"https:\/\/www.camping-les-genets.fr\/de\/wp-json\/wp\/v2\/pages"}],"about":[{"href":"https:\/\/www.camping-les-genets.fr\/de\/wp-json\/wp\/v2\/types\/page"}],"author":[{"embeddable":true,"href":"https:\/\/www.camping-les-genets.fr\/de\/wp-json\/wp\/v2\/users\/1"}],"replies":[{"embeddable":true,"href":"https:\/\/www.camping-les-genets.fr\/de\/wp-json\/wp\/v2\/comments?post=5129"}],"version-history":[{"count":1,"href":"https:\/\/www.camping-les-genets.fr\/de\/wp-json\/wp\/v2\/pages\/5129\/revisions"}],"predecessor-version":[{"id":5130,"href":"https:\/\/www.camping-les-genets.fr\/de\/wp-json\/wp\/v2\/pages\/5129\/revisions\/5130"}],"wp:featuredmedia":[{"embeddable":true,"href":"https:\/\/www.camping-les-genets.fr\/de\/wp-json\/wp\/v2\/media\/2357"}],"wp:attachment":[{"href":"https:\/\/www.camping-les-genets.fr\/de\/wp-json\/wp\/v2\/media?parent=5129"}],"wp:term":[{"taxonomy":"sujet","embeddable":true,"href":"https:\/\/www.camping-les-genets.fr\/de\/wp-json\/wp\/v2\/sujet?post=5129"}],"curies":[{"name":"wp","href":"https:\/\/api.w.org\/{rel}","templated":true}]}}