{"id":5117,"date":"2023-09-11T15:31:10","date_gmt":"2023-09-11T13:31:10","guid":{"rendered":"https:\/\/www.camping-les-genets.fr\/soulages-museum\/"},"modified":"2025-03-24T11:46:31","modified_gmt":"2025-03-24T10:46:31","slug":"soulages-museum","status":"publish","type":"page","link":"https:\/\/www.camping-les-genets.fr\/de\/soulages-museum\/","title":{"rendered":"Soulages-Museum"},"content":{"rendered":"<section id=\"ls-section-block_5f8fced66e4afae33ac06b52c81b1691\" class=\"ls-section  page-chapeau has-p-b p-b-0\" >\r\n        <div class=\"container \">\r\n        \n\n<h1 class=\"ls__heading wp-block-heading has-text-align-center animated fadeInLeft delay-100ms slow\"><strong>Soulages-Museum<\/strong><\/h1>\n\n\r\n    <\/div>\r\n<\/section><section id=\"ls-section-block_e4af9df4b0dbc557f2c897b87619b097\" class=\"ls-section  page-one has-p-b p-b-14\" >\r\n        <div class=\"container container--full\">\r\n        \n\n<div class=\"wp-block-columns is-layout-flex wp-container-core-columns-is-layout-9d6595d7 wp-block-columns-is-layout-flex\">\n<div class=\"wp-block-column first is-layout-flow wp-block-column-is-layout-flow\" style=\"flex-basis:66.66%\">\n<figure class=\"wp-block-image size-full\"><img decoding=\"async\" width=\"2560\" height=\"1707\" src=\"https:\/\/www.camping-les-genets.fr\/wp-content\/uploads\/2023\/09\/Musee-Soulages-dart-contemporain-situe-a-Rodez-dans-lAveyron-scaled.webp\" alt=\"Soulages-Museum f&#xFC;r zeitgen&#xF6;ssische Kunst in Rodez im D&#xE9;partement Aveyron\" class=\"wp-image-1790\" srcset=\"https:\/\/www.camping-les-genets.fr\/wp-content\/uploads\/2023\/09\/Musee-Soulages-dart-contemporain-situe-a-Rodez-dans-lAveyron-scaled.webp 2560w, https:\/\/www.camping-les-genets.fr\/wp-content\/uploads\/2023\/09\/Musee-Soulages-dart-contemporain-situe-a-Rodez-dans-lAveyron-300x200.webp 300w, https:\/\/www.camping-les-genets.fr\/wp-content\/uploads\/2023\/09\/Musee-Soulages-dart-contemporain-situe-a-Rodez-dans-lAveyron-1024x683.webp 1024w, https:\/\/www.camping-les-genets.fr\/wp-content\/uploads\/2023\/09\/Musee-Soulages-dart-contemporain-situe-a-Rodez-dans-lAveyron-768x512.webp 768w, https:\/\/www.camping-les-genets.fr\/wp-content\/uploads\/2023\/09\/Musee-Soulages-dart-contemporain-situe-a-Rodez-dans-lAveyron-1536x1024.webp 1536w, https:\/\/www.camping-les-genets.fr\/wp-content\/uploads\/2023\/09\/Musee-Soulages-dart-contemporain-situe-a-Rodez-dans-lAveyron-2048x1365.webp 2048w\" sizes=\"(max-width: 2560px) 100vw, 2560px\" \/><\/figure>\n<\/div>\n\n\n\n<div class=\"wp-block-column is-vertically-aligned-center second has-color-white-background-color has-background is-layout-flow wp-block-column-is-layout-flow\" style=\"flex-basis:33.33%\">\n<h2 class=\"ls__heading wp-block-heading\">Besuch des <strong>Soulages-Museums<\/strong> in Rodez<\/h2>\n\n\n\n<p class=\"ls-paragraph\">Das im Herzen des Aveyron in Rodez gelegene <strong>Museum<\/strong> <strong>f\u00fcr<\/strong> <strong>zeitgen\u00f6ssische<\/strong> Kunst, das dem <strong>Werk<\/strong> von <strong>Soulages<\/strong> gewidmet ist, ist ein au\u00dfergew\u00f6hnlicher Ort, der nicht nur Kunstliebhaber begeistern wird.<\/p>\n\n\n\n<p class=\"ls-paragraph\">Das <strong>Mus\u00e9e Soulages<\/strong> besteht aus einer <strong>Dauerausstellung<\/strong> der Werke des franz\u00f6sischen Malers und Grafikers, einem Bereich f\u00fcr tempor\u00e4re Ausstellungen, in dem Werke gro\u00dfer internationaler K\u00fcnstler wie Picasso oder Alexander Calder ausgestellt werden, und einem <strong>Gourmetbereich<\/strong>. Das <strong>Museum<\/strong> ist ein <strong>einzigartiger<\/strong> Ort, auf den die Stadt Rodez stolz ist.<\/p>\n\n\n\n<p class=\"ls-paragraph\">Das <strong>Soulages-Museum<\/strong> ist heute ein Muss im Aveyron und von unserem <a href=\"\/\">5-Sterne-Campingplatz im Aveyron<\/a> aus in 45 Minuten mit dem Auto zu erreichen.<br\/>Mit seiner einzigartigen, vorwiegend aus Stahl bestehenden Architektur, die in einen <strong>3 Hektar gro\u00dfen Park<\/strong> eingebettet ist, und seinen <strong>6000 m2 Ausstellungsfl\u00e4che<\/strong> ist das Soulages-Museum ein au\u00dfergew\u00f6hnlicher Ort im Aveyron.  <strong>Die Dauerausstellung<\/strong> beherbergt eine Sammlung von <strong>mehr als 500 Werken und Dokumenten<\/strong>: Gem\u00e4lde auf Leinwand, Lithographien und Serigraphien, Gem\u00e4lde auf Papier, Bronze- und Kupferstiche, seine Experimente mit dem Outrenoir sowie die Vorarbeiten, die Pierre Soulages w\u00e4hrend der Gestaltung der Glasfenster der Abteikirche von Conques durchf\u00fchrte.<\/p>\n<\/div>\n<\/div>\n\n\r\n    <\/div>\r\n<\/section><section id=\"ls-section-block_672892fcbeb00faa4e545b0a3cf24a4a\" class=\"ls-section  page-two background-blu-right has-p-t p-t-14\" >\r\n        <div class=\"container container--wide\">\r\n        \n\n<div class=\"wp-block-columns is-layout-flex wp-container-core-columns-is-layout-9d6595d7 wp-block-columns-is-layout-flex\">\n<div class=\"wp-block-column is-vertically-aligned-top first is-layout-flow wp-block-column-is-layout-flow\" style=\"flex-basis:33.33%\">\n<h2 class=\"ls__heading wp-block-heading\"><strong>\u00d6ffnungszeiten und Preise<\/strong> des Soulages-Museums<\/h2>\n\n\n\n<p class=\"ls-paragraph\">Das <a href=\"https:\/\/musee-soulages-rodez.fr\/\" target=\"_blank\" rel=\"noreferrer noopener\">Soulages-Museum<\/a> empf\u00e4ngt Besucher <strong>an allen Tagen des Jahres<\/strong> au\u00dfer montags und an bestimmten Feiertagen (1. Januar, 1. Mai, 1. November und 25. Dezember). Er ist dienstags bis freitags von 10:00 bis 13:00 Uhr und von 14:00 bis 18:00 Uhr sowie samstags und sonntags von 10:00 bis 18:00 Uhr ge\u00f6ffnet. Im Juli und August bleibt er dienstags bis sonntags durchgehend von 10.00 bis 18.00 Uhr ge\u00f6ffnet. Der Preis f\u00fcr eine Eintrittskarte betr\u00e4gt 11 \u20ac f\u00fcr Erwachsene.<\/p>\n\n\n\n<p class=\"ls-paragraph\"><strong>Der Eintritt ist f\u00fcr Personen<\/strong> unter 18 Jahren, Studierende, Arbeitssuchende und bestimmte andere Zielgruppen kostenlos. <strong>Gruppen mit mehr als 10 Personen<\/strong> erhalten eine Erm\u00e4\u00dfigung (7 \u20ac pro Person). Es gibt ein <strong>Jahresabonnement<\/strong> (25 \u20ac), das ein Jahr lang freien und unbegrenzten Zugang zu drei Museen in Rodez bietet: Soulages, Fenaille und Denys-Puech. Besuchen Sie es w\u00e4hrend Ihres Aufenthalts auf einem <a href=\"https:\/\/www.camping-les-genets.fr\/fr\/camping-rodez\/\">Campingplatz in der N\u00e4he von Rodez<\/a>.<\/p>\n<\/div>\n\n\n\n<div class=\"wp-block-column second is-layout-flow wp-block-column-is-layout-flow\" style=\"flex-basis:66.66%\">\n<figure class=\"wp-block-image size-full image\"><img decoding=\"async\" width=\"2560\" height=\"1704\" src=\"https:\/\/www.camping-les-genets.fr\/wp-content\/uploads\/2023\/09\/muse-soulages-a-rodez-scaled.webp\" alt=\"muse soulages in rodez\" class=\"wp-image-1795\" srcset=\"https:\/\/www.camping-les-genets.fr\/wp-content\/uploads\/2023\/09\/muse-soulages-a-rodez-scaled.webp 2560w, https:\/\/www.camping-les-genets.fr\/wp-content\/uploads\/2023\/09\/muse-soulages-a-rodez-300x200.webp 300w, https:\/\/www.camping-les-genets.fr\/wp-content\/uploads\/2023\/09\/muse-soulages-a-rodez-1024x682.webp 1024w, https:\/\/www.camping-les-genets.fr\/wp-content\/uploads\/2023\/09\/muse-soulages-a-rodez-768x511.webp 768w, https:\/\/www.camping-les-genets.fr\/wp-content\/uploads\/2023\/09\/muse-soulages-a-rodez-1536x1022.webp 1536w, https:\/\/www.camping-les-genets.fr\/wp-content\/uploads\/2023\/09\/muse-soulages-a-rodez-2048x1363.webp 2048w\" sizes=\"(max-width: 2560px) 100vw, 2560px\" \/><\/figure>\n<\/div>\n<\/div>\n\n\r\n    <\/div>\r\n<\/section><section id=\"ls-section-block_f65c61a7ef8a79b5d61f2c2052e1c5d2\" class=\"ls-section  page-maillage has-p-t p-t-14 has-p-b p-b-14\" >\r\n        <div class=\"container container--wide\">\r\n        \n\n<div id=\"ls-heading ls-titre-div-block_4644fa27977d1c02e0f8eda2fc87d63a\" class=\"ls-titre-div aligncenter h2-like has-m-b m-b-8\" >\n    Entdecken Sie die D\u00f6rfer Peyre, Millau und Conques!  <\/div>\n\n\n<div id=\"ls-maillage-block_b9a45aad817e89ecb9c72f2b9e29ea4c\" class=\"ls-maillage slow animated fadeInUp delay-100ms cta-style-normal\" data-rows=\"3\">\r\n    <div class=\"wp-block-columns\"><div class=\"wp-block-column\">\n\n<a href=\"https:\/\/www.camping-les-genets.fr\/de\/tourisme-conques\/\" target=\"\" rel=\"noopener\" class=\"ls-cta__link\">\n\n\t<div class=\"ls-cta__image\"><img decoding=\"async\" src=\"https:\/\/www.camping-les-genets.fr\/wp-content\/uploads\/2023\/09\/Beau-paysage-dans-lAveyron-768x512.webp\" alt=\"Sch\u00f6ne Landschaft im Aveyron\"><\/div>\n\t<div class=\"ls-cta__title\">\n\t\tConques\t<\/div>\n\n\t\t\n<\/a><\/div><div class=\"wp-block-column\">\n\n<a href=\"https:\/\/www.camping-les-genets.fr\/de\/?page_id=7074\" target=\"\" rel=\"noopener\" class=\"ls-cta__link\">\n\n\t<div class=\"ls-cta__image\"><img decoding=\"async\" src=\"https:\/\/www.camping-les-genets.fr\/wp-content\/uploads\/2025\/01\/musee-fenaille-768x510.jpg\" alt=\"Das Fenaille-Museum\"><\/div>\n\t<div class=\"ls-cta__title\">\n\t\tFenaille-Museum\t<\/div>\n\n\t\t\n<\/a><\/div><div class=\"wp-block-column\">\n\n<a href=\"https:\/\/www.camping-les-genets.fr\/de\/?page_id=7117\" target=\"\" rel=\"noopener\" class=\"ls-cta__link\">\n\n\t<div class=\"ls-cta__image\"><img decoding=\"async\" src=\"https:\/\/www.camping-les-genets.fr\/wp-content\/uploads\/2025\/03\/musee-denys-puech-a-rodez.jpg\" alt=\"Museum Denys Puech in Rodez\"><\/div>\n\t<div class=\"ls-cta__title\">\n\t\tDas Denys Puech Museum\t<\/div>\n\n\t\t\n<\/a><\/div><\/div><\/div>\n\r\n    <\/div>\r\n<\/section>","protected":false},"excerpt":{"rendered":"","protected":false},"author":1,"featured_media":1788,"parent":0,"menu_order":0,"comment_status":"closed","ping_status":"closed","template":"","meta":{"_acf_changed":false,"inline_featured_image":false,"footnotes":""},"sujet":[],"class_list":["post-5117","page","type-page","status-publish","has-post-thumbnail","hentry"],"acf":[],"yoast_head":"<!-- This site is optimized with the Yoast SEO plugin v27.3 - https:\/\/yoast.com\/product\/yoast-seo-wordpress\/ -->\n<title>Museum Soulages Rodez : Besichtigung, Preise und \u00d6ffnungszeiten des Museums Soulages<\/title>\n<meta name=\"description\" content=\"Haben Sie Lust, w\u00e4hrend Ihres Urlaubs im Departement Aveyron das Museum Pierre Soulages in Rodez zu besuchen? Der Campingplatz Les Gen\u00eats gibt Ihnen alle Details!\" \/>\n<meta name=\"robots\" content=\"index, follow, max-snippet:-1, max-image-preview:large, max-video-preview:-1\" \/>\n<link rel=\"canonical\" href=\"https:\/\/www.camping-les-genets.fr\/de\/soulages-museum\/\" \/>\n<meta property=\"og:locale\" content=\"de_DE\" \/>\n<meta property=\"og:type\" content=\"article\" \/>\n<meta property=\"og:title\" content=\"Museum Soulages Rodez : Besichtigung, Preise und \u00d6ffnungszeiten des Museums Soulages\" \/>\n<meta property=\"og:description\" content=\"Haben Sie Lust, w\u00e4hrend Ihres Urlaubs im Departement Aveyron das Museum Pierre Soulages in Rodez zu besuchen? Der Campingplatz Les Gen\u00eats gibt Ihnen alle Details!\" \/>\n<meta property=\"og:url\" content=\"https:\/\/www.camping-les-genets.fr\/de\/soulages-museum\/\" \/>\n<meta property=\"og:site_name\" content=\"Camping les Genets\" \/>\n<meta property=\"article:modified_time\" content=\"2025-03-24T10:46:31+00:00\" \/>\n<meta property=\"og:image\" content=\"https:\/\/www.camping-les-genets.fr\/wp-content\/uploads\/2023\/09\/Musee-Soulages-dart-contemporain-situe-a-Rodez-scaled-e1694440498669.webp\" \/>\n\t<meta property=\"og:image:width\" content=\"2560\" \/>\n\t<meta property=\"og:image:height\" content=\"1707\" \/>\n\t<meta property=\"og:image:type\" content=\"image\/webp\" \/>\n<meta name=\"twitter:card\" content=\"summary_large_image\" \/>\n<meta name=\"twitter:label1\" content=\"Gesch\u00e4tzte Lesezeit\" \/>\n\t<meta name=\"twitter:data1\" content=\"2\u00a0Minuten\" \/>\n<script type=\"application\/ld+json\" class=\"yoast-schema-graph\">{\"@context\":\"https:\\\/\\\/schema.org\",\"@graph\":[{\"@type\":\"WebPage\",\"@id\":\"https:\\\/\\\/www.camping-les-genets.fr\\\/de\\\/soulages-museum\\\/\",\"url\":\"https:\\\/\\\/www.camping-les-genets.fr\\\/de\\\/soulages-museum\\\/\",\"name\":\"Museum Soulages Rodez : Besichtigung, Preise und \u00d6ffnungszeiten des Museums Soulages\",\"isPartOf\":{\"@id\":\"https:\\\/\\\/www.camping-les-genets.fr\\\/de\\\/#website\"},\"primaryImageOfPage\":{\"@id\":\"https:\\\/\\\/www.camping-les-genets.fr\\\/de\\\/soulages-museum\\\/#primaryimage\"},\"image\":{\"@id\":\"https:\\\/\\\/www.camping-les-genets.fr\\\/de\\\/soulages-museum\\\/#primaryimage\"},\"thumbnailUrl\":\"https:\\\/\\\/www.camping-les-genets.fr\\\/wp-content\\\/uploads\\\/2023\\\/09\\\/Musee-Soulages-dart-contemporain-situe-a-Rodez-scaled-e1694440498669.webp\",\"datePublished\":\"2023-09-11T13:31:10+00:00\",\"dateModified\":\"2025-03-24T10:46:31+00:00\",\"description\":\"Haben Sie Lust, w\u00e4hrend Ihres Urlaubs im Departement Aveyron das Museum Pierre Soulages in Rodez zu besuchen? Der Campingplatz Les Gen\u00eats gibt Ihnen alle Details!\",\"breadcrumb\":{\"@id\":\"https:\\\/\\\/www.camping-les-genets.fr\\\/de\\\/soulages-museum\\\/#breadcrumb\"},\"inLanguage\":\"de\",\"potentialAction\":[{\"@type\":\"ReadAction\",\"target\":[\"https:\\\/\\\/www.camping-les-genets.fr\\\/de\\\/soulages-museum\\\/\"]}]},{\"@type\":\"ImageObject\",\"inLanguage\":\"de\",\"@id\":\"https:\\\/\\\/www.camping-les-genets.fr\\\/de\\\/soulages-museum\\\/#primaryimage\",\"url\":\"https:\\\/\\\/www.camping-les-genets.fr\\\/wp-content\\\/uploads\\\/2023\\\/09\\\/Musee-Soulages-dart-contemporain-situe-a-Rodez-scaled-e1694440498669.webp\",\"contentUrl\":\"https:\\\/\\\/www.camping-les-genets.fr\\\/wp-content\\\/uploads\\\/2023\\\/09\\\/Musee-Soulages-dart-contemporain-situe-a-Rodez-scaled-e1694440498669.webp\",\"width\":2560,\"height\":1707,\"caption\":\"Soulages-Museum f\u00fcr zeitgen\u00f6ssische Kunst in Rodez\"},{\"@type\":\"BreadcrumbList\",\"@id\":\"https:\\\/\\\/www.camping-les-genets.fr\\\/de\\\/soulages-museum\\\/#breadcrumb\",\"itemListElement\":[{\"@type\":\"ListItem\",\"position\":1,\"name\":\"Camping Aveyron\",\"item\":\"https:\\\/\\\/www.camping-les-genets.fr\\\/de\\\/\"},{\"@type\":\"ListItem\",\"position\":2,\"name\":\"Das Soulages-Museum in Rodez\"}]},{\"@type\":\"WebSite\",\"@id\":\"https:\\\/\\\/www.camping-les-genets.fr\\\/de\\\/#website\",\"url\":\"https:\\\/\\\/www.camping-les-genets.fr\\\/de\\\/\",\"name\":\"Camping les Genets\",\"description\":\"\",\"publisher\":{\"@id\":\"https:\\\/\\\/www.camping-les-genets.fr\\\/de\\\/#organization\"},\"potentialAction\":[{\"@type\":\"SearchAction\",\"target\":{\"@type\":\"EntryPoint\",\"urlTemplate\":\"https:\\\/\\\/www.camping-les-genets.fr\\\/de\\\/?s={search_term_string}\"},\"query-input\":{\"@type\":\"PropertyValueSpecification\",\"valueRequired\":true,\"valueName\":\"search_term_string\"}}],\"inLanguage\":\"de\"},{\"@type\":\"Organization\",\"@id\":\"https:\\\/\\\/www.camping-les-genets.fr\\\/de\\\/#organization\",\"name\":\"Camping les Genets\",\"url\":\"https:\\\/\\\/www.camping-les-genets.fr\\\/de\\\/\",\"logo\":{\"@type\":\"ImageObject\",\"inLanguage\":\"de\",\"@id\":\"https:\\\/\\\/www.camping-les-genets.fr\\\/de\\\/#\\\/schema\\\/logo\\\/image\\\/\",\"url\":\"https:\\\/\\\/www.camping-les-genets.fr\\\/wp-content\\\/uploads\\\/2023\\\/07\\\/cropped-logo-camping-genets-footer.png\",\"contentUrl\":\"https:\\\/\\\/www.camping-les-genets.fr\\\/wp-content\\\/uploads\\\/2023\\\/07\\\/cropped-logo-camping-genets-footer.png\",\"width\":500,\"height\":295,\"caption\":\"Camping les Genets\"},\"image\":{\"@id\":\"https:\\\/\\\/www.camping-les-genets.fr\\\/de\\\/#\\\/schema\\\/logo\\\/image\\\/\"}}]}<\/script>\n<!-- \/ Yoast SEO plugin. -->","yoast_head_json":{"title":"Museum Soulages Rodez : Besichtigung, Preise und \u00d6ffnungszeiten des Museums Soulages","description":"Haben Sie Lust, w\u00e4hrend Ihres Urlaubs im Departement Aveyron das Museum Pierre Soulages in Rodez zu besuchen? Der Campingplatz Les Gen\u00eats gibt Ihnen alle Details!","robots":{"index":"index","follow":"follow","max-snippet":"max-snippet:-1","max-image-preview":"max-image-preview:large","max-video-preview":"max-video-preview:-1"},"canonical":"https:\/\/www.camping-les-genets.fr\/de\/soulages-museum\/","og_locale":"de_DE","og_type":"article","og_title":"Museum Soulages Rodez : Besichtigung, Preise und \u00d6ffnungszeiten des Museums Soulages","og_description":"Haben Sie Lust, w\u00e4hrend Ihres Urlaubs im Departement Aveyron das Museum Pierre Soulages in Rodez zu besuchen? Der Campingplatz Les Gen\u00eats gibt Ihnen alle Details!","og_url":"https:\/\/www.camping-les-genets.fr\/de\/soulages-museum\/","og_site_name":"Camping les Genets","article_modified_time":"2025-03-24T10:46:31+00:00","og_image":[{"width":2560,"height":1707,"url":"https:\/\/www.camping-les-genets.fr\/wp-content\/uploads\/2023\/09\/Musee-Soulages-dart-contemporain-situe-a-Rodez-scaled-e1694440498669.webp","type":"image\/webp"}],"twitter_card":"summary_large_image","twitter_misc":{"Gesch\u00e4tzte Lesezeit":"2\u00a0Minuten"},"schema":{"@context":"https:\/\/schema.org","@graph":[{"@type":"WebPage","@id":"https:\/\/www.camping-les-genets.fr\/de\/soulages-museum\/","url":"https:\/\/www.camping-les-genets.fr\/de\/soulages-museum\/","name":"Museum Soulages Rodez : Besichtigung, Preise und \u00d6ffnungszeiten des Museums Soulages","isPartOf":{"@id":"https:\/\/www.camping-les-genets.fr\/de\/#website"},"primaryImageOfPage":{"@id":"https:\/\/www.camping-les-genets.fr\/de\/soulages-museum\/#primaryimage"},"image":{"@id":"https:\/\/www.camping-les-genets.fr\/de\/soulages-museum\/#primaryimage"},"thumbnailUrl":"https:\/\/www.camping-les-genets.fr\/wp-content\/uploads\/2023\/09\/Musee-Soulages-dart-contemporain-situe-a-Rodez-scaled-e1694440498669.webp","datePublished":"2023-09-11T13:31:10+00:00","dateModified":"2025-03-24T10:46:31+00:00","description":"Haben Sie Lust, w\u00e4hrend Ihres Urlaubs im Departement Aveyron das Museum Pierre Soulages in Rodez zu besuchen? Der Campingplatz Les Gen\u00eats gibt Ihnen alle Details!","breadcrumb":{"@id":"https:\/\/www.camping-les-genets.fr\/de\/soulages-museum\/#breadcrumb"},"inLanguage":"de","potentialAction":[{"@type":"ReadAction","target":["https:\/\/www.camping-les-genets.fr\/de\/soulages-museum\/"]}]},{"@type":"ImageObject","inLanguage":"de","@id":"https:\/\/www.camping-les-genets.fr\/de\/soulages-museum\/#primaryimage","url":"https:\/\/www.camping-les-genets.fr\/wp-content\/uploads\/2023\/09\/Musee-Soulages-dart-contemporain-situe-a-Rodez-scaled-e1694440498669.webp","contentUrl":"https:\/\/www.camping-les-genets.fr\/wp-content\/uploads\/2023\/09\/Musee-Soulages-dart-contemporain-situe-a-Rodez-scaled-e1694440498669.webp","width":2560,"height":1707,"caption":"Soulages-Museum f\u00fcr zeitgen\u00f6ssische Kunst in Rodez"},{"@type":"BreadcrumbList","@id":"https:\/\/www.camping-les-genets.fr\/de\/soulages-museum\/#breadcrumb","itemListElement":[{"@type":"ListItem","position":1,"name":"Camping Aveyron","item":"https:\/\/www.camping-les-genets.fr\/de\/"},{"@type":"ListItem","position":2,"name":"Das Soulages-Museum in Rodez"}]},{"@type":"WebSite","@id":"https:\/\/www.camping-les-genets.fr\/de\/#website","url":"https:\/\/www.camping-les-genets.fr\/de\/","name":"Camping les Genets","description":"","publisher":{"@id":"https:\/\/www.camping-les-genets.fr\/de\/#organization"},"potentialAction":[{"@type":"SearchAction","target":{"@type":"EntryPoint","urlTemplate":"https:\/\/www.camping-les-genets.fr\/de\/?s={search_term_string}"},"query-input":{"@type":"PropertyValueSpecification","valueRequired":true,"valueName":"search_term_string"}}],"inLanguage":"de"},{"@type":"Organization","@id":"https:\/\/www.camping-les-genets.fr\/de\/#organization","name":"Camping les Genets","url":"https:\/\/www.camping-les-genets.fr\/de\/","logo":{"@type":"ImageObject","inLanguage":"de","@id":"https:\/\/www.camping-les-genets.fr\/de\/#\/schema\/logo\/image\/","url":"https:\/\/www.camping-les-genets.fr\/wp-content\/uploads\/2023\/07\/cropped-logo-camping-genets-footer.png","contentUrl":"https:\/\/www.camping-les-genets.fr\/wp-content\/uploads\/2023\/07\/cropped-logo-camping-genets-footer.png","width":500,"height":295,"caption":"Camping les Genets"},"image":{"@id":"https:\/\/www.camping-les-genets.fr\/de\/#\/schema\/logo\/image\/"}}]}},"_links":{"self":[{"href":"https:\/\/www.camping-les-genets.fr\/de\/wp-json\/wp\/v2\/pages\/5117","targetHints":{"allow":["GET"]}}],"collection":[{"href":"https:\/\/www.camping-les-genets.fr\/de\/wp-json\/wp\/v2\/pages"}],"about":[{"href":"https:\/\/www.camping-les-genets.fr\/de\/wp-json\/wp\/v2\/types\/page"}],"author":[{"embeddable":true,"href":"https:\/\/www.camping-les-genets.fr\/de\/wp-json\/wp\/v2\/users\/1"}],"replies":[{"embeddable":true,"href":"https:\/\/www.camping-les-genets.fr\/de\/wp-json\/wp\/v2\/comments?post=5117"}],"version-history":[{"count":3,"href":"https:\/\/www.camping-les-genets.fr\/de\/wp-json\/wp\/v2\/pages\/5117\/revisions"}],"predecessor-version":[{"id":7180,"href":"https:\/\/www.camping-les-genets.fr\/de\/wp-json\/wp\/v2\/pages\/5117\/revisions\/7180"}],"wp:featuredmedia":[{"embeddable":true,"href":"https:\/\/www.camping-les-genets.fr\/de\/wp-json\/wp\/v2\/media\/1788"}],"wp:attachment":[{"href":"https:\/\/www.camping-les-genets.fr\/de\/wp-json\/wp\/v2\/media?parent=5117"}],"wp:term":[{"taxonomy":"sujet","embeddable":true,"href":"https:\/\/www.camping-les-genets.fr\/de\/wp-json\/wp\/v2\/sujet?post=5117"}],"curies":[{"name":"wp","href":"https:\/\/api.w.org\/{rel}","templated":true}]}}