{"id":5081,"date":"2023-09-12T09:15:28","date_gmt":"2023-09-12T07:15:28","guid":{"rendered":"https:\/\/www.camping-les-genets.fr\/der-turm-von-peyrebrune\/"},"modified":"2023-11-28T11:51:37","modified_gmt":"2023-11-28T10:51:37","slug":"der-turm-von-peyrebrune","status":"publish","type":"page","link":"https:\/\/www.camping-les-genets.fr\/de\/der-turm-von-peyrebrune\/","title":{"rendered":"Der Turm von Peyrebrune"},"content":{"rendered":"<section id=\"ls-section-block_44c582353287704a08505280e6e68ada\" class=\"ls-section  page-chapeau has-p-b p-b-0\" >\r\n        <div class=\"container \">\r\n        \n\n<h1 class=\"ls__heading wp-block-heading has-text-align-center animated fadeInLeft delay-100ms slow\">Der <strong>Turm von Peyrebrune<\/strong><\/h1>\n\n\r\n    <\/div>\r\n<\/section><section id=\"ls-section-block_c558df6856668dc31ed60a9d2b21d714\" class=\"ls-section  page-one has-p-b p-b-14\" >\r\n        <div class=\"container container--full\">\r\n        \n\n<div class=\"wp-block-columns is-layout-flex wp-container-core-columns-is-layout-9d6595d7 wp-block-columns-is-layout-flex\">\n<div class=\"wp-block-column first is-layout-flow wp-block-column-is-layout-flow\" style=\"flex-basis:66.66%\">\n<figure class=\"wp-block-image size-full\"><img decoding=\"async\" width=\"1707\" height=\"2560\" src=\"https:\/\/www.camping-les-genets.fr\/wp-content\/uploads\/2023\/09\/Village-en-Aveyron-scaled.webp\" alt=\"Dorf in Aveyron\" class=\"wp-image-2218\" style=\"aspect-ratio:3\/2;object-fit:cover\" srcset=\"https:\/\/www.camping-les-genets.fr\/wp-content\/uploads\/2023\/09\/Village-en-Aveyron-scaled.webp 1707w, https:\/\/www.camping-les-genets.fr\/wp-content\/uploads\/2023\/09\/Village-en-Aveyron-200x300.webp 200w, https:\/\/www.camping-les-genets.fr\/wp-content\/uploads\/2023\/09\/Village-en-Aveyron-683x1024.webp 683w, https:\/\/www.camping-les-genets.fr\/wp-content\/uploads\/2023\/09\/Village-en-Aveyron-768x1152.webp 768w, https:\/\/www.camping-les-genets.fr\/wp-content\/uploads\/2023\/09\/Village-en-Aveyron-1024x1536.webp 1024w, https:\/\/www.camping-les-genets.fr\/wp-content\/uploads\/2023\/09\/Village-en-Aveyron-1365x2048.webp 1365w\" sizes=\"(max-width: 1707px) 100vw, 1707px\" \/><\/figure>\n<\/div>\n\n\n\n<div class=\"wp-block-column is-vertically-aligned-center second has-color-white-background-color has-background is-layout-flow wp-block-column-is-layout-flow\" style=\"flex-basis:33.33%\">\n<h2 class=\"ls__heading wp-block-heading\"><strong>Urlaub<\/strong> in Alrance<\/h2>\n\n\n\n<p class=\"ls-paragraph\">Verpassen Sie w\u00e4hrend Ihres Aufenthalts in Alrance nicht den <a href=\"https:\/\/www.tourisme-aveyron.com\/fr\/diffusio\/patrimoine-culturel-visites\/tour-de-peyrebrune-alrance_TFO026996042835\" target=\"_blank\" rel=\"noreferrer noopener\">Besuch des Tour de Peyrebrune<\/a>! Weniger als 13 km vom Campingplatz Les Gen\u00eats entfernt \u00fcberragt der <strong>Turm von Peyrebrune<\/strong> das Tal des Alrance. Zu Beginn des Besuchs <strong>wird<\/strong> ein <strong>Film gezeigt<\/strong>, der Sie in die Geschichte von Alrance eintauchen l\u00e4sst.  <br\/><br\/>Danach beginnt der Aufstieg auf den Turm, der am Ziel mit einem <strong>einzigartigen Ausblick \u00fcber das Tal und den See von Villefranche-de-Panat<\/strong> belohnt wird. An den Orientierungstischen k\u00f6nnen Sie die umliegenden Naturgebiete und D\u00f6rfer bis hin zu den Pyren\u00e4en ausfindig machen.<br\/><br\/>Das kleine Dorf Alrance ist au\u00dferdem f\u00fcr seine Kirchen Alrance und La Capelle-Farcel sowie f\u00fcr den See von Villefranche de Panat bekannt, der nach seiner Nachbargemeinde benannt ist.  <br\/><br\/>Im Herzen des Seenlandes, auf dem L\u00e9vezou, tauchen Sie hier in eine <strong>traditionelle Atmosph\u00e4re<\/strong> im Herzen des Aveyron ein. Ein garantierter Tapetenwechsel.<\/p>\n<\/div>\n<\/div>\n\n\r\n    <\/div>\r\n<\/section><section id=\"ls-section-block_11778588d8d2ff937690b6cd30d67493\" class=\"ls-section \" >\r\n        <div class=\"container container--wide\">\r\n        \n\n<div class=\"wp-block-columns is-layout-flex wp-container-core-columns-is-layout-9d6595d7 wp-block-columns-is-layout-flex\">\n<div class=\"wp-block-column first is-layout-flow wp-block-column-is-layout-flow\">\n<h2 class=\"ls__heading wp-block-heading\">Route <strong>Camping Alrance<\/strong><\/h2>\n\n\n\n<p class=\"ls-paragraph\">Der Turm von Peyrebrune liegt etwa zwanzig Autominuten vom <a href=\"https:\/\/www.camping-les-genets.fr\/de\/\">4-Sterne-Campingplatz Les Gen\u00eats<\/a> entfernt. Nehmen Sie die D577 in Richtung Alrance. Sie sehen den Turm zu Ihrer Linken, bevor Sie Alrance erreichen.<\/p>\n\n\n\n<p class=\"ls-paragraph\">Haben Sie den Panoramablick \u00fcber das Tal und den See genossen? Machen Sie einen Abstecher nach Durenque, bevor Sie den R\u00fcckweg antreten. Die Gemeinde beherbergt in der M\u00fchle von Roupeyrac ein <strong>Museum, das dem Dichter Fran\u00e7ois Fabi\u00e9 gewidmet<\/strong> ist.<\/p>\n<\/div>\n\n\n\n<div class=\"wp-block-column is-vertically-aligned-center second is-layout-flow wp-block-column-is-layout-flow\" style=\"flex-basis:800px\">\n<iframe src=\"https:\/\/www.google.com\/maps\/embed?pb=!1m28!1m12!1m3!1d45797.75738949524!2d2.68361224361575!3d44.15844242425846!2m3!1f0!2f0!3f0!3m2!1i1024!2i768!4f13.1!4m13!3e0!4m5!1s0x12b2683ba8eaa029%3A0x9e3dc1bbe65d1b4b!2sCamping%20les%20Gen%C3%AAts%20%7C%20Camping%20Aveyron%2C%20Lac%20de%20Pareloup%2C%20Salles-Curan!3m2!1d44.1894481!2d2.7667329!4m5!1s0x12b26c1980fef9a9%3A0x830461383c5e2f23!2sAlrance!3m2!1d44.13133!2d2.682849!5e0!3m2!1sfr!2sfr!4v1694591566851!5m2!1sfr!2sfr\" width=\"800\" height=\"600\" style=\"border:0;\" allowfullscreen=\"\" loading=\"lazy\" referrerpolicy=\"no-referrer-when-downgrade\"><\/iframe>\n<\/div>\n<\/div>\n\n\r\n    <\/div>\r\n<\/section><section id=\"ls-section-block_7c81795496dac05766a9d54d655c2a93\" class=\"ls-section  page-maillage has-p-t p-t-14 has-p-b p-b-14\" >\r\n        <div class=\"container container--wide\">\r\n        \n\n<div id=\"ls-heading ls-titre-div-block_8391d374965ef1b4be1e56c4f6d3c858\" class=\"ls-titre-div aligncenter h2-like has-m-b m-b-8\" >\n    Entdecken Sie die Stadt Rodez, die Aubrac-K\u00fche und das Wandern im Aveyron!<\/div>\n\n\n<div id=\"ls-maillage-block_8d54b2808ade792d6b11d671ebfc3bb1\" class=\"ls-maillage slow animated fadeInUp delay-100ms cta-style-normal\" data-rows=\"3\">\r\n    <div class=\"wp-block-columns\"><div class=\"wp-block-column\">\n\n<a href=\"https:\/\/www.camping-les-genets.fr\/de\/wandern-im-aveyron\/\" target=\"\" rel=\"noopener\" class=\"ls-cta__link\">\n\n\t<div class=\"ls-cta__image\"><img decoding=\"async\" src=\"https:\/\/www.camping-les-genets.fr\/wp-content\/uploads\/2023\/09\/Randonnee-pedestre-dans-lAveyron-768x1152.webp\" alt=\"Wandern im Aveyron\"><\/div>\n\t<div class=\"ls-cta__title\">\n\t\tWandern im Aveyron\t<\/div>\n\n\t\t\n<\/a><\/div><div class=\"wp-block-column\">\n\n<a href=\"https:\/\/www.camping-les-genets.fr\/de\/tourisme-rodez\/\" target=\"\" rel=\"noopener\" class=\"ls-cta__link\">\n\n\t<div class=\"ls-cta__image\"><img decoding=\"async\" src=\"https:\/\/www.camping-les-genets.fr\/wp-content\/uploads\/2023\/09\/Sunset-a-Rodez-proche-du-camping-les-genets-copie-768x953.webp\" alt=\"Sunset in Rodez in der N\u00e4he des Campingplatzes les genets\"><\/div>\n\t<div class=\"ls-cta__title\">\n\t\tRodez\t<\/div>\n\n\t\t\n<\/a><\/div><div class=\"wp-block-column\">\n\n<a href=\"https:\/\/www.camping-les-genets.fr\/de\/tourisme-aubrac\/\" target=\"\" rel=\"noopener\" class=\"ls-cta__link\">\n\n\t<div class=\"ls-cta__image\"><img decoding=\"async\" src=\"https:\/\/www.camping-les-genets.fr\/wp-content\/uploads\/2023\/09\/Vaches-a-Aubrac-768x1036.webp\" alt=\"K\u00fche in Aubrac\"><\/div>\n\t<div class=\"ls-cta__title\">\n\t\tAubrac-K\u00fche\t<\/div>\n\n\t\t\n<\/a><\/div><\/div><\/div>\n\r\n    <\/div>\r\n<\/section>","protected":false},"excerpt":{"rendered":"","protected":false},"author":1,"featured_media":2231,"parent":0,"menu_order":0,"comment_status":"closed","ping_status":"closed","template":"","meta":{"_acf_changed":false,"inline_featured_image":false,"footnotes":""},"sujet":[],"class_list":["post-5081","page","type-page","status-publish","has-post-thumbnail","hentry"],"acf":[],"yoast_head":"<!-- This site is optimized with the Yoast SEO plugin v27.3 - https:\/\/yoast.com\/product\/yoast-seo-wordpress\/ -->\n<title>Camping Alrance | Ferienunterk\u00fcnfte und Aktivit\u00e4ten in Alrance<\/title>\n<meta name=\"description\" content=\"\u00be auf der Suche nach einem Campingplatz in Alrance? Der Campingplatz Les Gen\u00eats **** hei\u00dft Sie im Departement Aveyron willkommen und stellt Ihnen die Aktivit\u00e4ten vor, die Sie in Alrance unternehmen k\u00f6nnen!\" \/>\n<meta name=\"robots\" content=\"index, follow, max-snippet:-1, max-image-preview:large, max-video-preview:-1\" \/>\n<link rel=\"canonical\" href=\"https:\/\/www.camping-les-genets.fr\/de\/der-turm-von-peyrebrune\/\" \/>\n<meta property=\"og:locale\" content=\"de_DE\" \/>\n<meta property=\"og:type\" content=\"article\" \/>\n<meta property=\"og:title\" content=\"Camping Alrance | Ferienunterk\u00fcnfte und Aktivit\u00e4ten in Alrance\" \/>\n<meta property=\"og:description\" content=\"\u00be auf der Suche nach einem Campingplatz in Alrance? Der Campingplatz Les Gen\u00eats **** hei\u00dft Sie im Departement Aveyron willkommen und stellt Ihnen die Aktivit\u00e4ten vor, die Sie in Alrance unternehmen k\u00f6nnen!\" \/>\n<meta property=\"og:url\" content=\"https:\/\/www.camping-les-genets.fr\/de\/der-turm-von-peyrebrune\/\" \/>\n<meta property=\"og:site_name\" content=\"Camping les Genets\" \/>\n<meta property=\"article:modified_time\" content=\"2023-11-28T10:51:37+00:00\" \/>\n<meta property=\"og:image\" content=\"https:\/\/www.camping-les-genets.fr\/wp-content\/uploads\/2023\/09\/Montagne-en-Aveyron.webp\" \/>\n\t<meta property=\"og:image:width\" content=\"1920\" \/>\n\t<meta property=\"og:image:height\" content=\"1081\" \/>\n\t<meta property=\"og:image:type\" content=\"image\/webp\" \/>\n<meta name=\"twitter:card\" content=\"summary_large_image\" \/>\n<meta name=\"twitter:label1\" content=\"Gesch\u00e4tzte Lesezeit\" \/>\n\t<meta name=\"twitter:data1\" content=\"1\u00a0Minute\" \/>\n<script type=\"application\/ld+json\" class=\"yoast-schema-graph\">{\"@context\":\"https:\\\/\\\/schema.org\",\"@graph\":[{\"@type\":\"WebPage\",\"@id\":\"https:\\\/\\\/www.camping-les-genets.fr\\\/de\\\/der-turm-von-peyrebrune\\\/\",\"url\":\"https:\\\/\\\/www.camping-les-genets.fr\\\/de\\\/der-turm-von-peyrebrune\\\/\",\"name\":\"Camping Alrance | Ferienunterk\u00fcnfte und Aktivit\u00e4ten in Alrance\",\"isPartOf\":{\"@id\":\"https:\\\/\\\/www.camping-les-genets.fr\\\/de\\\/#website\"},\"primaryImageOfPage\":{\"@id\":\"https:\\\/\\\/www.camping-les-genets.fr\\\/de\\\/der-turm-von-peyrebrune\\\/#primaryimage\"},\"image\":{\"@id\":\"https:\\\/\\\/www.camping-les-genets.fr\\\/de\\\/der-turm-von-peyrebrune\\\/#primaryimage\"},\"thumbnailUrl\":\"https:\\\/\\\/www.camping-les-genets.fr\\\/wp-content\\\/uploads\\\/2023\\\/09\\\/Montagne-en-Aveyron.webp\",\"datePublished\":\"2023-09-12T07:15:28+00:00\",\"dateModified\":\"2023-11-28T10:51:37+00:00\",\"description\":\"\u00be auf der Suche nach einem Campingplatz in Alrance? Der Campingplatz Les Gen\u00eats **** hei\u00dft Sie im Departement Aveyron willkommen und stellt Ihnen die Aktivit\u00e4ten vor, die Sie in Alrance unternehmen k\u00f6nnen!\",\"breadcrumb\":{\"@id\":\"https:\\\/\\\/www.camping-les-genets.fr\\\/de\\\/der-turm-von-peyrebrune\\\/#breadcrumb\"},\"inLanguage\":\"de\",\"potentialAction\":[{\"@type\":\"ReadAction\",\"target\":[\"https:\\\/\\\/www.camping-les-genets.fr\\\/de\\\/der-turm-von-peyrebrune\\\/\"]}]},{\"@type\":\"ImageObject\",\"inLanguage\":\"de\",\"@id\":\"https:\\\/\\\/www.camping-les-genets.fr\\\/de\\\/der-turm-von-peyrebrune\\\/#primaryimage\",\"url\":\"https:\\\/\\\/www.camping-les-genets.fr\\\/wp-content\\\/uploads\\\/2023\\\/09\\\/Montagne-en-Aveyron.webp\",\"contentUrl\":\"https:\\\/\\\/www.camping-les-genets.fr\\\/wp-content\\\/uploads\\\/2023\\\/09\\\/Montagne-en-Aveyron.webp\",\"width\":1920,\"height\":1081,\"caption\":\"Berge in Aveyron\"},{\"@type\":\"BreadcrumbList\",\"@id\":\"https:\\\/\\\/www.camping-les-genets.fr\\\/de\\\/der-turm-von-peyrebrune\\\/#breadcrumb\",\"itemListElement\":[{\"@type\":\"ListItem\",\"position\":1,\"name\":\"Camping Aveyron\",\"item\":\"https:\\\/\\\/www.camping-les-genets.fr\\\/de\\\/\"},{\"@type\":\"ListItem\",\"position\":2,\"name\":\"Der Turm von Peyrebrune\"}]},{\"@type\":\"WebSite\",\"@id\":\"https:\\\/\\\/www.camping-les-genets.fr\\\/de\\\/#website\",\"url\":\"https:\\\/\\\/www.camping-les-genets.fr\\\/de\\\/\",\"name\":\"Camping les Genets\",\"description\":\"\",\"publisher\":{\"@id\":\"https:\\\/\\\/www.camping-les-genets.fr\\\/de\\\/#organization\"},\"potentialAction\":[{\"@type\":\"SearchAction\",\"target\":{\"@type\":\"EntryPoint\",\"urlTemplate\":\"https:\\\/\\\/www.camping-les-genets.fr\\\/de\\\/?s={search_term_string}\"},\"query-input\":{\"@type\":\"PropertyValueSpecification\",\"valueRequired\":true,\"valueName\":\"search_term_string\"}}],\"inLanguage\":\"de\"},{\"@type\":\"Organization\",\"@id\":\"https:\\\/\\\/www.camping-les-genets.fr\\\/de\\\/#organization\",\"name\":\"Camping les Genets\",\"url\":\"https:\\\/\\\/www.camping-les-genets.fr\\\/de\\\/\",\"logo\":{\"@type\":\"ImageObject\",\"inLanguage\":\"de\",\"@id\":\"https:\\\/\\\/www.camping-les-genets.fr\\\/de\\\/#\\\/schema\\\/logo\\\/image\\\/\",\"url\":\"https:\\\/\\\/www.camping-les-genets.fr\\\/wp-content\\\/uploads\\\/2023\\\/07\\\/cropped-logo-camping-genets-footer.png\",\"contentUrl\":\"https:\\\/\\\/www.camping-les-genets.fr\\\/wp-content\\\/uploads\\\/2023\\\/07\\\/cropped-logo-camping-genets-footer.png\",\"width\":500,\"height\":295,\"caption\":\"Camping les Genets\"},\"image\":{\"@id\":\"https:\\\/\\\/www.camping-les-genets.fr\\\/de\\\/#\\\/schema\\\/logo\\\/image\\\/\"}}]}<\/script>\n<!-- \/ Yoast SEO plugin. -->","yoast_head_json":{"title":"Camping Alrance | Ferienunterk\u00fcnfte und Aktivit\u00e4ten in Alrance","description":"\u00be auf der Suche nach einem Campingplatz in Alrance? Der Campingplatz Les Gen\u00eats **** hei\u00dft Sie im Departement Aveyron willkommen und stellt Ihnen die Aktivit\u00e4ten vor, die Sie in Alrance unternehmen k\u00f6nnen!","robots":{"index":"index","follow":"follow","max-snippet":"max-snippet:-1","max-image-preview":"max-image-preview:large","max-video-preview":"max-video-preview:-1"},"canonical":"https:\/\/www.camping-les-genets.fr\/de\/der-turm-von-peyrebrune\/","og_locale":"de_DE","og_type":"article","og_title":"Camping Alrance | Ferienunterk\u00fcnfte und Aktivit\u00e4ten in Alrance","og_description":"\u00be auf der Suche nach einem Campingplatz in Alrance? Der Campingplatz Les Gen\u00eats **** hei\u00dft Sie im Departement Aveyron willkommen und stellt Ihnen die Aktivit\u00e4ten vor, die Sie in Alrance unternehmen k\u00f6nnen!","og_url":"https:\/\/www.camping-les-genets.fr\/de\/der-turm-von-peyrebrune\/","og_site_name":"Camping les Genets","article_modified_time":"2023-11-28T10:51:37+00:00","og_image":[{"width":1920,"height":1081,"url":"https:\/\/www.camping-les-genets.fr\/wp-content\/uploads\/2023\/09\/Montagne-en-Aveyron.webp","type":"image\/webp"}],"twitter_card":"summary_large_image","twitter_misc":{"Gesch\u00e4tzte Lesezeit":"1\u00a0Minute"},"schema":{"@context":"https:\/\/schema.org","@graph":[{"@type":"WebPage","@id":"https:\/\/www.camping-les-genets.fr\/de\/der-turm-von-peyrebrune\/","url":"https:\/\/www.camping-les-genets.fr\/de\/der-turm-von-peyrebrune\/","name":"Camping Alrance | Ferienunterk\u00fcnfte und Aktivit\u00e4ten in Alrance","isPartOf":{"@id":"https:\/\/www.camping-les-genets.fr\/de\/#website"},"primaryImageOfPage":{"@id":"https:\/\/www.camping-les-genets.fr\/de\/der-turm-von-peyrebrune\/#primaryimage"},"image":{"@id":"https:\/\/www.camping-les-genets.fr\/de\/der-turm-von-peyrebrune\/#primaryimage"},"thumbnailUrl":"https:\/\/www.camping-les-genets.fr\/wp-content\/uploads\/2023\/09\/Montagne-en-Aveyron.webp","datePublished":"2023-09-12T07:15:28+00:00","dateModified":"2023-11-28T10:51:37+00:00","description":"\u00be auf der Suche nach einem Campingplatz in Alrance? Der Campingplatz Les Gen\u00eats **** hei\u00dft Sie im Departement Aveyron willkommen und stellt Ihnen die Aktivit\u00e4ten vor, die Sie in Alrance unternehmen k\u00f6nnen!","breadcrumb":{"@id":"https:\/\/www.camping-les-genets.fr\/de\/der-turm-von-peyrebrune\/#breadcrumb"},"inLanguage":"de","potentialAction":[{"@type":"ReadAction","target":["https:\/\/www.camping-les-genets.fr\/de\/der-turm-von-peyrebrune\/"]}]},{"@type":"ImageObject","inLanguage":"de","@id":"https:\/\/www.camping-les-genets.fr\/de\/der-turm-von-peyrebrune\/#primaryimage","url":"https:\/\/www.camping-les-genets.fr\/wp-content\/uploads\/2023\/09\/Montagne-en-Aveyron.webp","contentUrl":"https:\/\/www.camping-les-genets.fr\/wp-content\/uploads\/2023\/09\/Montagne-en-Aveyron.webp","width":1920,"height":1081,"caption":"Berge in Aveyron"},{"@type":"BreadcrumbList","@id":"https:\/\/www.camping-les-genets.fr\/de\/der-turm-von-peyrebrune\/#breadcrumb","itemListElement":[{"@type":"ListItem","position":1,"name":"Camping Aveyron","item":"https:\/\/www.camping-les-genets.fr\/de\/"},{"@type":"ListItem","position":2,"name":"Der Turm von Peyrebrune"}]},{"@type":"WebSite","@id":"https:\/\/www.camping-les-genets.fr\/de\/#website","url":"https:\/\/www.camping-les-genets.fr\/de\/","name":"Camping les Genets","description":"","publisher":{"@id":"https:\/\/www.camping-les-genets.fr\/de\/#organization"},"potentialAction":[{"@type":"SearchAction","target":{"@type":"EntryPoint","urlTemplate":"https:\/\/www.camping-les-genets.fr\/de\/?s={search_term_string}"},"query-input":{"@type":"PropertyValueSpecification","valueRequired":true,"valueName":"search_term_string"}}],"inLanguage":"de"},{"@type":"Organization","@id":"https:\/\/www.camping-les-genets.fr\/de\/#organization","name":"Camping les Genets","url":"https:\/\/www.camping-les-genets.fr\/de\/","logo":{"@type":"ImageObject","inLanguage":"de","@id":"https:\/\/www.camping-les-genets.fr\/de\/#\/schema\/logo\/image\/","url":"https:\/\/www.camping-les-genets.fr\/wp-content\/uploads\/2023\/07\/cropped-logo-camping-genets-footer.png","contentUrl":"https:\/\/www.camping-les-genets.fr\/wp-content\/uploads\/2023\/07\/cropped-logo-camping-genets-footer.png","width":500,"height":295,"caption":"Camping les Genets"},"image":{"@id":"https:\/\/www.camping-les-genets.fr\/de\/#\/schema\/logo\/image\/"}}]}},"_links":{"self":[{"href":"https:\/\/www.camping-les-genets.fr\/de\/wp-json\/wp\/v2\/pages\/5081","targetHints":{"allow":["GET"]}}],"collection":[{"href":"https:\/\/www.camping-les-genets.fr\/de\/wp-json\/wp\/v2\/pages"}],"about":[{"href":"https:\/\/www.camping-les-genets.fr\/de\/wp-json\/wp\/v2\/types\/page"}],"author":[{"embeddable":true,"href":"https:\/\/www.camping-les-genets.fr\/de\/wp-json\/wp\/v2\/users\/1"}],"replies":[{"embeddable":true,"href":"https:\/\/www.camping-les-genets.fr\/de\/wp-json\/wp\/v2\/comments?post=5081"}],"version-history":[{"count":1,"href":"https:\/\/www.camping-les-genets.fr\/de\/wp-json\/wp\/v2\/pages\/5081\/revisions"}],"predecessor-version":[{"id":5082,"href":"https:\/\/www.camping-les-genets.fr\/de\/wp-json\/wp\/v2\/pages\/5081\/revisions\/5082"}],"wp:featuredmedia":[{"embeddable":true,"href":"https:\/\/www.camping-les-genets.fr\/de\/wp-json\/wp\/v2\/media\/2231"}],"wp:attachment":[{"href":"https:\/\/www.camping-les-genets.fr\/de\/wp-json\/wp\/v2\/media?parent=5081"}],"wp:term":[{"taxonomy":"sujet","embeddable":true,"href":"https:\/\/www.camping-les-genets.fr\/de\/wp-json\/wp\/v2\/sujet?post=5081"}],"curies":[{"name":"wp","href":"https:\/\/api.w.org\/{rel}","templated":true}]}}