{"id":5073,"date":"2023-09-11T14:14:01","date_gmt":"2023-09-11T12:14:01","guid":{"rendered":"https:\/\/www.camping-les-genets.fr\/wandern-im-aveyron\/"},"modified":"2025-12-12T12:10:16","modified_gmt":"2025-12-12T11:10:16","slug":"wandern-im-aveyron","status":"publish","type":"page","link":"https:\/\/www.camping-les-genets.fr\/de\/wandern-im-aveyron\/","title":{"rendered":"Wandern im Aveyron"},"content":{"rendered":"<section id=\"ls-section-block_96ae2753eb04fb4d2befe88a4e9b157e\" class=\"ls-section  page-chapeau has-p-b p-b-0\" >\r\n        <div class=\"container \">\r\n        \n\n<h1 class=\"ls__heading wp-block-heading has-text-align-center animated fadeInLeft delay-100ms slow\"><strong>Wandern<\/strong> im Aveyron<\/h1>\n\n\n\n<p class=\"ls-paragraph has-text-align-center\">Das Aveyron ist ein Paradies f\u00fcr <strong>Wanderfreunde<\/strong> und wird von Rundwegen und markierten Pfaden durchzogen. Die unber\u00fchrten Landschaften und charmanten D\u00f6rfer machen die Region besonders geeignet f\u00fcr Wanderungen. Zwischen tief eingeschnittenen T\u00e4lern, Raspen, Seeufern und Hochplateaus ist das Gel\u00e4nde vielf\u00e4ltig.<br\/><\/p>\n\n\n\n<p class=\"ls-paragraph has-text-align-center\">Damit Sie w\u00e4hrend Ihres Aufenthalts einen aktiven Urlaub verbringen k\u00f6nnen, hat der <a href=\"https:\/\/www.camping-les-genets.fr\/de\/\">Campingplatz Aveyron<\/a> Les Gen\u00eats die<strong> 10 sch\u00f6nsten Wanderungen im Aveyron<\/strong> f\u00fcr Sie ausgew\u00e4hlt. Viel Spa\u00df beim Wandern und vor allem: Augen auf!<\/p>\n\n\r\n    <\/div>\r\n<\/section><section id=\"ls-section-block_fb4f50a2796117e792391683f328592d\" class=\"ls-section  page-one has-p-b p-b-14\" >\r\n        <div class=\"container container--full\">\r\n        \n\n<div class=\"wp-block-columns is-layout-flex wp-container-core-columns-is-layout-9d6595d7 wp-block-columns-is-layout-flex\">\n<div class=\"wp-block-column first is-layout-flow wp-block-column-is-layout-flow\" style=\"flex-basis:66.66%\">\n<figure class=\"wp-block-image size-full\"><img decoding=\"async\" width=\"1707\" height=\"2560\" src=\"https:\/\/www.camping-les-genets.fr\/wp-content\/uploads\/2023\/09\/Jolie-Randonnee-dans-lAveyron-scaled.webp\" alt=\"Sch&#xF6;ne Wanderung im Aveyron\" class=\"wp-image-1748\" style=\"aspect-ratio:4\/3;object-fit:cover\" srcset=\"https:\/\/www.camping-les-genets.fr\/wp-content\/uploads\/2023\/09\/Jolie-Randonnee-dans-lAveyron-scaled.webp 1707w, https:\/\/www.camping-les-genets.fr\/wp-content\/uploads\/2023\/09\/Jolie-Randonnee-dans-lAveyron-200x300.webp 200w, https:\/\/www.camping-les-genets.fr\/wp-content\/uploads\/2023\/09\/Jolie-Randonnee-dans-lAveyron-683x1024.webp 683w, https:\/\/www.camping-les-genets.fr\/wp-content\/uploads\/2023\/09\/Jolie-Randonnee-dans-lAveyron-768x1152.webp 768w, https:\/\/www.camping-les-genets.fr\/wp-content\/uploads\/2023\/09\/Jolie-Randonnee-dans-lAveyron-1024x1536.webp 1024w, https:\/\/www.camping-les-genets.fr\/wp-content\/uploads\/2023\/09\/Jolie-Randonnee-dans-lAveyron-1365x2048.webp 1365w\" sizes=\"(max-width: 1707px) 100vw, 1707px\" \/><\/figure>\n<\/div>\n\n\n\n<div class=\"wp-block-column is-vertically-aligned-center second has-color-white-background-color has-background is-layout-flow wp-block-column-is-layout-flow\" style=\"flex-basis:33.33%\">\n<h2 class=\"ls__heading wp-block-heading\"><strong>Rundweg &#8222;Circuit des Passerelles&#8220;<\/strong>, Bozouls<\/h2>\n\n\n\n<p class=\"ls-paragraph\"><strong>Sehr sch\u00f6ne Wanderung f\u00fcr die ganze Familie<\/strong> mit vier Stegen und tollen Ausblicken auf den Canyon des Dourdou.<\/p>\n\n\n\n<h2 class=\"ls__heading wp-block-heading\"><strong>Pfad zum Fontaneilles-Piedestal<\/strong> <\/h2>\n\n\n\n<p class=\"ls-paragraph\">Dieser <strong>sch\u00f6ne Rundweg um das Schloss von Peyrelade<\/strong> erm\u00f6glicht es Ihnen, etwas h\u00f6her zu steigen, um das Tarn-Tal besser zu \u00fcberblicken.<\/p>\n<\/div>\n<\/div>\n\n\r\n    <\/div>\r\n<\/section><section id=\"ls-section-block_efdd8cf55855bc0004f7cf425127221a\" class=\"ls-section  page-two background-blu-right has-p-t p-t-14\" >\r\n        <div class=\"container container--wide\">\r\n        \n\n<div class=\"wp-block-columns is-layout-flex wp-container-core-columns-is-layout-9d6595d7 wp-block-columns-is-layout-flex\">\n<div class=\"wp-block-column is-vertically-aligned-top first is-layout-flow wp-block-column-is-layout-flow\" style=\"flex-basis:33.33%\">\n<h2 class=\"ls__heading wp-block-heading\">Die <strong>Troglodyten-D\u00f6rfer<\/strong>, Mostu\u00e9jouls<\/h2>\n\n\n\n<p class=\"ls-paragraph\">Die ideale Tour, um <strong>eine der sch\u00f6nsten Attraktionen des Aveyron zu entdecken<\/strong>: die H\u00f6hlend\u00f6rfer, die am Ufer des Tarn gebaut wurden.<\/p>\n\n\n\n<h2 class=\"ls__heading wp-block-heading\"><strong>Voie du Rail<\/strong>, Espalion<\/h2>\n\n\n\n<p class=\"ls-paragraph\">Ein historischer Spaziergang, der<strong> dem Verlauf der alten Eisenbahnstrecke folgt<\/strong>, die vor mehr als einem Jahrhundert, im Jahr 1905, gebaut wurde. Sie werden mehrere Tunnel und Viadukte durchqueren.<\/p>\n<\/div>\n\n\n\n<div class=\"wp-block-column second is-layout-flow wp-block-column-is-layout-flow\" style=\"flex-basis:66.66%\">\n<figure class=\"wp-block-image size-full is-resized image\"><img decoding=\"async\" width=\"2048\" height=\"2560\" src=\"https:\/\/www.camping-les-genets.fr\/wp-content\/uploads\/2023\/09\/Plus-belles-randonnees-a-faire-dans-lAveyron.webp\" alt=\"Die sch&#xF6;nsten Wanderungen im Aveyron\" class=\"wp-image-1752\" style=\"aspect-ratio:1;object-fit:cover;width:970px;height:undefinedpx\" srcset=\"https:\/\/www.camping-les-genets.fr\/wp-content\/uploads\/2023\/09\/Plus-belles-randonnees-a-faire-dans-lAveyron.webp 2048w, https:\/\/www.camping-les-genets.fr\/wp-content\/uploads\/2023\/09\/Plus-belles-randonnees-a-faire-dans-lAveyron-240x300.webp 240w, https:\/\/www.camping-les-genets.fr\/wp-content\/uploads\/2023\/09\/Plus-belles-randonnees-a-faire-dans-lAveyron-819x1024.webp 819w, https:\/\/www.camping-les-genets.fr\/wp-content\/uploads\/2023\/09\/Plus-belles-randonnees-a-faire-dans-lAveyron-768x960.webp 768w, https:\/\/www.camping-les-genets.fr\/wp-content\/uploads\/2023\/09\/Plus-belles-randonnees-a-faire-dans-lAveyron-1229x1536.webp 1229w, https:\/\/www.camping-les-genets.fr\/wp-content\/uploads\/2023\/09\/Plus-belles-randonnees-a-faire-dans-lAveyron-1638x2048.webp 1638w\" sizes=\"(max-width: 2048px) 100vw, 2048px\" \/><\/figure>\n<\/div>\n<\/div>\n\n\r\n    <\/div>\r\n<\/section><section id=\"ls-section-block_fb4f50a2796117e792391683f328592d\" class=\"ls-section  page-one has-p-b p-b-14\" >\r\n        <div class=\"container container--full\">\r\n        \n\n<div class=\"wp-block-columns is-layout-flex wp-container-core-columns-is-layout-9d6595d7 wp-block-columns-is-layout-flex\">\n<div class=\"wp-block-column first is-layout-flow wp-block-column-is-layout-flow\" style=\"flex-basis:66.66%\">\n<figure class=\"wp-block-image size-full\"><img decoding=\"async\" width=\"1707\" height=\"2560\" src=\"https:\/\/www.camping-les-genets.fr\/wp-content\/uploads\/2023\/09\/Randonnee-en-aveyron-scaled.webp\" alt=\"Wandern in aveyron\" class=\"wp-image-2200\" srcset=\"https:\/\/www.camping-les-genets.fr\/wp-content\/uploads\/2023\/09\/Randonnee-en-aveyron-scaled.webp 1707w, https:\/\/www.camping-les-genets.fr\/wp-content\/uploads\/2023\/09\/Randonnee-en-aveyron-200x300.webp 200w, https:\/\/www.camping-les-genets.fr\/wp-content\/uploads\/2023\/09\/Randonnee-en-aveyron-683x1024.webp 683w, https:\/\/www.camping-les-genets.fr\/wp-content\/uploads\/2023\/09\/Randonnee-en-aveyron-768x1152.webp 768w, https:\/\/www.camping-les-genets.fr\/wp-content\/uploads\/2023\/09\/Randonnee-en-aveyron-1024x1536.webp 1024w, https:\/\/www.camping-les-genets.fr\/wp-content\/uploads\/2023\/09\/Randonnee-en-aveyron-1365x2048.webp 1365w\" sizes=\"(max-width: 1707px) 100vw, 1707px\" \/><\/figure>\n<\/div>\n\n\n\n<div class=\"wp-block-column is-vertically-aligned-center second has-color-white-background-color has-background is-layout-flow wp-block-column-is-layout-flow\" style=\"flex-basis:33.33%\">\n<h2 class=\"ls__heading wp-block-heading\">Ermitage Saint-Michel und Corniches du Causse Noir, <strong>Peyreleau<\/strong><\/h2>\n\n\n\n<p class=\"ls-paragraph\">Eine sehr sch\u00f6ne Wanderung, bei der Sie<strong> die Schluchten der Jonte durchqueren<\/strong>, Geiern nahe kommen und die \u00dcberreste der Einsiedelei Saint-Michel entdecken k\u00f6nnen.<\/p>\n\n\n\n<h2 class=\"ls__heading wp-block-heading\"><strong>Alte Reben<\/strong> aus Saint-C\u00f4me-d&#8217;Olt<\/h2>\n\n\n\n<p class=\"ls-paragraph\">Diese <strong>Tour ist f\u00fcr alle Wanderer<\/strong> (auch Kinder) <strong>geeignet<\/strong> und f\u00fchrt Sie \u00fcber die Wiesen rund um <a href=\"https:\/\/www.camping-les-genets.fr\/de\/tourisme-saint-come-d-olt\/\">Saint-C\u00f4me-d&#8217;Olt<\/a>, eines der sch\u00f6nsten D\u00f6rfer Frankreichs im Zentralmassiv.<\/p>\n\n\n\n<h2 class=\"ls__heading wp-block-heading\"><strong>Wasserfall von Saut du Chien<\/strong>, Saint-Symphorien-de-Th\u00e9ni\u00e8res<\/h2>\n\n\n\n<p class=\"ls-paragraph\">Sie <strong>wandern<\/strong> <strong>durch<\/strong> <strong>W\u00e4lder<\/strong> und \u00fcber Wiesen und erhalten als Belohnung einen wundersch\u00f6nen Wasserfall, in dem Sie sich an sonnigen Tagen abk\u00fchlen k\u00f6nnen.<\/p>\n<\/div>\n<\/div>\n\n\r\n    <\/div>\r\n<\/section><section id=\"ls-section-block_6fa38399e990cbdf21246e82ebc2849d\" class=\"ls-section  home-piscine has-background-image has-p-t p-t-20 has-p-b p-b-20\" >\r\n    <div class=\"ls-section__background-image opacity-100\"><img decoding=\"async\" src=\"https:\/\/www.camping-les-genets.fr\/wp-content\/uploads\/2023\/09\/Cascade-dans-lAveyron.webp\" alt=\"Wasserfall im Aveyron\"><\/div>    <div class=\"container container--full\">\r\n        \n\n<div class=\"wp-block-columns is-layout-flex wp-container-core-columns-is-layout-9d6595d7 wp-block-columns-is-layout-flex\">\n<div class=\"wp-block-column is-vertically-aligned-center first is-layout-flow wp-block-column-is-layout-flow\" style=\"flex-basis:60%\"><\/div>\n\n\n\n<div class=\"wp-block-column second has-color-white-background-color has-background is-layout-flow wp-block-column-is-layout-flow\" style=\"flex-basis:40%\">\n<h2 class=\"ls__heading wp-block-heading\"><strong>Pilger f\u00fcr einen Tag<\/strong> auf dem Aubrac, Saint-Ch\u00e9ly-d&#8217;Aubrac<\/h2>\n\n\n\n<p class=\"ls-paragraph\">Diese herrliche Wanderung \u00fcber die Hochebene von<a href=\"https:\/\/www.camping-les-genets.fr\/de\/tourisme-aubrac\/\">Aubrac<\/a> ist <strong>nur<\/strong> <strong>f\u00fcr<\/strong> <strong>gute<\/strong> <strong>Wanderer<\/strong> geeignet. Die Landschaften, durch die Sie reisen, sind fabelhaft und unber\u00fchrt. Die Route folgt alten R\u00f6merstra\u00dfen und Transhumanzpfaden. Unser Favorit: der h\u00f6chste Punkt der Wanderung auf 1318 m H\u00f6he.<\/p>\n\n\n\n<h2 class=\"ls__heading wp-block-heading\">Brousse-le-Ch\u00e2teau und Tarn-Tal<\/h2>\n\n\n\n<p class=\"ls-paragraph\">Eine ausgezeichnete Idee <strong>f\u00fcr<\/strong> einen <strong>Familienausflug<\/strong> in die Umgebung von Brousse-le-Ch\u00e2teau, einer charaktervollen Stadt <strong>mit<\/strong> einem mittelalterlichen Marktflecken.<\/p>\n\n\n\n<h2 class=\"ls__heading wp-block-heading\">Mont et Vaux <strong>um Coupiac<\/strong><\/h2>\n\n\n\n<p class=\"ls-paragraph\">Diese lange <strong>Wanderung, die sich an<\/strong> <strong>Sportler<\/strong> richtet, ist von okzitanischen Kreuzen ges\u00e4umt, dem zentralen Thema dieser wundersch\u00f6nen Strecke in der N\u00e4he des Schlosses von Coupiac.<\/p>\n<\/div>\n<\/div>\n\n\r\n    <\/div>\r\n<\/section><section id=\"ls-section-block_eac9ca83b7d617559ac6a20e393a0183\" class=\"ls-section  page-maillage has-p-t p-t-14 has-p-b p-b-14\" >\r\n        <div class=\"container container--wide\">\r\n        \n\n<div id=\"ls-heading ls-titre-div-block_b7be821e62d954a55d7b461dd43791d9\" class=\"ls-titre-div aligncenter h2-like has-m-b m-b-8\" >\n    Entdecken Sie das Kanufahren, die Seen und das Angeln im Aveyron!<\/div>\n\n\n<div id=\"ls-maillage-block_29bca045b68bb7da539aab7a45449fe3\" class=\"ls-maillage slow animated fadeInUp delay-100ms cta-style-normal\" data-rows=\"3\">\r\n    <div class=\"wp-block-columns\"><div class=\"wp-block-column\">\n\n<a href=\"https:\/\/www.camping-les-genets.fr\/de\/canoe-aveyron\/\" target=\"\" rel=\"noopener\" class=\"ls-cta__link\">\n\n\t<div class=\"ls-cta__image\"><img decoding=\"async\" src=\"https:\/\/www.camping-les-genets.fr\/wp-content\/uploads\/2024\/02\/Canoe-Aveyron-scaled-1-768x512.webp\" alt=\"\"><\/div>\n\t<div class=\"ls-cta__title\">\n\t\tKanu in Aveyron\t<\/div>\n\n\t\t\n<\/a><\/div><div class=\"wp-block-column\">\n\n<a href=\"https:\/\/www.camping-les-genets.fr\/de\/fischen-in-aveyron\/\" target=\"\" rel=\"noopener\" class=\"ls-cta__link\">\n\n\t<div class=\"ls-cta__image\"><img decoding=\"async\" src=\"https:\/\/www.camping-les-genets.fr\/wp-content\/uploads\/2023\/09\/Activite-peche-au-camping-Les-Genets-768x535.webp\" alt=\"Angeln auf dem Campingplatz Les Genets\"><\/div>\n\t<div class=\"ls-cta__title\">\n\t\tAngeln in Aveyron\t<\/div>\n\n\t\t\n<\/a><\/div><div class=\"wp-block-column\">\n\n<a href=\"https:\/\/www.camping-les-genets.fr\/de\/?page_id=8349\" target=\"\" rel=\"noopener\" class=\"ls-cta__link\">\n\n\t<div class=\"ls-cta__image\"><img decoding=\"async\" src=\"https:\/\/www.camping-les-genets.fr\/wp-content\/uploads\/2025\/12\/Tour-aveyron-vtt-768x576.webp\" alt=\"Tour aveyron vtt\"><\/div>\n\t<div class=\"ls-cta__title\">\n\t\tMountainbike-Routen in Aveyron\t<\/div>\n\n\t\t\n<\/a><\/div><\/div><\/div>\n\r\n    <\/div>\r\n<\/section>","protected":false},"excerpt":{"rendered":"","protected":false},"author":1,"featured_media":1770,"parent":0,"menu_order":0,"comment_status":"closed","ping_status":"closed","template":"","meta":{"_acf_changed":false,"inline_featured_image":false,"footnotes":""},"sujet":[],"class_list":["post-5073","page","type-page","status-publish","has-post-thumbnail","hentry"],"acf":[],"yoast_head":"<!-- This site is optimized with the Yoast SEO plugin v27.3 - https:\/\/yoast.com\/product\/yoast-seo-wordpress\/ -->\n<title>Wandern Aveyron: Top 10 der Wanderungen im Aveyron<\/title>\n<meta name=\"description\" content=\"Lust auf eine Wanderung im Aveyron? Entdecken Sie die zehn besten Wanderrouten im Aveyron, die Sie in Ihrem Urlaub machen k\u00f6nnen!\" \/>\n<meta name=\"robots\" content=\"index, follow, max-snippet:-1, max-image-preview:large, max-video-preview:-1\" \/>\n<link rel=\"canonical\" href=\"https:\/\/www.camping-les-genets.fr\/de\/wandern-im-aveyron\/\" \/>\n<meta property=\"og:locale\" content=\"de_DE\" \/>\n<meta property=\"og:type\" content=\"article\" \/>\n<meta property=\"og:title\" content=\"Wandern Aveyron: Top 10 der Wanderungen im Aveyron\" \/>\n<meta property=\"og:description\" content=\"Lust auf eine Wanderung im Aveyron? Entdecken Sie die zehn besten Wanderrouten im Aveyron, die Sie in Ihrem Urlaub machen k\u00f6nnen!\" \/>\n<meta property=\"og:url\" content=\"https:\/\/www.camping-les-genets.fr\/de\/wandern-im-aveyron\/\" \/>\n<meta property=\"og:site_name\" content=\"Camping les Genets\" \/>\n<meta property=\"article:modified_time\" content=\"2025-12-12T11:10:16+00:00\" \/>\n<meta property=\"og:image\" content=\"https:\/\/www.camping-les-genets.fr\/wp-content\/uploads\/2023\/09\/Vue-sur-les-montagne-dans-lAveyron.webp\" \/>\n\t<meta property=\"og:image:width\" content=\"2560\" \/>\n\t<meta property=\"og:image:height\" content=\"1565\" \/>\n\t<meta property=\"og:image:type\" content=\"image\/webp\" \/>\n<meta name=\"twitter:card\" content=\"summary_large_image\" \/>\n<meta name=\"twitter:label1\" content=\"Gesch\u00e4tzte Lesezeit\" \/>\n\t<meta name=\"twitter:data1\" content=\"2\u00a0Minuten\" \/>\n<script type=\"application\/ld+json\" class=\"yoast-schema-graph\">{\"@context\":\"https:\\\/\\\/schema.org\",\"@graph\":[{\"@type\":\"WebPage\",\"@id\":\"https:\\\/\\\/www.camping-les-genets.fr\\\/de\\\/wandern-im-aveyron\\\/\",\"url\":\"https:\\\/\\\/www.camping-les-genets.fr\\\/de\\\/wandern-im-aveyron\\\/\",\"name\":\"Wandern Aveyron: Top 10 der Wanderungen im Aveyron\",\"isPartOf\":{\"@id\":\"https:\\\/\\\/www.camping-les-genets.fr\\\/de\\\/#website\"},\"primaryImageOfPage\":{\"@id\":\"https:\\\/\\\/www.camping-les-genets.fr\\\/de\\\/wandern-im-aveyron\\\/#primaryimage\"},\"image\":{\"@id\":\"https:\\\/\\\/www.camping-les-genets.fr\\\/de\\\/wandern-im-aveyron\\\/#primaryimage\"},\"thumbnailUrl\":\"https:\\\/\\\/www.camping-les-genets.fr\\\/wp-content\\\/uploads\\\/2023\\\/09\\\/Vue-sur-les-montagne-dans-lAveyron.webp\",\"datePublished\":\"2023-09-11T12:14:01+00:00\",\"dateModified\":\"2025-12-12T11:10:16+00:00\",\"description\":\"Lust auf eine Wanderung im Aveyron? Entdecken Sie die zehn besten Wanderrouten im Aveyron, die Sie in Ihrem Urlaub machen k\u00f6nnen!\",\"breadcrumb\":{\"@id\":\"https:\\\/\\\/www.camping-les-genets.fr\\\/de\\\/wandern-im-aveyron\\\/#breadcrumb\"},\"inLanguage\":\"de\",\"potentialAction\":[{\"@type\":\"ReadAction\",\"target\":[\"https:\\\/\\\/www.camping-les-genets.fr\\\/de\\\/wandern-im-aveyron\\\/\"]}]},{\"@type\":\"ImageObject\",\"inLanguage\":\"de\",\"@id\":\"https:\\\/\\\/www.camping-les-genets.fr\\\/de\\\/wandern-im-aveyron\\\/#primaryimage\",\"url\":\"https:\\\/\\\/www.camping-les-genets.fr\\\/wp-content\\\/uploads\\\/2023\\\/09\\\/Vue-sur-les-montagne-dans-lAveyron.webp\",\"contentUrl\":\"https:\\\/\\\/www.camping-les-genets.fr\\\/wp-content\\\/uploads\\\/2023\\\/09\\\/Vue-sur-les-montagne-dans-lAveyron.webp\",\"width\":2560,\"height\":1565,\"caption\":\"Blick auf die Berge im Aveyron\"},{\"@type\":\"BreadcrumbList\",\"@id\":\"https:\\\/\\\/www.camping-les-genets.fr\\\/de\\\/wandern-im-aveyron\\\/#breadcrumb\",\"itemListElement\":[{\"@type\":\"ListItem\",\"position\":1,\"name\":\"Camping Aveyron\",\"item\":\"https:\\\/\\\/www.camping-les-genets.fr\\\/de\\\/\"},{\"@type\":\"ListItem\",\"position\":2,\"name\":\"Wanderungen in Aveyron\"}]},{\"@type\":\"WebSite\",\"@id\":\"https:\\\/\\\/www.camping-les-genets.fr\\\/de\\\/#website\",\"url\":\"https:\\\/\\\/www.camping-les-genets.fr\\\/de\\\/\",\"name\":\"Camping les Genets\",\"description\":\"\",\"publisher\":{\"@id\":\"https:\\\/\\\/www.camping-les-genets.fr\\\/de\\\/#organization\"},\"potentialAction\":[{\"@type\":\"SearchAction\",\"target\":{\"@type\":\"EntryPoint\",\"urlTemplate\":\"https:\\\/\\\/www.camping-les-genets.fr\\\/de\\\/?s={search_term_string}\"},\"query-input\":{\"@type\":\"PropertyValueSpecification\",\"valueRequired\":true,\"valueName\":\"search_term_string\"}}],\"inLanguage\":\"de\"},{\"@type\":\"Organization\",\"@id\":\"https:\\\/\\\/www.camping-les-genets.fr\\\/de\\\/#organization\",\"name\":\"Camping les Genets\",\"url\":\"https:\\\/\\\/www.camping-les-genets.fr\\\/de\\\/\",\"logo\":{\"@type\":\"ImageObject\",\"inLanguage\":\"de\",\"@id\":\"https:\\\/\\\/www.camping-les-genets.fr\\\/de\\\/#\\\/schema\\\/logo\\\/image\\\/\",\"url\":\"https:\\\/\\\/www.camping-les-genets.fr\\\/wp-content\\\/uploads\\\/2023\\\/07\\\/cropped-logo-camping-genets-footer.png\",\"contentUrl\":\"https:\\\/\\\/www.camping-les-genets.fr\\\/wp-content\\\/uploads\\\/2023\\\/07\\\/cropped-logo-camping-genets-footer.png\",\"width\":500,\"height\":295,\"caption\":\"Camping les Genets\"},\"image\":{\"@id\":\"https:\\\/\\\/www.camping-les-genets.fr\\\/de\\\/#\\\/schema\\\/logo\\\/image\\\/\"}}]}<\/script>\n<!-- \/ Yoast SEO plugin. -->","yoast_head_json":{"title":"Wandern Aveyron: Top 10 der Wanderungen im Aveyron","description":"Lust auf eine Wanderung im Aveyron? Entdecken Sie die zehn besten Wanderrouten im Aveyron, die Sie in Ihrem Urlaub machen k\u00f6nnen!","robots":{"index":"index","follow":"follow","max-snippet":"max-snippet:-1","max-image-preview":"max-image-preview:large","max-video-preview":"max-video-preview:-1"},"canonical":"https:\/\/www.camping-les-genets.fr\/de\/wandern-im-aveyron\/","og_locale":"de_DE","og_type":"article","og_title":"Wandern Aveyron: Top 10 der Wanderungen im Aveyron","og_description":"Lust auf eine Wanderung im Aveyron? Entdecken Sie die zehn besten Wanderrouten im Aveyron, die Sie in Ihrem Urlaub machen k\u00f6nnen!","og_url":"https:\/\/www.camping-les-genets.fr\/de\/wandern-im-aveyron\/","og_site_name":"Camping les Genets","article_modified_time":"2025-12-12T11:10:16+00:00","og_image":[{"width":2560,"height":1565,"url":"https:\/\/www.camping-les-genets.fr\/wp-content\/uploads\/2023\/09\/Vue-sur-les-montagne-dans-lAveyron.webp","type":"image\/webp"}],"twitter_card":"summary_large_image","twitter_misc":{"Gesch\u00e4tzte Lesezeit":"2\u00a0Minuten"},"schema":{"@context":"https:\/\/schema.org","@graph":[{"@type":"WebPage","@id":"https:\/\/www.camping-les-genets.fr\/de\/wandern-im-aveyron\/","url":"https:\/\/www.camping-les-genets.fr\/de\/wandern-im-aveyron\/","name":"Wandern Aveyron: Top 10 der Wanderungen im Aveyron","isPartOf":{"@id":"https:\/\/www.camping-les-genets.fr\/de\/#website"},"primaryImageOfPage":{"@id":"https:\/\/www.camping-les-genets.fr\/de\/wandern-im-aveyron\/#primaryimage"},"image":{"@id":"https:\/\/www.camping-les-genets.fr\/de\/wandern-im-aveyron\/#primaryimage"},"thumbnailUrl":"https:\/\/www.camping-les-genets.fr\/wp-content\/uploads\/2023\/09\/Vue-sur-les-montagne-dans-lAveyron.webp","datePublished":"2023-09-11T12:14:01+00:00","dateModified":"2025-12-12T11:10:16+00:00","description":"Lust auf eine Wanderung im Aveyron? Entdecken Sie die zehn besten Wanderrouten im Aveyron, die Sie in Ihrem Urlaub machen k\u00f6nnen!","breadcrumb":{"@id":"https:\/\/www.camping-les-genets.fr\/de\/wandern-im-aveyron\/#breadcrumb"},"inLanguage":"de","potentialAction":[{"@type":"ReadAction","target":["https:\/\/www.camping-les-genets.fr\/de\/wandern-im-aveyron\/"]}]},{"@type":"ImageObject","inLanguage":"de","@id":"https:\/\/www.camping-les-genets.fr\/de\/wandern-im-aveyron\/#primaryimage","url":"https:\/\/www.camping-les-genets.fr\/wp-content\/uploads\/2023\/09\/Vue-sur-les-montagne-dans-lAveyron.webp","contentUrl":"https:\/\/www.camping-les-genets.fr\/wp-content\/uploads\/2023\/09\/Vue-sur-les-montagne-dans-lAveyron.webp","width":2560,"height":1565,"caption":"Blick auf die Berge im Aveyron"},{"@type":"BreadcrumbList","@id":"https:\/\/www.camping-les-genets.fr\/de\/wandern-im-aveyron\/#breadcrumb","itemListElement":[{"@type":"ListItem","position":1,"name":"Camping Aveyron","item":"https:\/\/www.camping-les-genets.fr\/de\/"},{"@type":"ListItem","position":2,"name":"Wanderungen in Aveyron"}]},{"@type":"WebSite","@id":"https:\/\/www.camping-les-genets.fr\/de\/#website","url":"https:\/\/www.camping-les-genets.fr\/de\/","name":"Camping les Genets","description":"","publisher":{"@id":"https:\/\/www.camping-les-genets.fr\/de\/#organization"},"potentialAction":[{"@type":"SearchAction","target":{"@type":"EntryPoint","urlTemplate":"https:\/\/www.camping-les-genets.fr\/de\/?s={search_term_string}"},"query-input":{"@type":"PropertyValueSpecification","valueRequired":true,"valueName":"search_term_string"}}],"inLanguage":"de"},{"@type":"Organization","@id":"https:\/\/www.camping-les-genets.fr\/de\/#organization","name":"Camping les Genets","url":"https:\/\/www.camping-les-genets.fr\/de\/","logo":{"@type":"ImageObject","inLanguage":"de","@id":"https:\/\/www.camping-les-genets.fr\/de\/#\/schema\/logo\/image\/","url":"https:\/\/www.camping-les-genets.fr\/wp-content\/uploads\/2023\/07\/cropped-logo-camping-genets-footer.png","contentUrl":"https:\/\/www.camping-les-genets.fr\/wp-content\/uploads\/2023\/07\/cropped-logo-camping-genets-footer.png","width":500,"height":295,"caption":"Camping les Genets"},"image":{"@id":"https:\/\/www.camping-les-genets.fr\/de\/#\/schema\/logo\/image\/"}}]}},"_links":{"self":[{"href":"https:\/\/www.camping-les-genets.fr\/de\/wp-json\/wp\/v2\/pages\/5073","targetHints":{"allow":["GET"]}}],"collection":[{"href":"https:\/\/www.camping-les-genets.fr\/de\/wp-json\/wp\/v2\/pages"}],"about":[{"href":"https:\/\/www.camping-les-genets.fr\/de\/wp-json\/wp\/v2\/types\/page"}],"author":[{"embeddable":true,"href":"https:\/\/www.camping-les-genets.fr\/de\/wp-json\/wp\/v2\/users\/1"}],"replies":[{"embeddable":true,"href":"https:\/\/www.camping-les-genets.fr\/de\/wp-json\/wp\/v2\/comments?post=5073"}],"version-history":[{"count":4,"href":"https:\/\/www.camping-les-genets.fr\/de\/wp-json\/wp\/v2\/pages\/5073\/revisions"}],"predecessor-version":[{"id":8462,"href":"https:\/\/www.camping-les-genets.fr\/de\/wp-json\/wp\/v2\/pages\/5073\/revisions\/8462"}],"wp:featuredmedia":[{"embeddable":true,"href":"https:\/\/www.camping-les-genets.fr\/de\/wp-json\/wp\/v2\/media\/1770"}],"wp:attachment":[{"href":"https:\/\/www.camping-les-genets.fr\/de\/wp-json\/wp\/v2\/media?parent=5073"}],"wp:term":[{"taxonomy":"sujet","embeddable":true,"href":"https:\/\/www.camping-les-genets.fr\/de\/wp-json\/wp\/v2\/sujet?post=5073"}],"curies":[{"name":"wp","href":"https:\/\/api.w.org\/{rel}","templated":true}]}}