{"id":5053,"date":"2023-07-27T13:18:56","date_gmt":"2023-07-27T11:18:56","guid":{"rendered":"https:\/\/www.camping-les-genets.fr\/gruppe\/"},"modified":"2023-12-01T16:59:17","modified_gmt":"2023-12-01T15:59:17","slug":"gruppe","status":"publish","type":"page","link":"https:\/\/www.camping-les-genets.fr\/de\/gruppe\/","title":{"rendered":"Gruppen"},"content":{"rendered":"<section id=\"ls-section-block_17df5fafd8d0febfc508f1241ece4821\" class=\"ls-section  page-chapeau has-p-b p-b-0\" >\r\n        <div class=\"container \">\r\n        \n\n<h1 class=\"ls__heading wp-block-heading has-text-align-center animated fadeInLeft delay-100ms slow\">Gruppenreisen, Incentives, Vereinsreisen auf dem <strong>Campingplatz Les Gen\u00eats<\/strong><\/h1>\n\n\r\n    <\/div>\r\n<\/section>\n\n<section id=\"ls-section-block_0a33a719a705c884d0c71320ff1965ba\" class=\"ls-section  page-one has-p-b p-b-14\" >\r\n        <div class=\"container container--full\">\r\n        \n\n<div class=\"wp-block-columns is-layout-flex wp-container-core-columns-is-layout-9d6595d7 wp-block-columns-is-layout-flex\">\n<div class=\"wp-block-column first is-layout-flow wp-block-column-is-layout-flow\" style=\"flex-basis:66.66%\">\n<figure class=\"wp-block-image size-full\"><img decoding=\"async\" width=\"970\" height=\"736\" src=\"https:\/\/www.camping-les-genets.fr\/wp-content\/uploads\/2023\/11\/sortie-groupe-camping-aveyron-1.jpg\" alt=\"gruppenaufenthalt aveyron\" class=\"wp-image-4820\" style=\"aspect-ratio:3\/2;object-fit:cover\" srcset=\"https:\/\/www.camping-les-genets.fr\/wp-content\/uploads\/2023\/11\/sortie-groupe-camping-aveyron-1.jpg 970w, https:\/\/www.camping-les-genets.fr\/wp-content\/uploads\/2023\/11\/sortie-groupe-camping-aveyron-1-300x228.jpg 300w, https:\/\/www.camping-les-genets.fr\/wp-content\/uploads\/2023\/11\/sortie-groupe-camping-aveyron-1-768x583.jpg 768w\" sizes=\"(max-width: 970px) 100vw, 970px\" \/><\/figure>\n<\/div>\n\n\n\n<div class=\"wp-block-column is-vertically-aligned-center second has-color-white-background-color has-background is-layout-flow wp-block-column-is-layout-flow\" style=\"flex-basis:33.33%\">\n<h2 class=\"ls__heading wp-block-heading\"><strong>Organisieren<\/strong> Sie <strong>Ihre Gruppenaufenthalte<\/strong> und profitieren Sie von unseren ma\u00dfgeschneiderten Leistungen<\/h2>\n\n\n\n<p class=\"ls-paragraph\">Mit seiner au\u00dfergew\u00f6hnlichen Umgebung, seiner privilegierten Lage am See und seinen zahlreichen Komfort- und Freizeiteinrichtungen eignet sich der Campingplatz Les Gen\u00eats besonders f\u00fcr den <strong>Empfang von Gruppen<\/strong>.<\/p>\n\n\n\n<p class=\"ls-paragraph addReadMore showlesscontent\">Ob Motorrad- oder Radfahrer auf Wanderschaft, Wohnwagen- oder Oldtimer-Rallyes, Gruppen von Freiwilligen oder Familien, die sich zu einer Cousinade treffen, wir empfangen Sie auf unserem Gel\u00e4nde unter den besten Bedingungen f\u00fcr einen kurzen oder langen Aufenthalt.  <br><br>Wir bieten Gruppen <strong>besondere und angepasste Leistungen<\/strong> an: Gemeinsam k\u00f6nnen wir ein ma\u00dfgeschneidertes Besichtigungs- und Unterhaltungsprogramm vereinbaren, das je nach Anzahl der Teilnehmer, Profil der Gruppe (Anwesenheit von Kindern, Jugendlichen, Personen mit eingeschr\u00e4nkter Mobilit\u00e4t) und Dauer des Aufenthalts ausgearbeitet wird.<\/p>\n<\/div>\n<\/div>\n\n\r\n    <\/div>\r\n<\/section>\n\n<section id=\"ls-section-block_a80b83b704283491ae17829933e55a82\" class=\"ls-section  page-two background-blu-right has-p-t p-t-14 has-p-b p-b-0\" >\r\n        <div class=\"container container--wide\">\r\n        \n\n<div class=\"wp-block-columns is-layout-flex wp-container-core-columns-is-layout-9d6595d7 wp-block-columns-is-layout-flex\">\n<div class=\"wp-block-column is-vertically-aligned-top first is-layout-flow wp-block-column-is-layout-flow\" style=\"flex-basis:33.33%\">\n<h2 class=\"ls__heading wp-block-heading\">Ein Aufenthalt zur <strong>Entdeckung der Aromen des Aveyronnaise<\/strong><\/h2>\n\n\n\n<p class=\"ls-paragraph\">Wir planen f\u00fcr Ihre Gruppe einen <strong>Begr\u00fc\u00dfungsumtrunk<\/strong> und ein <strong>Aveyron-Dinner<\/strong>, bei denen man sich in einer geselligen Atmosph\u00e4re trifft, sich auf dem Gel\u00e4nde zurechtfindet und unvergessliche Momente teilt.<\/p>\n\n\n\n<p class=\"ls-paragraph\">Wir k\u00f6nnen dann f\u00fcr die Gruppe <strong>Ausg\u00e4nge<\/strong> <strong>Touristen<\/strong> <strong>Leuchtturm<\/strong>In der Region Aveyron gibt es eine Reihe von Veranstaltungen, die sich mit dem Terroir des Aveyron und den nat\u00fcrlichen oder historischen Sehensw\u00fcrdigkeiten der Region besch\u00e4ftigen: Besichtigung der Weinkeller von  <a href=\"https:\/\/www.camping-les-genets.fr\/de\/camping-roquefort\/\">Roquefort<\/a>  und Verkostungen, Entdeckung von Weing\u00fctern, Ausfl\u00fcge nach Brousse-le-Ch\u00e2teau und nach  <a href=\"https:\/\/www.camping-les-genets.fr\/de\/camping-conques\/\">Conques<\/a> Ausfahrt am Viadukt von  <a href=\"https:\/\/www.camping-les-genets.fr\/de\/camping-millau\/\">Millau<\/a>  mit einem Spaziergang, der von einem Eiffage-F\u00fchrer kommentiert wird, oder ein Besuch des Soulages-Museums.<\/p>\n\n\n\n<p class=\"ls-paragraph addReadMore showlesscontent\">Wir k\u00f6nnen Ihrer Gruppe auch <strong>Wasserspa\u00df auf dem See zu Vorzugspreisen<\/strong> erm\u00f6glichen: von der kommentierten Bootsfahrt bis zum Kanuausflug f\u00fcr die Sportlichsten.  <br><br>Kontaktieren Sie den Campingplatz Les Gen\u00eats, um Ihr ma\u00dfgeschneidertes <strong>Programm<\/strong> auszuarbeiten!  <br><br>Um Ihnen einen \u00e4u\u00dferst aufmerksamen Service zu gew\u00e4hrleisten, empfangen wir Gruppen vom Anfang bis zum Ende der \u00d6ffnungszeiten, mit Ausnahme des Zeitraums vom 10. Juli bis zum 20. August.<\/p>\n<\/div>\n\n\n\n<div class=\"wp-block-column second is-layout-flow wp-block-column-is-layout-flow\" style=\"flex-basis:66.66%\">\n<figure class=\"wp-block-image size-full image\"><img decoding=\"async\" width=\"2560\" height=\"1707\" src=\"https:\/\/www.camping-les-genets.fr\/wp-content\/uploads\/2023\/09\/Specialite-culinaire-Aveyron-scaled.webp\" alt=\"Kulinarische Spezialit\u00e4t Aveyron\" class=\"wp-image-3569\" srcset=\"https:\/\/www.camping-les-genets.fr\/wp-content\/uploads\/2023\/09\/Specialite-culinaire-Aveyron-scaled.webp 2560w, https:\/\/www.camping-les-genets.fr\/wp-content\/uploads\/2023\/09\/Specialite-culinaire-Aveyron-300x200.webp 300w, https:\/\/www.camping-les-genets.fr\/wp-content\/uploads\/2023\/09\/Specialite-culinaire-Aveyron-1024x683.webp 1024w, https:\/\/www.camping-les-genets.fr\/wp-content\/uploads\/2023\/09\/Specialite-culinaire-Aveyron-768x512.webp 768w, https:\/\/www.camping-les-genets.fr\/wp-content\/uploads\/2023\/09\/Specialite-culinaire-Aveyron-1536x1024.webp 1536w, https:\/\/www.camping-les-genets.fr\/wp-content\/uploads\/2023\/09\/Specialite-culinaire-Aveyron-2048x1365.webp 2048w\" sizes=\"(max-width: 2560px) 100vw, 2560px\" \/><\/figure>\n\n\n\n<figure class=\"wp-block-image size-large deco\"><img decoding=\"async\" width=\"2465\" height=\"1024\" src=\"https:\/\/www.camping-les-genets.fr\/wp-content\/uploads\/2023\/07\/vagues.svg\" alt=\"Wellen\" class=\"wp-image-812\"\/><\/figure>\n<\/div>\n<\/div>\n\n\r\n    <\/div>\r\n<\/section>\n\n<section id=\"ls-section-block_50f494e025f09016860804dc29c10636\" class=\"ls-section  page-maillage has-p-t p-t-14 has-p-b p-b-14\" >\r\n        <div class=\"container container--wide\">\r\n        \n\n<div id=\"ls-heading ls-titre-div-block_7a12ce0bdb351592e04d9c3c8a89ec8c\" class=\"ls-titre-div aligncenter h2-like has-m-b m-b-8\" >\n    Entdecken Sie unsere Preise, unsere Aktivit\u00e4ten und Animationen sowie <strong> die angebotenen Dienstleistungen!<\/div>\n\n\n<div id=\"ls-maillage-block_a14317ba1461463921ab237385cff5a9\" class=\"ls-maillage slow animated fadeInUp delay-100ms cta-style-normal\" data-rows=\"3\">\r\n    <div class=\"wp-block-columns\"><div class=\"wp-block-column\">\n\n<a href=\"https:\/\/www.camping-les-genets.fr\/de\/aktivitaeten\/\" target=\"\" rel=\"noopener\" class=\"ls-cta__link\">\n\n\t<div class=\"ls-cta__image\"><img decoding=\"async\" src=\"https:\/\/www.camping-les-genets.fr\/wp-content\/uploads\/2024\/02\/activites_nautiques_pedalo_toboggan-768x576.webp\" alt=\"\"><\/div>\n\t<div class=\"ls-cta__title\">\n\t\tAktivit\u00e4ten und Animationen\t<\/div>\n\n\t\t\n<\/a><\/div><div class=\"wp-block-column\">\n\n<a href=\"https:\/\/www.camping-les-genets.fr\/de\/dienste\/\" target=\"\" rel=\"noopener\" class=\"ls-cta__link\">\n\n\t<div class=\"ls-cta__image\"><img decoding=\"async\" src=\"https:\/\/www.camping-les-genets.fr\/wp-content\/uploads\/2024\/02\/massage-768x576.webp\" alt=\"\"><\/div>\n\t<div class=\"ls-cta__title\">\n\t\tDienste\t<\/div>\n\n\t\t\n<\/a><\/div><div class=\"wp-block-column\">\n\n<a href=\"https:\/\/www.camping-les-genets.fr\/de\/tarife\/\" target=\"\" rel=\"noopener\" class=\"ls-cta__link\">\n\n\t<div class=\"ls-cta__image\"><img decoding=\"async\" src=\"https:\/\/www.camping-les-genets.fr\/wp-content\/uploads\/2024\/02\/accueil-768x576.webp\" alt=\"\"><\/div>\n\t<div class=\"ls-cta__title\">\n\t\tTarife\t<\/div>\n\n\t\t\n<\/a><\/div><\/div><\/div>\n\r\n    <\/div>\r\n<\/section>","protected":false},"excerpt":{"rendered":"","protected":false},"author":1,"featured_media":4813,"parent":0,"menu_order":0,"comment_status":"closed","ping_status":"closed","template":"","meta":{"_acf_changed":false,"inline_featured_image":false,"footnotes":""},"sujet":[],"class_list":["post-5053","page","type-page","status-publish","has-post-thumbnail","hentry"],"acf":[],"yoast_head":"<!-- This site is optimized with the Yoast SEO plugin v27.3 - https:\/\/yoast.com\/product\/yoast-seo-wordpress\/ -->\n<title>Campingplatz mit Empfang f\u00fcr Gruppen, Seminare und Incentives<\/title>\n<meta name=\"description\" content=\"Organisieren Sie Ihre Gruppenaufenthalte und Incentives auf dem Campingplatz Les Gen\u00eats! Entdecken Sie die Kultur des Aveyron und unsere 4-Sterne-Infrastruktur am Lac de Pareloup\" \/>\n<meta name=\"robots\" content=\"index, follow, max-snippet:-1, max-image-preview:large, max-video-preview:-1\" \/>\n<link rel=\"canonical\" href=\"https:\/\/www.camping-les-genets.fr\/de\/gruppe\/\" \/>\n<meta property=\"og:locale\" content=\"de_DE\" \/>\n<meta property=\"og:type\" content=\"article\" \/>\n<meta property=\"og:title\" content=\"Campingplatz mit Empfang f\u00fcr Gruppen, Seminare und Incentives\" \/>\n<meta property=\"og:description\" content=\"Organisieren Sie Ihre Gruppenaufenthalte und Incentives auf dem Campingplatz Les Gen\u00eats! Entdecken Sie die Kultur des Aveyron und unsere 4-Sterne-Infrastruktur am Lac de Pareloup\" \/>\n<meta property=\"og:url\" content=\"https:\/\/www.camping-les-genets.fr\/de\/gruppe\/\" \/>\n<meta property=\"og:site_name\" content=\"Camping les Genets\" \/>\n<meta property=\"article:modified_time\" content=\"2023-12-01T15:59:17+00:00\" \/>\n<meta property=\"og:image\" content=\"https:\/\/www.camping-les-genets.fr\/wp-content\/uploads\/2023\/11\/camping-groupe-1.jpg\" \/>\n\t<meta property=\"og:image:width\" content=\"1920\" \/>\n\t<meta property=\"og:image:height\" content=\"969\" \/>\n\t<meta property=\"og:image:type\" content=\"image\/jpeg\" \/>\n<meta name=\"twitter:card\" content=\"summary_large_image\" \/>\n<meta name=\"twitter:label1\" content=\"Gesch\u00e4tzte Lesezeit\" \/>\n\t<meta name=\"twitter:data1\" content=\"3\u00a0Minuten\" \/>\n<script type=\"application\/ld+json\" class=\"yoast-schema-graph\">{\"@context\":\"https:\\\/\\\/schema.org\",\"@graph\":[{\"@type\":\"WebPage\",\"@id\":\"https:\\\/\\\/www.camping-les-genets.fr\\\/de\\\/gruppe\\\/\",\"url\":\"https:\\\/\\\/www.camping-les-genets.fr\\\/de\\\/gruppe\\\/\",\"name\":\"Campingplatz mit Empfang f\u00fcr Gruppen, Seminare und Incentives\",\"isPartOf\":{\"@id\":\"https:\\\/\\\/www.camping-les-genets.fr\\\/de\\\/#website\"},\"primaryImageOfPage\":{\"@id\":\"https:\\\/\\\/www.camping-les-genets.fr\\\/de\\\/gruppe\\\/#primaryimage\"},\"image\":{\"@id\":\"https:\\\/\\\/www.camping-les-genets.fr\\\/de\\\/gruppe\\\/#primaryimage\"},\"thumbnailUrl\":\"https:\\\/\\\/www.camping-les-genets.fr\\\/wp-content\\\/uploads\\\/2023\\\/11\\\/camping-groupe-1.jpg\",\"datePublished\":\"2023-07-27T11:18:56+00:00\",\"dateModified\":\"2023-12-01T15:59:17+00:00\",\"description\":\"Organisieren Sie Ihre Gruppenaufenthalte und Incentives auf dem Campingplatz Les Gen\u00eats! Entdecken Sie die Kultur des Aveyron und unsere 4-Sterne-Infrastruktur am Lac de Pareloup\",\"breadcrumb\":{\"@id\":\"https:\\\/\\\/www.camping-les-genets.fr\\\/de\\\/gruppe\\\/#breadcrumb\"},\"inLanguage\":\"de\",\"potentialAction\":[{\"@type\":\"ReadAction\",\"target\":[\"https:\\\/\\\/www.camping-les-genets.fr\\\/de\\\/gruppe\\\/\"]}]},{\"@type\":\"ImageObject\",\"inLanguage\":\"de\",\"@id\":\"https:\\\/\\\/www.camping-les-genets.fr\\\/de\\\/gruppe\\\/#primaryimage\",\"url\":\"https:\\\/\\\/www.camping-les-genets.fr\\\/wp-content\\\/uploads\\\/2023\\\/11\\\/camping-groupe-1.jpg\",\"contentUrl\":\"https:\\\/\\\/www.camping-les-genets.fr\\\/wp-content\\\/uploads\\\/2023\\\/11\\\/camping-groupe-1.jpg\",\"width\":1920,\"height\":969,\"caption\":\"Gruppenausflug ins Aveyron\"},{\"@type\":\"BreadcrumbList\",\"@id\":\"https:\\\/\\\/www.camping-les-genets.fr\\\/de\\\/gruppe\\\/#breadcrumb\",\"itemListElement\":[{\"@type\":\"ListItem\",\"position\":1,\"name\":\"Camping Aveyron\",\"item\":\"https:\\\/\\\/www.camping-les-genets.fr\\\/de\\\/\"},{\"@type\":\"ListItem\",\"position\":2,\"name\":\"Gruppen\"}]},{\"@type\":\"WebSite\",\"@id\":\"https:\\\/\\\/www.camping-les-genets.fr\\\/de\\\/#website\",\"url\":\"https:\\\/\\\/www.camping-les-genets.fr\\\/de\\\/\",\"name\":\"Camping les Genets\",\"description\":\"\",\"publisher\":{\"@id\":\"https:\\\/\\\/www.camping-les-genets.fr\\\/de\\\/#organization\"},\"potentialAction\":[{\"@type\":\"SearchAction\",\"target\":{\"@type\":\"EntryPoint\",\"urlTemplate\":\"https:\\\/\\\/www.camping-les-genets.fr\\\/de\\\/?s={search_term_string}\"},\"query-input\":{\"@type\":\"PropertyValueSpecification\",\"valueRequired\":true,\"valueName\":\"search_term_string\"}}],\"inLanguage\":\"de\"},{\"@type\":\"Organization\",\"@id\":\"https:\\\/\\\/www.camping-les-genets.fr\\\/de\\\/#organization\",\"name\":\"Camping les Genets\",\"url\":\"https:\\\/\\\/www.camping-les-genets.fr\\\/de\\\/\",\"logo\":{\"@type\":\"ImageObject\",\"inLanguage\":\"de\",\"@id\":\"https:\\\/\\\/www.camping-les-genets.fr\\\/de\\\/#\\\/schema\\\/logo\\\/image\\\/\",\"url\":\"https:\\\/\\\/www.camping-les-genets.fr\\\/wp-content\\\/uploads\\\/2023\\\/07\\\/cropped-logo-camping-genets-footer.png\",\"contentUrl\":\"https:\\\/\\\/www.camping-les-genets.fr\\\/wp-content\\\/uploads\\\/2023\\\/07\\\/cropped-logo-camping-genets-footer.png\",\"width\":500,\"height\":295,\"caption\":\"Camping les Genets\"},\"image\":{\"@id\":\"https:\\\/\\\/www.camping-les-genets.fr\\\/de\\\/#\\\/schema\\\/logo\\\/image\\\/\"}}]}<\/script>\n<!-- \/ Yoast SEO plugin. -->","yoast_head_json":{"title":"Campingplatz mit Empfang f\u00fcr Gruppen, Seminare und Incentives","description":"Organisieren Sie Ihre Gruppenaufenthalte und Incentives auf dem Campingplatz Les Gen\u00eats! Entdecken Sie die Kultur des Aveyron und unsere 4-Sterne-Infrastruktur am Lac de Pareloup","robots":{"index":"index","follow":"follow","max-snippet":"max-snippet:-1","max-image-preview":"max-image-preview:large","max-video-preview":"max-video-preview:-1"},"canonical":"https:\/\/www.camping-les-genets.fr\/de\/gruppe\/","og_locale":"de_DE","og_type":"article","og_title":"Campingplatz mit Empfang f\u00fcr Gruppen, Seminare und Incentives","og_description":"Organisieren Sie Ihre Gruppenaufenthalte und Incentives auf dem Campingplatz Les Gen\u00eats! Entdecken Sie die Kultur des Aveyron und unsere 4-Sterne-Infrastruktur am Lac de Pareloup","og_url":"https:\/\/www.camping-les-genets.fr\/de\/gruppe\/","og_site_name":"Camping les Genets","article_modified_time":"2023-12-01T15:59:17+00:00","og_image":[{"width":1920,"height":969,"url":"https:\/\/www.camping-les-genets.fr\/wp-content\/uploads\/2023\/11\/camping-groupe-1.jpg","type":"image\/jpeg"}],"twitter_card":"summary_large_image","twitter_misc":{"Gesch\u00e4tzte Lesezeit":"3\u00a0Minuten"},"schema":{"@context":"https:\/\/schema.org","@graph":[{"@type":"WebPage","@id":"https:\/\/www.camping-les-genets.fr\/de\/gruppe\/","url":"https:\/\/www.camping-les-genets.fr\/de\/gruppe\/","name":"Campingplatz mit Empfang f\u00fcr Gruppen, Seminare und Incentives","isPartOf":{"@id":"https:\/\/www.camping-les-genets.fr\/de\/#website"},"primaryImageOfPage":{"@id":"https:\/\/www.camping-les-genets.fr\/de\/gruppe\/#primaryimage"},"image":{"@id":"https:\/\/www.camping-les-genets.fr\/de\/gruppe\/#primaryimage"},"thumbnailUrl":"https:\/\/www.camping-les-genets.fr\/wp-content\/uploads\/2023\/11\/camping-groupe-1.jpg","datePublished":"2023-07-27T11:18:56+00:00","dateModified":"2023-12-01T15:59:17+00:00","description":"Organisieren Sie Ihre Gruppenaufenthalte und Incentives auf dem Campingplatz Les Gen\u00eats! Entdecken Sie die Kultur des Aveyron und unsere 4-Sterne-Infrastruktur am Lac de Pareloup","breadcrumb":{"@id":"https:\/\/www.camping-les-genets.fr\/de\/gruppe\/#breadcrumb"},"inLanguage":"de","potentialAction":[{"@type":"ReadAction","target":["https:\/\/www.camping-les-genets.fr\/de\/gruppe\/"]}]},{"@type":"ImageObject","inLanguage":"de","@id":"https:\/\/www.camping-les-genets.fr\/de\/gruppe\/#primaryimage","url":"https:\/\/www.camping-les-genets.fr\/wp-content\/uploads\/2023\/11\/camping-groupe-1.jpg","contentUrl":"https:\/\/www.camping-les-genets.fr\/wp-content\/uploads\/2023\/11\/camping-groupe-1.jpg","width":1920,"height":969,"caption":"Gruppenausflug ins Aveyron"},{"@type":"BreadcrumbList","@id":"https:\/\/www.camping-les-genets.fr\/de\/gruppe\/#breadcrumb","itemListElement":[{"@type":"ListItem","position":1,"name":"Camping Aveyron","item":"https:\/\/www.camping-les-genets.fr\/de\/"},{"@type":"ListItem","position":2,"name":"Gruppen"}]},{"@type":"WebSite","@id":"https:\/\/www.camping-les-genets.fr\/de\/#website","url":"https:\/\/www.camping-les-genets.fr\/de\/","name":"Camping les Genets","description":"","publisher":{"@id":"https:\/\/www.camping-les-genets.fr\/de\/#organization"},"potentialAction":[{"@type":"SearchAction","target":{"@type":"EntryPoint","urlTemplate":"https:\/\/www.camping-les-genets.fr\/de\/?s={search_term_string}"},"query-input":{"@type":"PropertyValueSpecification","valueRequired":true,"valueName":"search_term_string"}}],"inLanguage":"de"},{"@type":"Organization","@id":"https:\/\/www.camping-les-genets.fr\/de\/#organization","name":"Camping les Genets","url":"https:\/\/www.camping-les-genets.fr\/de\/","logo":{"@type":"ImageObject","inLanguage":"de","@id":"https:\/\/www.camping-les-genets.fr\/de\/#\/schema\/logo\/image\/","url":"https:\/\/www.camping-les-genets.fr\/wp-content\/uploads\/2023\/07\/cropped-logo-camping-genets-footer.png","contentUrl":"https:\/\/www.camping-les-genets.fr\/wp-content\/uploads\/2023\/07\/cropped-logo-camping-genets-footer.png","width":500,"height":295,"caption":"Camping les Genets"},"image":{"@id":"https:\/\/www.camping-les-genets.fr\/de\/#\/schema\/logo\/image\/"}}]}},"_links":{"self":[{"href":"https:\/\/www.camping-les-genets.fr\/de\/wp-json\/wp\/v2\/pages\/5053","targetHints":{"allow":["GET"]}}],"collection":[{"href":"https:\/\/www.camping-les-genets.fr\/de\/wp-json\/wp\/v2\/pages"}],"about":[{"href":"https:\/\/www.camping-les-genets.fr\/de\/wp-json\/wp\/v2\/types\/page"}],"author":[{"embeddable":true,"href":"https:\/\/www.camping-les-genets.fr\/de\/wp-json\/wp\/v2\/users\/1"}],"replies":[{"embeddable":true,"href":"https:\/\/www.camping-les-genets.fr\/de\/wp-json\/wp\/v2\/comments?post=5053"}],"version-history":[{"count":3,"href":"https:\/\/www.camping-les-genets.fr\/de\/wp-json\/wp\/v2\/pages\/5053\/revisions"}],"predecessor-version":[{"id":5706,"href":"https:\/\/www.camping-les-genets.fr\/de\/wp-json\/wp\/v2\/pages\/5053\/revisions\/5706"}],"wp:featuredmedia":[{"embeddable":true,"href":"https:\/\/www.camping-les-genets.fr\/de\/wp-json\/wp\/v2\/media\/4813"}],"wp:attachment":[{"href":"https:\/\/www.camping-les-genets.fr\/de\/wp-json\/wp\/v2\/media?parent=5053"}],"wp:term":[{"taxonomy":"sujet","embeddable":true,"href":"https:\/\/www.camping-les-genets.fr\/de\/wp-json\/wp\/v2\/sujet?post=5053"}],"curies":[{"name":"wp","href":"https:\/\/api.w.org\/{rel}","templated":true}]}}