{"id":5026,"date":"2023-07-27T13:20:02","date_gmt":"2023-07-27T11:20:02","guid":{"rendered":"https:\/\/www.camping-les-genets.fr\/standorte\/"},"modified":"2023-11-30T09:57:15","modified_gmt":"2023-11-30T08:57:15","slug":"standorte","status":"publish","type":"page","link":"https:\/\/www.camping-les-genets.fr\/de\/standorte\/","title":{"rendered":"Standorte"},"content":{"rendered":"<section id=\"ls-section-block_6819da603d653048b8225b5b1a768811\" class=\"ls-section  page-chapeau has-p-b p-b-0\" >\r\n        <div class=\"container \">\r\n        \n\n<h1 class=\"ls__heading wp-block-heading has-text-align-center animated fadeInLeft delay-100ms slow\">  Eine <strong>gro\u00dfe Auswahl an Camping<\/strong> pl\u00e4tzen im Aveyron<\/h1>\n\n\n\n<p class=\"ls-paragraph has-text-align-center\">Der Campingplatz Les Gen\u00eats stellt Campern mit Zelt und Urlaubern mit Wohnwagen oder Wohnmobil <strong>sehr<\/strong> <strong>ger\u00e4umige<\/strong> <strong>Komfort-Stellpl\u00e4tze <\/strong>in freier Natur im Aveyron in der ehemaligen Region Midi Pyren\u00e4en zur Verf\u00fcgung.<\/p>\n\n\r\n    <\/div>\r\n<\/section>\n\n<section id=\"ls-section-block_6263655e6bba9747ef890e132da66f46\" class=\"ls-section \" >\r\n        <div class=\"container container--wide\">\r\n        \n\n<div id=\"ls-hebergements-block_34d8ed3382a3503c1160b36f20c3e1e0\" class=\"ls-hebergements\">\n\n    <div class=\"ls-customizer\">\n\n    <div class=\"ls-customizer__filters\">\n        <div class=\"ls-customizer__filters__close\">\n            <i class=\"fas fa-times\"><\/i>\n        <\/div>\n\n        <div class=\"ls-customizer__filters__title\">\n            <b>Filter<\/b>\n            <span class=\"ls-customizer__filters__clear\"><i class=\"fas fa-times\"><\/i> Filter l\u00f6schen<\/span>\n        <\/div>\n\n                \n        <!-- Filtres ACF fields -->\n        \n                                <!-- Filtre nombre_de_personnes -->\n                        <div class=\"filter\" id=\"filter-nombre_de_personnes\">\n                <div class=\"filter__title\">Maximale Kapazit\u00e4t<i class=\"genets-arrow\"><\/i><\/div>\n                <fieldset data-filter=\"nombre_de_personnes\" data-operator=\"<=\" class=\"input\">\n                    \n                    <div><input type=\"radio\" name=\"nombre_de_personnes\" id=\"nombre_de_personnes-all\"  class=\"checkbox\" \/><label for='nombre_de_personnes-all'>Tous<\/label><\/div><div><input type=\"radio\" name=\"nombre_de_personnes\" id=\"nombre_de_personnes-4\" value=\"4\" class=\"checkbox\"  \/><label for='nombre_de_personnes-4'>Bis zu 4 pers.<\/label><\/div><div><input type=\"radio\" name=\"nombre_de_personnes\" id=\"nombre_de_personnes-6\" value=\"6\" class=\"checkbox\"  \/><label for='nombre_de_personnes-6'>Bis zu 6 pers.<\/label><\/div>                <\/fieldset>\n            <\/div>\n                                <!-- Filtre nombre_de_chambres -->\n                        <div class=\"filter\" id=\"filter-nombre_de_chambres\">\n                <div class=\"filter__title\">Anzahl der Zimmer<i class=\"genets-arrow\"><\/i><\/div>\n                <fieldset data-filter=\"nombre_de_chambres\" data-operator=\"==\" class=\"input\">\n                    \n                    <div><input type=\"radio\" name=\"nombre_de_chambres\" id=\"nombre_de_chambres-all\"  class=\"checkbox\" \/><label for='nombre_de_chambres-all'>Tous<\/label><\/div><div><input type=\"radio\" name=\"nombre_de_chambres\" id=\"nombre_de_chambres-2\" value=\"2\" class=\"checkbox\"  \/><label for='nombre_de_chambres-2'>2<\/label><\/div><div><input type=\"radio\" name=\"nombre_de_chambres\" id=\"nombre_de_chambres-3\" value=\"3\" class=\"checkbox\"  \/><label for='nombre_de_chambres-3'>3<\/label><\/div>                <\/fieldset>\n            <\/div>\n                    \n        <div id=\"validate-filters\" class=\"ls-button\">Valider la s\u00e9lection<\/div>\n\n        \n    <\/div>\n\n    <div class=\"ls-customizer__orders\">\n        <i class=\"fas fa-sort\"><\/i>\n        <select class=\"select-order\">\n            <option selected value=\"\">Sortieren nach<\/option>\n            <option value=\"price-asc\">Preis aufsteigend<\/option>\n            <option value=\"price-desc\">Preis absteigend<\/option>\n        <\/select>\n    <\/div>\n\n<\/div><div class=\"ls-hebergements__results\" data-row=\"3\" data-campings=\"false\" data-types=\"[16]\"><div class=\"ls-hebergement\" data-postid='7995' data-id-reservation='144117' data-id-site='' data-id1='' data-nombre_de_personnes='6' data-nombre_de_chambres='' data-last-update='' data-type='pitch-fr'>\n\t<a href=\"https:\/\/www.camping-les-genets.fr\/de\/unterkunfte\/emplacement-confort-tente\/#primary\" rel=\"noopener\" target=\"_blank\"\n\t\tclass=\"ls-hebergement__link\">\n\t\t<div class=\"ls-hebergement__thumb\">\n\t\t\t\t\t\t<img decoding=\"async\" src=\"https:\/\/www.camping-les-genets.fr\/wp-content\/uploads\/2025\/09\/0-1372368.jpg\" alt=\"Stellplatz Zelt Confort\" \/>\n\t\t<\/div>\n\t\t<div class=\"ls-hebergement__title\">\n\t\t\tStellplatz Zelt Confort\t\t<\/div>\n\n\t\t<div class=\"ls-hebergement__details\">\n\n\t\t\t<div class=\"ls-hebergement__icons\">\n\n\t\t\t\t\t\t\t\t<span class=\"ls-hebergement__icon\">\n\t\t\t\t\t<i class=\"genets-family\"><\/i>\n\t\t\t\t\t6\t\t\t\t<\/span>\n\t\t\t\t\n\t\t\t\t\n\t\t\t\t<div class=\"ls-hebergement__infos\">\n\t\t\t\t\t\t\t\t\t\t\t\t\t\t<\/div>\n\t\t\t\t\n\t\t\t<\/div>\n\n\n\t\t<\/div>\n\n\t\t<div class=\"ls-hebergement__disponibilites\">\n\t\t\tEntdecken Sie\t\t<\/div>\n\t\t<div class=\"ls-button in-view animated fadeInUp\" style=\"opacity: 1;\">\n\t\t\t<span>Entdecken Sie<\/span><\/div>\n\t<\/a>\n<\/div><div class=\"ls-hebergement\" data-postid='6432' data-id-reservation='572' data-id-site='' data-id1='' data-nombre_de_personnes='6' data-nombre_de_chambres='' data-last-update='' data-type='pitch-fr'>\n\t<a href=\"https:\/\/www.camping-les-genets.fr\/de\/unterkunfte\/emplacement-confort-bord-de-lac\/#primary\" rel=\"noopener\" target=\"_blank\"\n\t\tclass=\"ls-hebergement__link\">\n\t\t<div class=\"ls-hebergement__thumb\">\n\t\t\t\t\t\t<img decoding=\"async\" src=\"https:\/\/www.camping-les-genets.fr\/wp-content\/uploads\/2023\/11\/0-870750.jpg\" alt=\"Komfort Stellplatz am See\" \/>\n\t\t<\/div>\n\t\t<div class=\"ls-hebergement__title\">\n\t\t\tKomfort Stellplatz am See\t\t<\/div>\n\n\t\t<div class=\"ls-hebergement__details\">\n\n\t\t\t<div class=\"ls-hebergement__icons\">\n\n\t\t\t\t\t\t\t\t<span class=\"ls-hebergement__icon\">\n\t\t\t\t\t<i class=\"genets-family\"><\/i>\n\t\t\t\t\t6\t\t\t\t<\/span>\n\t\t\t\t\n\t\t\t\t\n\t\t\t\t<div class=\"ls-hebergement__infos\">\n\t\t\t\t\t\t\t\t\t\t\t\t\t\t<\/div>\n\t\t\t\t\n\t\t\t<\/div>\n\n\n\t\t<\/div>\n\n\t\t<div class=\"ls-hebergement__disponibilites\">\n\t\t\tEntdecken Sie\t\t<\/div>\n\t\t<div class=\"ls-button in-view animated fadeInUp\" style=\"opacity: 1;\">\n\t\t\t<span>Entdecken Sie<\/span><\/div>\n\t<\/a>\n<\/div><div class=\"ls-hebergement\" data-postid='6429' data-id-reservation='570' data-id-site='' data-id1='' data-nombre_de_personnes='6' data-nombre_de_chambres='' data-last-update='' data-type='pitch-fr'>\n\t<a href=\"https:\/\/www.camping-les-genets.fr\/de\/unterkunfte\/emplacement-confort\/#primary\" rel=\"noopener\" target=\"_blank\"\n\t\tclass=\"ls-hebergement__link\">\n\t\t<div class=\"ls-hebergement__thumb\">\n\t\t\t\t\t\t<img decoding=\"async\" src=\"https:\/\/www.camping-les-genets.fr\/wp-content\/uploads\/2023\/07\/0-391575.jpg\" alt=\"Komfort Stellplatz\" \/>\n\t\t<\/div>\n\t\t<div class=\"ls-hebergement__title\">\n\t\t\tKomfort Stellplatz\t\t<\/div>\n\n\t\t<div class=\"ls-hebergement__details\">\n\n\t\t\t<div class=\"ls-hebergement__icons\">\n\n\t\t\t\t\t\t\t\t<span class=\"ls-hebergement__icon\">\n\t\t\t\t\t<i class=\"genets-family\"><\/i>\n\t\t\t\t\t6\t\t\t\t<\/span>\n\t\t\t\t\n\t\t\t\t\n\t\t\t\t<div class=\"ls-hebergement__infos\">\n\t\t\t\t\t\t\t\t\t\t\t\t\t\t<\/div>\n\t\t\t\t\n\t\t\t<\/div>\n\n\n\t\t<\/div>\n\n\t\t<div class=\"ls-hebergement__disponibilites\">\n\t\t\tEntdecken Sie\t\t<\/div>\n\t\t<div class=\"ls-button in-view animated fadeInUp\" style=\"opacity: 1;\">\n\t\t\t<span>Entdecken Sie<\/span><\/div>\n\t<\/a>\n<\/div><\/div><\/div>\n\r\n    <\/div>\r\n<\/section>\n\n<section id=\"ls-section-block_c22bed0b87d9bbab1afb96511b3cda52\" class=\"ls-section  page-one has-p-b p-b-14\" >\r\n        <div class=\"container container--full\">\r\n        \n\n<div class=\"wp-block-columns is-layout-flex wp-container-core-columns-is-layout-9d6595d7 wp-block-columns-is-layout-flex\">\n<div class=\"wp-block-column first is-layout-flow wp-block-column-is-layout-flow\" style=\"flex-basis:66.66%\">\n<figure class=\"wp-block-image size-full\"><img decoding=\"async\" width=\"2560\" height=\"1707\" src=\"https:\/\/www.camping-les-genets.fr\/wp-content\/uploads\/2023\/09\/Emplacements-pour-tente-caravane-et-camping-car-au-camping-les-genets-scaled.webp\" alt=\"Stellpl\u00e4tze f\u00fcr Zelte, Wohnwagen und Wohnmobile auf dem Campingplatz les genets\" class=\"wp-image-2757\" srcset=\"https:\/\/www.camping-les-genets.fr\/wp-content\/uploads\/2023\/09\/Emplacements-pour-tente-caravane-et-camping-car-au-camping-les-genets-scaled.webp 2560w, https:\/\/www.camping-les-genets.fr\/wp-content\/uploads\/2023\/09\/Emplacements-pour-tente-caravane-et-camping-car-au-camping-les-genets-300x200.webp 300w, https:\/\/www.camping-les-genets.fr\/wp-content\/uploads\/2023\/09\/Emplacements-pour-tente-caravane-et-camping-car-au-camping-les-genets-1024x683.webp 1024w, https:\/\/www.camping-les-genets.fr\/wp-content\/uploads\/2023\/09\/Emplacements-pour-tente-caravane-et-camping-car-au-camping-les-genets-768x512.webp 768w, https:\/\/www.camping-les-genets.fr\/wp-content\/uploads\/2023\/09\/Emplacements-pour-tente-caravane-et-camping-car-au-camping-les-genets-1536x1024.webp 1536w, https:\/\/www.camping-les-genets.fr\/wp-content\/uploads\/2023\/09\/Emplacements-pour-tente-caravane-et-camping-car-au-camping-les-genets-2048x1365.webp 2048w\" sizes=\"(max-width: 2560px) 100vw, 2560px\" \/><\/figure>\n<\/div>\n\n\n\n<div class=\"wp-block-column is-vertically-aligned-center second has-color-white-background-color has-background is-layout-flow wp-block-column-is-layout-flow\" style=\"flex-basis:33.33%\">\n<h2 class=\"ls__heading wp-block-heading\"><strong>Stellpl\u00e4tze f\u00fcr Zelte<\/strong>, <strong>Wohnwagen <\/strong>und <strong>Wohnmobile<\/strong> in der N\u00e4he von Rodez und Millau<\/h2>\n\n\n\n<p class=\"ls-paragraph\">Begrast, durch Hecken abgegrenzt, schattig oder halbschattig durch gro\u00dfe B\u00e4ume, bieten Ihnen die Stellpl\u00e4tze unseres <a href=\"https:\/\/www.camping-les-genets.fr\/de\/\">Campingplatzes im Aveyron<\/a> <strong>Raum und Ruhe <\/strong>und garantieren Ihnen einen \u00e4u\u00dferst erholsamen Aufenthalt.<\/p>\n\n\n\n<p class=\"ls-paragraph\">Unsere <strong>Stellpl\u00e4tze auf dem Campingplatz Aveyron<\/strong> f\u00fcr traditionelle Wohnwagen und Wohnmobile verf\u00fcgen alle \u00fcber einen Stromanschluss, einen Trinkwasserhahn und einen Anschluss f\u00fcr die Abwasserentsorgung.<\/p>\n\n\n\n<p class=\"ls-paragraph addReadMore showlesscontent\">Das <strong>Grundpaket <\/strong>umfasst eine 6-Ampere-Stromversorgung, die ausreicht, um eine Beleuchtung anzuschlie\u00dfen, mobile Ger\u00e4te aufzuladen, einen K\u00fchlschrank anzuschlie\u00dfen oder eine Kaffeemaschine zu betreiben.<br><br>Wenn Sie <strong>mehr Ger\u00e4te<\/strong> haben und z. B. Kochplatten, einen Elektrogrill, einen Backofen oder einen Wasserkocher verwenden m\u00f6chten, k\u00f6nnen Sie optional einen 10-Ampere-Anschluss buchen.<\/p>\n<\/div>\n<\/div>\n\n\r\n    <\/div>\r\n<\/section>\n\n<section id=\"ls-section-block_3275f491201555ab5b7940cdefc89131\" class=\"ls-section  page-two background-blu-right has-p-t p-t-14\" >\r\n        <div class=\"container container--wide\">\r\n        \n\n<div class=\"wp-block-columns is-layout-flex wp-container-core-columns-is-layout-9d6595d7 wp-block-columns-is-layout-flex\">\n<div class=\"wp-block-column is-vertically-aligned-top first is-layout-flow wp-block-column-is-layout-flow\" style=\"flex-basis:33.33%\">\n<h2 class=\"ls__heading wp-block-heading\"><strong>Campingpl\u00e4tze<\/strong> am <strong>Ufer des Sees<\/strong> von Pareloup<\/h2>\n\n\n\n<p class=\"ls-paragraph\">Wir unterscheiden in unserer Preistabelle <strong>zwei<\/strong> <strong>Arten<\/strong> <strong>von Stellpl\u00e4tzen<\/strong>: solche, die sich im Herzen des baumbestandenen Gel\u00e4ndes befinden, und solche, die von einer privilegierten Lage in der ersten Reihe profitieren, um<strong> mit dem Wohnmobil<\/strong> am Ufer des<strong> Sees von Pareloup<\/strong> zu verweilen. Sie genie\u00dfen dort einen <strong>atemberaubenden Ausblick <\/strong>und haben <strong>keinerlei Gegen\u00fcber<\/strong>.<\/p>\n\n\n\n<p class=\"ls-paragraph addReadMore showlesscontent\">Mit Ausnahme ihrer Lage sind beide Arten von<strong>campingpl\u00e4tze Aveyron<\/strong>  profitieren Sie von denselben Komfortmerkmalen: eine Fl\u00e4che zwischen<strong>  80 und 100 m2<\/strong>Die Aufnahmekapazit\u00e4t betr\u00e4gt bis zu  <strong>bis zu 6 Urlauber<\/strong>  pro Parzelle sowie Wasser, Strom und WLAN, die im Basispaket enthalten sind.  <br><br>Hier verbringen Sie einen erholsamen Aufenthalt in einer au\u00dfergew\u00f6hnlichen nat\u00fcrlichen Umgebung.<br><br>Es stehen Ihnen <strong>zwei komfortable Sanit\u00e4rbl\u00f6cke <\/strong>zur Verf\u00fcgung. Eines ist vollst\u00e4ndig f\u00fcr Menschen mit eingeschr\u00e4nkter Mobilit\u00e4t zug\u00e4nglich.<br>Als Liebhaber von Natur und frischer Luft bietet Ihnen Les Gen\u00eats eine ideale Erfahrung auf einem <a href=\"https:\/\/www.camping-les-genets.fr\/de\/tarife\/\">g\u00fcnstigen Campingplatz im Aveyron<\/a>, im Herzen der sch\u00f6nsten Landschaften des Aveyron, mit den F\u00fc\u00dfen im Wasser und Zugang zu einem sch\u00f6nen Wasserbereich, der aus einem gro\u00dfen Au\u00dfenpool besteht.<br> <br>F\u00fcr einen Campingurlaub mit allem Komfort tauschen Sie Ihre Zelte, Wohnwagen und Wohnmobile gegen ein <a href=\"https:\/\/www.camping-les-genets.fr\/de\/vermietung\/\">Mobilheim<\/a> ein!<\/p>\n<\/div>\n\n\n\n<div class=\"wp-block-column second is-layout-flow wp-block-column-is-layout-flow\" style=\"flex-basis:66.66%\">\n<figure class=\"wp-block-image size-full image\"><img decoding=\"async\" width=\"900\" height=\"600\" src=\"https:\/\/www.camping-les-genets.fr\/wp-content\/uploads\/2023\/10\/emplacement-camping-car-en-bord-de-lac-en-aveyron.jpg\" alt=\"wohnmobilstellplatz am seeufer in aveyron\" class=\"wp-image-3985\" srcset=\"https:\/\/www.camping-les-genets.fr\/wp-content\/uploads\/2023\/10\/emplacement-camping-car-en-bord-de-lac-en-aveyron.jpg 900w, https:\/\/www.camping-les-genets.fr\/wp-content\/uploads\/2023\/10\/emplacement-camping-car-en-bord-de-lac-en-aveyron-300x200.jpg 300w, https:\/\/www.camping-les-genets.fr\/wp-content\/uploads\/2023\/10\/emplacement-camping-car-en-bord-de-lac-en-aveyron-768x512.jpg 768w\" sizes=\"(max-width: 900px) 100vw, 900px\" \/><\/figure>\n<\/div>\n<\/div>\n\n\r\n    <\/div>\r\n<\/section>\n\n<section id=\"ls-section-block_a5cb7cc9d92a09fc6303dc5b14e64801\" class=\"ls-section  page-maillage has-p-t p-t-14 has-p-b p-b-14\" >\r\n        <div class=\"container container--wide\">\r\n        \n\n<div id=\"ls-heading ls-titre-div-block_7ca801eb8945923ff230d3018b6e35c0\" class=\"ls-titre-div aligncenter h2-like has-m-b m-b-8\" >\n    Entdecken Sie unsere Mietunterk\u00fcnfte, unsere Preise, <strong> unsere Aktivit\u00e4ten und Animationen!<\/div>\n\n\n<div id=\"ls-maillage-block_c7923b5e092fc5418037938e207546b8\" class=\"ls-maillage slow animated fadeInUp delay-100ms cta-style-normal\" data-rows=\"3\">\r\n    <div class=\"wp-block-columns\"><div class=\"wp-block-column\">\n\n<a href=\"https:\/\/www.camping-les-genets.fr\/de\/aktivitaeten\/\" target=\"\" rel=\"noopener\" class=\"ls-cta__link\">\n\n\t<div class=\"ls-cta__image\"><img decoding=\"async\" src=\"https:\/\/www.camping-les-genets.fr\/wp-content\/uploads\/2024\/02\/activites_nautiques_pedalo_toboggan-768x576.webp\" alt=\"\"><\/div>\n\t<div class=\"ls-cta__title\">\n\t\tAktivit\u00e4ten und Animationen\t<\/div>\n\n\t\t\n<\/a><\/div><div class=\"wp-block-column\">\n\n<a href=\"https:\/\/www.camping-les-genets.fr\/de\/vermietung\/\" target=\"\" rel=\"noopener\" class=\"ls-cta__link\">\n\n\t<div class=\"ls-cta__image\"><img decoding=\"async\" src=\"https:\/\/www.camping-les-genets.fr\/wp-content\/uploads\/2023\/09\/Mobil-home-Premium-grand-camping-Les-Genets-768x512.webp\" alt=\"Mobilheim Premium gro\u00dfer Campingplatz Les Gen\u00eats\"><\/div>\n\t<div class=\"ls-cta__title\">\n\t\tVermietungen\t<\/div>\n\n\t\t\n<\/a><\/div><div class=\"wp-block-column\">\n\n<a href=\"https:\/\/www.camping-les-genets.fr\/de\/tarife\/\" target=\"\" rel=\"noopener\" class=\"ls-cta__link\">\n\n\t<div class=\"ls-cta__image\"><img decoding=\"async\" src=\"https:\/\/www.camping-les-genets.fr\/wp-content\/uploads\/2024\/02\/accueil-768x576.webp\" alt=\"\"><\/div>\n\t<div class=\"ls-cta__title\">\n\t\tTarife\t<\/div>\n\n\t\t\n<\/a><\/div><\/div><\/div>\n\r\n    <\/div>\r\n<\/section>","protected":false},"excerpt":{"rendered":"","protected":false},"author":1,"featured_media":1517,"parent":0,"menu_order":0,"comment_status":"closed","ping_status":"closed","template":"template-hebergements.php","meta":{"_acf_changed":false,"inline_featured_image":false,"footnotes":""},"sujet":[],"class_list":["post-5026","page","type-page","status-publish","has-post-thumbnail","hentry"],"acf":[],"yoast_head":"<!-- This site is optimized with the Yoast SEO plugin v27.3 - https:\/\/yoast.com\/product\/yoast-seo-wordpress\/ -->\n<title>Stellplatz Campingplatz Aveyron in der N\u00e4he von Rodez und Millau am Lac de Pareloup<\/title>\n<meta name=\"description\" content=\"Auf der Suche nach einem Camping-Stellplatz im Aveyron? Les Gen\u00eats bietet Ihnen Stellpl\u00e4tze f\u00fcr Zelte, Wohnwagen und Wohnmobile am Ufer des Lac de Pareloup (12)\" \/>\n<meta name=\"robots\" content=\"index, follow, max-snippet:-1, max-image-preview:large, max-video-preview:-1\" \/>\n<link rel=\"canonical\" href=\"https:\/\/www.camping-les-genets.fr\/de\/standorte\/\" \/>\n<meta property=\"og:locale\" content=\"de_DE\" \/>\n<meta property=\"og:type\" content=\"article\" \/>\n<meta property=\"og:title\" content=\"Stellplatz Campingplatz Aveyron in der N\u00e4he von Rodez und Millau am Lac de Pareloup\" \/>\n<meta property=\"og:description\" content=\"Auf der Suche nach einem Camping-Stellplatz im Aveyron? Les Gen\u00eats bietet Ihnen Stellpl\u00e4tze f\u00fcr Zelte, Wohnwagen und Wohnmobile am Ufer des Lac de Pareloup (12)\" \/>\n<meta property=\"og:url\" content=\"https:\/\/www.camping-les-genets.fr\/de\/standorte\/\" \/>\n<meta property=\"og:site_name\" content=\"Camping les Genets\" \/>\n<meta property=\"article:modified_time\" content=\"2023-11-30T08:57:15+00:00\" \/>\n<meta property=\"og:image\" content=\"https:\/\/www.camping-les-genets.fr\/wp-content\/uploads\/2023\/09\/Camping-confort-Les-Grenets-scaled.webp\" \/>\n\t<meta property=\"og:image:width\" content=\"2560\" \/>\n\t<meta property=\"og:image:height\" content=\"1707\" \/>\n\t<meta property=\"og:image:type\" content=\"image\/webp\" \/>\n<meta name=\"twitter:card\" content=\"summary_large_image\" \/>\n<meta name=\"twitter:label1\" content=\"Gesch\u00e4tzte Lesezeit\" \/>\n\t<meta name=\"twitter:data1\" content=\"3\u00a0Minuten\" \/>\n<script type=\"application\/ld+json\" class=\"yoast-schema-graph\">{\"@context\":\"https:\\\/\\\/schema.org\",\"@graph\":[{\"@type\":\"WebPage\",\"@id\":\"https:\\\/\\\/www.camping-les-genets.fr\\\/de\\\/standorte\\\/\",\"url\":\"https:\\\/\\\/www.camping-les-genets.fr\\\/de\\\/standorte\\\/\",\"name\":\"Stellplatz Campingplatz Aveyron in der N\u00e4he von Rodez und Millau am Lac de Pareloup\",\"isPartOf\":{\"@id\":\"https:\\\/\\\/www.camping-les-genets.fr\\\/de\\\/#website\"},\"primaryImageOfPage\":{\"@id\":\"https:\\\/\\\/www.camping-les-genets.fr\\\/de\\\/standorte\\\/#primaryimage\"},\"image\":{\"@id\":\"https:\\\/\\\/www.camping-les-genets.fr\\\/de\\\/standorte\\\/#primaryimage\"},\"thumbnailUrl\":\"https:\\\/\\\/www.camping-les-genets.fr\\\/wp-content\\\/uploads\\\/2023\\\/09\\\/Camping-confort-Les-Grenets-scaled.webp\",\"datePublished\":\"2023-07-27T11:20:02+00:00\",\"dateModified\":\"2023-11-30T08:57:15+00:00\",\"description\":\"Auf der Suche nach einem Camping-Stellplatz im Aveyron? Les Gen\u00eats bietet Ihnen Stellpl\u00e4tze f\u00fcr Zelte, Wohnwagen und Wohnmobile am Ufer des Lac de Pareloup (12)\",\"breadcrumb\":{\"@id\":\"https:\\\/\\\/www.camping-les-genets.fr\\\/de\\\/standorte\\\/#breadcrumb\"},\"inLanguage\":\"de\",\"potentialAction\":[{\"@type\":\"ReadAction\",\"target\":[\"https:\\\/\\\/www.camping-les-genets.fr\\\/de\\\/standorte\\\/\"]}]},{\"@type\":\"ImageObject\",\"inLanguage\":\"de\",\"@id\":\"https:\\\/\\\/www.camping-les-genets.fr\\\/de\\\/standorte\\\/#primaryimage\",\"url\":\"https:\\\/\\\/www.camping-les-genets.fr\\\/wp-content\\\/uploads\\\/2023\\\/09\\\/Camping-confort-Les-Grenets-scaled.webp\",\"contentUrl\":\"https:\\\/\\\/www.camping-les-genets.fr\\\/wp-content\\\/uploads\\\/2023\\\/09\\\/Camping-confort-Les-Grenets-scaled.webp\",\"width\":2560,\"height\":1707,\"caption\":\"Komfort-Campingplatz Les Gen\u00eats\"},{\"@type\":\"BreadcrumbList\",\"@id\":\"https:\\\/\\\/www.camping-les-genets.fr\\\/de\\\/standorte\\\/#breadcrumb\",\"itemListElement\":[{\"@type\":\"ListItem\",\"position\":1,\"name\":\"Camping Aveyron\",\"item\":\"https:\\\/\\\/www.camping-les-genets.fr\\\/de\\\/\"},{\"@type\":\"ListItem\",\"position\":2,\"name\":\"Standorte\"}]},{\"@type\":\"WebSite\",\"@id\":\"https:\\\/\\\/www.camping-les-genets.fr\\\/de\\\/#website\",\"url\":\"https:\\\/\\\/www.camping-les-genets.fr\\\/de\\\/\",\"name\":\"Camping les Genets\",\"description\":\"\",\"publisher\":{\"@id\":\"https:\\\/\\\/www.camping-les-genets.fr\\\/de\\\/#organization\"},\"potentialAction\":[{\"@type\":\"SearchAction\",\"target\":{\"@type\":\"EntryPoint\",\"urlTemplate\":\"https:\\\/\\\/www.camping-les-genets.fr\\\/de\\\/?s={search_term_string}\"},\"query-input\":{\"@type\":\"PropertyValueSpecification\",\"valueRequired\":true,\"valueName\":\"search_term_string\"}}],\"inLanguage\":\"de\"},{\"@type\":\"Organization\",\"@id\":\"https:\\\/\\\/www.camping-les-genets.fr\\\/de\\\/#organization\",\"name\":\"Camping les Genets\",\"url\":\"https:\\\/\\\/www.camping-les-genets.fr\\\/de\\\/\",\"logo\":{\"@type\":\"ImageObject\",\"inLanguage\":\"de\",\"@id\":\"https:\\\/\\\/www.camping-les-genets.fr\\\/de\\\/#\\\/schema\\\/logo\\\/image\\\/\",\"url\":\"https:\\\/\\\/www.camping-les-genets.fr\\\/wp-content\\\/uploads\\\/2023\\\/07\\\/cropped-logo-camping-genets-footer.png\",\"contentUrl\":\"https:\\\/\\\/www.camping-les-genets.fr\\\/wp-content\\\/uploads\\\/2023\\\/07\\\/cropped-logo-camping-genets-footer.png\",\"width\":500,\"height\":295,\"caption\":\"Camping les Genets\"},\"image\":{\"@id\":\"https:\\\/\\\/www.camping-les-genets.fr\\\/de\\\/#\\\/schema\\\/logo\\\/image\\\/\"}}]}<\/script>\n<!-- \/ Yoast SEO plugin. -->","yoast_head_json":{"title":"Stellplatz Campingplatz Aveyron in der N\u00e4he von Rodez und Millau am Lac de Pareloup","description":"Auf der Suche nach einem Camping-Stellplatz im Aveyron? Les Gen\u00eats bietet Ihnen Stellpl\u00e4tze f\u00fcr Zelte, Wohnwagen und Wohnmobile am Ufer des Lac de Pareloup (12)","robots":{"index":"index","follow":"follow","max-snippet":"max-snippet:-1","max-image-preview":"max-image-preview:large","max-video-preview":"max-video-preview:-1"},"canonical":"https:\/\/www.camping-les-genets.fr\/de\/standorte\/","og_locale":"de_DE","og_type":"article","og_title":"Stellplatz Campingplatz Aveyron in der N\u00e4he von Rodez und Millau am Lac de Pareloup","og_description":"Auf der Suche nach einem Camping-Stellplatz im Aveyron? Les Gen\u00eats bietet Ihnen Stellpl\u00e4tze f\u00fcr Zelte, Wohnwagen und Wohnmobile am Ufer des Lac de Pareloup (12)","og_url":"https:\/\/www.camping-les-genets.fr\/de\/standorte\/","og_site_name":"Camping les Genets","article_modified_time":"2023-11-30T08:57:15+00:00","og_image":[{"width":2560,"height":1707,"url":"https:\/\/www.camping-les-genets.fr\/wp-content\/uploads\/2023\/09\/Camping-confort-Les-Grenets-scaled.webp","type":"image\/webp"}],"twitter_card":"summary_large_image","twitter_misc":{"Gesch\u00e4tzte Lesezeit":"3\u00a0Minuten"},"schema":{"@context":"https:\/\/schema.org","@graph":[{"@type":"WebPage","@id":"https:\/\/www.camping-les-genets.fr\/de\/standorte\/","url":"https:\/\/www.camping-les-genets.fr\/de\/standorte\/","name":"Stellplatz Campingplatz Aveyron in der N\u00e4he von Rodez und Millau am Lac de Pareloup","isPartOf":{"@id":"https:\/\/www.camping-les-genets.fr\/de\/#website"},"primaryImageOfPage":{"@id":"https:\/\/www.camping-les-genets.fr\/de\/standorte\/#primaryimage"},"image":{"@id":"https:\/\/www.camping-les-genets.fr\/de\/standorte\/#primaryimage"},"thumbnailUrl":"https:\/\/www.camping-les-genets.fr\/wp-content\/uploads\/2023\/09\/Camping-confort-Les-Grenets-scaled.webp","datePublished":"2023-07-27T11:20:02+00:00","dateModified":"2023-11-30T08:57:15+00:00","description":"Auf der Suche nach einem Camping-Stellplatz im Aveyron? Les Gen\u00eats bietet Ihnen Stellpl\u00e4tze f\u00fcr Zelte, Wohnwagen und Wohnmobile am Ufer des Lac de Pareloup (12)","breadcrumb":{"@id":"https:\/\/www.camping-les-genets.fr\/de\/standorte\/#breadcrumb"},"inLanguage":"de","potentialAction":[{"@type":"ReadAction","target":["https:\/\/www.camping-les-genets.fr\/de\/standorte\/"]}]},{"@type":"ImageObject","inLanguage":"de","@id":"https:\/\/www.camping-les-genets.fr\/de\/standorte\/#primaryimage","url":"https:\/\/www.camping-les-genets.fr\/wp-content\/uploads\/2023\/09\/Camping-confort-Les-Grenets-scaled.webp","contentUrl":"https:\/\/www.camping-les-genets.fr\/wp-content\/uploads\/2023\/09\/Camping-confort-Les-Grenets-scaled.webp","width":2560,"height":1707,"caption":"Komfort-Campingplatz Les Gen\u00eats"},{"@type":"BreadcrumbList","@id":"https:\/\/www.camping-les-genets.fr\/de\/standorte\/#breadcrumb","itemListElement":[{"@type":"ListItem","position":1,"name":"Camping Aveyron","item":"https:\/\/www.camping-les-genets.fr\/de\/"},{"@type":"ListItem","position":2,"name":"Standorte"}]},{"@type":"WebSite","@id":"https:\/\/www.camping-les-genets.fr\/de\/#website","url":"https:\/\/www.camping-les-genets.fr\/de\/","name":"Camping les Genets","description":"","publisher":{"@id":"https:\/\/www.camping-les-genets.fr\/de\/#organization"},"potentialAction":[{"@type":"SearchAction","target":{"@type":"EntryPoint","urlTemplate":"https:\/\/www.camping-les-genets.fr\/de\/?s={search_term_string}"},"query-input":{"@type":"PropertyValueSpecification","valueRequired":true,"valueName":"search_term_string"}}],"inLanguage":"de"},{"@type":"Organization","@id":"https:\/\/www.camping-les-genets.fr\/de\/#organization","name":"Camping les Genets","url":"https:\/\/www.camping-les-genets.fr\/de\/","logo":{"@type":"ImageObject","inLanguage":"de","@id":"https:\/\/www.camping-les-genets.fr\/de\/#\/schema\/logo\/image\/","url":"https:\/\/www.camping-les-genets.fr\/wp-content\/uploads\/2023\/07\/cropped-logo-camping-genets-footer.png","contentUrl":"https:\/\/www.camping-les-genets.fr\/wp-content\/uploads\/2023\/07\/cropped-logo-camping-genets-footer.png","width":500,"height":295,"caption":"Camping les Genets"},"image":{"@id":"https:\/\/www.camping-les-genets.fr\/de\/#\/schema\/logo\/image\/"}}]}},"_links":{"self":[{"href":"https:\/\/www.camping-les-genets.fr\/de\/wp-json\/wp\/v2\/pages\/5026","targetHints":{"allow":["GET"]}}],"collection":[{"href":"https:\/\/www.camping-les-genets.fr\/de\/wp-json\/wp\/v2\/pages"}],"about":[{"href":"https:\/\/www.camping-les-genets.fr\/de\/wp-json\/wp\/v2\/types\/page"}],"author":[{"embeddable":true,"href":"https:\/\/www.camping-les-genets.fr\/de\/wp-json\/wp\/v2\/users\/1"}],"replies":[{"embeddable":true,"href":"https:\/\/www.camping-les-genets.fr\/de\/wp-json\/wp\/v2\/comments?post=5026"}],"version-history":[{"count":5,"href":"https:\/\/www.camping-les-genets.fr\/de\/wp-json\/wp\/v2\/pages\/5026\/revisions"}],"predecessor-version":[{"id":5546,"href":"https:\/\/www.camping-les-genets.fr\/de\/wp-json\/wp\/v2\/pages\/5026\/revisions\/5546"}],"wp:featuredmedia":[{"embeddable":true,"href":"https:\/\/www.camping-les-genets.fr\/de\/wp-json\/wp\/v2\/media\/1517"}],"wp:attachment":[{"href":"https:\/\/www.camping-les-genets.fr\/de\/wp-json\/wp\/v2\/media?parent=5026"}],"wp:term":[{"taxonomy":"sujet","embeddable":true,"href":"https:\/\/www.camping-les-genets.fr\/de\/wp-json\/wp\/v2\/sujet?post=5026"}],"curies":[{"name":"wp","href":"https:\/\/api.w.org\/{rel}","templated":true}]}}