{"id":4918,"date":"2023-07-27T13:18:29","date_gmt":"2023-07-27T11:18:29","guid":{"rendered":"https:\/\/www.camping-les-genets.fr\/aktivitaeten\/"},"modified":"2024-01-17T13:50:01","modified_gmt":"2024-01-17T12:50:01","slug":"aktivitaeten","status":"publish","type":"page","link":"https:\/\/www.camping-les-genets.fr\/de\/aktivitaeten\/","title":{"rendered":"Aktivit\u00e4ten und Animationen"},"content":{"rendered":"<section id=\"ls-section-block_3d3958cbda4f4b5e10cae419b24cc46b\" class=\"ls-section  page-chapeau has-p-b p-b-0\" >\r\n        <div class=\"container \">\r\n        \n\n<h1 class=\"ls__heading wp-block-heading has-text-align-center animated fadeInLeft delay-100ms slow\">Les Gen\u00eats, <strong>Familiencampingplatz im Aveyron<\/strong><\/h1>\n\n\r\n    <\/div>\r\n<\/section><section id=\"ls-section-block_0574af724e4d292ffcb60d26c1d449bc\" class=\"ls-section  page-one has-p-b p-b-14\" >\r\n        <div class=\"container container--full\">\r\n        \n\n<div class=\"wp-block-columns is-layout-flex wp-container-core-columns-is-layout-9d6595d7 wp-block-columns-is-layout-flex\">\n<div class=\"wp-block-column is-vertically-aligned-top first is-layout-flow wp-block-column-is-layout-flow\" style=\"flex-basis:66.66%\"><div class=\"wp-block-image\">\n<figure class=\"aligncenter size-full\"><img decoding=\"async\" width=\"800\" height=\"600\" src=\"https:\/\/www.camping-les-genets.fr\/wp-content\/uploads\/2023\/10\/activites-enfants-dans-le-lac.jpg\" alt=\"kinderaktivit&#xE4;ten im see\" class=\"wp-image-3933\" srcset=\"https:\/\/www.camping-les-genets.fr\/wp-content\/uploads\/2023\/10\/activites-enfants-dans-le-lac.jpg 800w, https:\/\/www.camping-les-genets.fr\/wp-content\/uploads\/2023\/10\/activites-enfants-dans-le-lac-300x225.jpg 300w, https:\/\/www.camping-les-genets.fr\/wp-content\/uploads\/2023\/10\/activites-enfants-dans-le-lac-768x576.jpg 768w\" sizes=\"(max-width: 800px) 100vw, 800px\" \/><\/figure>\n<\/div><\/div>\n\n\n\n<div class=\"wp-block-column is-vertically-aligned-center second has-color-white-background-color has-background is-layout-flow wp-block-column-is-layout-flow\" style=\"flex-basis:33.33%\">\n<h2 class=\"ls__heading wp-block-heading\">Ein <strong>Campingplatz f\u00fcr Kinder<\/strong> am See von Pareloup<\/h2>\n\n\n\n<p class=\"ls-paragraph\">Der <a href=\"https:\/\/www.camping-les-genets.fr\/de\/\">Campingplatz Les Gen\u00eats im Departement Aveyron<\/a> ist ein ideales Reiseziel f\u00fcr Familien: <strong>Kinder und Jugendliche<\/strong> finden hier zahlreiche Aktivit\u00e4ten, die speziell auf sie zugeschnitten sind.<\/p>\n\n\n\n<p class=\"ls-paragraph\">Der See und sein Sandstrand stehen nat\u00fcrlich ganz oben auf der Liste der Attraktionen f\u00fcr j\u00fcngere Kinder. Der sanft abfallende Einstieg ins Wasser ist f\u00fcr die Kleinsten sicher. <strong>Schwimmende<\/strong> <strong>H\u00fcpfburgen<\/strong>, die oft von \u00e4lteren Kindern in <strong>Beschlag<\/strong> genommen werden, schm\u00fccken den Badebereich.<\/p>\n\n\n\n<p class=\"ls-paragraph addReadMore showlesscontent\">Der <strong>beheizte Swimmingpool<\/strong> ist auch ein beliebter Treffpunkt f\u00fcr Kinder. Auf dem Festland stellen wir den Kids <strong>au\u00dfergew\u00f6hnliche Freizeiteinrichtungen<\/strong> zur Verf\u00fcgung: Ein gro\u00dfer Spielplatz mit mehreren Rutschen und H\u00fcpfburgen wartet auf sie.  <br\/><br\/>W\u00e4hrend der Saison bietet der <strong>Kinderclub<\/strong> <strong>jeden<\/strong> Tag abwechslungsreiche Aktivit\u00e4ten und Spiele f\u00fcr Kinder von <strong>4 bis 12 Jahren<\/strong>: Auf dem Programm stehen Schatzsuchen, Olympiaden, Basteln oder auch eine Minidisco zur Aperitifzeit!<\/p>\n<\/div>\n<\/div>\n\n\r\n    <\/div>\r\n<\/section><section id=\"ls-section-block_eeac3df410dac281641edd5e11dc81ed\" class=\"ls-section  page-two background-blu-right has-p-t p-t-14\" >\r\n        <div class=\"container container--wide\">\r\n        \n\n<div class=\"wp-block-columns is-layout-flex wp-container-core-columns-is-layout-9d6595d7 wp-block-columns-is-layout-flex\">\n<div class=\"wp-block-column is-vertically-aligned-top first is-layout-flow wp-block-column-is-layout-flow\" style=\"flex-basis:33.33%\">\n<h2 class=\"ls__heading wp-block-heading\"><strong>Sportliche Aktivit\u00e4ten und Strukturen<\/strong> f\u00fcr die ganze Familie<\/h2>\n\n\n\n<p class=\"ls-paragraph\">Um Ihnen einen dynamischen und revitalisierenden Urlaub zu bieten, haben wir daran gedacht, uns mit hochwertigen Sporteinrichtungen auszustatten. Auf dem<strong> Multisportfeld <\/strong>finden also Spiele oder Trainings f\u00fcr Basketball, Handball, Fu\u00dfball oder Volleyball statt.  <br\/><br\/>Auf unserer Website erwarten Sie auch<strong> Outdoor-Fitnessger\u00e4te<\/strong>, mit denen Sie sich in Ihrem eigenen Tempo auspowern k\u00f6nnen.<\/p>\n\n\n\n<p class=\"ls-paragraph\">Unser Team bietet Ihnen auch verschiedene <strong>betreute Sportstunden<\/strong> an:<\/p>\n\n\n\n<ul class=\"ls-list wp-block-list\">\n<li>Wassergymnastik,<\/li>\n\n\n\n<li>Muskelst\u00e4rkung,<\/li>\n\n\n\n<li>Sitzungen f\u00fcr Bauch- und Ges\u00e4\u00dfmuskeltraining,<\/li>\n\n\n\n<li>oder auch Freundschaftsturniere mit anderen Campern auf dem Multisportfeld.<\/li>\n<\/ul>\n\n\n\n<p class=\"ls-paragraph addReadMore showlesscontent\">F\u00fcr eine kleine Familienaktivit\u00e4t mit guter Laune gibt es auch eine <strong>Boulodrome<\/strong> und eine <strong>Minigolfanlage<\/strong>. Im Juli und August organisieren wir jede Woche abendliche Boule-Wettbewerbe. Im Schwimmbad und im See k\u00f6nnen Sie nat\u00fcrlich frei schwimmen.  <br\/><br\/>Andere sportliche Freizeitaktivit\u00e4ten werden durch die Anwesenheit des Sees beg\u00fcnstigt: Stand-up-Paddling, Kanu- und Tretbootfahren auf dem Wasser, Wandern an den Ufern. F\u00fcr die Sicherheit Ihrer Kinder gibt es an unserem Strand einen abgegrenzten Bereich, den Badebereich.  <br\/><br\/>In der N\u00e4he befindet sich ein Steg, an dem oft junge Angler angeln, und ein Spielplatz mit H\u00fcpfburgen am Seeufer erfreut die jungen Leute.<\/p>\n<\/div>\n\n\n\n<div class=\"wp-block-column second is-layout-flow wp-block-column-is-layout-flow\" style=\"flex-basis:66.66%\">\n<figure class=\"wp-block-image size-full image\"><img decoding=\"async\" width=\"2560\" height=\"1707\" src=\"https:\/\/www.camping-les-genets.fr\/wp-content\/uploads\/2023\/09\/Mini-golf-en-famille-au-camping-Les-Genets.webp\" alt=\"Minigolf mit der Familie auf dem Campingplatz Les Gen&#xEA;ts\" class=\"wp-image-1357\" srcset=\"https:\/\/www.camping-les-genets.fr\/wp-content\/uploads\/2023\/09\/Mini-golf-en-famille-au-camping-Les-Genets.webp 2560w, https:\/\/www.camping-les-genets.fr\/wp-content\/uploads\/2023\/09\/Mini-golf-en-famille-au-camping-Les-Genets-300x200.webp 300w, https:\/\/www.camping-les-genets.fr\/wp-content\/uploads\/2023\/09\/Mini-golf-en-famille-au-camping-Les-Genets-1024x683.webp 1024w, https:\/\/www.camping-les-genets.fr\/wp-content\/uploads\/2023\/09\/Mini-golf-en-famille-au-camping-Les-Genets-768x512.webp 768w, https:\/\/www.camping-les-genets.fr\/wp-content\/uploads\/2023\/09\/Mini-golf-en-famille-au-camping-Les-Genets-1536x1024.webp 1536w, https:\/\/www.camping-les-genets.fr\/wp-content\/uploads\/2023\/09\/Mini-golf-en-famille-au-camping-Les-Genets-2048x1366.webp 2048w\" sizes=\"(max-width: 2560px) 100vw, 2560px\" \/><\/figure>\n\n\n\n<figure class=\"wp-block-image size-large deco\"><img decoding=\"async\" width=\"2465\" height=\"1024\" src=\"https:\/\/www.camping-les-genets.fr\/wp-content\/uploads\/2023\/07\/vagues.svg\" alt=\"Wellen\" class=\"wp-image-812\"\/><\/figure>\n<\/div>\n<\/div>\n\n\r\n    <\/div>\r\n<\/section><section id=\"ls-section-block_0574af724e4d292ffcb60d26c1d449bc\" class=\"ls-section  page-one has-p-b p-b-14\" >\r\n        <div class=\"container container--full\">\r\n        \n\n<div class=\"wp-block-columns is-layout-flex wp-container-core-columns-is-layout-9d6595d7 wp-block-columns-is-layout-flex\">\n<div class=\"wp-block-column is-vertically-aligned-top first is-layout-flow wp-block-column-is-layout-flow\" style=\"flex-basis:66.66%\"><div class=\"wp-block-image\">\n<figure class=\"aligncenter size-full\"><img decoding=\"async\" width=\"1960\" height=\"1310\" src=\"https:\/\/www.camping-les-genets.fr\/wp-content\/uploads\/2023\/07\/camping-les-genes-vos-vacances-les-pieds-dans-leau-2.jpg\" alt=\"camping les genets lac de pareloup\" class=\"wp-image-3648\" srcset=\"https:\/\/www.camping-les-genets.fr\/wp-content\/uploads\/2023\/07\/camping-les-genes-vos-vacances-les-pieds-dans-leau-2.jpg 1960w, https:\/\/www.camping-les-genets.fr\/wp-content\/uploads\/2023\/07\/camping-les-genes-vos-vacances-les-pieds-dans-leau-2-300x201.jpg 300w, https:\/\/www.camping-les-genets.fr\/wp-content\/uploads\/2023\/07\/camping-les-genes-vos-vacances-les-pieds-dans-leau-2-1024x684.jpg 1024w, https:\/\/www.camping-les-genets.fr\/wp-content\/uploads\/2023\/07\/camping-les-genes-vos-vacances-les-pieds-dans-leau-2-768x513.jpg 768w, https:\/\/www.camping-les-genets.fr\/wp-content\/uploads\/2023\/07\/camping-les-genes-vos-vacances-les-pieds-dans-leau-2-1536x1027.jpg 1536w\" sizes=\"(max-width: 1960px) 100vw, 1960px\" \/><\/figure>\n<\/div><\/div>\n\n\n\n<div class=\"wp-block-column is-vertically-aligned-center second has-color-white-background-color has-background is-layout-flow wp-block-column-is-layout-flow\" style=\"flex-basis:33.33%\">\n<p class=\"ls-paragraph\">Vom Strand Les Gen\u00eats aus werden mehrere <strong>Wassersportaktivit\u00e4ten<\/strong> angeboten: Ein Bereich, in dem Sie Ihre Boote zu Wasser lassen k\u00f6nnen, ist daher ebenfalls abgegrenzt.  <br\/><br\/>Mit der Familie gibt es nichts Besseres als eine Fahrt mit dem Tretboot mit integrierter Rutsche, um Spa\u00df zu haben und neue Energie zu tanken!<\/p>\n\n\n\n<p class=\"ls-paragraph\">Und wenn Sie auf einem Komfortplatz am See wohnen, liegt Ihnen der<strong> Sandstrand buchst\u00e4blich zu F\u00fc\u00dfen<\/strong>.  <br\/><br\/>Ein Paradies der Natur und der t\u00e4glichen Freizeitgestaltung! Hier k\u00f6nnen Sie <strong>Kanu<\/strong> fahren oder andere <strong>Wassersportarten<\/strong> aus\u00fcben, aber f\u00fcr mehr Str\u00f6mung m\u00fcssen Sie weiter s\u00fcdlich in Richtung Tarn fahren!<\/p>\n<\/div>\n<\/div>\n\n\r\n    <\/div>\r\n<\/section><section id=\"ls-section-block_e4fed64afd30ae82076f873c12b383e7\" class=\"ls-section  home-gallery has-m-b m-b-4 has-p-b p-b-20\" >\r\n        <div class=\"container container--full\">\r\n        \n\n<div class=\"wp-block-columns is-layout-flex wp-container-core-columns-is-layout-9d6595d7 wp-block-columns-is-layout-flex\">\n<div class=\"wp-block-column first is-layout-flow wp-block-column-is-layout-flow\">\n<div class=\"wp-block-columns is-layout-flex wp-container-core-columns-is-layout-9d6595d7 wp-block-columns-is-layout-flex\">\n<div class=\"wp-block-column img-01 is-layout-flow wp-block-column-is-layout-flow\">\n<figure class=\"wp-block-image size-large img-0 animated fadeIn delay-100ms slow\"><a href=\"https:\/\/www.camping-les-genets.fr\/wp-content\/uploads\/2023\/10\/camping-les-genets-en-aveyron26.jpg\"><img decoding=\"async\" width=\"1024\" height=\"576\" src=\"https:\/\/www.camping-les-genets.fr\/wp-content\/uploads\/2023\/10\/camping-les-genets-en-aveyron26-1024x576.jpg\" alt=\"zelten mit Angelm&#xF6;glichkeit\" class=\"wp-image-4715\" srcset=\"https:\/\/www.camping-les-genets.fr\/wp-content\/uploads\/2023\/10\/camping-les-genets-en-aveyron26-1024x576.jpg 1024w, https:\/\/www.camping-les-genets.fr\/wp-content\/uploads\/2023\/10\/camping-les-genets-en-aveyron26-300x169.jpg 300w, https:\/\/www.camping-les-genets.fr\/wp-content\/uploads\/2023\/10\/camping-les-genets-en-aveyron26-768x432.jpg 768w, https:\/\/www.camping-les-genets.fr\/wp-content\/uploads\/2023\/10\/camping-les-genets-en-aveyron26-1536x864.jpg 1536w, https:\/\/www.camping-les-genets.fr\/wp-content\/uploads\/2023\/10\/camping-les-genets-en-aveyron26.jpg 2000w\" sizes=\"(max-width: 1024px) 100vw, 1024px\" \/><\/a><\/figure>\n<\/div>\n<\/div>\n\n\n\n<div class=\"wp-block-columns is-layout-flex wp-container-core-columns-is-layout-9d6595d7 wp-block-columns-is-layout-flex\">\n<div class=\"wp-block-column img-02 is-layout-flow wp-block-column-is-layout-flow\">\n<figure class=\"wp-block-image size-full animated fadeIn delay-100ms slow\"><a href=\"https:\/\/www.camping-les-genets.fr\/wp-content\/uploads\/2023\/10\/soiree-animee-au-camping-les-genets.jpg\"><img decoding=\"async\" width=\"800\" height=\"600\" src=\"https:\/\/www.camping-les-genets.fr\/wp-content\/uploads\/2023\/10\/soiree-animee-au-camping-les-genets.jpg\" alt=\"animierte soiree camping les genets\" class=\"wp-image-3955\" style=\"object-fit:cover\" srcset=\"https:\/\/www.camping-les-genets.fr\/wp-content\/uploads\/2023\/10\/soiree-animee-au-camping-les-genets.jpg 800w, https:\/\/www.camping-les-genets.fr\/wp-content\/uploads\/2023\/10\/soiree-animee-au-camping-les-genets-300x225.jpg 300w, https:\/\/www.camping-les-genets.fr\/wp-content\/uploads\/2023\/10\/soiree-animee-au-camping-les-genets-768x576.jpg 768w\" sizes=\"(max-width: 800px) 100vw, 800px\" \/><\/a><\/figure>\n<\/div>\n\n\n\n<div class=\"wp-block-column img-03 is-layout-flow wp-block-column-is-layout-flow\">\n<figure class=\"wp-block-image size-large animated fadeIn delay-200ms slow\"><a href=\"https:\/\/www.camping-les-genets.fr\/wp-content\/uploads\/2023\/10\/camping-les-genets-en-aveyron27.jpg\"><img decoding=\"async\" width=\"1024\" height=\"576\" src=\"https:\/\/www.camping-les-genets.fr\/wp-content\/uploads\/2023\/10\/camping-les-genets-en-aveyron27-1024x576.jpg\" alt=\"campingplatz mit schwimmbad f&#xFC;r kinder in aveyron\" class=\"wp-image-4709\" srcset=\"https:\/\/www.camping-les-genets.fr\/wp-content\/uploads\/2023\/10\/camping-les-genets-en-aveyron27-1024x576.jpg 1024w, https:\/\/www.camping-les-genets.fr\/wp-content\/uploads\/2023\/10\/camping-les-genets-en-aveyron27-300x169.jpg 300w, https:\/\/www.camping-les-genets.fr\/wp-content\/uploads\/2023\/10\/camping-les-genets-en-aveyron27-768x432.jpg 768w, https:\/\/www.camping-les-genets.fr\/wp-content\/uploads\/2023\/10\/camping-les-genets-en-aveyron27-1536x864.jpg 1536w, https:\/\/www.camping-les-genets.fr\/wp-content\/uploads\/2023\/10\/camping-les-genets-en-aveyron27.jpg 2000w\" sizes=\"(max-width: 1024px) 100vw, 1024px\" \/><\/a><\/figure>\n<\/div>\n<\/div>\n<\/div>\n\n\n\n<div class=\"wp-block-column second animated fadeIn delay-100ms slow is-layout-flow wp-block-column-is-layout-flow\">\n<div class=\"wp-block-columns is-layout-flex wp-container-core-columns-is-layout-9d6595d7 wp-block-columns-is-layout-flex\">\n<div class=\"wp-block-column img-04 is-layout-flow wp-block-column-is-layout-flow\" style=\"flex-basis:40%\">\n<figure class=\"wp-block-image size-full animated fadeIn delay-200ms slow\"><a href=\"https:\/\/www.camping-les-genets.fr\/wp-content\/uploads\/2023\/10\/mascotte-du-camping-genets.jpg\"><img decoding=\"async\" width=\"800\" height=\"600\" src=\"https:\/\/www.camping-les-genets.fr\/wp-content\/uploads\/2023\/10\/mascotte-du-camping-genets.jpg\" alt=\"maskottchen des campingplatzes genets\" class=\"wp-image-3947\" srcset=\"https:\/\/www.camping-les-genets.fr\/wp-content\/uploads\/2023\/10\/mascotte-du-camping-genets.jpg 800w, https:\/\/www.camping-les-genets.fr\/wp-content\/uploads\/2023\/10\/mascotte-du-camping-genets-300x225.jpg 300w, https:\/\/www.camping-les-genets.fr\/wp-content\/uploads\/2023\/10\/mascotte-du-camping-genets-768x576.jpg 768w\" sizes=\"(max-width: 800px) 100vw, 800px\" \/><\/a><\/figure>\n<\/div>\n\n\n\n<div class=\"wp-block-column is-layout-flow wp-block-column-is-layout-flow\" style=\"flex-basis:60%\">\n<div class=\"wp-block-columns last is-layout-flex wp-container-core-columns-is-layout-9d6595d7 wp-block-columns-is-layout-flex\">\n<div class=\"wp-block-column img-05 is-layout-flow wp-block-column-is-layout-flow\">\n<figure class=\"wp-block-image size-full animated fadeIn delay-100ms slow\"><a href=\"https:\/\/www.camping-les-genets.fr\/wp-content\/uploads\/2023\/10\/equipe-danimation-camping-les-genets.jpg\"><img decoding=\"async\" width=\"800\" height=\"600\" src=\"https:\/\/www.camping-les-genets.fr\/wp-content\/uploads\/2023\/10\/equipe-danimation-camping-les-genets.jpg\" alt=\"animationsteam camping les genets\" class=\"wp-image-3943\" srcset=\"https:\/\/www.camping-les-genets.fr\/wp-content\/uploads\/2023\/10\/equipe-danimation-camping-les-genets.jpg 800w, https:\/\/www.camping-les-genets.fr\/wp-content\/uploads\/2023\/10\/equipe-danimation-camping-les-genets-300x225.jpg 300w, https:\/\/www.camping-les-genets.fr\/wp-content\/uploads\/2023\/10\/equipe-danimation-camping-les-genets-768x576.jpg 768w\" sizes=\"(max-width: 800px) 100vw, 800px\" \/><\/a><\/figure>\n<\/div>\n\n\n\n<div class=\"wp-block-column img-06 is-layout-flow wp-block-column-is-layout-flow\">\n<figure class=\"wp-block-image size-large animated fadeIn delay-500ms slow\"><a href=\"https:\/\/www.camping-les-genets.fr\/wp-content\/uploads\/2023\/10\/camping-les-genets29.jpg\"><img decoding=\"async\" width=\"1024\" height=\"576\" src=\"https:\/\/www.camping-les-genets.fr\/wp-content\/uploads\/2023\/10\/camping-les-genets29-1024x576.jpg\" alt=\"naturcamping in aveyron\" class=\"wp-image-4478\" srcset=\"https:\/\/www.camping-les-genets.fr\/wp-content\/uploads\/2023\/10\/camping-les-genets29-1024x576.jpg 1024w, https:\/\/www.camping-les-genets.fr\/wp-content\/uploads\/2023\/10\/camping-les-genets29-300x169.jpg 300w, https:\/\/www.camping-les-genets.fr\/wp-content\/uploads\/2023\/10\/camping-les-genets29-768x432.jpg 768w, https:\/\/www.camping-les-genets.fr\/wp-content\/uploads\/2023\/10\/camping-les-genets29-1536x864.jpg 1536w, https:\/\/www.camping-les-genets.fr\/wp-content\/uploads\/2023\/10\/camping-les-genets29.jpg 1778w\" sizes=\"(max-width: 1024px) 100vw, 1024px\" \/><\/a><\/figure>\n<\/div>\n<\/div>\n<\/div>\n<\/div>\n<\/div>\n<\/div>\n\n\r\n    <\/div>\r\n<\/section><section id=\"ls-section-block_989cbca20d89a6ee96c627bfc9a58b96\" class=\"ls-section  home-piscine has-background-image has-p-t p-t-20 has-p-b p-b-20\" >\r\n    <div class=\"ls-section__background-image opacity-100\"><img decoding=\"async\" src=\"https:\/\/www.camping-les-genets.fr\/wp-content\/uploads\/2023\/10\/soirees-animees-camping-les-genets.jpg\" alt=\"animierte abendveranstaltungen camping les genets\"><\/div>    <div class=\"container container--full\">\r\n        \n\n<div class=\"wp-block-columns is-layout-flex wp-container-core-columns-is-layout-9d6595d7 wp-block-columns-is-layout-flex\">\n<div class=\"wp-block-column is-vertically-aligned-center first is-layout-flow wp-block-column-is-layout-flow\" style=\"flex-basis:60%\"><\/div>\n\n\n\n<div class=\"wp-block-column second has-color-white-background-color has-background is-layout-flow wp-block-column-is-layout-flow\" style=\"flex-basis:40%\">\n<h2 class=\"ls__heading wp-block-heading\"><strong>Die Abende<\/strong> auf dem Campingplatz Les Gen\u00eats<\/h2>\n\n\n\n<p class=\"ls-paragraph\">In einer <strong>geselligen<\/strong> <strong>Atmosph\u00e4re<\/strong> genie\u00dfen die Kinder am fr\u00fchen Abend ihren <strong>Disco-Moment<\/strong> auf der Terrasse des Restaurants.<\/p>\n\n\n\n<p class=\"ls-paragraph\">An der Bar wird an manchen <strong>Abenden<\/strong> <strong>ein Konzert<\/strong> veranstaltet, an anderen treffen Sie sich zu <strong>Spielen<\/strong> oder einer <strong>gro\u00dfen Karaoke-Party<\/strong>. Der Strand kann auch als Veranstaltungsort f\u00fcr bestimmte Ereignisse dienen.<br\/><br\/>  Durch die Variation von Orten und Themen garantieren wir, dass jeder die M\u00f6glichkeit hat, den Abend zu erleben, der ihm gef\u00e4llt.<\/p>\n<\/div>\n<\/div>\n\n\r\n    <\/div>\r\n<\/section><section id=\"ls-section-block_fcee0be0783b620d15377c6958508af5\" class=\"ls-section  page-maillage has-p-t p-t-14 has-p-b p-b-14\" >\r\n        <div class=\"container container--wide\">\r\n        \n\n<div id=\"ls-heading ls-titre-div-block_ac674c291eccfc87114dabe0a2393503\" class=\"ls-titre-div aligncenter h2-like has-m-b m-b-8\" >\n    Entdecken Sie unser Restaurant<strong>, unsere Animationen in <\/br> Gruppe und unsere Dienstleistungen!  <\/div>\n\n\n<div id=\"ls-maillage-block_2e2b440207d108751fcf03339e89bd6e\" class=\"ls-maillage slow animated fadeInUp delay-100ms cta-style-normal\" data-rows=\"3\">\r\n    <div class=\"wp-block-columns\"><div class=\"wp-block-column\">\n\n<a href=\"https:\/\/www.camping-les-genets.fr\/de\/gruppe\/\" target=\"\" rel=\"noopener\" class=\"ls-cta__link\">\n\n\t<div class=\"ls-cta__image\"><img decoding=\"async\" src=\"https:\/\/www.camping-les-genets.fr\/wp-content\/uploads\/2023\/10\/camping-les-genets-en-aveyron2-768x432.jpg\" alt=\"camping les genets en aveyron\"><\/div>\n\t<div class=\"ls-cta__title\">\n\t\tGruppen\t<\/div>\n\n\t\t\n<\/a><\/div><div class=\"wp-block-column\">\n\n<a href=\"https:\/\/www.camping-les-genets.fr\/de\/restaurant-aveyron\/\" target=\"\" rel=\"noopener\" class=\"ls-cta__link\">\n\n\t<div class=\"ls-cta__image\"><img decoding=\"async\" src=\"https:\/\/www.camping-les-genets.fr\/wp-content\/uploads\/2024\/02\/terrasse_restaurant-768x576.webp\" alt=\"\"><\/div>\n\t<div class=\"ls-cta__title\">\n\t\tDas Restaurant des Campingplatzes\t<\/div>\n\n\t\t\n<\/a><\/div><div class=\"wp-block-column\">\n\n<a href=\"https:\/\/www.camping-les-genets.fr\/de\/dienste\/\" target=\"\" rel=\"noopener\" class=\"ls-cta__link\">\n\n\t<div class=\"ls-cta__image\"><img decoding=\"async\" src=\"https:\/\/www.camping-les-genets.fr\/wp-content\/uploads\/2024\/02\/massage-768x576.webp\" alt=\"\"><\/div>\n\t<div class=\"ls-cta__title\">\n\t\tDienste\t<\/div>\n\n\t\t\n<\/a><\/div><\/div><\/div>\n\r\n    <\/div>\r\n<\/section>","protected":false},"excerpt":{"rendered":"","protected":false},"author":1,"featured_media":3930,"parent":0,"menu_order":0,"comment_status":"closed","ping_status":"closed","template":"","meta":{"_acf_changed":false,"inline_featured_image":false,"footnotes":""},"sujet":[],"class_list":["post-4918","page","type-page","status-publish","has-post-thumbnail","hentry"],"acf":[],"yoast_head":"<!-- This site is optimized with the Yoast SEO plugin v27.3 - https:\/\/yoast.com\/product\/yoast-seo-wordpress\/ -->\n<title>Familiencamping Aveyron | Camping f\u00fcr Kinder am See von Pareloup<\/title>\n<meta name=\"description\" content=\"Willkommen auf dem Familiencampingplatz Les Gen\u00eats am Lac de Pareloup: Sportaktivit\u00e4ten, angepasste Strukturen und Familienabende f\u00fcr Ihren Urlaub im Aveyron!\" \/>\n<meta name=\"robots\" content=\"index, follow, max-snippet:-1, max-image-preview:large, max-video-preview:-1\" \/>\n<link rel=\"canonical\" href=\"https:\/\/www.camping-les-genets.fr\/de\/aktivitaeten\/\" \/>\n<meta property=\"og:locale\" content=\"de_DE\" \/>\n<meta property=\"og:type\" content=\"article\" \/>\n<meta property=\"og:title\" content=\"Familiencamping Aveyron | Camping f\u00fcr Kinder am See von Pareloup\" \/>\n<meta property=\"og:description\" content=\"Willkommen auf dem Familiencampingplatz Les Gen\u00eats am Lac de Pareloup: Sportaktivit\u00e4ten, angepasste Strukturen und Familienabende f\u00fcr Ihren Urlaub im Aveyron!\" \/>\n<meta property=\"og:url\" content=\"https:\/\/www.camping-les-genets.fr\/de\/aktivitaeten\/\" \/>\n<meta property=\"og:site_name\" content=\"Camping les Genets\" \/>\n<meta property=\"article:modified_time\" content=\"2024-01-17T12:50:01+00:00\" \/>\n<meta property=\"og:image\" content=\"https:\/\/www.camping-les-genets.fr\/wp-content\/uploads\/2023\/10\/camping-avec-animation-en-aveyron.jpg\" \/>\n\t<meta property=\"og:image:width\" content=\"2000\" \/>\n\t<meta property=\"og:image:height\" content=\"600\" \/>\n\t<meta property=\"og:image:type\" content=\"image\/jpeg\" \/>\n<meta name=\"twitter:card\" content=\"summary_large_image\" \/>\n<meta name=\"twitter:label1\" content=\"Gesch\u00e4tzte Lesezeit\" \/>\n\t<meta name=\"twitter:data1\" content=\"3\u00a0Minuten\" \/>\n<script type=\"application\/ld+json\" class=\"yoast-schema-graph\">{\"@context\":\"https:\\\/\\\/schema.org\",\"@graph\":[{\"@type\":\"WebPage\",\"@id\":\"https:\\\/\\\/www.camping-les-genets.fr\\\/de\\\/aktivitaeten\\\/\",\"url\":\"https:\\\/\\\/www.camping-les-genets.fr\\\/de\\\/aktivitaeten\\\/\",\"name\":\"Familiencamping Aveyron | Camping f\u00fcr Kinder am See von Pareloup\",\"isPartOf\":{\"@id\":\"https:\\\/\\\/www.camping-les-genets.fr\\\/de\\\/#website\"},\"primaryImageOfPage\":{\"@id\":\"https:\\\/\\\/www.camping-les-genets.fr\\\/de\\\/aktivitaeten\\\/#primaryimage\"},\"image\":{\"@id\":\"https:\\\/\\\/www.camping-les-genets.fr\\\/de\\\/aktivitaeten\\\/#primaryimage\"},\"thumbnailUrl\":\"https:\\\/\\\/www.camping-les-genets.fr\\\/wp-content\\\/uploads\\\/2023\\\/10\\\/camping-avec-animation-en-aveyron.jpg\",\"datePublished\":\"2023-07-27T11:18:29+00:00\",\"dateModified\":\"2024-01-17T12:50:01+00:00\",\"description\":\"Willkommen auf dem Familiencampingplatz Les Gen\u00eats am Lac de Pareloup: Sportaktivit\u00e4ten, angepasste Strukturen und Familienabende f\u00fcr Ihren Urlaub im Aveyron!\",\"breadcrumb\":{\"@id\":\"https:\\\/\\\/www.camping-les-genets.fr\\\/de\\\/aktivitaeten\\\/#breadcrumb\"},\"inLanguage\":\"de\",\"potentialAction\":[{\"@type\":\"ReadAction\",\"target\":[\"https:\\\/\\\/www.camping-les-genets.fr\\\/de\\\/aktivitaeten\\\/\"]}]},{\"@type\":\"ImageObject\",\"inLanguage\":\"de\",\"@id\":\"https:\\\/\\\/www.camping-les-genets.fr\\\/de\\\/aktivitaeten\\\/#primaryimage\",\"url\":\"https:\\\/\\\/www.camping-les-genets.fr\\\/wp-content\\\/uploads\\\/2023\\\/10\\\/camping-avec-animation-en-aveyron.jpg\",\"contentUrl\":\"https:\\\/\\\/www.camping-les-genets.fr\\\/wp-content\\\/uploads\\\/2023\\\/10\\\/camping-avec-animation-en-aveyron.jpg\",\"width\":2000,\"height\":600,\"caption\":\"campingplatz mit animation in aveyron\"},{\"@type\":\"BreadcrumbList\",\"@id\":\"https:\\\/\\\/www.camping-les-genets.fr\\\/de\\\/aktivitaeten\\\/#breadcrumb\",\"itemListElement\":[{\"@type\":\"ListItem\",\"position\":1,\"name\":\"Camping Aveyron\",\"item\":\"https:\\\/\\\/www.camping-les-genets.fr\\\/de\\\/\"},{\"@type\":\"ListItem\",\"position\":2,\"name\":\"Aktivit\u00e4ten und Animationen\"}]},{\"@type\":\"WebSite\",\"@id\":\"https:\\\/\\\/www.camping-les-genets.fr\\\/de\\\/#website\",\"url\":\"https:\\\/\\\/www.camping-les-genets.fr\\\/de\\\/\",\"name\":\"Camping les Genets\",\"description\":\"\",\"publisher\":{\"@id\":\"https:\\\/\\\/www.camping-les-genets.fr\\\/de\\\/#organization\"},\"potentialAction\":[{\"@type\":\"SearchAction\",\"target\":{\"@type\":\"EntryPoint\",\"urlTemplate\":\"https:\\\/\\\/www.camping-les-genets.fr\\\/de\\\/?s={search_term_string}\"},\"query-input\":{\"@type\":\"PropertyValueSpecification\",\"valueRequired\":true,\"valueName\":\"search_term_string\"}}],\"inLanguage\":\"de\"},{\"@type\":\"Organization\",\"@id\":\"https:\\\/\\\/www.camping-les-genets.fr\\\/de\\\/#organization\",\"name\":\"Camping les Genets\",\"url\":\"https:\\\/\\\/www.camping-les-genets.fr\\\/de\\\/\",\"logo\":{\"@type\":\"ImageObject\",\"inLanguage\":\"de\",\"@id\":\"https:\\\/\\\/www.camping-les-genets.fr\\\/de\\\/#\\\/schema\\\/logo\\\/image\\\/\",\"url\":\"https:\\\/\\\/www.camping-les-genets.fr\\\/wp-content\\\/uploads\\\/2023\\\/07\\\/cropped-logo-camping-genets-footer.png\",\"contentUrl\":\"https:\\\/\\\/www.camping-les-genets.fr\\\/wp-content\\\/uploads\\\/2023\\\/07\\\/cropped-logo-camping-genets-footer.png\",\"width\":500,\"height\":295,\"caption\":\"Camping les Genets\"},\"image\":{\"@id\":\"https:\\\/\\\/www.camping-les-genets.fr\\\/de\\\/#\\\/schema\\\/logo\\\/image\\\/\"}}]}<\/script>\n<!-- \/ Yoast SEO plugin. -->","yoast_head_json":{"title":"Familiencamping Aveyron | Camping f\u00fcr Kinder am See von Pareloup","description":"Willkommen auf dem Familiencampingplatz Les Gen\u00eats am Lac de Pareloup: Sportaktivit\u00e4ten, angepasste Strukturen und Familienabende f\u00fcr Ihren Urlaub im Aveyron!","robots":{"index":"index","follow":"follow","max-snippet":"max-snippet:-1","max-image-preview":"max-image-preview:large","max-video-preview":"max-video-preview:-1"},"canonical":"https:\/\/www.camping-les-genets.fr\/de\/aktivitaeten\/","og_locale":"de_DE","og_type":"article","og_title":"Familiencamping Aveyron | Camping f\u00fcr Kinder am See von Pareloup","og_description":"Willkommen auf dem Familiencampingplatz Les Gen\u00eats am Lac de Pareloup: Sportaktivit\u00e4ten, angepasste Strukturen und Familienabende f\u00fcr Ihren Urlaub im Aveyron!","og_url":"https:\/\/www.camping-les-genets.fr\/de\/aktivitaeten\/","og_site_name":"Camping les Genets","article_modified_time":"2024-01-17T12:50:01+00:00","og_image":[{"width":2000,"height":600,"url":"https:\/\/www.camping-les-genets.fr\/wp-content\/uploads\/2023\/10\/camping-avec-animation-en-aveyron.jpg","type":"image\/jpeg"}],"twitter_card":"summary_large_image","twitter_misc":{"Gesch\u00e4tzte Lesezeit":"3\u00a0Minuten"},"schema":{"@context":"https:\/\/schema.org","@graph":[{"@type":"WebPage","@id":"https:\/\/www.camping-les-genets.fr\/de\/aktivitaeten\/","url":"https:\/\/www.camping-les-genets.fr\/de\/aktivitaeten\/","name":"Familiencamping Aveyron | Camping f\u00fcr Kinder am See von Pareloup","isPartOf":{"@id":"https:\/\/www.camping-les-genets.fr\/de\/#website"},"primaryImageOfPage":{"@id":"https:\/\/www.camping-les-genets.fr\/de\/aktivitaeten\/#primaryimage"},"image":{"@id":"https:\/\/www.camping-les-genets.fr\/de\/aktivitaeten\/#primaryimage"},"thumbnailUrl":"https:\/\/www.camping-les-genets.fr\/wp-content\/uploads\/2023\/10\/camping-avec-animation-en-aveyron.jpg","datePublished":"2023-07-27T11:18:29+00:00","dateModified":"2024-01-17T12:50:01+00:00","description":"Willkommen auf dem Familiencampingplatz Les Gen\u00eats am Lac de Pareloup: Sportaktivit\u00e4ten, angepasste Strukturen und Familienabende f\u00fcr Ihren Urlaub im Aveyron!","breadcrumb":{"@id":"https:\/\/www.camping-les-genets.fr\/de\/aktivitaeten\/#breadcrumb"},"inLanguage":"de","potentialAction":[{"@type":"ReadAction","target":["https:\/\/www.camping-les-genets.fr\/de\/aktivitaeten\/"]}]},{"@type":"ImageObject","inLanguage":"de","@id":"https:\/\/www.camping-les-genets.fr\/de\/aktivitaeten\/#primaryimage","url":"https:\/\/www.camping-les-genets.fr\/wp-content\/uploads\/2023\/10\/camping-avec-animation-en-aveyron.jpg","contentUrl":"https:\/\/www.camping-les-genets.fr\/wp-content\/uploads\/2023\/10\/camping-avec-animation-en-aveyron.jpg","width":2000,"height":600,"caption":"campingplatz mit animation in aveyron"},{"@type":"BreadcrumbList","@id":"https:\/\/www.camping-les-genets.fr\/de\/aktivitaeten\/#breadcrumb","itemListElement":[{"@type":"ListItem","position":1,"name":"Camping Aveyron","item":"https:\/\/www.camping-les-genets.fr\/de\/"},{"@type":"ListItem","position":2,"name":"Aktivit\u00e4ten und Animationen"}]},{"@type":"WebSite","@id":"https:\/\/www.camping-les-genets.fr\/de\/#website","url":"https:\/\/www.camping-les-genets.fr\/de\/","name":"Camping les Genets","description":"","publisher":{"@id":"https:\/\/www.camping-les-genets.fr\/de\/#organization"},"potentialAction":[{"@type":"SearchAction","target":{"@type":"EntryPoint","urlTemplate":"https:\/\/www.camping-les-genets.fr\/de\/?s={search_term_string}"},"query-input":{"@type":"PropertyValueSpecification","valueRequired":true,"valueName":"search_term_string"}}],"inLanguage":"de"},{"@type":"Organization","@id":"https:\/\/www.camping-les-genets.fr\/de\/#organization","name":"Camping les Genets","url":"https:\/\/www.camping-les-genets.fr\/de\/","logo":{"@type":"ImageObject","inLanguage":"de","@id":"https:\/\/www.camping-les-genets.fr\/de\/#\/schema\/logo\/image\/","url":"https:\/\/www.camping-les-genets.fr\/wp-content\/uploads\/2023\/07\/cropped-logo-camping-genets-footer.png","contentUrl":"https:\/\/www.camping-les-genets.fr\/wp-content\/uploads\/2023\/07\/cropped-logo-camping-genets-footer.png","width":500,"height":295,"caption":"Camping les Genets"},"image":{"@id":"https:\/\/www.camping-les-genets.fr\/de\/#\/schema\/logo\/image\/"}}]}},"_links":{"self":[{"href":"https:\/\/www.camping-les-genets.fr\/de\/wp-json\/wp\/v2\/pages\/4918","targetHints":{"allow":["GET"]}}],"collection":[{"href":"https:\/\/www.camping-les-genets.fr\/de\/wp-json\/wp\/v2\/pages"}],"about":[{"href":"https:\/\/www.camping-les-genets.fr\/de\/wp-json\/wp\/v2\/types\/page"}],"author":[{"embeddable":true,"href":"https:\/\/www.camping-les-genets.fr\/de\/wp-json\/wp\/v2\/users\/1"}],"replies":[{"embeddable":true,"href":"https:\/\/www.camping-les-genets.fr\/de\/wp-json\/wp\/v2\/comments?post=4918"}],"version-history":[{"count":6,"href":"https:\/\/www.camping-les-genets.fr\/de\/wp-json\/wp\/v2\/pages\/4918\/revisions"}],"predecessor-version":[{"id":6088,"href":"https:\/\/www.camping-les-genets.fr\/de\/wp-json\/wp\/v2\/pages\/4918\/revisions\/6088"}],"wp:featuredmedia":[{"embeddable":true,"href":"https:\/\/www.camping-les-genets.fr\/de\/wp-json\/wp\/v2\/media\/3930"}],"wp:attachment":[{"href":"https:\/\/www.camping-les-genets.fr\/de\/wp-json\/wp\/v2\/media?parent=4918"}],"wp:term":[{"taxonomy":"sujet","embeddable":true,"href":"https:\/\/www.camping-les-genets.fr\/de\/wp-json\/wp\/v2\/sujet?post=4918"}],"curies":[{"name":"wp","href":"https:\/\/api.w.org\/{rel}","templated":true}]}}