{"id":4897,"date":"2023-07-18T13:27:26","date_gmt":"2023-07-18T11:27:26","guid":{"rendered":"https:\/\/www.camping-les-genets.fr\/zugang-kontakt\/"},"modified":"2025-07-25T16:26:10","modified_gmt":"2025-07-25T14:26:10","slug":"zugang-kontakt","status":"publish","type":"page","link":"https:\/\/www.camping-les-genets.fr\/de\/zugang-kontakt\/","title":{"rendered":"Zugang und Kontakt"},"content":{"rendered":"<section id=\"ls-section-block_33dc0cf3ae5fbadebb749b81dff71657\" class=\"ls-section  page-one\" >\r\n        <div class=\"container \">\r\n        \n\n<h1 class=\"ls__heading wp-block-heading has-text-align-center\">Zugang \/ Kontakt<\/h1>\n\n\n\n<div class=\"wp-block-columns is-layout-flex wp-container-core-columns-is-layout-9d6595d7 wp-block-columns-is-layout-flex\">\n<div class=\"wp-block-column is-layout-flow wp-block-column-is-layout-flow\">\n<h2 class=\"ls__heading wp-block-heading has-text-align-left\">Aus <strong>Nordfrankreich<\/strong> kommend<\/h2>\n\n\n\n<p class=\"ls-paragraph\">Lille (A1) &#8211; Paris (A10) &#8211; Orl\u00e9ans (A71) &#8211; Vierzon (A71) &#8211; Clermont-Ferrand.<\/p>\n\n\n\n<p class=\"ls-paragraph\">Sie <strong>folgen der Autobahn A75<\/strong> in <strong>Richtung Montpellier<\/strong>. Sie nehmen die <strong>Ausfahrt 44.1<\/strong> und folgen danach der D29 in Richtung Cahors. Nehmen Sie dann die D911 in Richtung Pont de Salars. Danach folgen Sie der D95 in <strong>Richtung Lac de Pareloup\/Salles Curan<\/strong>. Am Kreisverkehr von Salles-Curan biegen Sie auf die D577 ab, von dort aus folgen Sie den <strong>Schildern &#8222;Camping les Gen\u00eats&#8220;<\/strong>.<\/p>\n\n\n\n<h2 class=\"ls__heading wp-block-heading has-text-align-left\"><strong>Von S\u00fcden<\/strong> kommend<\/h2>\n\n\n\n<p class=\"ls-paragraph\">Sie <strong>folgen der Autobahn A75 in Richtung Clermont-Ferrand<\/strong>.<\/p>\n\n\n\n<p class=\"ls-paragraph\">Sie nehmen die <strong>Ausfahrt 44.1<\/strong> und folgen danach der D29 in Richtung Cahors. Nehmen Sie dann die D911 in Richtung Pont de Salars. Danach folgen Sie der <strong>D95 in Richtung Lac de Pareloup\/Salles Curan<\/strong>. Am Kreisverkehr von Salles-Curan biegen Sie auf die D577 ab, von dort aus folgen Sie den <strong>Schildern &#8222;Camping les Gen\u00eats&#8220;<\/strong>.<\/p>\n<\/div>\n\n\n\n<div class=\"wp-block-column is-layout-flow wp-block-column-is-layout-flow\">\n<h2 class=\"ls__heading wp-block-heading has-text-align-left\"><strong>Aus dem Westen<\/strong> kommend (Bordeaux\/Aquitaine)<\/h2>\n\n\n\n<p class=\"ls-paragraph\"><strong>Folgen Sie der A89 bis Brive la Gaillarde<\/strong>. Nehmen Sie die<strong>A20 in Richtung Rodez<\/strong> und fahren Sie an der <strong>Ausfahrt 56<\/strong> (Rodez\/Figeac\/Decazeville) ab. Wenn Sie in Rodez (N 88) ankommen, fahren Sie in Richtung Toulouse\/Albi und nehmen Sie die Ausfahrt D888 (Luc-la Primaube\/Pont de Salars\/&#8217;Monts et Lacs du Levezou&#8216;). Nach Pont de Salars fahren Sie rechts ab und <strong>folgen der D95 in Richtung Lac de Pareloup\/Salles Curan\/Saint Affrique<\/strong>. Am Kreisverkehr von Salles-Curan biegen Sie auf die D577 ab, von dort aus <strong>folgen Sie den Schildern &#8222;Camping les Gen\u00eats&#8220;<\/strong>. 4 km nach dem Kreisverkehr biegen Sie rechts ab und folgen dieser Stra\u00dfe noch 2,5 km.<\/p>\n<\/div>\n<\/div>\n\n\r\n    <\/div>\r\n<\/section><section id=\"ls-section-block_41b89a3c629e6ec816c23fe922e6e625\" class=\"ls-section  page-two has-background has-color-white-background-color\" >\r\n        <div class=\"container container--wide\">\r\n        \n\n<div class=\"wp-block-columns is-layout-flex wp-container-core-columns-is-layout-9d6595d7 wp-block-columns-is-layout-flex\">\n<div class=\"wp-block-column is-layout-flow wp-block-column-is-layout-flow\">\n<iframe src=\"https:\/\/www.google.com\/maps\/embed?pb=!1m18!1m12!1m3!1d22886.84088106411!2d2.746133533830773!3d44.18945191758233!2m3!1f0!2f0!3f0!3m2!1i1024!2i768!4f13.1!3m3!1m2!1s0x12b2683ba8eaa029%3A0x9e3dc1bbe65d1b4b!2sCamping%20les%20Gen%C3%AAts%20%7C%20Camping%20Aveyron!5e0!3m2!1sfr!2sfr!4v1695036922990!5m2!1sfr!2sfr\" width=\"4000\" height=\"550\" style=\"border:0;\" allowfullscreen=\"\" loading=\"lazy\" referrerpolicy=\"no-referrer-when-downgrade\"><\/iframe>\n<\/div>\n\n\n\n<div class=\"wp-block-column is-vertically-aligned-center is-layout-flow wp-block-column-is-layout-flow\" style=\"flex-basis:300px\">\n<h2 class=\"ls__heading wp-block-heading has-text-align-left\"><strong>GPS<\/strong><\/h2>\n\n\n\n<p class=\"ls-paragraph has-text-align-left\"><strong>Campingplatz Les Gen\u00eats<br\/><\/strong>1, route des Gen\u00eats<br\/>12410 Salles-Curan<\/p>\n\n\n\n<p class=\"ls-paragraph has-text-align-left\">Breitengrad 44.1892281057313, L\u00e4ngengrad 2.76665568351746<\/p>\n<\/div>\n<\/div>\n\n\r\n    <\/div>\r\n<\/section><section id=\"ls-section-block_25f797f05bec17c46285cc5ad27700fb\" class=\"ls-section  page-one\" >\r\n        <div class=\"container container--wide\">\r\n        \n\n<div class=\"wp-block-columns is-layout-flex wp-container-core-columns-is-layout-9d6595d7 wp-block-columns-is-layout-flex\">\n<div class=\"wp-block-column is-layout-flow wp-block-column-is-layout-flow\">\n<h2 class=\"ls__heading wp-block-heading\"><strong>Kontaktieren Sie uns<\/strong><\/h2>\n\n\n\n<p class=\"ls-paragraph\">Z\u00f6gern Sie nicht <strong>, uns zu kontaktieren<\/strong>, wenn <strong>Sie<\/strong> Fragen zu <strong>Ihrem Urlaub auf dem 5-Sterne-Campingplatz Les Gen\u00eats<\/strong> haben <strong>.<\/strong><\/p>\n\n\n\n<p class=\"ls-paragraph\">Wir werden so bald wie m\u00f6glich darauf reagieren.<\/p>\n<\/div>\n\n\n\n<div class=\"wp-block-column is-layout-flow wp-block-column-is-layout-flow\">\n<div class=\"wp-block-contact-form-7-contact-form-selector\">\n<div class=\"wpcf7 no-js\" id=\"wpcf7-f4882-o1\" lang=\"de-DE\" dir=\"ltr\" data-wpcf7-id=\"4882\">\n<div class=\"screen-reader-response\"><p role=\"status\" aria-live=\"polite\" aria-atomic=\"true\"><\/p> <ul><\/ul><\/div>\n<form action=\"\/de\/wp-json\/wp\/v2\/pages\/4897#wpcf7-f4882-o1\" method=\"post\" class=\"wpcf7-form init\" aria-label=\"Kontaktformular\" novalidate=\"novalidate\" data-status=\"init\">\n<fieldset class=\"hidden-fields-container\"><input type=\"hidden\" name=\"_wpcf7\" value=\"4882\" \/><input type=\"hidden\" name=\"_wpcf7_version\" value=\"6.1.5\" \/><input type=\"hidden\" name=\"_wpcf7_locale\" value=\"de_DE\" \/><input type=\"hidden\" name=\"_wpcf7_unit_tag\" value=\"wpcf7-f4882-o1\" \/><input type=\"hidden\" name=\"_wpcf7_container_post\" value=\"0\" \/><input type=\"hidden\" name=\"_wpcf7_posted_data_hash\" value=\"\" \/><input type=\"hidden\" name=\"_wpcf7_recaptcha_response\" value=\"\" \/>\n<\/fieldset>\n<p><label> Ihr Name<br \/>\n<span class=\"wpcf7-form-control-wrap\" data-name=\"your-name\"><input size=\"40\" maxlength=\"400\" class=\"wpcf7-form-control wpcf7-text wpcf7-validates-as-required\" autocomplete=\"name\" aria-required=\"true\" aria-invalid=\"false\" value=\"\" type=\"text\" name=\"your-name\" \/><\/span> <\/label>\n<\/p>\n<p><label> Ihre E-Mail<br \/>\n<span class=\"wpcf7-form-control-wrap\" data-name=\"your-email\"><input size=\"40\" maxlength=\"400\" class=\"wpcf7-form-control wpcf7-email wpcf7-validates-as-required wpcf7-text wpcf7-validates-as-email\" autocomplete=\"email\" aria-required=\"true\" aria-invalid=\"false\" value=\"\" type=\"email\" name=\"your-email\" \/><\/span> <\/label>\n<\/p>\n<p><label> Objekt<br \/>\n<span class=\"wpcf7-form-control-wrap\" data-name=\"your-subject\"><input size=\"40\" maxlength=\"400\" class=\"wpcf7-form-control wpcf7-text wpcf7-validates-as-required\" aria-required=\"true\" aria-invalid=\"false\" value=\"\" type=\"text\" name=\"your-subject\" \/><\/span> <\/label>\n<\/p>\n<p><label> Ihre Nachricht<br \/>\n<span class=\"wpcf7-form-control-wrap\" data-name=\"your-message\"><textarea cols=\"40\" rows=\"10\" maxlength=\"2000\" class=\"wpcf7-form-control wpcf7-textarea\" aria-invalid=\"false\" name=\"your-message\"><\/textarea><\/span> <\/label>\n<\/p>\n<p><span class=\"wpcf7-form-control-wrap\" data-name=\"acceptance-553\"><span class=\"wpcf7-form-control wpcf7-acceptance\"><span class=\"wpcf7-list-item\"><label><input type=\"checkbox\" name=\"acceptance-553\" value=\"1\" aria-invalid=\"false\" \/><span class=\"wpcf7-list-item-label\">Indem ich dieses K\u00e4stchen ankreuze, stimme ich der <a href=\"\/politique-de-confidentialite\/\" rel=\"nofollow\" target=\"_blank\">Datenschutzrichtlinie<\/a> dieser Website zu.<\/span><\/label><\/span><\/span><\/span><input class=\"wpcf7-form-control wpcf7-submit has-spinner\" type=\"submit\" value=\"Senden Sie\" \/>\n<\/p><div class=\"wpcf7-response-output\" aria-hidden=\"true\"><\/div>\n<\/form>\n<\/div>\n<\/div>\n<\/div>\n<\/div>\n\n\r\n    <\/div>\r\n<\/section><section id=\"ls-section-block_e6b1c5fb159f1d8ff651cc6612272357\" class=\"ls-section  page-maillage has-p-t p-t-14 has-p-b p-b-14\" >\r\n        <div class=\"container container--wide\">\r\n        \n\n<div id=\"ls-heading ls-titre-div-block_63d310dc42cc2d3991052d9dbb8dfc6d\" class=\"ls-titre-div aligncenter h2-like has-m-b m-b-8\" >\n    Entdecken Sie unsere Fotothek, unsere FAQs und unsere Aktivit\u00e4ten und Veranstaltungen!  <\/div>\n\n\n<div id=\"ls-maillage-block_2b585e4b1de2a105318d49b864b1073e\" class=\"ls-maillage slow animated fadeInUp delay-100ms cta-style-normal\" data-rows=\"3\">\r\n    <div class=\"wp-block-columns\"><div class=\"wp-block-column\">\n\n<a href=\"https:\/\/www.camping-les-genets.fr\/de\/aktivitaeten\/\" target=\"\" rel=\"noopener\" class=\"ls-cta__link\">\n\n\t<div class=\"ls-cta__image\"><img decoding=\"async\" src=\"https:\/\/www.camping-les-genets.fr\/wp-content\/uploads\/2024\/02\/activites_nautiques_pedalo_toboggan-768x576.webp\" alt=\"\"><\/div>\n\t<div class=\"ls-cta__title\">\n\t\tAktivit\u00e4ten und Animationen\t<\/div>\n\n\t\t\n<\/a><\/div><div class=\"wp-block-column\">\n\n<a href=\"https:\/\/www.camping-les-genets.fr\/de\/faq\/\" target=\"\" rel=\"noopener\" class=\"ls-cta__link\">\n\n\t<div class=\"ls-cta__image\"><img decoding=\"async\" src=\"https:\/\/www.camping-les-genets.fr\/wp-content\/uploads\/2023\/09\/Famille-au-camping-les-genets-768x1152.webp\" alt=\"Familie auf dem Campingplatz les genets\"><\/div>\n\t<div class=\"ls-cta__title\">\n\t\tFAQ\t<\/div>\n\n\t\t\n<\/a><\/div><div class=\"wp-block-column\">\n\n<a href=\"https:\/\/www.camping-les-genets.fr\/de\/fotothek\/\" target=\"\" rel=\"noopener\" class=\"ls-cta__link\">\n\n\t<div class=\"ls-cta__image\"><img decoding=\"async\" src=\"https:\/\/www.camping-les-genets.fr\/wp-content\/uploads\/2023\/07\/camping-les-genets-en-aveyron_1-768x432.jpg\" alt=\"camping les genets en aveyron\"><\/div>\n\t<div class=\"ls-cta__title\">\n\t\tFotobibliothek\t<\/div>\n\n\t\t\n<\/a><\/div><\/div><\/div>\n\r\n    <\/div>\r\n<\/section>","protected":false},"excerpt":{"rendered":"","protected":false},"author":1,"featured_media":4263,"parent":0,"menu_order":0,"comment_status":"closed","ping_status":"closed","template":"","meta":{"_acf_changed":false,"inline_featured_image":false,"footnotes":""},"sujet":[],"class_list":["post-4897","page","type-page","status-publish","has-post-thumbnail","hentry"],"acf":[],"yoast_head":"<!-- This site is optimized with the Yoast SEO plugin v27.3 - https:\/\/yoast.com\/product\/yoast-seo-wordpress\/ -->\n<title>Den 4-Sterne-Campingplatz Les Gen\u00eats im Departement Aveyron erreichen oder sich ihm anschlie\u00dfen<\/title>\n<meta name=\"description\" content=\"Brauchen Sie Informationen! Finden Sie alle Kontaktdaten des 4-Sterne-Campingplatzes Les Gen\u00eats\" \/>\n<meta name=\"robots\" content=\"index, follow, max-snippet:-1, max-image-preview:large, max-video-preview:-1\" \/>\n<link rel=\"canonical\" href=\"https:\/\/www.camping-les-genets.fr\/de\/zugang-kontakt\/\" \/>\n<meta property=\"og:locale\" content=\"de_DE\" \/>\n<meta property=\"og:type\" content=\"article\" \/>\n<meta property=\"og:title\" content=\"Den 4-Sterne-Campingplatz Les Gen\u00eats im Departement Aveyron erreichen oder sich ihm anschlie\u00dfen\" \/>\n<meta property=\"og:description\" content=\"Brauchen Sie Informationen! Finden Sie alle Kontaktdaten des 4-Sterne-Campingplatzes Les Gen\u00eats\" \/>\n<meta property=\"og:url\" content=\"https:\/\/www.camping-les-genets.fr\/de\/zugang-kontakt\/\" \/>\n<meta property=\"og:site_name\" content=\"Camping les Genets\" \/>\n<meta property=\"article:modified_time\" content=\"2025-07-25T14:26:10+00:00\" \/>\n<meta property=\"og:image\" content=\"https:\/\/www.camping-les-genets.fr\/wp-content\/uploads\/2023\/10\/contacter-camping-les-genets-aveyron.jpg\" \/>\n\t<meta property=\"og:image:width\" content=\"2000\" \/>\n\t<meta property=\"og:image:height\" content=\"600\" \/>\n\t<meta property=\"og:image:type\" content=\"image\/jpeg\" \/>\n<meta name=\"twitter:card\" content=\"summary_large_image\" \/>\n<meta name=\"twitter:label1\" content=\"Gesch\u00e4tzte Lesezeit\" \/>\n\t<meta name=\"twitter:data1\" content=\"2\u00a0Minuten\" \/>\n<script type=\"application\/ld+json\" class=\"yoast-schema-graph\">{\"@context\":\"https:\\\/\\\/schema.org\",\"@graph\":[{\"@type\":\"WebPage\",\"@id\":\"https:\\\/\\\/www.camping-les-genets.fr\\\/de\\\/zugang-kontakt\\\/\",\"url\":\"https:\\\/\\\/www.camping-les-genets.fr\\\/de\\\/zugang-kontakt\\\/\",\"name\":\"Den 4-Sterne-Campingplatz Les Gen\u00eats im Departement Aveyron erreichen oder sich ihm anschlie\u00dfen\",\"isPartOf\":{\"@id\":\"https:\\\/\\\/www.camping-les-genets.fr\\\/de\\\/#website\"},\"primaryImageOfPage\":{\"@id\":\"https:\\\/\\\/www.camping-les-genets.fr\\\/de\\\/zugang-kontakt\\\/#primaryimage\"},\"image\":{\"@id\":\"https:\\\/\\\/www.camping-les-genets.fr\\\/de\\\/zugang-kontakt\\\/#primaryimage\"},\"thumbnailUrl\":\"https:\\\/\\\/www.camping-les-genets.fr\\\/wp-content\\\/uploads\\\/2023\\\/10\\\/contacter-camping-les-genets-aveyron.jpg\",\"datePublished\":\"2023-07-18T11:27:26+00:00\",\"dateModified\":\"2025-07-25T14:26:10+00:00\",\"description\":\"Brauchen Sie Informationen! Finden Sie alle Kontaktdaten des 4-Sterne-Campingplatzes Les Gen\u00eats\",\"breadcrumb\":{\"@id\":\"https:\\\/\\\/www.camping-les-genets.fr\\\/de\\\/zugang-kontakt\\\/#breadcrumb\"},\"inLanguage\":\"de\",\"potentialAction\":[{\"@type\":\"ReadAction\",\"target\":[\"https:\\\/\\\/www.camping-les-genets.fr\\\/de\\\/zugang-kontakt\\\/\"]}]},{\"@type\":\"ImageObject\",\"inLanguage\":\"de\",\"@id\":\"https:\\\/\\\/www.camping-les-genets.fr\\\/de\\\/zugang-kontakt\\\/#primaryimage\",\"url\":\"https:\\\/\\\/www.camping-les-genets.fr\\\/wp-content\\\/uploads\\\/2023\\\/10\\\/contacter-camping-les-genets-aveyron.jpg\",\"contentUrl\":\"https:\\\/\\\/www.camping-les-genets.fr\\\/wp-content\\\/uploads\\\/2023\\\/10\\\/contacter-camping-les-genets-aveyron.jpg\",\"width\":2000,\"height\":600,\"caption\":\"kontakt camping les genets aveyron\"},{\"@type\":\"BreadcrumbList\",\"@id\":\"https:\\\/\\\/www.camping-les-genets.fr\\\/de\\\/zugang-kontakt\\\/#breadcrumb\",\"itemListElement\":[{\"@type\":\"ListItem\",\"position\":1,\"name\":\"Camping Aveyron\",\"item\":\"https:\\\/\\\/www.camping-les-genets.fr\\\/de\\\/\"},{\"@type\":\"ListItem\",\"position\":2,\"name\":\"Zugang und Kontakt\"}]},{\"@type\":\"WebSite\",\"@id\":\"https:\\\/\\\/www.camping-les-genets.fr\\\/de\\\/#website\",\"url\":\"https:\\\/\\\/www.camping-les-genets.fr\\\/de\\\/\",\"name\":\"Camping les Genets\",\"description\":\"\",\"publisher\":{\"@id\":\"https:\\\/\\\/www.camping-les-genets.fr\\\/de\\\/#organization\"},\"potentialAction\":[{\"@type\":\"SearchAction\",\"target\":{\"@type\":\"EntryPoint\",\"urlTemplate\":\"https:\\\/\\\/www.camping-les-genets.fr\\\/de\\\/?s={search_term_string}\"},\"query-input\":{\"@type\":\"PropertyValueSpecification\",\"valueRequired\":true,\"valueName\":\"search_term_string\"}}],\"inLanguage\":\"de\"},{\"@type\":\"Organization\",\"@id\":\"https:\\\/\\\/www.camping-les-genets.fr\\\/de\\\/#organization\",\"name\":\"Camping les Genets\",\"url\":\"https:\\\/\\\/www.camping-les-genets.fr\\\/de\\\/\",\"logo\":{\"@type\":\"ImageObject\",\"inLanguage\":\"de\",\"@id\":\"https:\\\/\\\/www.camping-les-genets.fr\\\/de\\\/#\\\/schema\\\/logo\\\/image\\\/\",\"url\":\"https:\\\/\\\/www.camping-les-genets.fr\\\/wp-content\\\/uploads\\\/2023\\\/07\\\/cropped-logo-camping-genets-footer.png\",\"contentUrl\":\"https:\\\/\\\/www.camping-les-genets.fr\\\/wp-content\\\/uploads\\\/2023\\\/07\\\/cropped-logo-camping-genets-footer.png\",\"width\":500,\"height\":295,\"caption\":\"Camping les Genets\"},\"image\":{\"@id\":\"https:\\\/\\\/www.camping-les-genets.fr\\\/de\\\/#\\\/schema\\\/logo\\\/image\\\/\"}}]}<\/script>\n<!-- \/ Yoast SEO plugin. -->","yoast_head_json":{"title":"Den 4-Sterne-Campingplatz Les Gen\u00eats im Departement Aveyron erreichen oder sich ihm anschlie\u00dfen","description":"Brauchen Sie Informationen! Finden Sie alle Kontaktdaten des 4-Sterne-Campingplatzes Les Gen\u00eats","robots":{"index":"index","follow":"follow","max-snippet":"max-snippet:-1","max-image-preview":"max-image-preview:large","max-video-preview":"max-video-preview:-1"},"canonical":"https:\/\/www.camping-les-genets.fr\/de\/zugang-kontakt\/","og_locale":"de_DE","og_type":"article","og_title":"Den 4-Sterne-Campingplatz Les Gen\u00eats im Departement Aveyron erreichen oder sich ihm anschlie\u00dfen","og_description":"Brauchen Sie Informationen! Finden Sie alle Kontaktdaten des 4-Sterne-Campingplatzes Les Gen\u00eats","og_url":"https:\/\/www.camping-les-genets.fr\/de\/zugang-kontakt\/","og_site_name":"Camping les Genets","article_modified_time":"2025-07-25T14:26:10+00:00","og_image":[{"width":2000,"height":600,"url":"https:\/\/www.camping-les-genets.fr\/wp-content\/uploads\/2023\/10\/contacter-camping-les-genets-aveyron.jpg","type":"image\/jpeg"}],"twitter_card":"summary_large_image","twitter_misc":{"Gesch\u00e4tzte Lesezeit":"2\u00a0Minuten"},"schema":{"@context":"https:\/\/schema.org","@graph":[{"@type":"WebPage","@id":"https:\/\/www.camping-les-genets.fr\/de\/zugang-kontakt\/","url":"https:\/\/www.camping-les-genets.fr\/de\/zugang-kontakt\/","name":"Den 4-Sterne-Campingplatz Les Gen\u00eats im Departement Aveyron erreichen oder sich ihm anschlie\u00dfen","isPartOf":{"@id":"https:\/\/www.camping-les-genets.fr\/de\/#website"},"primaryImageOfPage":{"@id":"https:\/\/www.camping-les-genets.fr\/de\/zugang-kontakt\/#primaryimage"},"image":{"@id":"https:\/\/www.camping-les-genets.fr\/de\/zugang-kontakt\/#primaryimage"},"thumbnailUrl":"https:\/\/www.camping-les-genets.fr\/wp-content\/uploads\/2023\/10\/contacter-camping-les-genets-aveyron.jpg","datePublished":"2023-07-18T11:27:26+00:00","dateModified":"2025-07-25T14:26:10+00:00","description":"Brauchen Sie Informationen! Finden Sie alle Kontaktdaten des 4-Sterne-Campingplatzes Les Gen\u00eats","breadcrumb":{"@id":"https:\/\/www.camping-les-genets.fr\/de\/zugang-kontakt\/#breadcrumb"},"inLanguage":"de","potentialAction":[{"@type":"ReadAction","target":["https:\/\/www.camping-les-genets.fr\/de\/zugang-kontakt\/"]}]},{"@type":"ImageObject","inLanguage":"de","@id":"https:\/\/www.camping-les-genets.fr\/de\/zugang-kontakt\/#primaryimage","url":"https:\/\/www.camping-les-genets.fr\/wp-content\/uploads\/2023\/10\/contacter-camping-les-genets-aveyron.jpg","contentUrl":"https:\/\/www.camping-les-genets.fr\/wp-content\/uploads\/2023\/10\/contacter-camping-les-genets-aveyron.jpg","width":2000,"height":600,"caption":"kontakt camping les genets aveyron"},{"@type":"BreadcrumbList","@id":"https:\/\/www.camping-les-genets.fr\/de\/zugang-kontakt\/#breadcrumb","itemListElement":[{"@type":"ListItem","position":1,"name":"Camping Aveyron","item":"https:\/\/www.camping-les-genets.fr\/de\/"},{"@type":"ListItem","position":2,"name":"Zugang und Kontakt"}]},{"@type":"WebSite","@id":"https:\/\/www.camping-les-genets.fr\/de\/#website","url":"https:\/\/www.camping-les-genets.fr\/de\/","name":"Camping les Genets","description":"","publisher":{"@id":"https:\/\/www.camping-les-genets.fr\/de\/#organization"},"potentialAction":[{"@type":"SearchAction","target":{"@type":"EntryPoint","urlTemplate":"https:\/\/www.camping-les-genets.fr\/de\/?s={search_term_string}"},"query-input":{"@type":"PropertyValueSpecification","valueRequired":true,"valueName":"search_term_string"}}],"inLanguage":"de"},{"@type":"Organization","@id":"https:\/\/www.camping-les-genets.fr\/de\/#organization","name":"Camping les Genets","url":"https:\/\/www.camping-les-genets.fr\/de\/","logo":{"@type":"ImageObject","inLanguage":"de","@id":"https:\/\/www.camping-les-genets.fr\/de\/#\/schema\/logo\/image\/","url":"https:\/\/www.camping-les-genets.fr\/wp-content\/uploads\/2023\/07\/cropped-logo-camping-genets-footer.png","contentUrl":"https:\/\/www.camping-les-genets.fr\/wp-content\/uploads\/2023\/07\/cropped-logo-camping-genets-footer.png","width":500,"height":295,"caption":"Camping les Genets"},"image":{"@id":"https:\/\/www.camping-les-genets.fr\/de\/#\/schema\/logo\/image\/"}}]}},"_links":{"self":[{"href":"https:\/\/www.camping-les-genets.fr\/de\/wp-json\/wp\/v2\/pages\/4897","targetHints":{"allow":["GET"]}}],"collection":[{"href":"https:\/\/www.camping-les-genets.fr\/de\/wp-json\/wp\/v2\/pages"}],"about":[{"href":"https:\/\/www.camping-les-genets.fr\/de\/wp-json\/wp\/v2\/types\/page"}],"author":[{"embeddable":true,"href":"https:\/\/www.camping-les-genets.fr\/de\/wp-json\/wp\/v2\/users\/1"}],"replies":[{"embeddable":true,"href":"https:\/\/www.camping-les-genets.fr\/de\/wp-json\/wp\/v2\/comments?post=4897"}],"version-history":[{"count":2,"href":"https:\/\/www.camping-les-genets.fr\/de\/wp-json\/wp\/v2\/pages\/4897\/revisions"}],"predecessor-version":[{"id":7863,"href":"https:\/\/www.camping-les-genets.fr\/de\/wp-json\/wp\/v2\/pages\/4897\/revisions\/7863"}],"wp:featuredmedia":[{"embeddable":true,"href":"https:\/\/www.camping-les-genets.fr\/de\/wp-json\/wp\/v2\/media\/4263"}],"wp:attachment":[{"href":"https:\/\/www.camping-les-genets.fr\/de\/wp-json\/wp\/v2\/media?parent=4897"}],"wp:term":[{"taxonomy":"sujet","embeddable":true,"href":"https:\/\/www.camping-les-genets.fr\/de\/wp-json\/wp\/v2\/sujet?post=4897"}],"curies":[{"name":"wp","href":"https:\/\/api.w.org\/{rel}","templated":true}]}}